{"id":58595,"date":"2024-06-26T16:41:17","date_gmt":"2024-06-26T14:41:17","guid":{"rendered":"https:\/\/schoenstatt.com\/em-missao\/sociedade\/la-ladrillera\/"},"modified":"2025-05-28T23:31:29","modified_gmt":"2025-05-28T21:31:29","slug":"la-ladrillera","status":"publish","type":"page","link":"https:\/\/schoenstatt.com\/pt-pt\/em-missao\/sociedade\/la-ladrillera\/","title":{"rendered":"La Ladrillera"},"content":{"rendered":"\t\t<div data-elementor-type=\"wp-page\" data-elementor-id=\"58595\" class=\"elementor elementor-58595 elementor-40106\" data-elementor-post-type=\"page\">\n\t\t\t\t<div class=\"elementor-element elementor-element-6a6bb362 e-flex e-con-boxed e-con e-parent\" data-id=\"6a6bb362\" data-element_type=\"container\" data-e-type=\"container\" data-settings=\"{&quot;background_background&quot;:&quot;classic&quot;}\">\n\t\t\t\t\t<div class=\"e-con-inner\">\n\t\t<div class=\"elementor-element elementor-element-4366dccd e-flex e-con-boxed e-con e-child\" data-id=\"4366dccd\" data-element_type=\"container\" data-e-type=\"container\">\n\t\t\t\t\t<div class=\"e-con-inner\">\n\t\t\t\t\t<\/div>\n\t\t\t\t<\/div>\n\t\t\t\t\t<\/div>\n\t\t\t\t<\/div>\n\t\t<div class=\"elementor-element elementor-element-29844ea e-flex e-con-boxed e-con e-parent\" data-id=\"29844ea\" data-element_type=\"container\" data-e-type=\"container\">\n\t\t\t\t\t<div class=\"e-con-inner\">\n\t\t<div class=\"elementor-element elementor-element-82eb435 e-con-full e-flex e-con e-child\" data-id=\"82eb435\" data-element_type=\"container\" data-e-type=\"container\">\n\t\t\t\t<div class=\"elementor-element elementor-element-ea58b26 elementor-widget__width-initial elementor-widget elementor-widget-image\" data-id=\"ea58b26\" data-element_type=\"widget\" data-e-type=\"widget\" data-widget_type=\"image.default\">\n\t\t\t\t<div class=\"elementor-widget-container\">\n\t\t\t\t\t\t\t\t\t\t\t\t\t\t\t<img fetchpriority=\"high\" decoding=\"async\" width=\"960\" height=\"1280\" src=\"https:\/\/schoenstatt.com\/wp-content\/uploads\/2024\/06\/La-Ladrillera-1.jpg\" class=\"attachment-large size-large wp-image-58596\" alt=\"\" srcset=\"https:\/\/schoenstatt.com\/wp-content\/uploads\/2024\/06\/La-Ladrillera-1.jpg 960w, https:\/\/schoenstatt.com\/wp-content\/uploads\/2024\/06\/La-Ladrillera-1-768x1024.jpg 768w\" sizes=\"(max-width: 960px) 100vw, 960px\" \/>\t\t\t\t\t\t\t\t\t\t\t\t\t\t\t<\/div>\n\t\t\t\t<\/div>\n\t\t\t\t<\/div>\n\t\t<div class=\"elementor-element elementor-element-5bb75be e-con-full e-flex e-con e-child\" data-id=\"5bb75be\" data-element_type=\"container\" data-e-type=\"container\">\n\t\t\t\t<div class=\"elementor-element elementor-element-744f90a elementor-widget elementor-widget-heading\" data-id=\"744f90a\" data-element_type=\"widget\" data-e-type=\"widget\" data-widget_type=\"heading.default\">\n\t\t\t\t<div class=\"elementor-widget-container\">\n\t\t\t\t\t<h2 class=\"elementor-heading-title elementor-size-default\">Projeto La Ladrillera<\/h2>\t\t\t\t<\/div>\n\t\t\t\t<\/div>\n\t\t\t\t<div class=\"elementor-element elementor-element-806cae2 elementor-widget elementor-widget-text-editor\" data-id=\"806cae2\" data-element_type=\"widget\" data-e-type=\"widget\" data-widget_type=\"text-editor.default\">\n\t\t\t\t<div class=\"elementor-widget-container\">\n\t\t\t\t\t\t\t\t\t<p>Patricio Cabal e Bernardita Abarca de Cabal, membros ativos do Movimento de Schoenstatt h\u00e1 24 anos, dirigem a Funda\u00e7\u00e3o pelo Trabalho de Deus (Pro Labore Dei) desde 2010. Legalmente estabelecida em Guayaquil, Equador, essa funda\u00e7\u00e3o internacional tem sede na Nig\u00e9ria e outras filiais no Peru e na Col\u00f4mbia. <\/p><p>A miss\u00e3o do projeto \u00e9 servir aos mais necessitados e esquecidos por meio de obras de miseric\u00f3rdia. O trabalho se concentra em um setor muito pobre da cidade de Guayaquil, Equador, chamado \u201cLa Ladrillera\u201d, no qual 120 fam\u00edlias s\u00e3o servidas. As principais atividades est\u00e3o na catequese das crian\u00e7as, preparando-as para o batismo, primeira comunh\u00e3o, confirma\u00e7\u00e3o e para o sacramento do matrim\u00f4nio.   <\/p>\t\t\t\t\t\t\t\t<\/div>\n\t\t\t\t<\/div>\n\t\t\t\t<div class=\"elementor-element elementor-element-1ecc01d elementor-widget-divider--view-line elementor-widget elementor-widget-divider\" data-id=\"1ecc01d\" data-element_type=\"widget\" data-e-type=\"widget\" data-widget_type=\"divider.default\">\n\t\t\t\t<div class=\"elementor-widget-container\">\n\t\t\t\t\t\t\t<div class=\"elementor-divider\">\n\t\t\t<span class=\"elementor-divider-separator\">\n\t\t\t\t\t\t<\/span>\n\t\t<\/div>\n\t\t\t\t\t\t<\/div>\n\t\t\t\t<\/div>\n\t\t\t\t<\/div>\n\t\t\t\t\t<\/div>\n\t\t\t\t<\/div>\n\t\t<div class=\"elementor-element elementor-element-ede8d4a e-flex e-con-boxed e-con e-parent\" data-id=\"ede8d4a\" data-element_type=\"container\" data-e-type=\"container\">\n\t\t\t\t\t<div class=\"e-con-inner\">\n\t\t<div class=\"elementor-element elementor-element-87b5c7c e-con-full e-flex e-con e-child\" data-id=\"87b5c7c\" data-element_type=\"container\" data-e-type=\"container\">\n\t\t\t\t<div class=\"elementor-element elementor-element-36c3c6a elementor-widget elementor-widget-text-editor\" data-id=\"36c3c6a\" data-element_type=\"widget\" data-e-type=\"widget\" data-widget_type=\"text-editor.default\">\n\t\t\t\t<div class=\"elementor-widget-container\">\n\t\t\t\t\t\t\t\t\t<p>Al\u00e9m disso, todos os s\u00e1bados s\u00e3o realizadas pequenas palestras sobre Orienta\u00e7\u00e3o Familiar e Doutrina Cat\u00f3lica.<\/p><p>Os assistidos recebem alimenta\u00e7\u00e3o tr\u00eas vezes por semana; at\u00e9 o momento foram constru\u00eddas 32 casas para acolh\u00ea-los; criou-se microempresas e brigadas m\u00e9dicas; foram ofertadas bolsas de estudo para que as crian\u00e7as estudem e tamb\u00e9m ofereceu ajuda \u00e0s pessoas para enterrarem adequadamente seus familiares falecidos. Tamb\u00e9m no local onde est\u00e1 localizada a sede, foram atendidos 45 adultos de segunda a sexta-feira, das 9h \u00e0s 12h, com diversas atividades. <\/p><p>A equipe \u00e9 composta por quatro funcion\u00e1rios permanentes: uma secret\u00e1ria, dois auxiliares de manuten\u00e7\u00e3o (meio per\u00edodo) e um motorista em tempo integral; e conta com 20 pessoas volunt\u00e1rias que ajudam nas atividades realizadas.<\/p><p>O projeto \u00e9 sustentado por doa\u00e7\u00f5es de amigos, por um bazar permanente, doa\u00e7\u00f5es de alimentos, por institui\u00e7\u00f5es e um jogo de bingo por ano. Seu objetivo \u00e9 transmitir a espiritualidade de Schoenstatt \u00e0 comunidade, formando grupos de ora\u00e7\u00e3o com uma imagem da M\u00e3e de Deus em cada casa. A Juventude de Schoenstatt visita essas casas mensalmente, e grupos de casais do Movimento oferecem palestras sobre batismo e prepara\u00e7\u00e3o ao matrim\u00f4nio.  <\/p>\t\t\t\t\t\t\t\t<\/div>\n\t\t\t\t<\/div>\n\t\t\t\t<\/div>\n\t\t<div class=\"elementor-element elementor-element-4f3f94a e-con-full e-flex e-con e-child\" data-id=\"4f3f94a\" data-element_type=\"container\" data-e-type=\"container\" data-settings=\"{&quot;background_background&quot;:&quot;classic&quot;}\">\n\t\t<div class=\"elementor-element elementor-element-7f6de0e e-flex e-con-boxed e-con e-child\" data-id=\"7f6de0e\" data-element_type=\"container\" data-e-type=\"container\">\n\t\t\t\t\t<div class=\"e-con-inner\">\n\t\t\t\t<div class=\"elementor-element elementor-element-09ebe08 elementor-widget elementor-widget-heading\" data-id=\"09ebe08\" data-element_type=\"widget\" data-e-type=\"widget\" data-widget_type=\"heading.default\">\n\t\t\t\t<div class=\"elementor-widget-container\">\n\t\t\t\t\t<h2 class=\"elementor-heading-title elementor-size-default\">Contato \"La Ladrillera\"<\/h2>\t\t\t\t<\/div>\n\t\t\t\t<\/div>\n\t\t\t\t<div class=\"elementor-element elementor-element-6932b39 elementor-widget-divider--view-line elementor-widget elementor-widget-divider\" data-id=\"6932b39\" data-element_type=\"widget\" data-e-type=\"widget\" data-widget_type=\"divider.default\">\n\t\t\t\t<div class=\"elementor-widget-container\">\n\t\t\t\t\t\t\t<div class=\"elementor-divider\">\n\t\t\t<span class=\"elementor-divider-separator\">\n\t\t\t\t\t\t<\/span>\n\t\t<\/div>\n\t\t\t\t\t\t<\/div>\n\t\t\t\t<\/div>\n\t\t\t\t<div class=\"elementor-element elementor-element-a499081 elementor-view-stacked elementor-shape-square elementor-position-inline-start elementor-mobile-position-block-start elementor-widget elementor-widget-icon-box\" data-id=\"a499081\" data-element_type=\"widget\" data-e-type=\"widget\" data-widget_type=\"icon-box.default\">\n\t\t\t\t<div class=\"elementor-widget-container\">\n\t\t\t\t\t\t\t<div class=\"elementor-icon-box-wrapper\">\n\n\t\t\t\t\t\t<div class=\"elementor-icon-box-icon\">\n\t\t\t\t<a href=\"mailto:pcabalb@hotmail.com\" target=\"_blank\" class=\"elementor-icon\" tabindex=\"-1\" aria-label=\"E-MAIL\">\n\t\t\t\t<svg aria-hidden=\"true\" class=\"e-font-icon-svg e-far-envelope\" viewBox=\"0 0 512 512\" xmlns=\"http:\/\/www.w3.org\/2000\/svg\"><path d=\"M464 64H48C21.49 64 0 85.49 0 112v288c0 26.51 21.49 48 48 48h416c26.51 0 48-21.49 48-48V112c0-26.51-21.49-48-48-48zm0 48v40.805c-22.422 18.259-58.168 46.651-134.587 106.49-16.841 13.247-50.201 45.072-73.413 44.701-23.208.375-56.579-31.459-73.413-44.701C106.18 199.465 70.425 171.067 48 152.805V112h416zM48 400V214.398c22.914 18.251 55.409 43.862 104.938 82.646 21.857 17.205 60.134 55.186 103.062 54.955 42.717.231 80.509-37.199 103.053-54.947 49.528-38.783 82.032-64.401 104.947-82.653V400H48z\"><\/path><\/svg>\t\t\t\t<\/a>\n\t\t\t<\/div>\n\t\t\t\n\t\t\t\t\t\t<div class=\"elementor-icon-box-content\">\n\n\t\t\t\t\t\t\t\t\t<h3 class=\"elementor-icon-box-title\">\n\t\t\t\t\t\t<a href=\"mailto:pcabalb@hotmail.com\" target=\"_blank\" >\n\t\t\t\t\t\t\tE-MAIL\t\t\t\t\t\t<\/a>\n\t\t\t\t\t<\/h3>\n\t\t\t\t\n\t\t\t\t\t\t\t\t\t<p class=\"elementor-icon-box-description\">\n\t\t\t\t\t\tProjeto \"La Ladrillera\": pcabalb@hotmail.com\t\t\t\t\t<\/p>\n\t\t\t\t\n\t\t\t<\/div>\n\t\t\t\n\t\t<\/div>\n\t\t\t\t\t\t<\/div>\n\t\t\t\t<\/div>\n\t\t\t\t<div class=\"elementor-element elementor-element-31384da elementor-widget elementor-widget-image\" data-id=\"31384da\" data-element_type=\"widget\" data-e-type=\"widget\" data-widget_type=\"image.default\">\n\t\t\t\t<div class=\"elementor-widget-container\">\n\t\t\t\t\t\t\t\t\t\t\t\t\t\t\t<img decoding=\"async\" width=\"634\" height=\"475\" src=\"https:\/\/schoenstatt.com\/wp-content\/uploads\/2024\/06\/La-Ladrillera-2-1.jpg\" class=\"attachment-large size-large wp-image-58597\" alt=\"\" \/>\t\t\t\t\t\t\t\t\t\t\t\t\t\t\t<\/div>\n\t\t\t\t<\/div>\n\t\t\t\t\t<\/div>\n\t\t\t\t<\/div>\n\t\t\t\t<\/div>\n\t\t\t\t\t<\/div>\n\t\t\t\t<\/div>\n\t\t<div class=\"elementor-element elementor-element-8301d9b e-flex e-con-boxed e-con e-parent\" data-id=\"8301d9b\" data-element_type=\"container\" data-e-type=\"container\">\n\t\t\t\t\t<div class=\"e-con-inner\">\n\t\t\t\t\t<\/div>\n\t\t\t\t<\/div>\n\t\t\t\t<\/div>\n\t\t","protected":false},"excerpt":{"rendered":"<p>Projeto La Ladrillera Patricio Cabal e Bernardita Abarca de Cabal, membros ativos do Movimento de Schoenstatt h\u00e1 24 anos, dirigem a Funda\u00e7\u00e3o pelo Trabalho de Deus (Pro Labore Dei) desde 2010. Legalmente estabelecida em Guayaquil, Equador, essa funda\u00e7\u00e3o internacional tem sede na Nig\u00e9ria e outras filiais no Peru e na Col\u00f4mbia. A miss\u00e3o do projeto [&hellip;]<\/p>\n","protected":false},"author":3,"featured_media":58557,"parent":40193,"menu_order":0,"comment_status":"closed","ping_status":"closed","template":"","meta":{"footnotes":""},"class_list":["post-58595","page","type-page","status-publish","has-post-thumbnail","hentry"],"yoast_head":"<!-- This site is optimized with the Yoast SEO Premium plugin v27.4 (Yoast SEO v27.4) - https:\/\/yoast.com\/product\/yoast-seo-premium-wordpress\/ -->\n<title>La Ladrillera - Schoenstatt<\/title>\n<meta name=\"description\" content=\"Essa funda\u00e7\u00e3o internacional tem sede na Nig\u00e9ria e outras filiais no Equador, Peru e Col\u00f4mbia.\" \/>\n<meta name=\"robots\" content=\"index, follow, max-snippet:-1, max-image-preview:large, max-video-preview:-1\" \/>\n<link rel=\"canonical\" href=\"https:\/\/schoenstatt.com\/pt-pt\/em-missao\/sociedade\/la-ladrillera\/\" \/>\n<meta property=\"og:locale\" content=\"pt_PT\" \/>\n<meta property=\"og:type\" content=\"article\" \/>\n<meta property=\"og:title\" content=\"La Ladrillera\" \/>\n<meta property=\"og:description\" content=\"Essa funda\u00e7\u00e3o internacional tem sede na Nig\u00e9ria e outras filiais no Equador, Peru e Col\u00f4mbia.\" \/>\n<meta property=\"og:url\" content=\"https:\/\/schoenstatt.com\/pt-pt\/em-missao\/sociedade\/la-ladrillera\/\" \/>\n<meta property=\"og:site_name\" content=\"Schoenstatt\" \/>\n<meta property=\"article:modified_time\" content=\"2025-05-28T21:31:29+00:00\" \/>\n<meta property=\"og:image\" content=\"https:\/\/schoenstatt.com\/wp-content\/uploads\/2024\/06\/social-1.jpg\" \/>\n\t<meta property=\"og:image:width\" content=\"2048\" \/>\n\t<meta property=\"og:image:height\" content=\"624\" \/>\n\t<meta property=\"og:image:type\" content=\"image\/jpeg\" \/>\n<meta name=\"twitter:card\" content=\"summary_large_image\" \/>\n<meta name=\"twitter:label1\" content=\"Tempo estimado de leitura\" \/>\n\t<meta name=\"twitter:data1\" content=\"2 minutos\" \/>\n<script type=\"application\/ld+json\" class=\"yoast-schema-graph\">{\"@context\":\"https:\\\/\\\/schema.org\",\"@graph\":[{\"@type\":\"WebPage\",\"@id\":\"https:\\\/\\\/schoenstatt.com\\\/pt-pt\\\/em-missao\\\/sociedade\\\/la-ladrillera\\\/\",\"url\":\"https:\\\/\\\/schoenstatt.com\\\/pt-pt\\\/em-missao\\\/sociedade\\\/la-ladrillera\\\/\",\"name\":\"La Ladrillera - Schoenstatt\",\"isPartOf\":{\"@id\":\"https:\\\/\\\/schoenstatt.com\\\/pt-pt\\\/#website\"},\"primaryImageOfPage\":{\"@id\":\"https:\\\/\\\/schoenstatt.com\\\/pt-pt\\\/em-missao\\\/sociedade\\\/la-ladrillera\\\/#primaryimage\"},\"image\":{\"@id\":\"https:\\\/\\\/schoenstatt.com\\\/pt-pt\\\/em-missao\\\/sociedade\\\/la-ladrillera\\\/#primaryimage\"},\"thumbnailUrl\":\"https:\\\/\\\/schoenstatt.com\\\/wp-content\\\/uploads\\\/2024\\\/06\\\/social-1.jpg\",\"datePublished\":\"2024-06-26T14:41:17+00:00\",\"dateModified\":\"2025-05-28T21:31:29+00:00\",\"description\":\"Essa funda\u00e7\u00e3o internacional tem sede na Nig\u00e9ria e outras filiais no Equador, Peru e Col\u00f4mbia.\",\"breadcrumb\":{\"@id\":\"https:\\\/\\\/schoenstatt.com\\\/pt-pt\\\/em-missao\\\/sociedade\\\/la-ladrillera\\\/#breadcrumb\"},\"inLanguage\":\"pt-PT\",\"potentialAction\":[{\"@type\":\"ReadAction\",\"target\":[\"https:\\\/\\\/schoenstatt.com\\\/pt-pt\\\/em-missao\\\/sociedade\\\/la-ladrillera\\\/\"]}]},{\"@type\":\"ImageObject\",\"inLanguage\":\"pt-PT\",\"@id\":\"https:\\\/\\\/schoenstatt.com\\\/pt-pt\\\/em-missao\\\/sociedade\\\/la-ladrillera\\\/#primaryimage\",\"url\":\"https:\\\/\\\/schoenstatt.com\\\/wp-content\\\/uploads\\\/2024\\\/06\\\/social-1.jpg\",\"contentUrl\":\"https:\\\/\\\/schoenstatt.com\\\/wp-content\\\/uploads\\\/2024\\\/06\\\/social-1.jpg\",\"width\":2048,\"height\":624,\"caption\":\"society projects\"},{\"@type\":\"BreadcrumbList\",\"@id\":\"https:\\\/\\\/schoenstatt.com\\\/pt-pt\\\/em-missao\\\/sociedade\\\/la-ladrillera\\\/#breadcrumb\",\"itemListElement\":[{\"@type\":\"ListItem\",\"position\":1,\"name\":\"Portada\",\"item\":\"https:\\\/\\\/schoenstatt.com\\\/pt-pt\\\/home\\\/\"},{\"@type\":\"ListItem\",\"position\":2,\"name\":\"Em miss\u00e3o\",\"item\":\"https:\\\/\\\/schoenstatt.com\\\/pt-pt\\\/in-mission\\\/\"},{\"@type\":\"ListItem\",\"position\":3,\"name\":\"Sociedade\",\"item\":\"https:\\\/\\\/schoenstatt.com\\\/pt-pt\\\/in-mission\\\/society\\\/\"},{\"@type\":\"ListItem\",\"position\":4,\"name\":\"La Ladrillera\"}]},{\"@type\":\"WebSite\",\"@id\":\"https:\\\/\\\/schoenstatt.com\\\/pt-pt\\\/#website\",\"url\":\"https:\\\/\\\/schoenstatt.com\\\/pt-pt\\\/\",\"name\":\"Schoenstatt\",\"description\":\"Apostolic Movement\",\"publisher\":{\"@id\":\"https:\\\/\\\/schoenstatt.com\\\/pt-pt\\\/#organization\"},\"potentialAction\":[{\"@type\":\"SearchAction\",\"target\":{\"@type\":\"EntryPoint\",\"urlTemplate\":\"https:\\\/\\\/schoenstatt.com\\\/pt-pt\\\/?s={search_term_string}\"},\"query-input\":{\"@type\":\"PropertyValueSpecification\",\"valueRequired\":true,\"valueName\":\"search_term_string\"}}],\"inLanguage\":\"pt-PT\"},{\"@type\":\"Organization\",\"@id\":\"https:\\\/\\\/schoenstatt.com\\\/pt-pt\\\/#organization\",\"name\":\"Schoenstatt\",\"url\":\"https:\\\/\\\/schoenstatt.com\\\/pt-pt\\\/\",\"logo\":{\"@type\":\"ImageObject\",\"inLanguage\":\"pt-PT\",\"@id\":\"https:\\\/\\\/schoenstatt.com\\\/pt-pt\\\/#\\\/schema\\\/logo\\\/image\\\/\",\"url\":\"https:\\\/\\\/schoenstatt.com\\\/wp-content\\\/uploads\\\/2025\\\/04\\\/logo-schoenstatt-white-696x696-1.png\",\"contentUrl\":\"https:\\\/\\\/schoenstatt.com\\\/wp-content\\\/uploads\\\/2025\\\/04\\\/logo-schoenstatt-white-696x696-1.png\",\"width\":696,\"height\":694,\"caption\":\"Schoenstatt\"},\"image\":{\"@id\":\"https:\\\/\\\/schoenstatt.com\\\/pt-pt\\\/#\\\/schema\\\/logo\\\/image\\\/\"}}]}<\/script>\n<!-- \/ Yoast SEO Premium plugin. -->","yoast_head_json":{"title":"La Ladrillera - Schoenstatt","description":"Essa funda\u00e7\u00e3o internacional tem sede na Nig\u00e9ria e outras filiais no Equador, Peru e Col\u00f4mbia.","robots":{"index":"index","follow":"follow","max-snippet":"max-snippet:-1","max-image-preview":"max-image-preview:large","max-video-preview":"max-video-preview:-1"},"canonical":"https:\/\/schoenstatt.com\/pt-pt\/em-missao\/sociedade\/la-ladrillera\/","og_locale":"pt_PT","og_type":"article","og_title":"La Ladrillera","og_description":"Essa funda\u00e7\u00e3o internacional tem sede na Nig\u00e9ria e outras filiais no Equador, Peru e Col\u00f4mbia.","og_url":"https:\/\/schoenstatt.com\/pt-pt\/em-missao\/sociedade\/la-ladrillera\/","og_site_name":"Schoenstatt","article_modified_time":"2025-05-28T21:31:29+00:00","og_image":[{"width":2048,"height":624,"url":"https:\/\/schoenstatt.com\/wp-content\/uploads\/2024\/06\/social-1.jpg","type":"image\/jpeg"}],"twitter_card":"summary_large_image","twitter_misc":{"Tempo estimado de leitura":"2 minutos"},"schema":{"@context":"https:\/\/schema.org","@graph":[{"@type":"WebPage","@id":"https:\/\/schoenstatt.com\/pt-pt\/em-missao\/sociedade\/la-ladrillera\/","url":"https:\/\/schoenstatt.com\/pt-pt\/em-missao\/sociedade\/la-ladrillera\/","name":"La Ladrillera - Schoenstatt","isPartOf":{"@id":"https:\/\/schoenstatt.com\/pt-pt\/#website"},"primaryImageOfPage":{"@id":"https:\/\/schoenstatt.com\/pt-pt\/em-missao\/sociedade\/la-ladrillera\/#primaryimage"},"image":{"@id":"https:\/\/schoenstatt.com\/pt-pt\/em-missao\/sociedade\/la-ladrillera\/#primaryimage"},"thumbnailUrl":"https:\/\/schoenstatt.com\/wp-content\/uploads\/2024\/06\/social-1.jpg","datePublished":"2024-06-26T14:41:17+00:00","dateModified":"2025-05-28T21:31:29+00:00","description":"Essa funda\u00e7\u00e3o internacional tem sede na Nig\u00e9ria e outras filiais no Equador, Peru e Col\u00f4mbia.","breadcrumb":{"@id":"https:\/\/schoenstatt.com\/pt-pt\/em-missao\/sociedade\/la-ladrillera\/#breadcrumb"},"inLanguage":"pt-PT","potentialAction":[{"@type":"ReadAction","target":["https:\/\/schoenstatt.com\/pt-pt\/em-missao\/sociedade\/la-ladrillera\/"]}]},{"@type":"ImageObject","inLanguage":"pt-PT","@id":"https:\/\/schoenstatt.com\/pt-pt\/em-missao\/sociedade\/la-ladrillera\/#primaryimage","url":"https:\/\/schoenstatt.com\/wp-content\/uploads\/2024\/06\/social-1.jpg","contentUrl":"https:\/\/schoenstatt.com\/wp-content\/uploads\/2024\/06\/social-1.jpg","width":2048,"height":624,"caption":"society projects"},{"@type":"BreadcrumbList","@id":"https:\/\/schoenstatt.com\/pt-pt\/em-missao\/sociedade\/la-ladrillera\/#breadcrumb","itemListElement":[{"@type":"ListItem","position":1,"name":"Portada","item":"https:\/\/schoenstatt.com\/pt-pt\/home\/"},{"@type":"ListItem","position":2,"name":"Em miss\u00e3o","item":"https:\/\/schoenstatt.com\/pt-pt\/in-mission\/"},{"@type":"ListItem","position":3,"name":"Sociedade","item":"https:\/\/schoenstatt.com\/pt-pt\/in-mission\/society\/"},{"@type":"ListItem","position":4,"name":"La Ladrillera"}]},{"@type":"WebSite","@id":"https:\/\/schoenstatt.com\/pt-pt\/#website","url":"https:\/\/schoenstatt.com\/pt-pt\/","name":"Schoenstatt","description":"Apostolic Movement","publisher":{"@id":"https:\/\/schoenstatt.com\/pt-pt\/#organization"},"potentialAction":[{"@type":"SearchAction","target":{"@type":"EntryPoint","urlTemplate":"https:\/\/schoenstatt.com\/pt-pt\/?s={search_term_string}"},"query-input":{"@type":"PropertyValueSpecification","valueRequired":true,"valueName":"search_term_string"}}],"inLanguage":"pt-PT"},{"@type":"Organization","@id":"https:\/\/schoenstatt.com\/pt-pt\/#organization","name":"Schoenstatt","url":"https:\/\/schoenstatt.com\/pt-pt\/","logo":{"@type":"ImageObject","inLanguage":"pt-PT","@id":"https:\/\/schoenstatt.com\/pt-pt\/#\/schema\/logo\/image\/","url":"https:\/\/schoenstatt.com\/wp-content\/uploads\/2025\/04\/logo-schoenstatt-white-696x696-1.png","contentUrl":"https:\/\/schoenstatt.com\/wp-content\/uploads\/2025\/04\/logo-schoenstatt-white-696x696-1.png","width":696,"height":694,"caption":"Schoenstatt"},"image":{"@id":"https:\/\/schoenstatt.com\/pt-pt\/#\/schema\/logo\/image\/"}}]}},"_links":{"self":[{"href":"https:\/\/schoenstatt.com\/pt-pt\/wp-json\/wp\/v2\/pages\/58595","targetHints":{"allow":["GET"]}}],"collection":[{"href":"https:\/\/schoenstatt.com\/pt-pt\/wp-json\/wp\/v2\/pages"}],"about":[{"href":"https:\/\/schoenstatt.com\/pt-pt\/wp-json\/wp\/v2\/types\/page"}],"author":[{"embeddable":true,"href":"https:\/\/schoenstatt.com\/pt-pt\/wp-json\/wp\/v2\/users\/3"}],"replies":[{"embeddable":true,"href":"https:\/\/schoenstatt.com\/pt-pt\/wp-json\/wp\/v2\/comments?post=58595"}],"version-history":[{"count":1,"href":"https:\/\/schoenstatt.com\/pt-pt\/wp-json\/wp\/v2\/pages\/58595\/revisions"}],"predecessor-version":[{"id":58598,"href":"https:\/\/schoenstatt.com\/pt-pt\/wp-json\/wp\/v2\/pages\/58595\/revisions\/58598"}],"up":[{"embeddable":true,"href":"https:\/\/schoenstatt.com\/pt-pt\/wp-json\/wp\/v2\/pages\/40193"}],"wp:featuredmedia":[{"embeddable":true,"href":"https:\/\/schoenstatt.com\/pt-pt\/wp-json\/wp\/v2\/media\/58557"}],"wp:attachment":[{"href":"https:\/\/schoenstatt.com\/pt-pt\/wp-json\/wp\/v2\/media?parent=58595"}],"curies":[{"name":"wp","href":"https:\/\/api.w.org\/{rel}","templated":true}]}}