{"id":40204,"date":"2024-06-30T18:16:07","date_gmt":"2024-06-30T16:16:07","guid":{"rendered":"https:\/\/schoenstatt.com\/recursos\/oracoes-de-schoenstatt\/"},"modified":"2025-06-03T16:36:41","modified_gmt":"2025-06-03T14:36:41","slug":"oracoes-de-schoenstatt","status":"publish","type":"page","link":"https:\/\/schoenstatt.com\/pt-pt\/recursos\/oracoes-de-schoenstatt\/","title":{"rendered":"Ora\u00e7\u00f5es de Schoenstatt"},"content":{"rendered":"\t\t<div data-elementor-type=\"wp-page\" data-elementor-id=\"40204\" class=\"elementor elementor-40204 elementor-39414\" data-elementor-post-type=\"page\">\n\t\t\t\t<div class=\"elementor-element elementor-element-4871b20 e-flex e-con-boxed e-con e-parent\" data-id=\"4871b20\" data-element_type=\"container\" data-e-type=\"container\" data-settings=\"{&quot;background_background&quot;:&quot;classic&quot;}\">\n\t\t\t\t\t<div class=\"e-con-inner\">\n\t\t<div class=\"elementor-element elementor-element-2d29f7b1 e-flex e-con-boxed e-con e-child\" data-id=\"2d29f7b1\" data-element_type=\"container\" data-e-type=\"container\">\n\t\t\t\t\t<div class=\"e-con-inner\">\n\t\t\t\t<div class=\"elementor-element elementor-element-4f79f1a7 elementor-widget elementor-widget-heading\" data-id=\"4f79f1a7\" data-element_type=\"widget\" data-e-type=\"widget\" data-widget_type=\"heading.default\">\n\t\t\t\t<div class=\"elementor-widget-container\">\n\t\t\t\t\t<p class=\"elementor-heading-title elementor-size-default\">Esta p\u00e1gina \u00e9 um recurso para qualquer pessoa que queira aprofundar sua vida espiritual e encontrar conforto na ora\u00e7\u00e3o. Com uma variedade de ora\u00e7\u00f5es cat\u00f3licas cl\u00e1ssicas e ora\u00e7\u00f5es espec\u00edficas de Schoenstatt, temos algo aqui para todos. <\/p>\t\t\t\t<\/div>\n\t\t\t\t<\/div>\n\t\t\t\t\t<\/div>\n\t\t\t\t<\/div>\n\t\t\t\t\t<\/div>\n\t\t\t\t<\/div>\n\t\t<div class=\"elementor-element elementor-element-a69adde e-flex e-con-boxed e-con e-parent\" data-id=\"a69adde\" data-element_type=\"container\" data-e-type=\"container\">\n\t\t\t\t\t<div class=\"e-con-inner\">\n\t\t<div class=\"elementor-element elementor-element-43223b3 e-con-full e-flex e-con e-child\" data-id=\"43223b3\" data-element_type=\"container\" data-e-type=\"container\">\n\t\t\t\t<div class=\"elementor-element elementor-element-d2928b1 elementor-widget elementor-widget-image\" data-id=\"d2928b1\" data-element_type=\"widget\" data-e-type=\"widget\" data-widget_type=\"image.default\">\n\t\t\t\t<div class=\"elementor-widget-container\">\n\t\t\t\t\t\t\t\t\t\t\t\t\t\t\t<img decoding=\"async\" src=\"https:\/\/schoenstatt.com\/wp-content\/uploads\/2024\/05\/MTA_OS.jpg\" title=\"\" alt=\"\" loading=\"lazy\" \/>\t\t\t\t\t\t\t\t\t\t\t\t\t\t\t<\/div>\n\t\t\t\t<\/div>\n\t\t\t\t<\/div>\n\t\t<div class=\"elementor-element elementor-element-b83a19c e-con-full e-flex e-con e-child\" data-id=\"b83a19c\" data-element_type=\"container\" data-e-type=\"container\">\n\t\t\t\t<div class=\"elementor-element elementor-element-0f10852 elementor-widget elementor-widget-heading\" data-id=\"0f10852\" data-element_type=\"widget\" data-e-type=\"widget\" data-widget_type=\"heading.default\">\n\t\t\t\t<div class=\"elementor-widget-container\">\n\t\t\t\t\t<h2 class=\"elementor-heading-title elementor-size-default\">Consagra\u00e7\u00e3o \u00e0 Maria<\/h2>\t\t\t\t<\/div>\n\t\t\t\t<\/div>\n\t\t\t\t<div class=\"elementor-element elementor-element-3920136 elementor-widget-divider--view-line elementor-widget elementor-widget-divider\" data-id=\"3920136\" data-element_type=\"widget\" data-e-type=\"widget\" data-widget_type=\"divider.default\">\n\t\t\t\t<div class=\"elementor-widget-container\">\n\t\t\t\t\t\t\t<div class=\"elementor-divider\">\n\t\t\t<span class=\"elementor-divider-separator\">\n\t\t\t\t\t\t<\/span>\n\t\t<\/div>\n\t\t\t\t\t\t<\/div>\n\t\t\t\t<\/div>\n\t\t\t\t<div class=\"elementor-element elementor-element-3ced1f1 elementor-widget elementor-widget-heading\" data-id=\"3ced1f1\" data-element_type=\"widget\" data-e-type=\"widget\" data-widget_type=\"heading.default\">\n\t\t\t\t<div class=\"elementor-widget-container\">\n\t\t\t\t\t<h3 class=\"elementor-heading-title elementor-size-default\">Ora\u00e7\u00e3o para a renova\u00e7\u00e3o di\u00e1ria da Alian\u00e7a de Amor<\/h3>\t\t\t\t<\/div>\n\t\t\t\t<\/div>\n\t\t\t\t<div class=\"elementor-element elementor-element-3285828 elementor-widget-tablet__width-initial elementor-widget__width-initial elementor-widget elementor-widget-text-editor\" data-id=\"3285828\" data-element_type=\"widget\" data-e-type=\"widget\" data-widget_type=\"text-editor.default\">\n\t\t\t\t<div class=\"elementor-widget-container\">\n\t\t\t\t\t\t\t\t\t<p style=\"text-align: left;\"><em>\u00d3 minha Senhora, \u00f3 minha M\u00e3e, <\/em><br><em>eu me ofere\u00e7o todo(a) a v\u00f3s <\/em><br><em>e, em prova da minha devo\u00e7\u00e3o para convosco, <\/em><br><em>Vos consagro neste dia, <\/em><br><em>os meus olhos, os meus ouvidos, a minha boca, o meu cora\u00e7\u00e3o <\/em><br><em>e inteiramente todo o meu ser. <\/em><br><em>E porque assim sou vosso(a), \u00f3 incompar\u00e1vel M\u00e3e, <\/em><br><em>guardai-me, defendei-me <\/em><br><em>como coisa e propriedade vossa.<\/em><\/p><p><em>Am\u00e9m<\/em><\/p>\t\t\t\t\t\t\t\t<\/div>\n\t\t\t\t<\/div>\n\t\t\t\t<\/div>\n\t\t\t\t\t<\/div>\n\t\t\t\t<\/div>\n\t\t<div class=\"elementor-element elementor-element-216f9571 e-flex e-con-boxed e-con e-parent\" data-id=\"216f9571\" data-element_type=\"container\" data-e-type=\"container\">\n\t\t\t\t\t<div class=\"e-con-inner\">\n\t\t\t\t<div class=\"elementor-element elementor-element-2a92433d elementor-widget elementor-widget-accordion\" data-id=\"2a92433d\" data-element_type=\"widget\" data-e-type=\"widget\" data-widget_type=\"accordion.default\">\n\t\t\t\t<div class=\"elementor-widget-container\">\n\t\t\t\t\t\t\t<div class=\"elementor-accordion\">\n\t\t\t\t\t\t\t<div class=\"elementor-accordion-item\">\n\t\t\t\t\t<div id=\"elementor-tab-title-7141\" class=\"elementor-tab-title\" data-tab=\"1\" role=\"button\" aria-controls=\"elementor-tab-content-7141\" aria-expanded=\"false\">\n\t\t\t\t\t\t\t\t\t\t\t\t\t<span class=\"elementor-accordion-icon elementor-accordion-icon-right\" aria-hidden=\"true\">\n\t\t\t\t\t\t\t\t\t\t\t\t\t\t\t<span class=\"elementor-accordion-icon-closed\"><svg class=\"e-font-icon-svg e-fas-chevron-down\" viewBox=\"0 0 448 512\" xmlns=\"http:\/\/www.w3.org\/2000\/svg\"><path d=\"M207.029 381.476L12.686 187.132c-9.373-9.373-9.373-24.569 0-33.941l22.667-22.667c9.357-9.357 24.522-9.375 33.901-.04L224 284.505l154.745-154.021c9.379-9.335 24.544-9.317 33.901.04l22.667 22.667c9.373 9.373 9.373 24.569 0 33.941L240.971 381.476c-9.373 9.372-24.569 9.372-33.942 0z\"><\/path><\/svg><\/span>\n\t\t\t\t\t\t\t\t<span class=\"elementor-accordion-icon-opened\"><svg class=\"e-font-icon-svg e-fas-chevron-up\" viewBox=\"0 0 448 512\" xmlns=\"http:\/\/www.w3.org\/2000\/svg\"><path d=\"M240.971 130.524l194.343 194.343c9.373 9.373 9.373 24.569 0 33.941l-22.667 22.667c-9.357 9.357-24.522 9.375-33.901.04L224 227.495 69.255 381.516c-9.379 9.335-24.544 9.317-33.901-.04l-22.667-22.667c-9.373-9.373-9.373-24.569 0-33.941L207.03 130.525c9.372-9.373 24.568-9.373 33.941-.001z\"><\/path><\/svg><\/span>\n\t\t\t\t\t\t\t\t\t\t\t\t\t\t<\/span>\n\t\t\t\t\t\t\t\t\t\t\t\t<a class=\"elementor-accordion-title\" tabindex=\"0\">Pai Nosso<\/a>\n\t\t\t\t\t<\/div>\n\t\t\t\t\t<div id=\"elementor-tab-content-7141\" class=\"elementor-tab-content elementor-clearfix\" data-tab=\"1\" role=\"region\" aria-labelledby=\"elementor-tab-title-7141\"><p>Pai Nosso que estais nos C\u00e9us,<br \/>santificado seja o vosso Nome,<br \/>venha a n\u00f3s o vosso Reino,<br \/>seja feita a vossa vontade assim na terra como no C\u00e9u.<br \/>O p\u00e3o nosso de cada dia nos dai hoje,<br \/>perdoai-nos por nossas ofensas<br \/>assim como n\u00f3s perdoamos a quem nos tem ofendido,<br \/>e n\u00e3o nos deixeis cair em tenta\u00e7\u00e3o,<br \/>mas livrai-nos do Mal.<br \/>Am\u00e9m<\/p>\n<\/div>\n\t\t\t\t<\/div>\n\t\t\t\t\t\t\t<div class=\"elementor-accordion-item\">\n\t\t\t\t\t<div id=\"elementor-tab-title-7142\" class=\"elementor-tab-title\" data-tab=\"2\" role=\"button\" aria-controls=\"elementor-tab-content-7142\" aria-expanded=\"false\">\n\t\t\t\t\t\t\t\t\t\t\t\t\t<span class=\"elementor-accordion-icon elementor-accordion-icon-right\" aria-hidden=\"true\">\n\t\t\t\t\t\t\t\t\t\t\t\t\t\t\t<span class=\"elementor-accordion-icon-closed\"><svg class=\"e-font-icon-svg e-fas-chevron-down\" viewBox=\"0 0 448 512\" xmlns=\"http:\/\/www.w3.org\/2000\/svg\"><path d=\"M207.029 381.476L12.686 187.132c-9.373-9.373-9.373-24.569 0-33.941l22.667-22.667c9.357-9.357 24.522-9.375 33.901-.04L224 284.505l154.745-154.021c9.379-9.335 24.544-9.317 33.901.04l22.667 22.667c9.373 9.373 9.373 24.569 0 33.941L240.971 381.476c-9.373 9.372-24.569 9.372-33.942 0z\"><\/path><\/svg><\/span>\n\t\t\t\t\t\t\t\t<span class=\"elementor-accordion-icon-opened\"><svg class=\"e-font-icon-svg e-fas-chevron-up\" viewBox=\"0 0 448 512\" xmlns=\"http:\/\/www.w3.org\/2000\/svg\"><path d=\"M240.971 130.524l194.343 194.343c9.373 9.373 9.373 24.569 0 33.941l-22.667 22.667c-9.357 9.357-24.522 9.375-33.901.04L224 227.495 69.255 381.516c-9.379 9.335-24.544 9.317-33.901-.04l-22.667-22.667c-9.373-9.373-9.373-24.569 0-33.941L207.03 130.525c9.372-9.373 24.568-9.373 33.941-.001z\"><\/path><\/svg><\/span>\n\t\t\t\t\t\t\t\t\t\t\t\t\t\t<\/span>\n\t\t\t\t\t\t\t\t\t\t\t\t<a class=\"elementor-accordion-title\" tabindex=\"0\">Ave Maria<\/a>\n\t\t\t\t\t<\/div>\n\t\t\t\t\t<div id=\"elementor-tab-content-7142\" class=\"elementor-tab-content elementor-clearfix\" data-tab=\"2\" role=\"region\" aria-labelledby=\"elementor-tab-title-7142\"><p>Ava Maria, cheia de gra\u00e7a,<br \/>o Senhor \u00e9 convosco,<br \/>bendita sois v\u00f3s entre as mulheres<br \/>e bendito \u00e9 o fruto do vosso ventre, Jesus.<br \/>Santa Maria, M\u00e3e de Deus,<br \/>rogai por n\u00f3s pecadores,<br \/>agora e na hora da nossa morte. <br \/>Am\u00e9m<\/p>\n<\/div>\n\t\t\t\t<\/div>\n\t\t\t\t\t\t\t\t<\/div>\n\t\t\t\t\t\t<\/div>\n\t\t\t\t<\/div>\n\t\t\t\t\t<\/div>\n\t\t\t\t<\/div>\n\t\t<div class=\"elementor-element elementor-element-6c3157a1 e-flex e-con-boxed e-con e-parent\" data-id=\"6c3157a1\" data-element_type=\"container\" data-e-type=\"container\" data-settings=\"{&quot;background_background&quot;:&quot;classic&quot;}\">\n\t\t\t\t\t<div class=\"e-con-inner\">\n\t\t<div class=\"elementor-element elementor-element-40157474 animated-slow e-con-full e-flex elementor-invisible e-con e-child\" data-id=\"40157474\" data-element_type=\"container\" data-e-type=\"container\" data-settings=\"{&quot;animation&quot;:&quot;fadeIn&quot;,&quot;background_background&quot;:&quot;classic&quot;}\">\n\t\t\t\t<div class=\"elementor-element elementor-element-35f36724 animated-slow elementor-invisible elementor-widget elementor-widget-heading\" data-id=\"35f36724\" data-element_type=\"widget\" data-e-type=\"widget\" data-settings=\"{&quot;_animation&quot;:&quot;fadeIn&quot;}\" data-widget_type=\"heading.default\">\n\t\t\t\t<div class=\"elementor-widget-container\">\n\t\t\t\t\t<h3 class=\"elementor-heading-title elementor-size-default\">Deus nosso Pai<\/h3>\t\t\t\t<\/div>\n\t\t\t\t<\/div>\n\t\t\t\t<div class=\"elementor-element elementor-element-2acedc05 elementor-invisible elementor-widget elementor-widget-text-editor\" data-id=\"2acedc05\" data-element_type=\"widget\" data-e-type=\"widget\" data-settings=\"{&quot;_animation&quot;:&quot;fadeIn&quot;}\" data-widget_type=\"text-editor.default\">\n\t\t\t\t<div class=\"elementor-widget-container\">\n\t\t\t\t\t\t\t\t\t<p>Eu sei que tu \u00e9s meu bom Pai,<\/p><p>em cujos bra\u00e7os estou abrigada.<\/p><p>N\u00e3o quero perguntar como me conduzes,<\/p><p>mas quero seguir-te sem cuidados.<\/p><p>Se devolvesses a minha vida, em minhas m\u00e3os,<\/p><p>para que eu a conduzisse<\/p><p>eu a devolveria novamente em tuas m\u00e3os<\/p><p>em confian\u00e7a filial.<\/p><p>Eu sei que tu \u00e9s meu Pai,<\/p><p>que me entregou seu pr\u00f3prio Filho Unig\u00eanito,<\/p><p>Luz da Luz,<\/p><p>que pela sua morte nos alcan\u00e7ou a vida.<\/p><p>Se tanto amaste o mundo,<\/p><p>como poderia eu hesitar e temer?<\/p><p>Mesmo que me conduzas por vales obscuros,<\/p><p>Senhor, ousarei seguir-te!<\/p><p>Eu sei que tu \u00e9s meu Pai,<\/p><p>que me deu a M\u00e3e por companhia,<\/p><p>a M\u00e3e Tr\u00eas Vezes Admir\u00e1vel,<\/p><p>que me conduz pela m\u00e3o.<\/p><p>Como Maria, confesso silenciosamente:<\/p><p>Senhor, o teu amor nunca me engana.<\/p><p>Fa\u00e7a-se em mim a tua vontade, \u00f3 Deus.<\/p><p>S\u00f3 quero o que disp\u00f5es para mim.<\/p>\t\t\t\t\t\t\t\t<\/div>\n\t\t\t\t<\/div>\n\t\t\t\t<\/div>\n\t\t<div class=\"elementor-element elementor-element-1a2ecf29 e-con-full e-flex e-con e-child\" data-id=\"1a2ecf29\" data-element_type=\"container\" data-e-type=\"container\">\n\t\t\t\t<div class=\"elementor-element elementor-element-53719d11 elementor-flip-box--effect-fade animated-slow elementor-invisible elementor-widget elementor-widget-flip-box\" data-id=\"53719d11\" data-element_type=\"widget\" data-e-type=\"widget\" data-settings=\"{&quot;_animation&quot;:&quot;fadeIn&quot;}\" data-widget_type=\"flip-box.default\">\n\t\t\t\t<div class=\"elementor-widget-container\">\n\t\t\t\t\t\t\t<div class=\"elementor-flip-box\" tabindex=\"0\">\n\t\t\t<div class=\"elementor-flip-box__layer elementor-flip-box__front\">\n\t\t\t\t<div class=\"elementor-flip-box__layer__overlay\">\n\t\t\t\t\t<div class=\"elementor-flip-box__layer__inner\">\n\t\t\t\t\t\t\n\t\t\t\t\t\t\t\t\t\t\t\t\t<h3 class=\"elementor-flip-box__layer__title\">\n\t\t\t\t\t\t\t\tConfian\u00e7a\t\t\t\t\t\t\t<\/h3>\n\t\t\t\t\t\t\n\t\t\t\t\t\t\t\t\t\t\t<\/div>\n\t\t\t\t<\/div>\n\t\t\t<\/div>\n\t\t\t<div class=\"elementor-flip-box__layer elementor-flip-box__back\">\n\t\t\t<div class=\"elementor-flip-box__layer__overlay\">\n\t\t\t\t<div class=\"elementor-flip-box__layer__inner\">\n\t\t\t\t\t\n\t\t\t\t\t\t\t\t\t\t\t<div class=\"elementor-flip-box__layer__description\">\n\t\t\t\t\t\t\tConfio em teu poder e em tua bondade. Em ti, confio com filialidade. Confio, cegamente, em toda situa\u00e7\u00e3o, M\u00e3e, no teu Filho e na tua prote\u00e7\u00e3o.\n\t\t\t\t\t\t<\/div>\n\t\t\t\t\t\n\t\t\t\t\t\t\t\t<\/div>\n\t\t<\/div>\n\t\t<\/div>\n\t\t<\/div>\n\t\t\t\t\t\t<\/div>\n\t\t\t\t<\/div>\n\t\t\t\t<div class=\"elementor-element elementor-element-3035e387 elementor-flip-box--effect-fade elementor-invisible elementor-widget elementor-widget-flip-box\" data-id=\"3035e387\" data-element_type=\"widget\" data-e-type=\"widget\" data-settings=\"{&quot;_animation&quot;:&quot;fadeIn&quot;}\" data-widget_type=\"flip-box.default\">\n\t\t\t\t<div class=\"elementor-widget-container\">\n\t\t\t\t\t\t\t<div class=\"elementor-flip-box\" tabindex=\"0\">\n\t\t\t<div class=\"elementor-flip-box__layer elementor-flip-box__front\">\n\t\t\t\t<div class=\"elementor-flip-box__layer__overlay\">\n\t\t\t\t\t<div class=\"elementor-flip-box__layer__inner\">\n\t\t\t\t\t\t\n\t\t\t\t\t\t\t\t\t\t\t\t\t<h3 class=\"elementor-flip-box__layer__title\">\n\t\t\t\t\t\t\t\tOferecimento\t\t\t\t\t\t\t<\/h3>\n\t\t\t\t\t\t\n\t\t\t\t\t\t\t\t\t\t\t<\/div>\n\t\t\t\t<\/div>\n\t\t\t<\/div>\n\t\t\t<div class=\"elementor-flip-box__layer elementor-flip-box__back\">\n\t\t\t<div class=\"elementor-flip-box__layer__overlay\">\n\t\t\t\t<div class=\"elementor-flip-box__layer__inner\">\n\t\t\t\t\t\n\t\t\t\t\t\t\t\t\t\t\t<div class=\"elementor-flip-box__layer__description\">\n\t\t\t\t\t\t\tMeu carregar e suportar, meu falar e ousar, meu pensar e meu amar, tudo quanto eu merecer, minhas lutas e conquistas, tudo o que me faz sofrer e o que me d\u00e1 alegria, o que sou e o que tenho te ofere\u00e7o, como dom de amor \u00e0 sagrada fonte de gra\u00e7as que jorra cristalina do Santu\u00e1rio, para inundar o cora\u00e7\u00e3o dos que se consagram a Schoenstatt. E para conduzir bondosamente a Schoenstatt os que misericordiosa escolhes e assim frutifiquem as obras May be fruitful.que ofertamos \u00e0 Trindade.\t\t\t\t\t\t<\/div>\n\t\t\t\t\t\n\t\t\t\t\t\t\t\t<\/div>\n\t\t<\/div>\n\t\t<\/div>\n\t\t<\/div>\n\t\t\t\t\t\t<\/div>\n\t\t\t\t<\/div>\n\t\t\t\t<div class=\"elementor-element elementor-element-4a0218fc elementor-flip-box--effect-fade elementor-invisible elementor-widget elementor-widget-flip-box\" data-id=\"4a0218fc\" data-element_type=\"widget\" data-e-type=\"widget\" data-settings=\"{&quot;_animation&quot;:&quot;fadeIn&quot;}\" data-widget_type=\"flip-box.default\">\n\t\t\t\t<div class=\"elementor-widget-container\">\n\t\t\t\t\t\t\t<div class=\"elementor-flip-box\" tabindex=\"0\">\n\t\t\t<div class=\"elementor-flip-box__layer elementor-flip-box__front\">\n\t\t\t\t<div class=\"elementor-flip-box__layer__overlay\">\n\t\t\t\t\t<div class=\"elementor-flip-box__layer__inner\">\n\t\t\t\t\t\t\n\t\t\t\t\t\t\t\t\t\t\t\t\t<h3 class=\"elementor-flip-box__layer__title\">\n\t\t\t\t\t\t\t\tDivina Provid\u00eancia\t\t\t\t\t\t\t<\/h3>\n\t\t\t\t\t\t\n\t\t\t\t\t\t\t\t\t\t\t<\/div>\n\t\t\t\t<\/div>\n\t\t\t<\/div>\n\t\t\t<div class=\"elementor-flip-box__layer elementor-flip-box__back\">\n\t\t\t<div class=\"elementor-flip-box__layer__overlay\">\n\t\t\t\t<div class=\"elementor-flip-box__layer__inner\">\n\t\t\t\t\t\n\t\t\t\t\t\t\t\t\t\t\t<div class=\"elementor-flip-box__layer__description\">\n\t\t\t\t\t\t\tTu conheces o caminho para mim, tu conheces o tempo. Em tuas m\u00e3os, coloco as minhas com confian\u00e7a. Teu plano \u00e9 perfeito, nascido do amor perfeito; Tu conheces o caminho para mim, isso \u00e9 suficiente.\n\t\t\t\t\t\t<\/div>\n\t\t\t\t\t\n\t\t\t\t\t\t\t\t<\/div>\n\t\t<\/div>\n\t\t<\/div>\n\t\t<\/div>\n\t\t\t\t\t\t<\/div>\n\t\t\t\t<\/div>\n\t\t\t\t<\/div>\n\t\t\t\t\t<\/div>\n\t\t\t\t<\/div>\n\t\t<div class=\"elementor-element elementor-element-1469b053 e-flex e-con-boxed e-con e-parent\" data-id=\"1469b053\" data-element_type=\"container\" data-e-type=\"container\">\n\t\t\t\t\t<div class=\"e-con-inner\">\n\t\t<div class=\"elementor-element elementor-element-448a5d8f e-con-full e-flex e-con e-child\" data-id=\"448a5d8f\" data-element_type=\"container\" data-e-type=\"container\">\n\t\t<div class=\"elementor-element elementor-element-5de432a1 e-con-full e-flex e-con e-child\" data-id=\"5de432a1\" data-element_type=\"container\" data-e-type=\"container\">\n\t\t<div class=\"elementor-element elementor-element-1ad43054 e-con-full e-flex e-con e-child\" data-id=\"1ad43054\" data-element_type=\"container\" data-e-type=\"container\">\n\t\t\t\t<div class=\"elementor-element elementor-element-13ac258d elementor-widget elementor-widget-heading\" data-id=\"13ac258d\" data-element_type=\"widget\" data-e-type=\"widget\" data-widget_type=\"heading.default\">\n\t\t\t\t<div class=\"elementor-widget-container\">\n\t\t\t\t\t<h3 class=\"elementor-heading-title elementor-size-default\">Assemelha-nos a ti<\/h3>\t\t\t\t<\/div>\n\t\t\t\t<\/div>\n\t\t\t\t<div class=\"elementor-element elementor-element-4b963347 elementor-widget elementor-widget-text-editor\" data-id=\"4b963347\" data-element_type=\"widget\" data-e-type=\"widget\" data-widget_type=\"text-editor.default\">\n\t\t\t\t<div class=\"elementor-widget-container\">\n\t\t\t\t\t\t\t\t\t<p>Torna-nos semelhantes \u00e0 tua imagem,<\/p><p>como tu, passemos pela vida<\/p><p>fortes e dignos, simples e bondosos,<\/p><p>espalhando amor, paz e alegria.<\/p><p>Em n\u00f3s percorre o nosso tempo,<\/p><p>prepara-o para Cristo<\/p><p>Pensa em mim, \u00f3 M\u00e3e<\/p><p>que meus pensamentos sejam claros e brilhantes.<\/p><p>Fale em mim, \u00f3 M\u00e3e<\/p><p>que minhas palavras sejam verdadeiras e corretas.<\/p><p>Trabalhe em mim, \u00f3 M\u00e3e<\/p><p>ent\u00e3o meu trabalho ser\u00e1 bem feito.<\/p><p>Se meu trabalho for bem feito,<\/p><p>M\u00e3e, meu descanso ser\u00e1 santo.<\/p><p>Tu penetras em meu ser.<\/p><p>Preencha cada parte de mim,<\/p><p>de modo que todos os seus caminhos e conduta<\/p><p>em mim cada um possa te ver.<\/p>\t\t\t\t\t\t\t\t<\/div>\n\t\t\t\t<\/div>\n\t\t\t\t<\/div>\n\t\t<div class=\"elementor-element elementor-element-34c49ec e-con-full e-flex e-con e-child\" data-id=\"34c49ec\" data-element_type=\"container\" data-e-type=\"container\">\n\t\t\t\t<div class=\"elementor-element elementor-element-3a4c12f0 elementor-widget elementor-widget-image\" data-id=\"3a4c12f0\" data-element_type=\"widget\" data-e-type=\"widget\" data-widget_type=\"image.default\">\n\t\t\t\t<div class=\"elementor-widget-container\">\n\t\t\t\t\t\t\t\t\t\t\t\t\t\t\t<img decoding=\"async\" src=\"https:\/\/schoenstatt.com\/wp-content\/uploads\/2024\/06\/35608445894_932fc21517_c.jpg\" title=\"\" alt=\"\" loading=\"lazy\" \/>\t\t\t\t\t\t\t\t\t\t\t\t\t\t\t<\/div>\n\t\t\t\t<\/div>\n\t\t\t\t<\/div>\n\t\t<div class=\"elementor-element elementor-element-492f59c2 e-con-full e-flex e-con e-child\" data-id=\"492f59c2\" data-element_type=\"container\" data-e-type=\"container\">\n\t\t\t\t<div class=\"elementor-element elementor-element-4f366da elementor-widget elementor-widget-heading\" data-id=\"4f366da\" data-element_type=\"widget\" data-e-type=\"widget\" data-widget_type=\"heading.default\">\n\t\t\t\t<div class=\"elementor-widget-container\">\n\t\t\t\t\t<h3 class=\"elementor-heading-title elementor-size-default\">Apostolado<\/h3>\t\t\t\t<\/div>\n\t\t\t\t<\/div>\n\t\t\t\t<div class=\"elementor-element elementor-element-73a80070 elementor-widget elementor-widget-text-editor\" data-id=\"73a80070\" data-element_type=\"widget\" data-e-type=\"widget\" data-widget_type=\"text-editor.default\">\n\t\t\t\t<div class=\"elementor-widget-container\">\n\t\t\t\t\t\t\t\t\t<p>M\u00e3e Tr\u00eas Vezes Admir\u00e1vel<\/p><p>M\u00e3e das gra\u00e7as<\/p><p>ensinai-nos a lutar contra os vossos inimigos.<\/p><p>Conceda-nos uma f\u00e9 profunda.<\/p><p>Nunca nos preocupemos<\/p><p>com seu n\u00famero e poder,<\/p><p>N\u00f3s espalhamos seu amor<\/p><p>sobre a noite escura da face da Terra,<\/p><p>Para que o mundo,<\/p><p>por meio de ti transformado,<\/p><p>preste a devida homenagem ao seu Filho.<\/p><p>M\u00e3e, com seu filho divino,<\/p><p>fa\u00e7a com que nosso pa\u00eds seja propriedade vossa<\/p><p>ajuda que nunca cessar\u00e1<\/p><p>para segui-lo e alcan\u00e7ar a paz de Deus.<\/p><p>M\u00e3e e filho, unidos no amor,<\/p><p>restaurar\u00e3o a gra\u00e7a do alto.<\/p>\t\t\t\t\t\t\t\t<\/div>\n\t\t\t\t<\/div>\n\t\t\t\t<\/div>\n\t\t\t\t<\/div>\n\t\t\t\t<\/div>\n\t\t\t\t\t<\/div>\n\t\t\t\t<\/div>\n\t\t<div class=\"elementor-element elementor-element-6609f4f6 e-flex e-con-boxed e-con e-parent\" data-id=\"6609f4f6\" data-element_type=\"container\" data-e-type=\"container\" data-settings=\"{&quot;background_background&quot;:&quot;classic&quot;}\">\n\t\t\t\t\t<div class=\"e-con-inner\">\n\t\t<div class=\"elementor-element elementor-element-44606826 e-con-full e-flex e-con e-child\" data-id=\"44606826\" data-element_type=\"container\" data-e-type=\"container\">\n\t\t<div class=\"elementor-element elementor-element-12ec82c6 e-con-full e-flex e-con e-child\" data-id=\"12ec82c6\" data-element_type=\"container\" data-e-type=\"container\">\n\t\t<div class=\"elementor-element elementor-element-45d13dfb e-con-full e-flex e-con e-child\" data-id=\"45d13dfb\" data-element_type=\"container\" data-e-type=\"container\" data-settings=\"{&quot;background_background&quot;:&quot;classic&quot;}\">\n\t\t\t\t<div class=\"elementor-element elementor-element-f09f633 elementor-widget elementor-widget-image\" data-id=\"f09f633\" data-element_type=\"widget\" data-e-type=\"widget\" data-widget_type=\"image.default\">\n\t\t\t\t<div class=\"elementor-widget-container\">\n\t\t\t\t\t\t\t\t\t\t\t\t\t\t\t<img decoding=\"async\" src=\"https:\/\/schoenstatt.com\/wp-content\/uploads\/2024\/06\/Heilige_Geist_1920x1080.jpg\" title=\"\" alt=\"\" loading=\"lazy\" \/>\t\t\t\t\t\t\t\t\t\t\t\t\t\t\t<\/div>\n\t\t\t\t<\/div>\n\t\t\t\t<\/div>\n\t\t<div class=\"elementor-element elementor-element-54eccbfc e-con-full e-flex e-con e-child\" data-id=\"54eccbfc\" data-element_type=\"container\" data-e-type=\"container\">\n\t\t\t\t<div class=\"elementor-element elementor-element-15ce8926 elementor-widget__width-auto elementor-widget elementor-widget-heading\" data-id=\"15ce8926\" data-element_type=\"widget\" data-e-type=\"widget\" data-widget_type=\"heading.default\">\n\t\t\t\t<div class=\"elementor-widget-container\">\n\t\t\t\t\t<h2 class=\"elementor-heading-title elementor-size-default\">Esp\u00edrito Santo<\/h2>\t\t\t\t<\/div>\n\t\t\t\t<\/div>\n\t\t\t\t<div class=\"elementor-element elementor-element-4ebe1304 elementor-widget-divider--view-line elementor-widget elementor-widget-divider\" data-id=\"4ebe1304\" data-element_type=\"widget\" data-e-type=\"widget\" data-widget_type=\"divider.default\">\n\t\t\t\t<div class=\"elementor-widget-container\">\n\t\t\t\t\t\t\t<div class=\"elementor-divider\">\n\t\t\t<span class=\"elementor-divider-separator\">\n\t\t\t\t\t\t<\/span>\n\t\t<\/div>\n\t\t\t\t\t\t<\/div>\n\t\t\t\t<\/div>\n\t\t\t\t<div class=\"elementor-element elementor-element-5c444bf elementor-widget__width-initial elementor-widget-mobile__width-initial elementor-widget elementor-widget-text-editor\" data-id=\"5c444bf\" data-element_type=\"widget\" data-e-type=\"widget\" data-widget_type=\"text-editor.default\">\n\t\t\t\t<div class=\"elementor-widget-container\">\n\t\t\t\t\t\t\t\t\t<p>Esp\u00edrito Santo,<br>tu \u00e9s a alma de minha alma. <br>Cheio de humildade te adoro. <br>Ilumina-me, fortifica-me,<br>guia-me e consola-me.<br>Revela-me tanto quanto isso<br>ao plano do Eterno Pai corresponde.<br>Revela-me os teus desejos.<br>Faze-me entender o que o Amor Eterno de mim deseja.<br>Faze-me entender o que devo fazer<br>Faze-me entender o que devo sofrer.<br>Faze-me entender o que, em sil\u00eancio, com mod\u00e9stia e reflex\u00e3o, devo aceitar, carregar e suportar.<br>Sim, Esp\u00edrito Santo, faze-me entender a tua vontade<br>Pois minha vida inteira n\u00e3o quer ser mais<br>que um cont\u00ednuo e perp\u00e9tuo SIM<br>aos desejos e ao querer<br>do Eterno Pai.<\/p>\t\t\t\t\t\t\t\t<\/div>\n\t\t\t\t<\/div>\n\t\t\t\t<\/div>\n\t\t\t\t<\/div>\n\t\t\t\t<\/div>\n\t\t\t\t\t<\/div>\n\t\t\t\t<\/div>\n\t\t<div class=\"elementor-element elementor-element-307f5aa7 e-flex e-con-boxed e-con e-parent\" data-id=\"307f5aa7\" data-element_type=\"container\" data-e-type=\"container\" data-settings=\"{&quot;background_background&quot;:&quot;classic&quot;}\">\n\t\t\t\t\t<div class=\"e-con-inner\">\n\t\t<div class=\"elementor-element elementor-element-3f6f446f e-con-full e-flex e-con e-child\" data-id=\"3f6f446f\" data-element_type=\"container\" data-e-type=\"container\">\n\t\t<div class=\"elementor-element elementor-element-5c8f8300 e-con-full e-flex e-con e-child\" data-id=\"5c8f8300\" data-element_type=\"container\" data-e-type=\"container\">\n\t\t<div class=\"elementor-element elementor-element-279e56b1 e-con-full e-flex e-con e-child\" data-id=\"279e56b1\" data-element_type=\"container\" data-e-type=\"container\">\n\t\t\t\t<div class=\"elementor-element elementor-element-4dd42b60 elementor-widget elementor-widget-icon-box\" data-id=\"4dd42b60\" data-element_type=\"widget\" data-e-type=\"widget\" data-widget_type=\"icon-box.default\">\n\t\t\t\t<div class=\"elementor-widget-container\">\n\t\t\t\t\t\t\t<div class=\"elementor-icon-box-wrapper\">\n\n\t\t\t\n\t\t\t\t\t\t<div class=\"elementor-icon-box-content\">\n\n\t\t\t\t\t\t\t\t\t<div class=\"elementor-icon-box-title\">\n\t\t\t\t\t\t<span  >\n\t\t\t\t\t\t\tPentecostes\t\t\t\t\t\t<\/span>\n\t\t\t\t\t<\/div>\n\t\t\t\t\n\t\t\t\t\t\t\t\t\t<p class=\"elementor-icon-box-description\">\n\t\t\t\t\t\tMaria, Em meio aos Ap\u00f3stolos imploras, com tua poderosa intercess\u00e3o, o sopro do Esp\u00edrito prometido que homens fracos transformou e aponta \u00e0 Igreja o caminho da vit\u00f3ria. Abre nossas almas ao Esp\u00edrito de Deus para que Ele fa\u00e7a novas todas as coisas.\t\t\t\t\t<\/p>\n\t\t\t\t\n\t\t\t<\/div>\n\t\t\t\n\t\t<\/div>\n\t\t\t\t\t\t<\/div>\n\t\t\t\t<\/div>\n\t\t\t\t<\/div>\n\t\t<div class=\"elementor-element elementor-element-2689def2 e-con-full e-flex e-con e-child\" data-id=\"2689def2\" data-element_type=\"container\" data-e-type=\"container\">\n\t\t\t\t<div class=\"elementor-element elementor-element-2c0cb9c5 elementor-widget elementor-widget-icon-box\" data-id=\"2c0cb9c5\" data-element_type=\"widget\" data-e-type=\"widget\" data-widget_type=\"icon-box.default\">\n\t\t\t\t<div class=\"elementor-widget-container\">\n\t\t\t\t\t\t\t<div class=\"elementor-icon-box-wrapper\">\n\n\t\t\t\n\t\t\t\t\t\t<div class=\"elementor-icon-box-content\">\n\n\t\t\t\t\t\t\t\t\t<div class=\"elementor-icon-box-title\">\n\t\t\t\t\t\t<span  >\n\t\t\t\t\t\t\tUnidade com Maria\t\t\t\t\t\t<\/span>\n\t\t\t\t\t<\/div>\n\t\t\t\t\n\t\t\t\t\t\t\t\t\t<p class=\"elementor-icon-box-description\">\n\t\t\t\t\t\tMaria, em teu cora\u00e7\u00e3o grava-me profundamente com letras de sangue e fogo, pois sou teu para sempre. Em amor e gratid\u00e3o Seja teu nome, \u00f3 M\u00e3e, Gravado em meu cora\u00e7\u00e3o eternamente. Am\u00e9m.\n\t\t\t\t\t<\/p>\n\t\t\t\t\n\t\t\t<\/div>\n\t\t\t\n\t\t<\/div>\n\t\t\t\t\t\t<\/div>\n\t\t\t\t<\/div>\n\t\t\t\t<\/div>\n\t\t<div class=\"elementor-element elementor-element-29d7e907 e-con-full e-flex e-con e-child\" data-id=\"29d7e907\" data-element_type=\"container\" data-e-type=\"container\">\n\t\t\t\t<div class=\"elementor-element elementor-element-203869c7 elementor-widget elementor-widget-icon-box\" data-id=\"203869c7\" data-element_type=\"widget\" data-e-type=\"widget\" data-widget_type=\"icon-box.default\">\n\t\t\t\t<div class=\"elementor-widget-container\">\n\t\t\t\t\t\t\t<div class=\"elementor-icon-box-wrapper\">\n\n\t\t\t\n\t\t\t\t\t\t<div class=\"elementor-icon-box-content\">\n\n\t\t\t\t\t\t\t\t\t<div class=\"elementor-icon-box-title\">\n\t\t\t\t\t\t<span  >\n\t\t\t\t\t\t\tAve Maria, por tua pureza,\t\t\t\t\t\t<\/span>\n\t\t\t\t\t<\/div>\n\t\t\t\t\n\t\t\t\t\t\t\t\t\t<p class=\"elementor-icon-box-description\">\n\t\t\t\t\t\tconserva puro meu corpo e minha alma. Abre-me largamente o teu cora\u00e7\u00e3o e o cora\u00e7\u00e3o de teu divino Filho. Concede-me um profundo conhecimento de mim mesmo e a gra\u00e7a da perseveran\u00e7a e fidelidade at\u00e9 a morte. D\u00e1-me almas e tudo mais toma-o para ti.\n\t\t\t\t\t<\/p>\n\t\t\t\t\n\t\t\t<\/div>\n\t\t\t\n\t\t<\/div>\n\t\t\t\t\t\t<\/div>\n\t\t\t\t<\/div>\n\t\t\t\t<\/div>\n\t\t<div class=\"elementor-element elementor-element-3472a75b e-con-full e-flex e-con e-child\" data-id=\"3472a75b\" data-element_type=\"container\" data-e-type=\"container\">\n\t\t\t\t<div class=\"elementor-element elementor-element-68baf659 elementor-widget elementor-widget-icon-box\" data-id=\"68baf659\" data-element_type=\"widget\" data-e-type=\"widget\" data-widget_type=\"icon-box.default\">\n\t\t\t\t<div class=\"elementor-widget-container\">\n\t\t\t\t\t\t\t<div class=\"elementor-icon-box-wrapper\">\n\n\t\t\t\n\t\t\t\t\t\t<div class=\"elementor-icon-box-content\">\n\n\t\t\t\t\t\t\t\t\t<div class=\"elementor-icon-box-title\">\n\t\t\t\t\t\t<span  >\n\t\t\t\t\t\t\tGratid\u00e3o\t\t\t\t\t\t<\/span>\n\t\t\t\t\t<\/div>\n\t\t\t\t\n\t\t\t\t\t\t\t\t\t<p class=\"elementor-icon-box-description\">\n\t\t\t\t\t\tCom amor profundo, eu te agrade\u00e7o, querida M\u00e3e, Contigo me guiando, n\u00e3o h\u00e1 o que temer; Quando tudo ao redor parece escuro, sombrio e cinzento, Tu \u00e9s farol do dia mais brilhante. Seu sorriso ilumina cada hora de vig\u00edlia, Tu me amparas com seu bondoso poder. Gra\u00e7as, mil gra\u00e7as a ti e a Deus ser\u00e3o dadas Agora e por toda a eternidade.\n\t\t\t\t\t<\/p>\n\t\t\t\t\n\t\t\t<\/div>\n\t\t\t\n\t\t<\/div>\n\t\t\t\t\t\t<\/div>\n\t\t\t\t<\/div>\n\t\t\t\t<\/div>\n\t\t\t\t<\/div>\n\t\t\t\t<\/div>\n\t\t\t\t\t<\/div>\n\t\t\t\t<\/div>\n\t\t<div class=\"elementor-element elementor-element-5da8ca49 e-flex e-con-boxed e-con e-parent\" data-id=\"5da8ca49\" data-element_type=\"container\" data-e-type=\"container\">\n\t\t\t\t\t<div class=\"e-con-inner\">\n\t\t<div class=\"elementor-element elementor-element-7877e751 e-con-full e-flex e-con e-child\" data-id=\"7877e751\" data-element_type=\"container\" data-e-type=\"container\">\n\t\t\t\t<div class=\"elementor-element elementor-element-40231187 elementor-widget elementor-widget-heading\" data-id=\"40231187\" data-element_type=\"widget\" data-e-type=\"widget\" data-widget_type=\"heading.default\">\n\t\t\t\t<div class=\"elementor-widget-container\">\n\t\t\t\t\t<h3 class=\"elementor-heading-title elementor-size-default\">Gratid\u00e3o<\/h3>\t\t\t\t<\/div>\n\t\t\t\t<\/div>\n\t\t\t\t<div class=\"elementor-element elementor-element-fe6aec2 elementor-widget elementor-widget-text-editor\" data-id=\"fe6aec2\" data-element_type=\"widget\" data-e-type=\"widget\" data-widget_type=\"text-editor.default\">\n\t\t\t\t<div class=\"elementor-widget-container\">\n\t\t\t\t\t\t\t\t\t<p>Por tudo, tudo cordialmente te agrade\u00e7o, com \u00edntimo amor, \u00f3 M\u00e3e, a ti me enla\u00e7o. Que seria de n\u00f3s, sem ti, sem teu cuidado maternal! Tu nos salvaste de grandes afli\u00e7\u00f5es, a ti nos uniste com fiel amor eu te agrade\u00e7o, eternamente quero dar-te gra\u00e7as e, em amor, a ti me consagrar inteiramente. Am\u00e9m<\/p>\t\t\t\t\t\t\t\t<\/div>\n\t\t\t\t<\/div>\n\t\t\t\t<\/div>\n\t\t<div class=\"elementor-element elementor-element-ae0334e e-con-full e-flex e-con e-child\" data-id=\"ae0334e\" data-element_type=\"container\" data-e-type=\"container\">\n\t\t\t\t<div class=\"elementor-element elementor-element-9d58b8f elementor-widget elementor-widget-heading\" data-id=\"9d58b8f\" data-element_type=\"widget\" data-e-type=\"widget\" data-widget_type=\"heading.default\">\n\t\t\t\t<div class=\"elementor-widget-container\">\n\t\t\t\t\t<h3 class=\"elementor-heading-title elementor-size-default\">Confian\u00e7a filial<\/h3>\t\t\t\t<\/div>\n\t\t\t\t<\/div>\n\t\t\t\t<div class=\"elementor-element elementor-element-dd4fea5 elementor-widget elementor-widget-heading\" data-id=\"dd4fea5\" data-element_type=\"widget\" data-e-type=\"widget\" data-widget_type=\"heading.default\">\n\t\t\t\t<div class=\"elementor-widget-container\">\n\t\t\t\t\t<p class=\"elementor-heading-title elementor-size-default\">Cremos, \u00f3 M\u00e3e, em teu grande poder, embora esteja oculto como na noite mais escura. Acreditamos em sua for\u00e7a vitoriosa Embora nossos desejos n\u00e3o encontrem recompensa. N\u00f3s te amamos, M\u00e3e, que com tanta ternura nos amas a todos e a cada um de n\u00f3s sem cessar. N\u00f3s te amamos, tamb\u00e9m, quando n\u00e3o nos concede suas riquezas infinitas. Mas em sua miseric\u00f3rdia e benevol\u00eancia Aumentai nossa f\u00e9 e nossa confian\u00e7a filial. Permita-nos sempre ver seu cuidado amoroso Para que, fortes na f\u00e9, n\u00e3o tenhamos medo de ousar mas enfrentar o futuro confiantes na vit\u00f3ria, confiando em sua condu\u00e7\u00e3o. Nosso amor nos libertar\u00e1 de todas as amarras terrenas Para que, ansiosos e prontos para o sacrif\u00edcio N\u00f3s lhe ofere\u00e7amos vida, amor e lealdade Servindo-te agora e na eternidade. Am\u00e9m     <\/p>\t\t\t\t<\/div>\n\t\t\t\t<\/div>\n\t\t\t\t<\/div>\n\t\t<div class=\"elementor-element elementor-element-4084f2b1 e-con-full e-flex e-con e-child\" data-id=\"4084f2b1\" data-element_type=\"container\" data-e-type=\"container\">\n\t\t\t\t<div class=\"elementor-element elementor-element-3f644af2 elementor-widget elementor-widget-heading\" data-id=\"3f644af2\" data-element_type=\"widget\" data-e-type=\"widget\" data-widget_type=\"heading.default\">\n\t\t\t\t<div class=\"elementor-widget-container\">\n\t\t\t\t\t<h3 class=\"elementor-heading-title elementor-size-default\">Ora\u00e7\u00e3o pela Beatifica\u00e7\u00e3o do Pe. Kentenich\u200b <\/h3>\t\t\t\t<\/div>\n\t\t\t\t<\/div>\n\t\t\t\t<div class=\"elementor-element elementor-element-691c646 elementor-widget elementor-widget-heading\" data-id=\"691c646\" data-element_type=\"widget\" data-e-type=\"widget\" data-widget_type=\"heading.default\">\n\t\t\t\t<div class=\"elementor-widget-container\">\n\t\t\t\t\t<p class=\"elementor-heading-title elementor-size-default\">Deus Pai todo-poderoso, \u00e9s o amor e a miseric\u00f3rdia. Somente tu, como Pai Onisciente, compreendes tudo o que se passa em mim. Ajuda-me, Pai de Bondade, nesta minha grande afli\u00e7\u00e3o. Atende-me por interm\u00e9dio do Padre Jos\u00e9 Kentenich. Como fiel sacerdote, ele amou tanto a tua Igreja peregrina e procurou conduzir todos os que dele se aproximavam a um amor pessoal a ti. Foi s\u00e1bio e humilde conselheiro para todos os que dele precisaram. Concede-me, Pai Eterno, por intercess\u00e3o do Padre Jos\u00e9 Kentenich, especialmente a gra\u00e7a (colocar suas inten\u00e7\u00f5es e pedidos). Em sinal de gratid\u00e3o, eu te ofere\u00e7o o precioso sangue de Cristo, nas inten\u00e7\u00f5es da Santa Igreja e por todos os que se encontram em grandes afli\u00e7\u00f5es. Querida M\u00e3e, Rainha e Vencedora Tr\u00eas Vezes Admir\u00e1vel de Schoenstatt, roga ao Pai Eterno que conceda ao Padre Jos\u00e9 Kentenich a honra dos altares, como recompensa por todo o bem que fez \u00e0 Igreja, para o teu louvor e a gl\u00f3ria da Sant\u00edssima Trindade. Am\u00e9m     <\/p>\t\t\t\t<\/div>\n\t\t\t\t<\/div>\n\t\t\t\t<\/div>\n\t\t\t\t\t<\/div>\n\t\t\t\t<\/div>\n\t\t\t\t<\/div>\n\t\t","protected":false},"excerpt":{"rendered":"<p>Esta p\u00e1gina \u00e9 um recurso para qualquer pessoa que queira aprofundar sua vida espiritual e encontrar conforto na ora\u00e7\u00e3o. Com uma variedade de ora\u00e7\u00f5es cat\u00f3licas cl\u00e1ssicas e ora\u00e7\u00f5es espec\u00edficas de Schoenstatt, temos algo aqui para todos. <\/p>\n","protected":false},"author":2,"featured_media":39415,"parent":59205,"menu_order":0,"comment_status":"closed","ping_status":"closed","template":"","meta":{"footnotes":""},"class_list":["post-40204","page","type-page","status-publish","has-post-thumbnail","hentry"],"yoast_head":"<!-- This site is optimized with the Yoast SEO Premium plugin v27.4 (Yoast SEO v27.5) - https:\/\/yoast.com\/product\/yoast-seo-premium-wordpress\/ -->\n<title>Ora\u00e7\u00f5es de Schoenstatt - Schoenstatt<\/title>\n<meta name=\"robots\" content=\"index, follow, max-snippet:-1, max-image-preview:large, max-video-preview:-1\" \/>\n<link rel=\"canonical\" href=\"https:\/\/schoenstatt.com\/pt-pt\/recursos\/oracoes-de-schoenstatt\/\" \/>\n<meta property=\"og:locale\" content=\"pt_PT\" \/>\n<meta property=\"og:type\" content=\"article\" \/>\n<meta property=\"og:title\" content=\"Ora\u00e7\u00f5es de Schoenstatt\" \/>\n<meta property=\"og:description\" content=\"Esta p\u00e1gina \u00e9 um recurso para qualquer pessoa que queira aprofundar sua vida espiritual e encontrar conforto na ora\u00e7\u00e3o. Com uma variedade de ora\u00e7\u00f5es cat\u00f3licas cl\u00e1ssicas e ora\u00e7\u00f5es espec\u00edficas de Schoenstatt, temos algo aqui para todos.\" \/>\n<meta property=\"og:url\" content=\"https:\/\/schoenstatt.com\/pt-pt\/recursos\/oracoes-de-schoenstatt\/\" \/>\n<meta property=\"og:site_name\" content=\"Schoenstatt\" \/>\n<meta property=\"article:modified_time\" content=\"2025-06-03T14:36:41+00:00\" \/>\n<meta property=\"og:image\" content=\"https:\/\/schoenstatt.com\/wp-content\/uploads\/2024\/06\/Recursos-Header3-1.jpg\" \/>\n\t<meta property=\"og:image:width\" content=\"600\" \/>\n\t<meta property=\"og:image:height\" content=\"200\" \/>\n\t<meta property=\"og:image:type\" content=\"image\/jpeg\" \/>\n<meta name=\"twitter:card\" content=\"summary_large_image\" \/>\n<meta name=\"twitter:label1\" content=\"Tempo estimado de leitura\" \/>\n\t<meta name=\"twitter:data1\" content=\"7 minutos\" \/>\n<script type=\"application\/ld+json\" class=\"yoast-schema-graph\">{\"@context\":\"https:\\\/\\\/schema.org\",\"@graph\":[{\"@type\":\"WebPage\",\"@id\":\"https:\\\/\\\/schoenstatt.com\\\/pt-pt\\\/recursos\\\/oracoes-de-schoenstatt\\\/\",\"url\":\"https:\\\/\\\/schoenstatt.com\\\/pt-pt\\\/recursos\\\/oracoes-de-schoenstatt\\\/\",\"name\":\"Ora\u00e7\u00f5es de Schoenstatt - Schoenstatt\",\"isPartOf\":{\"@id\":\"https:\\\/\\\/schoenstatt.com\\\/pt-pt\\\/#website\"},\"primaryImageOfPage\":{\"@id\":\"https:\\\/\\\/schoenstatt.com\\\/pt-pt\\\/recursos\\\/oracoes-de-schoenstatt\\\/#primaryimage\"},\"image\":{\"@id\":\"https:\\\/\\\/schoenstatt.com\\\/pt-pt\\\/recursos\\\/oracoes-de-schoenstatt\\\/#primaryimage\"},\"thumbnailUrl\":\"https:\\\/\\\/schoenstatt.com\\\/wp-content\\\/uploads\\\/2024\\\/06\\\/Recursos-Header3-1.jpg\",\"datePublished\":\"2024-06-30T16:16:07+00:00\",\"dateModified\":\"2025-06-03T14:36:41+00:00\",\"breadcrumb\":{\"@id\":\"https:\\\/\\\/schoenstatt.com\\\/pt-pt\\\/recursos\\\/oracoes-de-schoenstatt\\\/#breadcrumb\"},\"inLanguage\":\"pt-PT\",\"potentialAction\":[{\"@type\":\"ReadAction\",\"target\":[\"https:\\\/\\\/schoenstatt.com\\\/pt-pt\\\/recursos\\\/oracoes-de-schoenstatt\\\/\"]}]},{\"@type\":\"ImageObject\",\"inLanguage\":\"pt-PT\",\"@id\":\"https:\\\/\\\/schoenstatt.com\\\/pt-pt\\\/recursos\\\/oracoes-de-schoenstatt\\\/#primaryimage\",\"url\":\"https:\\\/\\\/schoenstatt.com\\\/wp-content\\\/uploads\\\/2024\\\/06\\\/Recursos-Header3-1.jpg\",\"contentUrl\":\"https:\\\/\\\/schoenstatt.com\\\/wp-content\\\/uploads\\\/2024\\\/06\\\/Recursos-Header3-1.jpg\",\"width\":600,\"height\":200},{\"@type\":\"BreadcrumbList\",\"@id\":\"https:\\\/\\\/schoenstatt.com\\\/pt-pt\\\/recursos\\\/oracoes-de-schoenstatt\\\/#breadcrumb\",\"itemListElement\":[{\"@type\":\"ListItem\",\"position\":1,\"name\":\"Portada\",\"item\":\"https:\\\/\\\/schoenstatt.com\\\/pt-pt\\\/home\\\/\"},{\"@type\":\"ListItem\",\"position\":2,\"name\":\"Recursos\",\"item\":\"https:\\\/\\\/schoenstatt.com\\\/pt-pt\\\/recursos\\\/\"},{\"@type\":\"ListItem\",\"position\":3,\"name\":\"Ora\u00e7\u00f5es de Schoenstatt\"}]},{\"@type\":\"WebSite\",\"@id\":\"https:\\\/\\\/schoenstatt.com\\\/pt-pt\\\/#website\",\"url\":\"https:\\\/\\\/schoenstatt.com\\\/pt-pt\\\/\",\"name\":\"Schoenstatt\",\"description\":\"Apostolic Movement\",\"publisher\":{\"@id\":\"https:\\\/\\\/schoenstatt.com\\\/pt-pt\\\/#organization\"},\"potentialAction\":[{\"@type\":\"SearchAction\",\"target\":{\"@type\":\"EntryPoint\",\"urlTemplate\":\"https:\\\/\\\/schoenstatt.com\\\/pt-pt\\\/?s={search_term_string}\"},\"query-input\":{\"@type\":\"PropertyValueSpecification\",\"valueRequired\":true,\"valueName\":\"search_term_string\"}}],\"inLanguage\":\"pt-PT\"},{\"@type\":\"Organization\",\"@id\":\"https:\\\/\\\/schoenstatt.com\\\/pt-pt\\\/#organization\",\"name\":\"Schoenstatt\",\"url\":\"https:\\\/\\\/schoenstatt.com\\\/pt-pt\\\/\",\"logo\":{\"@type\":\"ImageObject\",\"inLanguage\":\"pt-PT\",\"@id\":\"https:\\\/\\\/schoenstatt.com\\\/pt-pt\\\/#\\\/schema\\\/logo\\\/image\\\/\",\"url\":\"https:\\\/\\\/schoenstatt.com\\\/wp-content\\\/uploads\\\/2025\\\/04\\\/logo-schoenstatt-white-696x696-1.png\",\"contentUrl\":\"https:\\\/\\\/schoenstatt.com\\\/wp-content\\\/uploads\\\/2025\\\/04\\\/logo-schoenstatt-white-696x696-1.png\",\"width\":696,\"height\":694,\"caption\":\"Schoenstatt\"},\"image\":{\"@id\":\"https:\\\/\\\/schoenstatt.com\\\/pt-pt\\\/#\\\/schema\\\/logo\\\/image\\\/\"}}]}<\/script>\n<!-- \/ Yoast SEO Premium plugin. -->","yoast_head_json":{"title":"Ora\u00e7\u00f5es de Schoenstatt - Schoenstatt","robots":{"index":"index","follow":"follow","max-snippet":"max-snippet:-1","max-image-preview":"max-image-preview:large","max-video-preview":"max-video-preview:-1"},"canonical":"https:\/\/schoenstatt.com\/pt-pt\/recursos\/oracoes-de-schoenstatt\/","og_locale":"pt_PT","og_type":"article","og_title":"Ora\u00e7\u00f5es de Schoenstatt","og_description":"Esta p\u00e1gina \u00e9 um recurso para qualquer pessoa que queira aprofundar sua vida espiritual e encontrar conforto na ora\u00e7\u00e3o. Com uma variedade de ora\u00e7\u00f5es cat\u00f3licas cl\u00e1ssicas e ora\u00e7\u00f5es espec\u00edficas de Schoenstatt, temos algo aqui para todos.","og_url":"https:\/\/schoenstatt.com\/pt-pt\/recursos\/oracoes-de-schoenstatt\/","og_site_name":"Schoenstatt","article_modified_time":"2025-06-03T14:36:41+00:00","og_image":[{"width":600,"height":200,"url":"https:\/\/schoenstatt.com\/wp-content\/uploads\/2024\/06\/Recursos-Header3-1.jpg","type":"image\/jpeg"}],"twitter_card":"summary_large_image","twitter_misc":{"Tempo estimado de leitura":"7 minutos"},"schema":{"@context":"https:\/\/schema.org","@graph":[{"@type":"WebPage","@id":"https:\/\/schoenstatt.com\/pt-pt\/recursos\/oracoes-de-schoenstatt\/","url":"https:\/\/schoenstatt.com\/pt-pt\/recursos\/oracoes-de-schoenstatt\/","name":"Ora\u00e7\u00f5es de Schoenstatt - Schoenstatt","isPartOf":{"@id":"https:\/\/schoenstatt.com\/pt-pt\/#website"},"primaryImageOfPage":{"@id":"https:\/\/schoenstatt.com\/pt-pt\/recursos\/oracoes-de-schoenstatt\/#primaryimage"},"image":{"@id":"https:\/\/schoenstatt.com\/pt-pt\/recursos\/oracoes-de-schoenstatt\/#primaryimage"},"thumbnailUrl":"https:\/\/schoenstatt.com\/wp-content\/uploads\/2024\/06\/Recursos-Header3-1.jpg","datePublished":"2024-06-30T16:16:07+00:00","dateModified":"2025-06-03T14:36:41+00:00","breadcrumb":{"@id":"https:\/\/schoenstatt.com\/pt-pt\/recursos\/oracoes-de-schoenstatt\/#breadcrumb"},"inLanguage":"pt-PT","potentialAction":[{"@type":"ReadAction","target":["https:\/\/schoenstatt.com\/pt-pt\/recursos\/oracoes-de-schoenstatt\/"]}]},{"@type":"ImageObject","inLanguage":"pt-PT","@id":"https:\/\/schoenstatt.com\/pt-pt\/recursos\/oracoes-de-schoenstatt\/#primaryimage","url":"https:\/\/schoenstatt.com\/wp-content\/uploads\/2024\/06\/Recursos-Header3-1.jpg","contentUrl":"https:\/\/schoenstatt.com\/wp-content\/uploads\/2024\/06\/Recursos-Header3-1.jpg","width":600,"height":200},{"@type":"BreadcrumbList","@id":"https:\/\/schoenstatt.com\/pt-pt\/recursos\/oracoes-de-schoenstatt\/#breadcrumb","itemListElement":[{"@type":"ListItem","position":1,"name":"Portada","item":"https:\/\/schoenstatt.com\/pt-pt\/home\/"},{"@type":"ListItem","position":2,"name":"Recursos","item":"https:\/\/schoenstatt.com\/pt-pt\/recursos\/"},{"@type":"ListItem","position":3,"name":"Ora\u00e7\u00f5es de Schoenstatt"}]},{"@type":"WebSite","@id":"https:\/\/schoenstatt.com\/pt-pt\/#website","url":"https:\/\/schoenstatt.com\/pt-pt\/","name":"Schoenstatt","description":"Apostolic Movement","publisher":{"@id":"https:\/\/schoenstatt.com\/pt-pt\/#organization"},"potentialAction":[{"@type":"SearchAction","target":{"@type":"EntryPoint","urlTemplate":"https:\/\/schoenstatt.com\/pt-pt\/?s={search_term_string}"},"query-input":{"@type":"PropertyValueSpecification","valueRequired":true,"valueName":"search_term_string"}}],"inLanguage":"pt-PT"},{"@type":"Organization","@id":"https:\/\/schoenstatt.com\/pt-pt\/#organization","name":"Schoenstatt","url":"https:\/\/schoenstatt.com\/pt-pt\/","logo":{"@type":"ImageObject","inLanguage":"pt-PT","@id":"https:\/\/schoenstatt.com\/pt-pt\/#\/schema\/logo\/image\/","url":"https:\/\/schoenstatt.com\/wp-content\/uploads\/2025\/04\/logo-schoenstatt-white-696x696-1.png","contentUrl":"https:\/\/schoenstatt.com\/wp-content\/uploads\/2025\/04\/logo-schoenstatt-white-696x696-1.png","width":696,"height":694,"caption":"Schoenstatt"},"image":{"@id":"https:\/\/schoenstatt.com\/pt-pt\/#\/schema\/logo\/image\/"}}]}},"_links":{"self":[{"href":"https:\/\/schoenstatt.com\/pt-pt\/wp-json\/wp\/v2\/pages\/40204","targetHints":{"allow":["GET"]}}],"collection":[{"href":"https:\/\/schoenstatt.com\/pt-pt\/wp-json\/wp\/v2\/pages"}],"about":[{"href":"https:\/\/schoenstatt.com\/pt-pt\/wp-json\/wp\/v2\/types\/page"}],"author":[{"embeddable":true,"href":"https:\/\/schoenstatt.com\/pt-pt\/wp-json\/wp\/v2\/users\/2"}],"replies":[{"embeddable":true,"href":"https:\/\/schoenstatt.com\/pt-pt\/wp-json\/wp\/v2\/comments?post=40204"}],"version-history":[{"count":2,"href":"https:\/\/schoenstatt.com\/pt-pt\/wp-json\/wp\/v2\/pages\/40204\/revisions"}],"predecessor-version":[{"id":59324,"href":"https:\/\/schoenstatt.com\/pt-pt\/wp-json\/wp\/v2\/pages\/40204\/revisions\/59324"}],"up":[{"embeddable":true,"href":"https:\/\/schoenstatt.com\/pt-pt\/wp-json\/wp\/v2\/pages\/59205"}],"wp:featuredmedia":[{"embeddable":true,"href":"https:\/\/schoenstatt.com\/pt-pt\/wp-json\/wp\/v2\/media\/39415"}],"wp:attachment":[{"href":"https:\/\/schoenstatt.com\/pt-pt\/wp-json\/wp\/v2\/media?parent=40204"}],"curies":[{"name":"wp","href":"https:\/\/api.w.org\/{rel}","templated":true}]}}