{"id":40104,"date":"2024-06-28T20:41:30","date_gmt":"2024-06-28T18:41:30","guid":{"rendered":"https:\/\/schoenstatt.com\/em-missao\/igreja\/"},"modified":"2025-05-27T03:30:26","modified_gmt":"2025-05-27T01:30:26","slug":"igreja","status":"publish","type":"page","link":"https:\/\/schoenstatt.com\/pt-pt\/em-missao\/igreja\/","title":{"rendered":"Igreja"},"content":{"rendered":"\t\t<div data-elementor-type=\"wp-page\" data-elementor-id=\"40104\" class=\"elementor elementor-40104 elementor-39305\" data-elementor-post-type=\"page\">\n\t\t\t\t<div class=\"elementor-element elementor-element-6c5835ab e-flex e-con-boxed e-con e-parent\" data-id=\"6c5835ab\" data-element_type=\"container\" data-e-type=\"container\" data-settings=\"{&quot;background_background&quot;:&quot;classic&quot;}\">\n\t\t\t\t\t<div class=\"e-con-inner\">\n\t\t<div class=\"elementor-element elementor-element-527e9f69 e-flex e-con-boxed e-con e-child\" data-id=\"527e9f69\" data-element_type=\"container\" data-e-type=\"container\">\n\t\t\t\t\t<div class=\"e-con-inner\">\n\t\t\t\t<div class=\"elementor-element elementor-element-2086007b elementor-widget elementor-widget-heading\" data-id=\"2086007b\" data-element_type=\"widget\" data-e-type=\"widget\" data-widget_type=\"heading.default\">\n\t\t\t\t<div class=\"elementor-widget-container\">\n\t\t\t\t\t<p class=\"elementor-heading-title elementor-size-default\">Schoenstatt em miss\u00e3o: os frutos da Alian\u00e7a de Amor<\/p>\t\t\t\t<\/div>\n\t\t\t\t<\/div>\n\t\t\t\t\t<\/div>\n\t\t\t\t<\/div>\n\t\t\t\t\t<\/div>\n\t\t\t\t<\/div>\n\t\t<div class=\"elementor-element elementor-element-70045df e-flex e-con-boxed e-con e-parent\" data-id=\"70045df\" data-element_type=\"container\" data-e-type=\"container\">\n\t\t\t\t\t<div class=\"e-con-inner\">\n\t\t<div class=\"elementor-element elementor-element-5ed643f e-con-full e-flex e-con e-child\" data-id=\"5ed643f\" data-element_type=\"container\" data-e-type=\"container\">\n\t\t<div class=\"elementor-element elementor-element-f2b524c e-con-full e-flex e-con e-child\" data-id=\"f2b524c\" data-element_type=\"container\" data-e-type=\"container\">\n\t\t<div class=\"elementor-element elementor-element-6f51237 e-con-full e-flex e-con e-child\" data-id=\"6f51237\" data-element_type=\"container\" data-e-type=\"container\">\n\t\t\t\t<div class=\"elementor-element elementor-element-d695d0b elementor-widget elementor-widget-heading\" data-id=\"d695d0b\" data-element_type=\"widget\" data-e-type=\"widget\" data-widget_type=\"heading.default\">\n\t\t\t\t<div class=\"elementor-widget-container\">\n\t\t\t\t\t<p class=\"elementor-heading-title elementor-size-default\">Projetos<\/p>\t\t\t\t<\/div>\n\t\t\t\t<\/div>\n\t\t\t\t<div class=\"elementor-element elementor-element-b659252 elementor-widget elementor-widget-heading\" data-id=\"b659252\" data-element_type=\"widget\" data-e-type=\"widget\" data-widget_type=\"heading.default\">\n\t\t\t\t<div class=\"elementor-widget-container\">\n\t\t\t\t\t<h2 class=\"elementor-heading-title elementor-size-default\">Em miss\u00e3o NA e PARA a Igreja<\/h2>\t\t\t\t<\/div>\n\t\t\t\t<\/div>\n\t\t\t\t<div class=\"elementor-element elementor-element-a7c0066 elementor-widget-divider--view-line elementor-widget elementor-widget-divider\" data-id=\"a7c0066\" data-element_type=\"widget\" data-e-type=\"widget\" data-widget_type=\"divider.default\">\n\t\t\t\t<div class=\"elementor-widget-container\">\n\t\t\t\t\t\t\t<div class=\"elementor-divider\">\n\t\t\t<span class=\"elementor-divider-separator\">\n\t\t\t\t\t\t<\/span>\n\t\t<\/div>\n\t\t\t\t\t\t<\/div>\n\t\t\t\t<\/div>\n\t\t\t\t<div class=\"elementor-element elementor-element-cb496b9 elementor-widget elementor-widget-heading\" data-id=\"cb496b9\" data-element_type=\"widget\" data-e-type=\"widget\" data-widget_type=\"heading.default\">\n\t\t\t\t<div class=\"elementor-widget-container\">\n\t\t\t\t\t<p class=\"elementor-heading-title elementor-size-default\">Por meio de v\u00e1rias iniciativas, Schoenstatt contribui para tornar a Igreja cada vez mais mission\u00e1ria e evangelizadora. Vivendo um esp\u00edrito \u201cem sa\u00edda\u201d, nossos projetos v\u00e3o ao encontro de milh\u00f5es de pessoas em todo o mundo, aproximando a Igreja das diferentes realidades sociais que existem em muitos pa\u00edses. Gra\u00e7as a alguns projetos de Schoenstatt, como a Campanha da M\u00e3e Peregrina, a Igreja se faz presente nas casas das fam\u00edlias, nos pres\u00eddios, em escolas, com\u00e9rcios, tribos ind\u00edgenas, zonas de guerra e muitos lugares de dif\u00edcil acesso, como um sinal de proximidade e acolhida. O compromisso de Schoenstatt com a Igreja fomenta um mundo unido em ora\u00e7\u00e3o e miss\u00e3o, promovendo a unidade e um prop\u00f3sito espiritual comum.   <\/p>\t\t\t\t<\/div>\n\t\t\t\t<\/div>\n\t\t\t\t<\/div>\n\t\t\t\t<\/div>\n\t\t<div class=\"elementor-element elementor-element-a53cb9b e-con-full e-flex e-con e-child\" data-id=\"a53cb9b\" data-element_type=\"container\" data-e-type=\"container\">\n\t\t<div class=\"elementor-element elementor-element-a32591a e-con-full e-flex e-con e-child\" data-id=\"a32591a\" data-element_type=\"container\" data-e-type=\"container\" data-settings=\"{&quot;background_background&quot;:&quot;classic&quot;}\">\n\t\t\t\t<div class=\"elementor-element elementor-element-d8150e5 elementor-cta--layout-image-left elementor-cta--tablet-layout-image-above elementor-cta--skin-classic elementor-animated-content elementor-bg-transform elementor-bg-transform-zoom-in elementor-widget elementor-widget-call-to-action\" data-id=\"d8150e5\" data-element_type=\"widget\" data-e-type=\"widget\" data-widget_type=\"call-to-action.default\">\n\t\t\t\t<div class=\"elementor-widget-container\">\n\t\t\t\t\t\t\t<div class=\"elementor-cta\">\n\t\t\t\t\t<div class=\"elementor-cta__bg-wrapper\">\n\t\t\t\t<div class=\"elementor-cta__bg elementor-bg\" style=\"background-image: url(https:\/\/schoenstatt.com\/wp-content\/uploads\/2024\/06\/Pilgrim-Mother-2-1.jpg);\" role=\"img\" aria-label=\"Pilgrim-Mother-2\"><\/div>\n\t\t\t\t<div class=\"elementor-cta__bg-overlay\"><\/div>\n\t\t\t<\/div>\n\t\t\t\t\t\t\t<div class=\"elementor-cta__content\">\n\t\t\t\t\n\t\t\t\t\t\t\t\t\t<div class=\"elementor-cta__title elementor-cta__content-item elementor-content-item\">\n\t\t\t\t\t\tCampanha da M\u00e3e Peregrina de Schoenstatt\t\t\t\t\t<\/div>\n\t\t\t\t\n\t\t\t\t\t\t\t\t\t<div class=\"elementor-cta__description elementor-cta__content-item elementor-content-item\">\n\t\t\t\t\t\tA Campanha da M\u00e3e Peregrina incentiva a ora\u00e7\u00e3o do ter\u00e7o e a consagra\u00e7\u00e3o a Maria, promovendo lares e cora\u00e7\u00f5es cheios de gra\u00e7as. Milhares de pessoas, em todos os continentes, j\u00e1 acolheram a M\u00e3e Peregrina. \t\t\t\t\t<\/div>\n\t\t\t\t\n\t\t\t\t\t\t\t\t\t<div class=\"elementor-cta__button-wrapper elementor-cta__content-item elementor-content-item \">\n\t\t\t\t\t<a class=\"elementor-cta__button elementor-button elementor-size-xs\" href=\"https:\/\/schoenstatt.com\/in-mission\/church\/pilgrim-mother\/\">\n\t\t\t\t\t\tLeia mais\t\t\t\t\t<\/a>\n\t\t\t\t\t<\/div>\n\t\t\t\t\t\t\t<\/div>\n\t\t\t\t\t\t<\/div>\n\t\t\t\t\t\t<\/div>\n\t\t\t\t<\/div>\n\t\t\t\t<\/div>\n\t\t<div class=\"elementor-element elementor-element-531425d e-con-full e-flex e-con e-child\" data-id=\"531425d\" data-element_type=\"container\" data-e-type=\"container\" data-settings=\"{&quot;background_background&quot;:&quot;classic&quot;}\">\n\t\t\t\t<div class=\"elementor-element elementor-element-f499e3f elementor-cta--layout-image-left elementor-cta--tablet-layout-image-above elementor-cta--skin-classic elementor-animated-content elementor-bg-transform elementor-bg-transform-zoom-in elementor-widget elementor-widget-call-to-action\" data-id=\"f499e3f\" data-element_type=\"widget\" data-e-type=\"widget\" data-widget_type=\"call-to-action.default\">\n\t\t\t\t<div class=\"elementor-widget-container\">\n\t\t\t\t\t\t\t<div class=\"elementor-cta\">\n\t\t\t\t\t<div class=\"elementor-cta__bg-wrapper\">\n\t\t\t\t<div class=\"elementor-cta__bg elementor-bg\" style=\"background-image: url(https:\/\/schoenstatt.com\/wp-content\/uploads\/2024\/06\/mens-rosary-terco-dos-homens-rosario-de-hombres-1-1.jpg);\" role=\"img\" aria-label=\"mens rosary ter\u00e7o dos homens rosario de hombres\"><\/div>\n\t\t\t\t<div class=\"elementor-cta__bg-overlay\"><\/div>\n\t\t\t<\/div>\n\t\t\t\t\t\t\t<div class=\"elementor-cta__content\">\n\t\t\t\t\n\t\t\t\t\t\t\t\t\t<div class=\"elementor-cta__title elementor-cta__content-item elementor-content-item\">\n\t\t\t\t\t\tTer\u00e7o dos Homens M\u00e3e Rainha\t\t\t\t\t<\/div>\n\t\t\t\t\n\t\t\t\t\t\t\t\t\t<div class=\"elementor-cta__description elementor-cta__content-item elementor-content-item\">\n\t\t\t\t\t\tO Ter\u00e7o dos Homens M\u00e3e Rainha \u00e9 um apostolado que surgiu no Brasil, em 1997, e re\u00fane uma multid\u00e3o de homens, todas as semanas, para rezar o Ter\u00e7o. Eles se encontram em pequenos e grandes grupos presentes em in\u00fameras comunidades espalhadas pelo pa\u00eds. \t\t\t\t\t<\/div>\n\t\t\t\t\n\t\t\t\t\t\t\t\t\t<div class=\"elementor-cta__button-wrapper elementor-cta__content-item elementor-content-item \">\n\t\t\t\t\t<a class=\"elementor-cta__button elementor-button elementor-size-xs\" href=\"https:\/\/schoenstatt.com\/in-mission\/church\/mens-rosary\/\">\n\t\t\t\t\t\tLeia mais\t\t\t\t\t<\/a>\n\t\t\t\t\t<\/div>\n\t\t\t\t\t\t\t<\/div>\n\t\t\t\t\t\t<\/div>\n\t\t\t\t\t\t<\/div>\n\t\t\t\t<\/div>\n\t\t\t\t<\/div>\n\t\t\t\t<\/div>\n\t\t<div class=\"elementor-element elementor-element-960e044 e-con-full e-flex e-con e-child\" data-id=\"960e044\" data-element_type=\"container\" data-e-type=\"container\">\n\t\t<div class=\"elementor-element elementor-element-98e8c1b e-con-full e-flex e-con e-child\" data-id=\"98e8c1b\" data-element_type=\"container\" data-e-type=\"container\" data-settings=\"{&quot;background_background&quot;:&quot;classic&quot;}\">\n\t\t\t\t<div class=\"elementor-element elementor-element-2801e11 elementor-cta--layout-image-left elementor-cta--tablet-layout-image-above elementor-cta--skin-classic elementor-animated-content elementor-bg-transform elementor-bg-transform-zoom-in elementor-widget elementor-widget-call-to-action\" data-id=\"2801e11\" data-element_type=\"widget\" data-e-type=\"widget\" data-widget_type=\"call-to-action.default\">\n\t\t\t\t<div class=\"elementor-widget-container\">\n\t\t\t\t\t\t\t<div class=\"elementor-cta\">\n\t\t\t\t\t<div class=\"elementor-cta__bg-wrapper\">\n\t\t\t\t<div class=\"elementor-cta__bg elementor-bg\" style=\"background-image: url(https:\/\/schoenstatt.com\/wp-content\/uploads\/2024\/06\/pastoral-of-hope-esperanca-esperanza-3-1.jpeg);\" role=\"img\" aria-label=\"pastoral of hope esperan\u00e7a esperanza 3\"><\/div>\n\t\t\t\t<div class=\"elementor-cta__bg-overlay\"><\/div>\n\t\t\t<\/div>\n\t\t\t\t\t\t\t<div class=\"elementor-cta__content\">\n\t\t\t\t\n\t\t\t\t\t\t\t\t\t<div class=\"elementor-cta__title elementor-cta__content-item elementor-content-item\">\n\t\t\t\t\t\tPastoral da Esperan\u00e7a\t\t\t\t\t<\/div>\n\t\t\t\t\n\t\t\t\t\t\t\t\t\t<div class=\"elementor-cta__description elementor-cta__content-item elementor-content-item\">\n\t\t\t\t\t\tO nome vem de um pronunciamento do Papa Bento XVI sobre o tema \"B\u00e1lsamo nas feridas, uma resposta \u00e0s feridas do div\u00f3rcio\". A Pastoral da Esperan\u00e7a nasceu no cora\u00e7\u00e3o do Movimento Apost\u00f3lico de Schoenstatt do Paraguai. \t\t\t\t\t<\/div>\n\t\t\t\t\n\t\t\t\t\t\t\t\t\t<div class=\"elementor-cta__button-wrapper elementor-cta__content-item elementor-content-item \">\n\t\t\t\t\t<a class=\"elementor-cta__button elementor-button elementor-size-xs\" href=\"https:\/\/schoenstatt.com\/in-mission\/church\/pastoral-of-hope\/\">\n\t\t\t\t\t\tLeia mais\t\t\t\t\t<\/a>\n\t\t\t\t\t<\/div>\n\t\t\t\t\t\t\t<\/div>\n\t\t\t\t\t\t<\/div>\n\t\t\t\t\t\t<\/div>\n\t\t\t\t<\/div>\n\t\t\t\t<\/div>\n\t\t<div class=\"elementor-element elementor-element-2df5d83 e-con-full e-flex e-con e-child\" data-id=\"2df5d83\" data-element_type=\"container\" data-e-type=\"container\" data-settings=\"{&quot;background_background&quot;:&quot;classic&quot;}\">\n\t\t\t\t<div class=\"elementor-element elementor-element-bb4f8d6 elementor-cta--layout-image-left elementor-cta--tablet-layout-image-above elementor-cta--skin-classic elementor-animated-content elementor-bg-transform elementor-bg-transform-zoom-in elementor-widget elementor-widget-call-to-action\" data-id=\"bb4f8d6\" data-element_type=\"widget\" data-e-type=\"widget\" data-widget_type=\"call-to-action.default\">\n\t\t\t\t<div class=\"elementor-widget-container\">\n\t\t\t\t\t\t\t<div class=\"elementor-cta\">\n\t\t\t\t\t<div class=\"elementor-cta__bg-wrapper\">\n\t\t\t\t<div class=\"elementor-cta__bg elementor-bg\" style=\"background-image: url(https:\/\/schoenstatt.com\/wp-content\/uploads\/2024\/06\/52180470035_db79a531ce_c.jpg);\" role=\"img\" aria-label=\"\"><\/div>\n\t\t\t\t<div class=\"elementor-cta__bg-overlay\"><\/div>\n\t\t\t<\/div>\n\t\t\t\t\t\t\t<div class=\"elementor-cta__content\">\n\t\t\t\t\n\t\t\t\t\t\t\t\t\t<div class=\"elementor-cta__title elementor-cta__content-item elementor-content-item\">\n\t\t\t\t\t\tGrupos de Sil\u00eancio e Ora\u00e7\u00e3o PJK\t\t\t\t\t<\/div>\n\t\t\t\t\n\t\t\t\t\t\t\t\t\t<div class=\"elementor-cta__description elementor-cta__content-item elementor-content-item\">\n\t\t\t\t\t\tUm apostolado de ora\u00e7\u00e3o nas redes sociais para a pronta canoniza\u00e7\u00e3o do Padre Kentenich. Este grupo foi formado como um apostolado que animaria o Secretariado do Padre Kentenich no Equador. \t\t\t\t\t<\/div>\n\t\t\t\t\n\t\t\t\t\t\t\t\t\t<div class=\"elementor-cta__button-wrapper elementor-cta__content-item elementor-content-item \">\n\t\t\t\t\t<a class=\"elementor-cta__button elementor-button elementor-size-xs\" href=\"https:\/\/schoenstatt.com\/in-mission\/church\/fjk-covenant-of-love-group-of-silence-and-prayer\/\">\n\t\t\t\t\t\tLeia mais\t\t\t\t\t<\/a>\n\t\t\t\t\t<\/div>\n\t\t\t\t\t\t\t<\/div>\n\t\t\t\t\t\t<\/div>\n\t\t\t\t\t\t<\/div>\n\t\t\t\t<\/div>\n\t\t\t\t<\/div>\n\t\t\t\t<\/div>\n\t\t\t\t<\/div>\n\t\t\t\t\t<\/div>\n\t\t\t\t<\/div>\n\t\t\t\t<\/div>\n\t\t","protected":false},"excerpt":{"rendered":"<p>Schoenstatt em miss\u00e3o: os frutos da Alian\u00e7a de Amor<\/p>\n","protected":false},"author":3,"featured_media":39306,"parent":39030,"menu_order":0,"comment_status":"closed","ping_status":"closed","template":"","meta":{"footnotes":""},"class_list":["post-40104","page","type-page","status-publish","has-post-thumbnail","hentry"],"yoast_head":"<!-- This site is optimized with the Yoast SEO Premium plugin v27.4 (Yoast SEO v27.5) - https:\/\/yoast.com\/product\/yoast-seo-premium-wordpress\/ -->\n<title>Igreja - Schoenstatt<\/title>\n<meta name=\"description\" content=\"Por meio de v\u00e1rios projetos e iniciativas, Schoenstatt contribui para tornar a Igreja cada vez mais mission\u00e1ria e evangelizadora.\" \/>\n<meta name=\"robots\" content=\"index, follow, max-snippet:-1, max-image-preview:large, max-video-preview:-1\" \/>\n<link rel=\"canonical\" href=\"https:\/\/schoenstatt.com\/pt-pt\/em-missao\/igreja\/\" \/>\n<meta property=\"og:locale\" content=\"pt_PT\" \/>\n<meta property=\"og:type\" content=\"article\" \/>\n<meta property=\"og:title\" content=\"Igreja\" \/>\n<meta property=\"og:description\" content=\"Por meio de v\u00e1rios projetos e iniciativas, Schoenstatt contribui para tornar a Igreja cada vez mais mission\u00e1ria e evangelizadora.\" \/>\n<meta property=\"og:url\" content=\"https:\/\/schoenstatt.com\/pt-pt\/em-missao\/igreja\/\" \/>\n<meta property=\"og:site_name\" content=\"Schoenstatt\" \/>\n<meta property=\"article:modified_time\" content=\"2025-05-27T01:30:26+00:00\" \/>\n<meta property=\"og:image\" content=\"https:\/\/schoenstatt.com\/wp-content\/uploads\/2024\/06\/church-rome-gabriella-clare-marino-unsplash-1.jpg\" \/>\n\t<meta property=\"og:image:width\" content=\"1681\" \/>\n\t<meta property=\"og:image:height\" content=\"904\" \/>\n\t<meta property=\"og:image:type\" content=\"image\/jpeg\" \/>\n<meta name=\"twitter:card\" content=\"summary_large_image\" \/>\n<meta name=\"twitter:label1\" content=\"Tempo estimado de leitura\" \/>\n\t<meta name=\"twitter:data1\" content=\"2 minutos\" \/>\n<script type=\"application\/ld+json\" class=\"yoast-schema-graph\">{\"@context\":\"https:\\\/\\\/schema.org\",\"@graph\":[{\"@type\":\"WebPage\",\"@id\":\"https:\\\/\\\/schoenstatt.com\\\/pt-pt\\\/em-missao\\\/igreja\\\/\",\"url\":\"https:\\\/\\\/schoenstatt.com\\\/pt-pt\\\/em-missao\\\/igreja\\\/\",\"name\":\"Igreja - Schoenstatt\",\"isPartOf\":{\"@id\":\"https:\\\/\\\/schoenstatt.com\\\/pt-pt\\\/#website\"},\"primaryImageOfPage\":{\"@id\":\"https:\\\/\\\/schoenstatt.com\\\/pt-pt\\\/em-missao\\\/igreja\\\/#primaryimage\"},\"image\":{\"@id\":\"https:\\\/\\\/schoenstatt.com\\\/pt-pt\\\/em-missao\\\/igreja\\\/#primaryimage\"},\"thumbnailUrl\":\"https:\\\/\\\/schoenstatt.com\\\/wp-content\\\/uploads\\\/2024\\\/06\\\/church-rome-gabriella-clare-marino-unsplash-1.jpg\",\"datePublished\":\"2024-06-28T18:41:30+00:00\",\"dateModified\":\"2025-05-27T01:30:26+00:00\",\"description\":\"Por meio de v\u00e1rios projetos e iniciativas, Schoenstatt contribui para tornar a Igreja cada vez mais mission\u00e1ria e evangelizadora.\",\"breadcrumb\":{\"@id\":\"https:\\\/\\\/schoenstatt.com\\\/pt-pt\\\/em-missao\\\/igreja\\\/#breadcrumb\"},\"inLanguage\":\"pt-PT\",\"potentialAction\":[{\"@type\":\"ReadAction\",\"target\":[\"https:\\\/\\\/schoenstatt.com\\\/pt-pt\\\/em-missao\\\/igreja\\\/\"]}]},{\"@type\":\"ImageObject\",\"inLanguage\":\"pt-PT\",\"@id\":\"https:\\\/\\\/schoenstatt.com\\\/pt-pt\\\/em-missao\\\/igreja\\\/#primaryimage\",\"url\":\"https:\\\/\\\/schoenstatt.com\\\/wp-content\\\/uploads\\\/2024\\\/06\\\/church-rome-gabriella-clare-marino-unsplash-1.jpg\",\"contentUrl\":\"https:\\\/\\\/schoenstatt.com\\\/wp-content\\\/uploads\\\/2024\\\/06\\\/church-rome-gabriella-clare-marino-unsplash-1.jpg\",\"width\":1681,\"height\":904},{\"@type\":\"BreadcrumbList\",\"@id\":\"https:\\\/\\\/schoenstatt.com\\\/pt-pt\\\/em-missao\\\/igreja\\\/#breadcrumb\",\"itemListElement\":[{\"@type\":\"ListItem\",\"position\":1,\"name\":\"Portada\",\"item\":\"https:\\\/\\\/schoenstatt.com\\\/pt-pt\\\/home\\\/\"},{\"@type\":\"ListItem\",\"position\":2,\"name\":\"Em miss\u00e3o\",\"item\":\"https:\\\/\\\/schoenstatt.com\\\/pt-pt\\\/in-mission\\\/\"},{\"@type\":\"ListItem\",\"position\":3,\"name\":\"Igreja\"}]},{\"@type\":\"WebSite\",\"@id\":\"https:\\\/\\\/schoenstatt.com\\\/pt-pt\\\/#website\",\"url\":\"https:\\\/\\\/schoenstatt.com\\\/pt-pt\\\/\",\"name\":\"Schoenstatt\",\"description\":\"Apostolic Movement\",\"publisher\":{\"@id\":\"https:\\\/\\\/schoenstatt.com\\\/pt-pt\\\/#organization\"},\"potentialAction\":[{\"@type\":\"SearchAction\",\"target\":{\"@type\":\"EntryPoint\",\"urlTemplate\":\"https:\\\/\\\/schoenstatt.com\\\/pt-pt\\\/?s={search_term_string}\"},\"query-input\":{\"@type\":\"PropertyValueSpecification\",\"valueRequired\":true,\"valueName\":\"search_term_string\"}}],\"inLanguage\":\"pt-PT\"},{\"@type\":\"Organization\",\"@id\":\"https:\\\/\\\/schoenstatt.com\\\/pt-pt\\\/#organization\",\"name\":\"Schoenstatt\",\"url\":\"https:\\\/\\\/schoenstatt.com\\\/pt-pt\\\/\",\"logo\":{\"@type\":\"ImageObject\",\"inLanguage\":\"pt-PT\",\"@id\":\"https:\\\/\\\/schoenstatt.com\\\/pt-pt\\\/#\\\/schema\\\/logo\\\/image\\\/\",\"url\":\"https:\\\/\\\/schoenstatt.com\\\/wp-content\\\/uploads\\\/2025\\\/04\\\/logo-schoenstatt-white-696x696-1.png\",\"contentUrl\":\"https:\\\/\\\/schoenstatt.com\\\/wp-content\\\/uploads\\\/2025\\\/04\\\/logo-schoenstatt-white-696x696-1.png\",\"width\":696,\"height\":694,\"caption\":\"Schoenstatt\"},\"image\":{\"@id\":\"https:\\\/\\\/schoenstatt.com\\\/pt-pt\\\/#\\\/schema\\\/logo\\\/image\\\/\"}}]}<\/script>\n<!-- \/ Yoast SEO Premium plugin. -->","yoast_head_json":{"title":"Igreja - Schoenstatt","description":"Por meio de v\u00e1rios projetos e iniciativas, Schoenstatt contribui para tornar a Igreja cada vez mais mission\u00e1ria e evangelizadora.","robots":{"index":"index","follow":"follow","max-snippet":"max-snippet:-1","max-image-preview":"max-image-preview:large","max-video-preview":"max-video-preview:-1"},"canonical":"https:\/\/schoenstatt.com\/pt-pt\/em-missao\/igreja\/","og_locale":"pt_PT","og_type":"article","og_title":"Igreja","og_description":"Por meio de v\u00e1rios projetos e iniciativas, Schoenstatt contribui para tornar a Igreja cada vez mais mission\u00e1ria e evangelizadora.","og_url":"https:\/\/schoenstatt.com\/pt-pt\/em-missao\/igreja\/","og_site_name":"Schoenstatt","article_modified_time":"2025-05-27T01:30:26+00:00","og_image":[{"width":1681,"height":904,"url":"https:\/\/schoenstatt.com\/wp-content\/uploads\/2024\/06\/church-rome-gabriella-clare-marino-unsplash-1.jpg","type":"image\/jpeg"}],"twitter_card":"summary_large_image","twitter_misc":{"Tempo estimado de leitura":"2 minutos"},"schema":{"@context":"https:\/\/schema.org","@graph":[{"@type":"WebPage","@id":"https:\/\/schoenstatt.com\/pt-pt\/em-missao\/igreja\/","url":"https:\/\/schoenstatt.com\/pt-pt\/em-missao\/igreja\/","name":"Igreja - Schoenstatt","isPartOf":{"@id":"https:\/\/schoenstatt.com\/pt-pt\/#website"},"primaryImageOfPage":{"@id":"https:\/\/schoenstatt.com\/pt-pt\/em-missao\/igreja\/#primaryimage"},"image":{"@id":"https:\/\/schoenstatt.com\/pt-pt\/em-missao\/igreja\/#primaryimage"},"thumbnailUrl":"https:\/\/schoenstatt.com\/wp-content\/uploads\/2024\/06\/church-rome-gabriella-clare-marino-unsplash-1.jpg","datePublished":"2024-06-28T18:41:30+00:00","dateModified":"2025-05-27T01:30:26+00:00","description":"Por meio de v\u00e1rios projetos e iniciativas, Schoenstatt contribui para tornar a Igreja cada vez mais mission\u00e1ria e evangelizadora.","breadcrumb":{"@id":"https:\/\/schoenstatt.com\/pt-pt\/em-missao\/igreja\/#breadcrumb"},"inLanguage":"pt-PT","potentialAction":[{"@type":"ReadAction","target":["https:\/\/schoenstatt.com\/pt-pt\/em-missao\/igreja\/"]}]},{"@type":"ImageObject","inLanguage":"pt-PT","@id":"https:\/\/schoenstatt.com\/pt-pt\/em-missao\/igreja\/#primaryimage","url":"https:\/\/schoenstatt.com\/wp-content\/uploads\/2024\/06\/church-rome-gabriella-clare-marino-unsplash-1.jpg","contentUrl":"https:\/\/schoenstatt.com\/wp-content\/uploads\/2024\/06\/church-rome-gabriella-clare-marino-unsplash-1.jpg","width":1681,"height":904},{"@type":"BreadcrumbList","@id":"https:\/\/schoenstatt.com\/pt-pt\/em-missao\/igreja\/#breadcrumb","itemListElement":[{"@type":"ListItem","position":1,"name":"Portada","item":"https:\/\/schoenstatt.com\/pt-pt\/home\/"},{"@type":"ListItem","position":2,"name":"Em miss\u00e3o","item":"https:\/\/schoenstatt.com\/pt-pt\/in-mission\/"},{"@type":"ListItem","position":3,"name":"Igreja"}]},{"@type":"WebSite","@id":"https:\/\/schoenstatt.com\/pt-pt\/#website","url":"https:\/\/schoenstatt.com\/pt-pt\/","name":"Schoenstatt","description":"Apostolic Movement","publisher":{"@id":"https:\/\/schoenstatt.com\/pt-pt\/#organization"},"potentialAction":[{"@type":"SearchAction","target":{"@type":"EntryPoint","urlTemplate":"https:\/\/schoenstatt.com\/pt-pt\/?s={search_term_string}"},"query-input":{"@type":"PropertyValueSpecification","valueRequired":true,"valueName":"search_term_string"}}],"inLanguage":"pt-PT"},{"@type":"Organization","@id":"https:\/\/schoenstatt.com\/pt-pt\/#organization","name":"Schoenstatt","url":"https:\/\/schoenstatt.com\/pt-pt\/","logo":{"@type":"ImageObject","inLanguage":"pt-PT","@id":"https:\/\/schoenstatt.com\/pt-pt\/#\/schema\/logo\/image\/","url":"https:\/\/schoenstatt.com\/wp-content\/uploads\/2025\/04\/logo-schoenstatt-white-696x696-1.png","contentUrl":"https:\/\/schoenstatt.com\/wp-content\/uploads\/2025\/04\/logo-schoenstatt-white-696x696-1.png","width":696,"height":694,"caption":"Schoenstatt"},"image":{"@id":"https:\/\/schoenstatt.com\/pt-pt\/#\/schema\/logo\/image\/"}}]}},"_links":{"self":[{"href":"https:\/\/schoenstatt.com\/pt-pt\/wp-json\/wp\/v2\/pages\/40104","targetHints":{"allow":["GET"]}}],"collection":[{"href":"https:\/\/schoenstatt.com\/pt-pt\/wp-json\/wp\/v2\/pages"}],"about":[{"href":"https:\/\/schoenstatt.com\/pt-pt\/wp-json\/wp\/v2\/types\/page"}],"author":[{"embeddable":true,"href":"https:\/\/schoenstatt.com\/pt-pt\/wp-json\/wp\/v2\/users\/3"}],"replies":[{"embeddable":true,"href":"https:\/\/schoenstatt.com\/pt-pt\/wp-json\/wp\/v2\/comments?post=40104"}],"version-history":[{"count":4,"href":"https:\/\/schoenstatt.com\/pt-pt\/wp-json\/wp\/v2\/pages\/40104\/revisions"}],"predecessor-version":[{"id":58109,"href":"https:\/\/schoenstatt.com\/pt-pt\/wp-json\/wp\/v2\/pages\/40104\/revisions\/58109"}],"up":[{"embeddable":true,"href":"https:\/\/schoenstatt.com\/pt-pt\/wp-json\/wp\/v2\/pages\/39030"}],"wp:featuredmedia":[{"embeddable":true,"href":"https:\/\/schoenstatt.com\/pt-pt\/wp-json\/wp\/v2\/media\/39306"}],"wp:attachment":[{"href":"https:\/\/schoenstatt.com\/pt-pt\/wp-json\/wp\/v2\/media?parent=40104"}],"curies":[{"name":"wp","href":"https:\/\/api.w.org\/{rel}","templated":true}]}}