{"id":21283,"date":"2021-08-12T12:58:29","date_gmt":"2021-08-12T10:58:29","guid":{"rendered":"https:\/\/schoenstatt.com\/recursos\/news-articles\/"},"modified":"2025-06-03T03:08:35","modified_gmt":"2025-06-03T01:08:35","slug":"noticias-artigos","status":"publish","type":"page","link":"https:\/\/schoenstatt.com\/pt-pt\/recursos\/noticias-artigos\/","title":{"rendered":"Not\u00edcias e artigos"},"content":{"rendered":"\t\t<div data-elementor-type=\"wp-page\" data-elementor-id=\"21283\" class=\"elementor elementor-21283 elementor-1043\" data-elementor-post-type=\"page\">\n\t\t\t\t<div class=\"elementor-element elementor-element-9cb8b08 e-flex e-con-boxed e-con e-parent\" data-id=\"9cb8b08\" data-element_type=\"container\" data-e-type=\"container\" data-settings=\"{&quot;background_background&quot;:&quot;classic&quot;}\">\n\t\t\t\t\t<div class=\"e-con-inner\">\n\t\t<div class=\"elementor-element elementor-element-0740242 e-con-full e-flex e-con e-child\" data-id=\"0740242\" data-element_type=\"container\" data-e-type=\"container\">\n\t\t<div class=\"elementor-element elementor-element-9ee87d3 e-con-full e-flex e-con e-child\" data-id=\"9ee87d3\" data-element_type=\"container\" data-e-type=\"container\">\n\t\t<div class=\"elementor-element elementor-element-5f59cb0 e-con-full e-flex e-con e-child\" data-id=\"5f59cb0\" data-element_type=\"container\" data-e-type=\"container\" data-settings=\"{&quot;background_background&quot;:&quot;classic&quot;}\">\n\t\t\t\t<div class=\"elementor-element elementor-element-62e9cc6 elementor-widget elementor-widget-heading\" data-id=\"62e9cc6\" data-element_type=\"widget\" data-e-type=\"widget\" data-widget_type=\"heading.default\">\n\t\t\t\t<div class=\"elementor-widget-container\">\n\t\t\t\t\t<h1 class=\"elementor-heading-title elementor-size-default\">Not\u00edcias e artigos<\/h1>\t\t\t\t<\/div>\n\t\t\t\t<\/div>\n\t\t\t\t<div class=\"elementor-element elementor-element-7c76b17 elementor-widget elementor-widget-heading\" data-id=\"7c76b17\" data-element_type=\"widget\" data-e-type=\"widget\" data-widget_type=\"heading.default\">\n\t\t\t\t<div class=\"elementor-widget-container\">\n\t\t\t\t\t<p class=\"elementor-heading-title elementor-size-default\">Informa\u00e7\u00f5es sobre o mundo: Descubra not\u00edcias e artigos sobre as comunidades de Schoenstatt em todo o mundo<\/p>\t\t\t\t<\/div>\n\t\t\t\t<\/div>\n\t\t\t\t<\/div>\n\t\t\t\t<\/div>\n\t\t\t\t<\/div>\n\t\t\t\t\t<\/div>\n\t\t\t\t<\/div>\n\t\t<div class=\"elementor-element elementor-element-55d503c e-flex e-con-boxed e-con e-parent\" data-id=\"55d503c\" data-element_type=\"container\" data-e-type=\"container\">\n\t\t\t\t\t<div class=\"e-con-inner\">\n\t\t<div class=\"elementor-element elementor-element-3728fb2 e-flex e-con-boxed e-con e-child\" data-id=\"3728fb2\" data-element_type=\"container\" data-e-type=\"container\">\n\t\t\t\t\t<div class=\"e-con-inner\">\n\t\t\t\t<div class=\"elementor-element elementor-element-ee0152a elementor-widget elementor-widget-heading\" data-id=\"ee0152a\" data-element_type=\"widget\" data-e-type=\"widget\" data-widget_type=\"heading.default\">\n\t\t\t\t<div class=\"elementor-widget-container\">\n\t\t\t\t\t<h2 class=\"elementor-heading-title elementor-size-default\">Not\u00edcias mais recentes<\/h2>\t\t\t\t<\/div>\n\t\t\t\t<\/div>\n\t\t\t\t<div class=\"elementor-element elementor-element-6aa9b99 elementor-grid-1 elementor-grid-mobile-1 elementor-posts--thumbnail-top elementor-widget elementor-widget-posts\" data-id=\"6aa9b99\" data-element_type=\"widget\" data-e-type=\"widget\" data-settings=\"{&quot;classic_columns&quot;:&quot;1&quot;,&quot;classic_columns_mobile&quot;:&quot;1&quot;,&quot;classic_row_gap&quot;:{&quot;unit&quot;:&quot;px&quot;,&quot;size&quot;:35,&quot;sizes&quot;:[]},&quot;classic_row_gap_tablet&quot;:{&quot;unit&quot;:&quot;px&quot;,&quot;size&quot;:&quot;&quot;,&quot;sizes&quot;:[]},&quot;classic_row_gap_mobile&quot;:{&quot;unit&quot;:&quot;px&quot;,&quot;size&quot;:&quot;&quot;,&quot;sizes&quot;:[]}}\" data-widget_type=\"posts.classic\">\n\t\t\t\t<div class=\"elementor-widget-container\">\n\t\t\t\t\t\t\t<div class=\"elementor-posts-container elementor-posts elementor-posts--skin-classic elementor-grid\" role=\"list\">\n\t\t\t\t<article class=\"elementor-post elementor-grid-item post-69918 post type-post status-publish format-standard has-post-thumbnail hentry category-pe-jose-kentenich-pt-pt tag-padre-jose-kentenich-pt-pt\" role=\"listitem\">\n\t\t\t\t<a class=\"elementor-post__thumbnail__link\" href=\"https:\/\/schoenstatt.com\/pt-pt\/schoenstattianos-de-12-paises-selam-e-renovam-a-alianca-filial-com-o-pai-e-fundador\/\" tabindex=\"-1\" >\n\t\t\t<div class=\"elementor-post__thumbnail\"><img fetchpriority=\"high\" decoding=\"async\" width=\"768\" height=\"421\" src=\"https:\/\/schoenstatt.com\/wp-content\/uploads\/2026\/04\/alianza-filial-768x421.jpeg\" class=\"attachment-medium_large size-medium_large wp-image-69906\" alt=\"\" srcset=\"https:\/\/schoenstatt.com\/wp-content\/uploads\/2026\/04\/alianza-filial-768x421.jpeg 768w, https:\/\/schoenstatt.com\/wp-content\/uploads\/2026\/04\/alianza-filial-1536x841.jpeg 1536w, https:\/\/schoenstatt.com\/wp-content\/uploads\/2026\/04\/alianza-filial.jpeg 1568w\" sizes=\"(max-width: 768px) 100vw, 768px\" \/><\/div>\n\t\t<\/a>\n\t\t\t\t<div class=\"elementor-post__text\">\n\t\t\t\t<h2 class=\"elementor-post__title\">\n\t\t\t<a href=\"https:\/\/schoenstatt.com\/pt-pt\/schoenstattianos-de-12-paises-selam-e-renovam-a-alianca-filial-com-o-pai-e-fundador\/\" >\n\t\t\t\tSchoenstattianos de 12 pa\u00edses selam e renovam a Alian\u00e7a Filial com o Pai e Fundador\t\t\t<\/a>\n\t\t<\/h2>\n\t\t\t\t<div class=\"elementor-post__meta-data\">\n\t\t\t\t\t<span class=\"elementor-post-date\">\n\t\t\t27 de Abril, 2026\t\t<\/span>\n\t\t\t\t<\/div>\n\t\t\t\t<div class=\"elementor-post__excerpt\">\n\t\t\t<p>A Alian\u00e7a Filial com nosso Pai e Fundador na modalidade virtual: com esse gesto, assumimos o compromisso de dar continuidade \u00e0 sua miss\u00e3o.<\/p>\n\t\t<\/div>\n\t\t\n\t\t<a class=\"elementor-post__read-more\" href=\"https:\/\/schoenstatt.com\/pt-pt\/schoenstattianos-de-12-paises-selam-e-renovam-a-alianca-filial-com-o-pai-e-fundador\/\" aria-label=\"Read more about Schoenstattianos de 12 pa\u00edses selam e renovam a Alian\u00e7a Filial com o Pai e Fundador\" tabindex=\"-1\" >\n\t\t\tLeia Mais \u00bb\t\t<\/a>\n\n\t\t\t\t<\/div>\n\t\t\t\t<\/article>\n\t\t\t\t<\/div>\n\t\t\n\t\t\t\t\t\t<\/div>\n\t\t\t\t<\/div>\n\t\t\t\t\t<\/div>\n\t\t\t\t<\/div>\n\t\t\t\t\t<\/div>\n\t\t\t\t<\/div>\n\t\t<div class=\"elementor-element elementor-element-e428fdc e-flex e-con-boxed e-con e-parent\" data-id=\"e428fdc\" data-element_type=\"container\" data-e-type=\"container\">\n\t\t\t\t\t<div class=\"e-con-inner\">\n\t\t<div class=\"elementor-element elementor-element-9b3456b e-flex e-con-boxed e-con e-child\" data-id=\"9b3456b\" data-element_type=\"container\" data-e-type=\"container\">\n\t\t\t\t\t<div class=\"e-con-inner\">\n\t\t\t\t<div class=\"elementor-element elementor-element-228c7c3 elementor-widget elementor-widget-heading\" data-id=\"228c7c3\" data-element_type=\"widget\" data-e-type=\"widget\" data-widget_type=\"heading.default\">\n\t\t\t\t<div class=\"elementor-widget-container\">\n\t\t\t\t\t<h2 class=\"elementor-heading-title elementor-size-default\">Nossas not\u00edcias<\/h2>\t\t\t\t<\/div>\n\t\t\t\t<\/div>\n\t\t\t\t<div class=\"elementor-element elementor-element-4b7a8c1 elementor-grid-3 elementor-grid-tablet-2 elementor-grid-mobile-1 elementor-posts--thumbnail-top elementor-card-shadow-yes elementor-posts__hover-gradient elementor-widget elementor-widget-posts\" data-id=\"4b7a8c1\" data-element_type=\"widget\" data-e-type=\"widget\" data-settings=\"{&quot;pagination_type&quot;:&quot;numbers_and_prev_next&quot;,&quot;cards_columns&quot;:&quot;3&quot;,&quot;cards_columns_tablet&quot;:&quot;2&quot;,&quot;cards_columns_mobile&quot;:&quot;1&quot;,&quot;cards_row_gap&quot;:{&quot;unit&quot;:&quot;px&quot;,&quot;size&quot;:35,&quot;sizes&quot;:[]},&quot;cards_row_gap_tablet&quot;:{&quot;unit&quot;:&quot;px&quot;,&quot;size&quot;:&quot;&quot;,&quot;sizes&quot;:[]},&quot;cards_row_gap_mobile&quot;:{&quot;unit&quot;:&quot;px&quot;,&quot;size&quot;:&quot;&quot;,&quot;sizes&quot;:[]}}\" data-widget_type=\"posts.cards\">\n\t\t\t\t<div class=\"elementor-widget-container\">\n\t\t\t\t\t\t\t<div class=\"elementor-posts-container elementor-posts elementor-posts--skin-cards elementor-grid\" role=\"list\">\n\t\t\t\t<article class=\"elementor-post elementor-grid-item post-69890 post type-post status-publish format-standard has-post-thumbnail hentry category-america-pt-pt category-mae-peregrina-pt-pt tag-campanha-da-mae-peregrina-pt-pt tag-schoenstatt-estados-unidos-eua-pt-pt\" role=\"listitem\">\n\t\t\t<div class=\"elementor-post__card\">\n\t\t\t\t<a class=\"elementor-post__thumbnail__link\" href=\"https:\/\/schoenstatt.com\/pt-pt\/mantendo-a-chama-acesa-o-que-aprendemos-no-encontro-da-campanha-da-mae-peregrina\/\" tabindex=\"-1\" ><div class=\"elementor-post__thumbnail\"><img decoding=\"async\" width=\"2048\" height=\"1536\" src=\"https:\/\/schoenstatt.com\/wp-content\/uploads\/2026\/04\/pilgrim-mother-apostolate-texas-USA.webp\" class=\"attachment-medium size-medium wp-image-69881\" alt=\"\" \/><\/div><\/a>\n\t\t\t\t<div class=\"elementor-post__badge\">Am\u00e9rica<\/div>\n\t\t\t\t<div class=\"elementor-post__text\">\n\t\t\t\t<h2 class=\"elementor-post__title\">\n\t\t\t<a href=\"https:\/\/schoenstatt.com\/pt-pt\/mantendo-a-chama-acesa-o-que-aprendemos-no-encontro-da-campanha-da-mae-peregrina\/\" >\n\t\t\t\tMantendo a chama acesa: O que aprendemos no encontro da Campanha da M\u00e3e Peregrina?\t\t\t<\/a>\n\t\t<\/h2>\n\t\t\t\t<div class=\"elementor-post__excerpt\">\n\t\t\t<p>A Reuni\u00e3o de Primavera para lideran\u00e7as da Campanha da M\u00e3e Peregrina de Schoenstatt do Texas trouxe reflex\u00f5es motivadoras.<\/p>\n\t\t<\/div>\n\t\t\t\t\t<div class=\"elementor-post__read-more-wrapper\">\n\t\t\n\t\t<a class=\"elementor-post__read-more\" href=\"https:\/\/schoenstatt.com\/pt-pt\/mantendo-a-chama-acesa-o-que-aprendemos-no-encontro-da-campanha-da-mae-peregrina\/\" aria-label=\"Read more about Mantendo a chama acesa: O que aprendemos no encontro da Campanha da M\u00e3e Peregrina?\" tabindex=\"-1\" >\n\t\t\tLeia Mais \u00bb\t\t<\/a>\n\n\t\t\t\t\t<\/div>\n\t\t\t\t<\/div>\n\t\t\t\t<div class=\"elementor-post__meta-data\">\n\t\t\t\t\t<span class=\"elementor-post-date\">\n\t\t\t24 de Abril, 2026\t\t<\/span>\n\t\t\t\t<\/div>\n\t\t\t\t\t<\/div>\n\t\t<\/article>\n\t\t\t\t<article class=\"elementor-post elementor-grid-item post-69818 post type-post status-publish format-standard has-post-thumbnail hentry category-em-missao-pt-pt category-europa-pt-pt tag-missionarios-pt-pt tag-schoenstatt-alemanha-pt-pt\" role=\"listitem\">\n\t\t\t<div class=\"elementor-post__card\">\n\t\t\t\t<a class=\"elementor-post__thumbnail__link\" href=\"https:\/\/schoenstatt.com\/pt-pt\/misiones-vivendo-a-fe-em-zulpich-uma-experiencia-marcante-na-alemanha\/\" tabindex=\"-1\" ><div class=\"elementor-post__thumbnail\"><img decoding=\"async\" width=\"2048\" height=\"1425\" src=\"https:\/\/schoenstatt.com\/wp-content\/uploads\/2026\/04\/Misiones-Zulpich-Germany.webp\" class=\"attachment-medium size-medium wp-image-69829\" alt=\"\" \/><\/div><\/a>\n\t\t\t\t<div class=\"elementor-post__badge\">Em miss\u00e3o<\/div>\n\t\t\t\t<div class=\"elementor-post__text\">\n\t\t\t\t<h2 class=\"elementor-post__title\">\n\t\t\t<a href=\"https:\/\/schoenstatt.com\/pt-pt\/misiones-vivendo-a-fe-em-zulpich-uma-experiencia-marcante-na-alemanha\/\" >\n\t\t\t\tMisiones: Vivendo a f\u00e9 em Z\u00fclpich \u2013 Uma experi\u00eancia marcante na Alemanha\t\t\t<\/a>\n\t\t<\/h2>\n\t\t\t\t<div class=\"elementor-post__excerpt\">\n\t\t\t<p>Jovens e fam\u00edlias da Alemanha participam de uma experi\u00eancia mission\u00e1ria que vai ao encontro das pessoas \u2013 especialmente das que mais precisam!<\/p>\n\t\t<\/div>\n\t\t\t\t\t<div class=\"elementor-post__read-more-wrapper\">\n\t\t\n\t\t<a class=\"elementor-post__read-more\" href=\"https:\/\/schoenstatt.com\/pt-pt\/misiones-vivendo-a-fe-em-zulpich-uma-experiencia-marcante-na-alemanha\/\" aria-label=\"Read more about Misiones: Vivendo a f\u00e9 em Z\u00fclpich \u2013 Uma experi\u00eancia marcante na Alemanha\" tabindex=\"-1\" >\n\t\t\tLeia Mais \u00bb\t\t<\/a>\n\n\t\t\t\t\t<\/div>\n\t\t\t\t<\/div>\n\t\t\t\t<div class=\"elementor-post__meta-data\">\n\t\t\t\t\t<span class=\"elementor-post-date\">\n\t\t\t23 de Abril, 2026\t\t<\/span>\n\t\t\t\t<\/div>\n\t\t\t\t\t<\/div>\n\t\t<\/article>\n\t\t\t\t<article class=\"elementor-post elementor-grid-item post-69805 post type-post status-publish format-standard has-post-thumbnail hentry category-eventos-pt-pt tag-comunicadores-pt-pt tag-schoenstatt-argentina-pt-pt\" role=\"listitem\">\n\t\t\t<div class=\"elementor-post__card\">\n\t\t\t\t<a class=\"elementor-post__thumbnail__link\" href=\"https:\/\/schoenstatt.com\/pt-pt\/encontro-de-missionarios-digitais-e-comunicadores-na-argentina-vozes-e-rostos-humanos-para-comunicar-deus\/\" tabindex=\"-1\" ><div class=\"elementor-post__thumbnail\"><img loading=\"lazy\" decoding=\"async\" width=\"2048\" height=\"858\" src=\"https:\/\/schoenstatt.com\/wp-content\/uploads\/2026\/04\/Florencio-Varela-Nuevo-Schoenstatt-Argentina.webp\" class=\"attachment-medium size-medium wp-image-69801\" alt=\"\" \/><\/div><\/a>\n\t\t\t\t<div class=\"elementor-post__badge\">Eventos<\/div>\n\t\t\t\t<div class=\"elementor-post__text\">\n\t\t\t\t<h2 class=\"elementor-post__title\">\n\t\t\t<a href=\"https:\/\/schoenstatt.com\/pt-pt\/encontro-de-missionarios-digitais-e-comunicadores-na-argentina-vozes-e-rostos-humanos-para-comunicar-deus\/\" >\n\t\t\t\tEncontro de Mission\u00e1rios Digitais e Comunicadores na Argentina: Vozes e rostos humanos para comunicar Deus\t\t\t<\/a>\n\t\t<\/h2>\n\t\t\t\t<div class=\"elementor-post__excerpt\">\n\t\t\t<p>O Encontro Internacional de Mission\u00e1rios Digitais e Comunicadores ser\u00e1 realizado na Argentina, nos dias 6 e 7 de junho de 2026. <\/p>\n\t\t<\/div>\n\t\t\t\t\t<div class=\"elementor-post__read-more-wrapper\">\n\t\t\n\t\t<a class=\"elementor-post__read-more\" href=\"https:\/\/schoenstatt.com\/pt-pt\/encontro-de-missionarios-digitais-e-comunicadores-na-argentina-vozes-e-rostos-humanos-para-comunicar-deus\/\" aria-label=\"Read more about Encontro de Mission\u00e1rios Digitais e Comunicadores na Argentina: Vozes e rostos humanos para comunicar Deus\" tabindex=\"-1\" >\n\t\t\tLeia Mais \u00bb\t\t<\/a>\n\n\t\t\t\t\t<\/div>\n\t\t\t\t<\/div>\n\t\t\t\t<div class=\"elementor-post__meta-data\">\n\t\t\t\t\t<span class=\"elementor-post-date\">\n\t\t\t22 de Abril, 2026\t\t<\/span>\n\t\t\t\t<\/div>\n\t\t\t\t\t<\/div>\n\t\t<\/article>\n\t\t\t\t<article class=\"elementor-post elementor-grid-item post-69775 post type-post status-publish format-standard has-post-thumbnail hentry category-america-pt-pt category-familia-pt-pt tag-familia-pt-pt tag-liga-de-familias-de-schoenstatt-pt-pt tag-schoenstatt-estados-unidos-eua-pt-pt\" role=\"listitem\">\n\t\t\t<div class=\"elementor-post__card\">\n\t\t\t\t<a class=\"elementor-post__thumbnail__link\" href=\"https:\/\/schoenstatt.com\/pt-pt\/ancorados-na-alianca-voce-nao-esta-sozinho\/\" tabindex=\"-1\" ><div class=\"elementor-post__thumbnail\"><img loading=\"lazy\" decoding=\"async\" width=\"1600\" height=\"1066\" src=\"https:\/\/schoenstatt.com\/wp-content\/uploads\/2026\/04\/Schoenstatt-Family-League-Texas-2026.webp\" class=\"attachment-medium size-medium wp-image-69771\" alt=\"\" \/><\/div><\/a>\n\t\t\t\t<div class=\"elementor-post__badge\">Am\u00e9rica<\/div>\n\t\t\t\t<div class=\"elementor-post__text\">\n\t\t\t\t<h2 class=\"elementor-post__title\">\n\t\t\t<a href=\"https:\/\/schoenstatt.com\/pt-pt\/ancorados-na-alianca-voce-nao-esta-sozinho\/\" >\n\t\t\t\tAncorados na Alian\u00e7a \u2013 Voc\u00ea n\u00e3o est\u00e1 sozinho!\t\t\t<\/a>\n\t\t<\/h2>\n\t\t\t\t<div class=\"elementor-post__excerpt\">\n\t\t\t<p>A Liga de Fam\u00edlias de Schoenstatt organiza um encontro especial para pais e filhos em Lamar, no Texas, EUA, fortalecendo os v\u00ednculos.<\/p>\n\t\t<\/div>\n\t\t\t\t\t<div class=\"elementor-post__read-more-wrapper\">\n\t\t\n\t\t<a class=\"elementor-post__read-more\" href=\"https:\/\/schoenstatt.com\/pt-pt\/ancorados-na-alianca-voce-nao-esta-sozinho\/\" aria-label=\"Read more about Ancorados na Alian\u00e7a \u2013 Voc\u00ea n\u00e3o est\u00e1 sozinho!\" tabindex=\"-1\" >\n\t\t\tLeia Mais \u00bb\t\t<\/a>\n\n\t\t\t\t\t<\/div>\n\t\t\t\t<\/div>\n\t\t\t\t<div class=\"elementor-post__meta-data\">\n\t\t\t\t\t<span class=\"elementor-post-date\">\n\t\t\t21 de Abril, 2026\t\t<\/span>\n\t\t\t\t<\/div>\n\t\t\t\t\t<\/div>\n\t\t<\/article>\n\t\t\t\t<article class=\"elementor-post elementor-grid-item post-69739 post type-post status-publish format-standard has-post-thumbnail hentry category-america-pt-pt category-em-missao-pt-pt tag-familia-pt-pt tag-juventude-de-schoenstatt-pt-pt tag-missionarios-pt-pt tag-schoenstatt-equador-pt-pt\" role=\"listitem\">\n\t\t\t<div class=\"elementor-post__card\">\n\t\t\t\t<a class=\"elementor-post__thumbnail__link\" href=\"https:\/\/schoenstatt.com\/pt-pt\/as-missoes-universitarias-e-familiares-no-equador-impactaram-muitas-almas\/\" tabindex=\"-1\" ><div class=\"elementor-post__thumbnail\"><img loading=\"lazy\" decoding=\"async\" width=\"1280\" height=\"960\" src=\"https:\/\/schoenstatt.com\/wp-content\/uploads\/2026\/04\/Missiones-Familiares-Ecuador.webp\" class=\"attachment-medium size-medium wp-image-69727\" alt=\"\" \/><\/div><\/a>\n\t\t\t\t<div class=\"elementor-post__badge\">Am\u00e9rica<\/div>\n\t\t\t\t<div class=\"elementor-post__text\">\n\t\t\t\t<h2 class=\"elementor-post__title\">\n\t\t\t<a href=\"https:\/\/schoenstatt.com\/pt-pt\/as-missoes-universitarias-e-familiares-no-equador-impactaram-muitas-almas\/\" >\n\t\t\t\tAs Miss\u00f5es Universit\u00e1rias e Familiares no Equador impactaram muitas almas\t\t\t<\/a>\n\t\t<\/h2>\n\t\t\t\t<div class=\"elementor-post__excerpt\">\n\t\t\t<p>Schoenstatt Equador saiu em miss\u00e3o durante a Semana Santa, abrindo caminhos concretos para uma nova ordem social.<\/p>\n\t\t<\/div>\n\t\t\t\t\t<div class=\"elementor-post__read-more-wrapper\">\n\t\t\n\t\t<a class=\"elementor-post__read-more\" href=\"https:\/\/schoenstatt.com\/pt-pt\/as-missoes-universitarias-e-familiares-no-equador-impactaram-muitas-almas\/\" aria-label=\"Read more about As Miss\u00f5es Universit\u00e1rias e Familiares no Equador impactaram muitas almas\" tabindex=\"-1\" >\n\t\t\tLeia Mais \u00bb\t\t<\/a>\n\n\t\t\t\t\t<\/div>\n\t\t\t\t<\/div>\n\t\t\t\t<div class=\"elementor-post__meta-data\">\n\t\t\t\t\t<span class=\"elementor-post-date\">\n\t\t\t20 de Abril, 2026\t\t<\/span>\n\t\t\t\t<\/div>\n\t\t\t\t\t<\/div>\n\t\t<\/article>\n\t\t\t\t<article class=\"elementor-post elementor-grid-item post-69656 post type-post status-publish format-standard has-post-thumbnail hentry category-em-missao-pt-pt category-igreja-pt-pt tag-schoenstatt-italia-pt-pt\" role=\"listitem\">\n\t\t\t<div class=\"elementor-post__card\">\n\t\t\t\t<a class=\"elementor-post__thumbnail__link\" href=\"https:\/\/schoenstatt.com\/pt-pt\/neste-dia-da-alianca-o-site-oficial-de-schoenstatt-e-lancado-em-italiano\/\" tabindex=\"-1\" ><div class=\"elementor-post__thumbnail\"><img loading=\"lazy\" decoding=\"async\" width=\"1448\" height=\"1086\" src=\"https:\/\/schoenstatt.com\/wp-content\/uploads\/2025\/05\/Vatican-Rome.jpg\" class=\"attachment-medium size-medium wp-image-57864\" alt=\"\" srcset=\"https:\/\/schoenstatt.com\/wp-content\/uploads\/2025\/05\/Vatican-Rome.jpg 1448w, https:\/\/schoenstatt.com\/wp-content\/uploads\/2025\/05\/Vatican-Rome-768x576.jpg 768w\" sizes=\"(max-width: 1448px) 100vw, 1448px\" \/><\/div><\/a>\n\t\t\t\t<div class=\"elementor-post__badge\">Em miss\u00e3o<\/div>\n\t\t\t\t<div class=\"elementor-post__text\">\n\t\t\t\t<h2 class=\"elementor-post__title\">\n\t\t\t<a href=\"https:\/\/schoenstatt.com\/pt-pt\/neste-dia-da-alianca-o-site-oficial-de-schoenstatt-e-lancado-em-italiano\/\" >\n\t\t\t\tNeste Dia da Alian\u00e7a o site oficial de Schoenstatt \u00e9 lan\u00e7ado em italiano\t\t\t<\/a>\n\t\t<\/h2>\n\t\t\t\t<div class=\"elementor-post__excerpt\">\n\t\t\t<p>Um presente para a M\u00e3e de Deus no Dia da Alian\u00e7a: o site internacional conquista espa\u00e7o e chega ao p\u00fablico italiano.<\/p>\n\t\t<\/div>\n\t\t\t\t\t<div class=\"elementor-post__read-more-wrapper\">\n\t\t\n\t\t<a class=\"elementor-post__read-more\" href=\"https:\/\/schoenstatt.com\/pt-pt\/neste-dia-da-alianca-o-site-oficial-de-schoenstatt-e-lancado-em-italiano\/\" aria-label=\"Read more about Neste Dia da Alian\u00e7a o site oficial de Schoenstatt \u00e9 lan\u00e7ado em italiano\" tabindex=\"-1\" >\n\t\t\tLeia Mais \u00bb\t\t<\/a>\n\n\t\t\t\t\t<\/div>\n\t\t\t\t<\/div>\n\t\t\t\t<div class=\"elementor-post__meta-data\">\n\t\t\t\t\t<span class=\"elementor-post-date\">\n\t\t\t18 de Abril, 2026\t\t<\/span>\n\t\t\t\t<\/div>\n\t\t\t\t\t<\/div>\n\t\t<\/article>\n\t\t\t\t<article class=\"elementor-post elementor-grid-item post-69600 post type-post status-publish format-standard has-post-thumbnail hentry category-juventude-pt-pt category-santuario-original-pt-pt tag-jornada-mundial-da-juventude-jmj-pt-pt tag-santuario-original-pt-pt\" role=\"listitem\">\n\t\t\t<div class=\"elementor-post__card\">\n\t\t\t\t<a class=\"elementor-post__thumbnail__link\" href=\"https:\/\/schoenstatt.com\/pt-pt\/em-agosto-peregrinacao-internacional-da-juventude-em-schoenstatt\/\" tabindex=\"-1\" ><div class=\"elementor-post__thumbnail\"><img loading=\"lazy\" decoding=\"async\" width=\"2048\" height=\"1365\" src=\"https:\/\/schoenstatt.com\/wp-content\/uploads\/2025\/08\/Ignis-Schoenstatt-Boys-Youth-2025-4.webp\" class=\"attachment-medium size-medium wp-image-61466\" alt=\"\" \/><\/div><\/a>\n\t\t\t\t<div class=\"elementor-post__badge\">Juventude<\/div>\n\t\t\t\t<div class=\"elementor-post__text\">\n\t\t\t\t<h2 class=\"elementor-post__title\">\n\t\t\t<a href=\"https:\/\/schoenstatt.com\/pt-pt\/em-agosto-peregrinacao-internacional-da-juventude-em-schoenstatt\/\" >\n\t\t\t\tEm agosto: Peregrina\u00e7\u00e3o Internacional da Juventude em Schoenstatt\t\t\t<\/a>\n\t\t<\/h2>\n\t\t\t\t<div class=\"elementor-post__excerpt\">\n\t\t\t<p>Um convite especial para todos os jovens: vem a\u00ed o Encontro Juvenil Internacional em Schoenstatt, no m\u00eas de agosto.<\/p>\n\t\t<\/div>\n\t\t\t\t\t<div class=\"elementor-post__read-more-wrapper\">\n\t\t\n\t\t<a class=\"elementor-post__read-more\" href=\"https:\/\/schoenstatt.com\/pt-pt\/em-agosto-peregrinacao-internacional-da-juventude-em-schoenstatt\/\" aria-label=\"Read more about Em agosto: Peregrina\u00e7\u00e3o Internacional da Juventude em Schoenstatt\" tabindex=\"-1\" >\n\t\t\tLeia Mais \u00bb\t\t<\/a>\n\n\t\t\t\t\t<\/div>\n\t\t\t\t<\/div>\n\t\t\t\t<div class=\"elementor-post__meta-data\">\n\t\t\t\t\t<span class=\"elementor-post-date\">\n\t\t\t15 de Abril, 2026\t\t<\/span>\n\t\t\t\t<\/div>\n\t\t\t\t\t<\/div>\n\t\t<\/article>\n\t\t\t\t<article class=\"elementor-post elementor-grid-item post-69569 post type-post status-publish format-standard has-post-thumbnail hentry category-america-pt-pt category-comunidades-de-schoenstatt-pt-pt tag-irmas-de-maria-de-schoenstatt-pt-pt tag-schoenstatt-argentina-pt-pt\" role=\"listitem\">\n\t\t\t<div class=\"elementor-post__card\">\n\t\t\t\t<a class=\"elementor-post__thumbnail__link\" href=\"https:\/\/schoenstatt.com\/pt-pt\/as-irmas-de-maria-peregrinam-ao-santuario-de-lujan-em-seu-ano-jubilar\/\" tabindex=\"-1\" ><div class=\"elementor-post__thumbnail\"><img loading=\"lazy\" decoding=\"async\" width=\"2048\" height=\"1365\" src=\"https:\/\/schoenstatt.com\/wp-content\/uploads\/2026\/04\/Sister-of-Mary-Argentina-Lujan.webp\" class=\"attachment-medium size-medium wp-image-69567\" alt=\"\" \/><\/div><\/a>\n\t\t\t\t<div class=\"elementor-post__badge\">Am\u00e9rica<\/div>\n\t\t\t\t<div class=\"elementor-post__text\">\n\t\t\t\t<h2 class=\"elementor-post__title\">\n\t\t\t<a href=\"https:\/\/schoenstatt.com\/pt-pt\/as-irmas-de-maria-peregrinam-ao-santuario-de-lujan-em-seu-ano-jubilar\/\" >\n\t\t\t\tAs Irm\u00e3s de Maria peregrinam ao Santu\u00e1rio de Lujan em seu ano jubilar\t\t\t<\/a>\n\t\t<\/h2>\n\t\t\t\t<div class=\"elementor-post__excerpt\">\n\t\t\t<p>No s\u00e1bado, 11 de abril, n\u00f3s, as Irm\u00e3s de Maria de Schoenstatt da Prov\u00edncia Nazar\u00e9, quisemos honrar nossa M\u00e3e e Rainha em seu Santu\u00e1rio Nacional<\/p>\n\t\t<\/div>\n\t\t\t\t\t<div class=\"elementor-post__read-more-wrapper\">\n\t\t\n\t\t<a class=\"elementor-post__read-more\" href=\"https:\/\/schoenstatt.com\/pt-pt\/as-irmas-de-maria-peregrinam-ao-santuario-de-lujan-em-seu-ano-jubilar\/\" aria-label=\"Read more about As Irm\u00e3s de Maria peregrinam ao Santu\u00e1rio de Lujan em seu ano jubilar\" tabindex=\"-1\" >\n\t\t\tLeia Mais \u00bb\t\t<\/a>\n\n\t\t\t\t\t<\/div>\n\t\t\t\t<\/div>\n\t\t\t\t<div class=\"elementor-post__meta-data\">\n\t\t\t\t\t<span class=\"elementor-post-date\">\n\t\t\t14 de Abril, 2026\t\t<\/span>\n\t\t\t\t<\/div>\n\t\t\t\t\t<\/div>\n\t\t<\/article>\n\t\t\t\t<article class=\"elementor-post elementor-grid-item post-69529 post type-post status-publish format-standard has-post-thumbnail hentry category-mae-peregrina-pt-pt tag-campanha-da-mae-peregrina-pt-pt tag-schoenstatt-brasil-pt-pt\" role=\"listitem\">\n\t\t\t<div class=\"elementor-post__card\">\n\t\t\t\t<a class=\"elementor-post__thumbnail__link\" href=\"https:\/\/schoenstatt.com\/pt-pt\/em-tempos-de-guerra-a-mae-peregrina-e-enviada-ao-catar-no-oriente-medio\/\" tabindex=\"-1\" ><div class=\"elementor-post__thumbnail\"><img loading=\"lazy\" decoding=\"async\" width=\"960\" height=\"615\" src=\"https:\/\/schoenstatt.com\/wp-content\/uploads\/2026\/04\/Pilgrim-Mother-Qatar.webp\" class=\"attachment-medium size-medium wp-image-69533\" alt=\"\" \/><\/div><\/a>\n\t\t\t\t<div class=\"elementor-post__badge\">M\u00e3e Peregrina<\/div>\n\t\t\t\t<div class=\"elementor-post__text\">\n\t\t\t\t<h2 class=\"elementor-post__title\">\n\t\t\t<a href=\"https:\/\/schoenstatt.com\/pt-pt\/em-tempos-de-guerra-a-mae-peregrina-e-enviada-ao-catar-no-oriente-medio\/\" >\n\t\t\t\tEm tempos de guerra, a M\u00e3e Peregrina \u00e9 enviada ao Catar, no Oriente M\u00e9dio\t\t\t<\/a>\n\t\t<\/h2>\n\t\t\t\t<div class=\"elementor-post__excerpt\">\n\t\t\t<p>Em tempos de guerra, a M\u00e3e Peregrina chega a mais um pa\u00eds do Oriente M\u00e9dio como um sinal de esperan\u00e7a e conforto.<\/p>\n\t\t<\/div>\n\t\t\t\t\t<div class=\"elementor-post__read-more-wrapper\">\n\t\t\n\t\t<a class=\"elementor-post__read-more\" href=\"https:\/\/schoenstatt.com\/pt-pt\/em-tempos-de-guerra-a-mae-peregrina-e-enviada-ao-catar-no-oriente-medio\/\" aria-label=\"Read more about Em tempos de guerra, a M\u00e3e Peregrina \u00e9 enviada ao Catar, no Oriente M\u00e9dio\" tabindex=\"-1\" >\n\t\t\tLeia Mais \u00bb\t\t<\/a>\n\n\t\t\t\t\t<\/div>\n\t\t\t\t<\/div>\n\t\t\t\t<div class=\"elementor-post__meta-data\">\n\t\t\t\t\t<span class=\"elementor-post-date\">\n\t\t\t10 de Abril, 2026\t\t<\/span>\n\t\t\t\t<\/div>\n\t\t\t\t\t<\/div>\n\t\t<\/article>\n\t\t\t\t<article class=\"elementor-post elementor-grid-item post-69520 post type-post status-publish format-standard has-post-thumbnail hentry category-america-pt-pt category-mae-peregrina-pt-pt tag-campanha-da-mae-peregrina-pt-pt tag-schoenstatt-argentina-pt-pt\" role=\"listitem\">\n\t\t\t<div class=\"elementor-post__card\">\n\t\t\t\t<a class=\"elementor-post__thumbnail__link\" href=\"https:\/\/schoenstatt.com\/pt-pt\/santuarios-vivos-em-missao-encontro-nacional-da-campanha-da-mae-peregrina-na-argentina\/\" tabindex=\"-1\" ><div class=\"elementor-post__thumbnail\"><img loading=\"lazy\" decoding=\"async\" width=\"1280\" height=\"960\" src=\"https:\/\/schoenstatt.com\/wp-content\/uploads\/2026\/04\/Schoenstatt-Argentina.webp\" class=\"attachment-medium size-medium wp-image-69509\" alt=\"\" \/><\/div><\/a>\n\t\t\t\t<div class=\"elementor-post__badge\">Am\u00e9rica<\/div>\n\t\t\t\t<div class=\"elementor-post__text\">\n\t\t\t\t<h2 class=\"elementor-post__title\">\n\t\t\t<a href=\"https:\/\/schoenstatt.com\/pt-pt\/santuarios-vivos-em-missao-encontro-nacional-da-campanha-da-mae-peregrina-na-argentina\/\" >\n\t\t\t\tSantu\u00e1rios vivos em miss\u00e3o: Encontro nacional da Campanha da M\u00e3e Peregrina na Argentina\t\t\t<\/a>\n\t\t<\/h2>\n\t\t\t\t<div class=\"elementor-post__excerpt\">\n\t\t\t<p>Encontro nacional dos representantes da Campanha da M\u00e3e Peregrina de Schoenstatt na Argentina.<\/p>\n\t\t<\/div>\n\t\t\t\t\t<div class=\"elementor-post__read-more-wrapper\">\n\t\t\n\t\t<a class=\"elementor-post__read-more\" href=\"https:\/\/schoenstatt.com\/pt-pt\/santuarios-vivos-em-missao-encontro-nacional-da-campanha-da-mae-peregrina-na-argentina\/\" aria-label=\"Read more about Santu\u00e1rios vivos em miss\u00e3o: Encontro nacional da Campanha da M\u00e3e Peregrina na Argentina\" tabindex=\"-1\" >\n\t\t\tLeia Mais \u00bb\t\t<\/a>\n\n\t\t\t\t\t<\/div>\n\t\t\t\t<\/div>\n\t\t\t\t<div class=\"elementor-post__meta-data\">\n\t\t\t\t\t<span class=\"elementor-post-date\">\n\t\t\t8 de Abril, 2026\t\t<\/span>\n\t\t\t\t<\/div>\n\t\t\t\t\t<\/div>\n\t\t<\/article>\n\t\t\t\t<article class=\"elementor-post elementor-grid-item post-69478 post type-post status-publish format-standard has-post-thumbnail hentry category-espiritualidade-pt-pt category-sociedade-pt-pt tag-padre-jose-kentenich-pt-pt\" role=\"listitem\">\n\t\t\t<div class=\"elementor-post__card\">\n\t\t\t\t<a class=\"elementor-post__thumbnail__link\" href=\"https:\/\/schoenstatt.com\/pt-pt\/pe-kentenich-e-o-homem-na-lua-todos-temos-de-ser-astronautas\/\" tabindex=\"-1\" ><div class=\"elementor-post__thumbnail\"><img loading=\"lazy\" decoding=\"async\" width=\"1280\" height=\"766\" src=\"https:\/\/schoenstatt.com\/wp-content\/uploads\/2026\/04\/Space-NASA-Ben-Smegelsky.webp\" class=\"attachment-medium size-medium wp-image-69470\" alt=\"\" \/><\/div><\/a>\n\t\t\t\t<div class=\"elementor-post__badge\">Espiritualidade<\/div>\n\t\t\t\t<div class=\"elementor-post__text\">\n\t\t\t\t<h2 class=\"elementor-post__title\">\n\t\t\t<a href=\"https:\/\/schoenstatt.com\/pt-pt\/pe-kentenich-e-o-homem-na-lua-todos-temos-de-ser-astronautas\/\" >\n\t\t\t\tPe. Kentenich e o homem na lua: Todos temos de ser astronautas\t\t\t<\/a>\n\t\t<\/h2>\n\t\t\t\t<div class=\"elementor-post__excerpt\">\n\t\t\t<p>O que o Pe. Kentenich disse sobre a corrida espacial na d\u00e9cada de 60? O que ele nos diria hoje, vendo o homem no espa\u00e7o?<\/p>\n\t\t<\/div>\n\t\t\t\t\t<div class=\"elementor-post__read-more-wrapper\">\n\t\t\n\t\t<a class=\"elementor-post__read-more\" href=\"https:\/\/schoenstatt.com\/pt-pt\/pe-kentenich-e-o-homem-na-lua-todos-temos-de-ser-astronautas\/\" aria-label=\"Read more about Pe. Kentenich e o homem na lua: Todos temos de ser astronautas\" tabindex=\"-1\" >\n\t\t\tLeia Mais \u00bb\t\t<\/a>\n\n\t\t\t\t\t<\/div>\n\t\t\t\t<\/div>\n\t\t\t\t<div class=\"elementor-post__meta-data\">\n\t\t\t\t\t<span class=\"elementor-post-date\">\n\t\t\t7 de Abril, 2026\t\t<\/span>\n\t\t\t\t<\/div>\n\t\t\t\t\t<\/div>\n\t\t<\/article>\n\t\t\t\t<article class=\"elementor-post elementor-grid-item post-69444 post type-post status-publish format-standard has-post-thumbnail hentry category-espiritualidade-pt-pt\" role=\"listitem\">\n\t\t\t<div class=\"elementor-post__card\">\n\t\t\t\t<a class=\"elementor-post__thumbnail__link\" href=\"https:\/\/schoenstatt.com\/pt-pt\/cristo-vive-feliz-pascoa\/\" tabindex=\"-1\" ><div class=\"elementor-post__thumbnail\"><img loading=\"lazy\" decoding=\"async\" width=\"2048\" height=\"1366\" src=\"https:\/\/schoenstatt.com\/wp-content\/uploads\/2026\/04\/Shrine-Schoenstatt.webp\" class=\"attachment-medium size-medium wp-image-69439\" alt=\"\" \/><\/div><\/a>\n\t\t\t\t<div class=\"elementor-post__badge\">Espiritualidade<\/div>\n\t\t\t\t<div class=\"elementor-post__text\">\n\t\t\t\t<h2 class=\"elementor-post__title\">\n\t\t\t<a href=\"https:\/\/schoenstatt.com\/pt-pt\/cristo-vive-feliz-pascoa\/\" >\n\t\t\t\tCristo Vive &#8211; Feliz P\u00e1scoa!\t\t\t<\/a>\n\t\t<\/h2>\n\t\t\t\t<div class=\"elementor-post__excerpt\">\n\t\t\t<p>A ressurrei\u00e7\u00e3o de Jesus \u00e9 a resposta de Deus \u00e0s noites da hist\u00f3ria e \u00e0s noites do cora\u00e7\u00e3o humano. Feliz P\u00e1scoa!<\/p>\n\t\t<\/div>\n\t\t\t\t\t<div class=\"elementor-post__read-more-wrapper\">\n\t\t\n\t\t<a class=\"elementor-post__read-more\" href=\"https:\/\/schoenstatt.com\/pt-pt\/cristo-vive-feliz-pascoa\/\" aria-label=\"Read more about Cristo Vive &#8211; Feliz P\u00e1scoa!\" tabindex=\"-1\" >\n\t\t\tLeia Mais \u00bb\t\t<\/a>\n\n\t\t\t\t\t<\/div>\n\t\t\t\t<\/div>\n\t\t\t\t<div class=\"elementor-post__meta-data\">\n\t\t\t\t\t<span class=\"elementor-post-date\">\n\t\t\t4 de Abril, 2026\t\t<\/span>\n\t\t\t\t<\/div>\n\t\t\t\t\t<\/div>\n\t\t<\/article>\n\t\t\t\t<\/div>\n\t\t\n\t\t\t\t<div class=\"e-load-more-anchor\" data-page=\"1\" data-max-page=\"81\" data-next-page=\"https:\/\/schoenstatt.com\/pt-pt\/wp-json\/wp\/v2\/pages\/21283\/page\/2\/\"><\/div>\n\t\t\t\t<nav class=\"elementor-pagination\" aria-label=\"Pagination\">\n\t\t\t<span class=\"page-numbers prev\">\u00ab Anterior<\/span>\n<span aria-current=\"page\" class=\"page-numbers current\"><span class=\"elementor-screen-only\">P\u00e1gina<\/span>1<\/span>\n<a class=\"page-numbers\" href=\"https:\/\/schoenstatt.com\/pt-pt\/wp-json\/wp\/v2\/pages\/21283\/page\/2\/\"><span class=\"elementor-screen-only\">P\u00e1gina<\/span>2<\/a>\n<a class=\"page-numbers\" href=\"https:\/\/schoenstatt.com\/pt-pt\/wp-json\/wp\/v2\/pages\/21283\/page\/3\/\"><span class=\"elementor-screen-only\">P\u00e1gina<\/span>3<\/a>\n<span class=\"page-numbers dots\">&hellip;<\/span>\n<a class=\"page-numbers\" href=\"https:\/\/schoenstatt.com\/pt-pt\/wp-json\/wp\/v2\/pages\/21283\/page\/81\/\"><span class=\"elementor-screen-only\">P\u00e1gina<\/span>81<\/a>\n<a class=\"page-numbers next\" href=\"https:\/\/schoenstatt.com\/pt-pt\/wp-json\/wp\/v2\/pages\/21283\/page\/2\/\">Pr\u00f3xima \u00bb<\/a>\t\t<\/nav>\n\t\t\t\t\t\t<\/div>\n\t\t\t\t<\/div>\n\t\t\t\t\t<\/div>\n\t\t\t\t<\/div>\n\t\t\t\t\t<\/div>\n\t\t\t\t<\/div>\n\t\t<div class=\"elementor-element elementor-element-c53a125 e-flex e-con-boxed e-con e-parent\" data-id=\"c53a125\" data-element_type=\"container\" data-e-type=\"container\">\n\t\t\t\t\t<div class=\"e-con-inner\">\n\t\t\t\t<div class=\"elementor-element elementor-element-52bc31d elementor-widget elementor-widget-wp-widget-tag_cloud\" data-id=\"52bc31d\" data-element_type=\"widget\" data-e-type=\"widget\" data-widget_type=\"wp-widget-tag_cloud.default\">\n\t\t\t\t<div class=\"elementor-widget-container\">\n\t\t\t\t\t<h5>Categorias<\/h5><nav aria-label=\"Categorias\"><div class=\"tagcloud\"><a href=\"https:\/\/schoenstatt.com\/pt-pt\/categoria\/america-pt-pt\/\" class=\"tag-cloud-link tag-link-625 tag-link-position-1\" style=\"font-size: 18.929032258065pt;\" aria-label=\"Am\u00e9rica (97 itens)\">Am\u00e9rica<span class=\"tag-link-count\"> (97)<\/span><\/a>\n<a href=\"https:\/\/schoenstatt.com\/pt-pt\/categoria\/causa-kentenich-pt-pt\/\" class=\"tag-cloud-link tag-link-892 tag-link-position-2\" style=\"font-size: 11.612903225806pt;\" aria-label=\"Causa Kentenich (14 itens)\">Causa Kentenich<span class=\"tag-link-count\"> (14)<\/span><\/a>\n<a href=\"https:\/\/schoenstatt.com\/pt-pt\/categoria\/comunidades-de-schoenstatt-pt-pt\/\" class=\"tag-cloud-link tag-link-908 tag-link-position-3\" style=\"font-size: 21.187096774194pt;\" aria-label=\"Comunidades de Schoenstatt (174 itens)\">Comunidades de Schoenstatt<span class=\"tag-link-count\"> (174)<\/span><\/a>\n<a href=\"https:\/\/schoenstatt.com\/pt-pt\/categoria\/em-missao-pt-pt\/\" class=\"tag-cloud-link tag-link-897 tag-link-position-4\" style=\"font-size: 14.412903225806pt;\" aria-label=\"Em miss\u00e3o (30 itens)\">Em miss\u00e3o<span class=\"tag-link-count\"> (30)<\/span><\/a>\n<a href=\"https:\/\/schoenstatt.com\/pt-pt\/categoria\/espiritualidade-pt-pt\/\" class=\"tag-cloud-link tag-link-916 tag-link-position-5\" style=\"font-size: 21.729032258065pt;\" aria-label=\"Espiritualidade (197 itens)\">Espiritualidade<span class=\"tag-link-count\"> (197)<\/span><\/a>\n<a href=\"https:\/\/schoenstatt.com\/pt-pt\/categoria\/europa-pt-pt\/\" class=\"tag-cloud-link tag-link-872 tag-link-position-6\" style=\"font-size: 15.587096774194pt;\" aria-label=\"Europa (41 itens)\">Europa<span class=\"tag-link-count\"> (41)<\/span><\/a>\n<a href=\"https:\/\/schoenstatt.com\/pt-pt\/categoria\/eventos-pt-pt\/\" class=\"tag-cloud-link tag-link-636 tag-link-position-7\" style=\"font-size: 20.464516129032pt;\" aria-label=\"Eventos (142 itens)\">Eventos<span class=\"tag-link-count\"> (142)<\/span><\/a>\n<a href=\"https:\/\/schoenstatt.com\/pt-pt\/categoria\/familia-pt-pt\/\" class=\"tag-cloud-link tag-link-876 tag-link-position-8\" style=\"font-size: 18.387096774194pt;\" aria-label=\"Fam\u00edlia (84 itens)\">Fam\u00edlia<span class=\"tag-link-count\"> (84)<\/span><\/a>\n<a href=\"https:\/\/schoenstatt.com\/pt-pt\/categoria\/herois-de-schoenstatt-pt-pt\/\" class=\"tag-cloud-link tag-link-888 tag-link-position-9\" style=\"font-size: 16.761290322581pt;\" aria-label=\"Her\u00f3is de Schoenstatt (55 itens)\">Her\u00f3is de Schoenstatt<span class=\"tag-link-count\"> (55)<\/span><\/a>\n<a href=\"https:\/\/schoenstatt.com\/pt-pt\/categoria\/igreja-pt-pt\/\" class=\"tag-cloud-link tag-link-608 tag-link-position-10\" style=\"font-size: 22pt;\" aria-label=\"Igreja (211 itens)\">Igreja<span class=\"tag-link-count\"> (211)<\/span><\/a>\n<a href=\"https:\/\/schoenstatt.com\/pt-pt\/categoria\/juventude-pt-pt\/\" class=\"tag-cloud-link tag-link-665 tag-link-position-11\" style=\"font-size: 17.574193548387pt;\" aria-label=\"Juventude (68 itens)\">Juventude<span class=\"tag-link-count\"> (68)<\/span><\/a>\n<a href=\"https:\/\/schoenstatt.com\/pt-pt\/categoria\/meio-ambiente-pt-pt\/\" class=\"tag-cloud-link tag-link-884 tag-link-position-12\" style=\"font-size: 11.612903225806pt;\" aria-label=\"Meio Ambiente (14 itens)\">Meio Ambiente<span class=\"tag-link-count\"> (14)<\/span><\/a>\n<a href=\"https:\/\/schoenstatt.com\/pt-pt\/categoria\/mulher-pt-pt\/\" class=\"tag-cloud-link tag-link-920 tag-link-position-13\" style=\"font-size: 13.870967741935pt;\" aria-label=\"Mulher (26 itens)\">Mulher<span class=\"tag-link-count\"> (26)<\/span><\/a>\n<a href=\"https:\/\/schoenstatt.com\/pt-pt\/categoria\/mae-peregrina-pt-pt\/\" class=\"tag-cloud-link tag-link-425 tag-link-position-14\" style=\"font-size: 15.677419354839pt;\" aria-label=\"M\u00e3e Peregrina (42 itens)\">M\u00e3e Peregrina<span class=\"tag-link-count\"> (42)<\/span><\/a>\n<a href=\"https:\/\/schoenstatt.com\/pt-pt\/categoria\/oceania-pt-pt\/\" class=\"tag-cloud-link tag-link-504 tag-link-position-15\" style=\"font-size: 8pt;\" aria-label=\"Oceania (5 itens)\">Oceania<span class=\"tag-link-count\"> (5)<\/span><\/a>\n<a href=\"https:\/\/schoenstatt.com\/pt-pt\/categoria\/papa-francisco-pt-pt\/\" class=\"tag-cloud-link tag-link-906 tag-link-position-16\" style=\"font-size: 18.296774193548pt;\" aria-label=\"Papa Francisco (83 itens)\">Papa Francisco<span class=\"tag-link-count\"> (83)<\/span><\/a>\n<a href=\"https:\/\/schoenstatt.com\/pt-pt\/categoria\/paises-pt-pt\/\" class=\"tag-cloud-link tag-link-869 tag-link-position-17\" style=\"font-size: 20.283870967742pt;\" aria-label=\"Pa\u00edses (136 itens)\">Pa\u00edses<span class=\"tag-link-count\"> (136)<\/span><\/a>\n<a href=\"https:\/\/schoenstatt.com\/pt-pt\/categoria\/pe-jose-kentenich-pt-pt\/\" class=\"tag-cloud-link tag-link-880 tag-link-position-18\" style=\"font-size: 17.122580645161pt;\" aria-label=\"Pe. Jos\u00e9 Kentenich (61 itens)\">Pe. Jos\u00e9 Kentenich<span class=\"tag-link-count\"> (61)<\/span><\/a>\n<a href=\"https:\/\/schoenstatt.com\/pt-pt\/categoria\/santuario-original-pt-pt\/\" class=\"tag-cloud-link tag-link-696 tag-link-position-19\" style=\"font-size: 17.935483870968pt;\" aria-label=\"Santu\u00e1rio Original (74 itens)\">Santu\u00e1rio Original<span class=\"tag-link-count\"> (74)<\/span><\/a>\n<a href=\"https:\/\/schoenstatt.com\/pt-pt\/categoria\/sem-categoria\/\" class=\"tag-cloud-link tag-link-7 tag-link-position-20\" style=\"font-size: 21.458064516129pt;\" aria-label=\"Sem categoria (184 itens)\">Sem categoria<span class=\"tag-link-count\"> (184)<\/span><\/a>\n<a href=\"https:\/\/schoenstatt.com\/pt-pt\/categoria\/sociedade-pt-pt\/\" class=\"tag-cloud-link tag-link-912 tag-link-position-21\" style=\"font-size: 18.025806451613pt;\" aria-label=\"Sociedade (77 itens)\">Sociedade<span class=\"tag-link-count\"> (77)<\/span><\/a>\n<a href=\"https:\/\/schoenstatt.com\/pt-pt\/categoria\/africa-pt-pt\/\" class=\"tag-cloud-link tag-link-862 tag-link-position-22\" style=\"font-size: 12.064516129032pt;\" aria-label=\"\u00c1frica (16 itens)\">\u00c1frica<span class=\"tag-link-count\"> (16)<\/span><\/a><\/div>\n<\/nav>\t\t\t\t<\/div>\n\t\t\t\t<\/div>\n\t\t\t\t\t<\/div>\n\t\t\t\t<\/div>\n\t\t\t\t<\/div>\n\t\t","protected":false},"excerpt":{"rendered":"<p>Informa\u00e7\u00f5es sobre o mundo: Descubra not\u00edcias e artigos sobre as comunidades de Schoenstatt em todo o mundo<\/p>\n","protected":false},"author":2,"featured_media":36133,"parent":59205,"menu_order":0,"comment_status":"closed","ping_status":"closed","template":"","meta":{"footnotes":""},"class_list":["post-21283","page","type-page","status-publish","has-post-thumbnail","hentry"],"yoast_head":"<!-- This site is optimized with the Yoast SEO Premium plugin v27.4 (Yoast SEO v27.5) - https:\/\/yoast.com\/product\/yoast-seo-premium-wordpress\/ -->\n<title>Not\u00edcias e artigos - Schoenstatt<\/title>\n<meta name=\"robots\" content=\"index, follow, max-snippet:-1, max-image-preview:large, max-video-preview:-1\" \/>\n<link rel=\"canonical\" href=\"https:\/\/schoenstatt.com\/pt-pt\/recursos\/noticias-artigos\/\" \/>\n<meta property=\"og:locale\" content=\"pt_PT\" \/>\n<meta property=\"og:type\" content=\"article\" \/>\n<meta property=\"og:title\" content=\"Not\u00edcias e artigos\" \/>\n<meta property=\"og:description\" content=\"Informa\u00e7\u00f5es sobre o mundo: Descubra not\u00edcias e artigos sobre as comunidades de Schoenstatt em todo o mundo\" \/>\n<meta property=\"og:url\" content=\"https:\/\/schoenstatt.com\/pt-pt\/recursos\/noticias-artigos\/\" \/>\n<meta property=\"og:site_name\" content=\"Schoenstatt\" \/>\n<meta property=\"article:modified_time\" content=\"2025-06-03T01:08:35+00:00\" \/>\n<meta property=\"og:image\" content=\"https:\/\/schoenstatt.com\/wp-content\/uploads\/2024\/05\/Resources-News1-2.jpg\" \/>\n\t<meta property=\"og:image:width\" content=\"640\" \/>\n\t<meta property=\"og:image:height\" content=\"427\" \/>\n\t<meta property=\"og:image:type\" content=\"image\/jpeg\" \/>\n<meta name=\"twitter:card\" content=\"summary_large_image\" \/>\n<meta name=\"twitter:label1\" content=\"Tempo estimado de leitura\" \/>\n\t<meta name=\"twitter:data1\" content=\"1 minuto\" \/>\n<script type=\"application\/ld+json\" class=\"yoast-schema-graph\">{\"@context\":\"https:\\\/\\\/schema.org\",\"@graph\":[{\"@type\":\"WebPage\",\"@id\":\"https:\\\/\\\/schoenstatt.com\\\/pt-pt\\\/recursos\\\/noticias-artigos\\\/\",\"url\":\"https:\\\/\\\/schoenstatt.com\\\/pt-pt\\\/recursos\\\/noticias-artigos\\\/\",\"name\":\"Not\u00edcias e artigos - Schoenstatt\",\"isPartOf\":{\"@id\":\"https:\\\/\\\/schoenstatt.com\\\/pt-pt\\\/#website\"},\"primaryImageOfPage\":{\"@id\":\"https:\\\/\\\/schoenstatt.com\\\/pt-pt\\\/recursos\\\/noticias-artigos\\\/#primaryimage\"},\"image\":{\"@id\":\"https:\\\/\\\/schoenstatt.com\\\/pt-pt\\\/recursos\\\/noticias-artigos\\\/#primaryimage\"},\"thumbnailUrl\":\"https:\\\/\\\/schoenstatt.com\\\/wp-content\\\/uploads\\\/2024\\\/05\\\/Resources-News1-2.jpg\",\"datePublished\":\"2021-08-12T10:58:29+00:00\",\"dateModified\":\"2025-06-03T01:08:35+00:00\",\"breadcrumb\":{\"@id\":\"https:\\\/\\\/schoenstatt.com\\\/pt-pt\\\/recursos\\\/noticias-artigos\\\/#breadcrumb\"},\"inLanguage\":\"pt-PT\",\"potentialAction\":[{\"@type\":\"ReadAction\",\"target\":[\"https:\\\/\\\/schoenstatt.com\\\/pt-pt\\\/recursos\\\/noticias-artigos\\\/\"]}]},{\"@type\":\"ImageObject\",\"inLanguage\":\"pt-PT\",\"@id\":\"https:\\\/\\\/schoenstatt.com\\\/pt-pt\\\/recursos\\\/noticias-artigos\\\/#primaryimage\",\"url\":\"https:\\\/\\\/schoenstatt.com\\\/wp-content\\\/uploads\\\/2024\\\/05\\\/Resources-News1-2.jpg\",\"contentUrl\":\"https:\\\/\\\/schoenstatt.com\\\/wp-content\\\/uploads\\\/2024\\\/05\\\/Resources-News1-2.jpg\",\"width\":640,\"height\":427,\"caption\":\"resources-news.jpg\"},{\"@type\":\"BreadcrumbList\",\"@id\":\"https:\\\/\\\/schoenstatt.com\\\/pt-pt\\\/recursos\\\/noticias-artigos\\\/#breadcrumb\",\"itemListElement\":[{\"@type\":\"ListItem\",\"position\":1,\"name\":\"Portada\",\"item\":\"https:\\\/\\\/schoenstatt.com\\\/pt-pt\\\/home\\\/\"},{\"@type\":\"ListItem\",\"position\":2,\"name\":\"Recursos\",\"item\":\"https:\\\/\\\/schoenstatt.com\\\/pt-pt\\\/recursos\\\/\"},{\"@type\":\"ListItem\",\"position\":3,\"name\":\"Not\u00edcias e artigos\"}]},{\"@type\":\"WebSite\",\"@id\":\"https:\\\/\\\/schoenstatt.com\\\/pt-pt\\\/#website\",\"url\":\"https:\\\/\\\/schoenstatt.com\\\/pt-pt\\\/\",\"name\":\"Schoenstatt\",\"description\":\"Apostolic Movement\",\"publisher\":{\"@id\":\"https:\\\/\\\/schoenstatt.com\\\/pt-pt\\\/#organization\"},\"potentialAction\":[{\"@type\":\"SearchAction\",\"target\":{\"@type\":\"EntryPoint\",\"urlTemplate\":\"https:\\\/\\\/schoenstatt.com\\\/pt-pt\\\/?s={search_term_string}\"},\"query-input\":{\"@type\":\"PropertyValueSpecification\",\"valueRequired\":true,\"valueName\":\"search_term_string\"}}],\"inLanguage\":\"pt-PT\"},{\"@type\":\"Organization\",\"@id\":\"https:\\\/\\\/schoenstatt.com\\\/pt-pt\\\/#organization\",\"name\":\"Schoenstatt\",\"url\":\"https:\\\/\\\/schoenstatt.com\\\/pt-pt\\\/\",\"logo\":{\"@type\":\"ImageObject\",\"inLanguage\":\"pt-PT\",\"@id\":\"https:\\\/\\\/schoenstatt.com\\\/pt-pt\\\/#\\\/schema\\\/logo\\\/image\\\/\",\"url\":\"https:\\\/\\\/schoenstatt.com\\\/wp-content\\\/uploads\\\/2025\\\/04\\\/logo-schoenstatt-white-696x696-1.png\",\"contentUrl\":\"https:\\\/\\\/schoenstatt.com\\\/wp-content\\\/uploads\\\/2025\\\/04\\\/logo-schoenstatt-white-696x696-1.png\",\"width\":696,\"height\":694,\"caption\":\"Schoenstatt\"},\"image\":{\"@id\":\"https:\\\/\\\/schoenstatt.com\\\/pt-pt\\\/#\\\/schema\\\/logo\\\/image\\\/\"}}]}<\/script>\n<!-- \/ Yoast SEO Premium plugin. -->","yoast_head_json":{"title":"Not\u00edcias e artigos - Schoenstatt","robots":{"index":"index","follow":"follow","max-snippet":"max-snippet:-1","max-image-preview":"max-image-preview:large","max-video-preview":"max-video-preview:-1"},"canonical":"https:\/\/schoenstatt.com\/pt-pt\/recursos\/noticias-artigos\/","og_locale":"pt_PT","og_type":"article","og_title":"Not\u00edcias e artigos","og_description":"Informa\u00e7\u00f5es sobre o mundo: Descubra not\u00edcias e artigos sobre as comunidades de Schoenstatt em todo o mundo","og_url":"https:\/\/schoenstatt.com\/pt-pt\/recursos\/noticias-artigos\/","og_site_name":"Schoenstatt","article_modified_time":"2025-06-03T01:08:35+00:00","og_image":[{"width":640,"height":427,"url":"https:\/\/schoenstatt.com\/wp-content\/uploads\/2024\/05\/Resources-News1-2.jpg","type":"image\/jpeg"}],"twitter_card":"summary_large_image","twitter_misc":{"Tempo estimado de leitura":"1 minuto"},"schema":{"@context":"https:\/\/schema.org","@graph":[{"@type":"WebPage","@id":"https:\/\/schoenstatt.com\/pt-pt\/recursos\/noticias-artigos\/","url":"https:\/\/schoenstatt.com\/pt-pt\/recursos\/noticias-artigos\/","name":"Not\u00edcias e artigos - Schoenstatt","isPartOf":{"@id":"https:\/\/schoenstatt.com\/pt-pt\/#website"},"primaryImageOfPage":{"@id":"https:\/\/schoenstatt.com\/pt-pt\/recursos\/noticias-artigos\/#primaryimage"},"image":{"@id":"https:\/\/schoenstatt.com\/pt-pt\/recursos\/noticias-artigos\/#primaryimage"},"thumbnailUrl":"https:\/\/schoenstatt.com\/wp-content\/uploads\/2024\/05\/Resources-News1-2.jpg","datePublished":"2021-08-12T10:58:29+00:00","dateModified":"2025-06-03T01:08:35+00:00","breadcrumb":{"@id":"https:\/\/schoenstatt.com\/pt-pt\/recursos\/noticias-artigos\/#breadcrumb"},"inLanguage":"pt-PT","potentialAction":[{"@type":"ReadAction","target":["https:\/\/schoenstatt.com\/pt-pt\/recursos\/noticias-artigos\/"]}]},{"@type":"ImageObject","inLanguage":"pt-PT","@id":"https:\/\/schoenstatt.com\/pt-pt\/recursos\/noticias-artigos\/#primaryimage","url":"https:\/\/schoenstatt.com\/wp-content\/uploads\/2024\/05\/Resources-News1-2.jpg","contentUrl":"https:\/\/schoenstatt.com\/wp-content\/uploads\/2024\/05\/Resources-News1-2.jpg","width":640,"height":427,"caption":"resources-news.jpg"},{"@type":"BreadcrumbList","@id":"https:\/\/schoenstatt.com\/pt-pt\/recursos\/noticias-artigos\/#breadcrumb","itemListElement":[{"@type":"ListItem","position":1,"name":"Portada","item":"https:\/\/schoenstatt.com\/pt-pt\/home\/"},{"@type":"ListItem","position":2,"name":"Recursos","item":"https:\/\/schoenstatt.com\/pt-pt\/recursos\/"},{"@type":"ListItem","position":3,"name":"Not\u00edcias e artigos"}]},{"@type":"WebSite","@id":"https:\/\/schoenstatt.com\/pt-pt\/#website","url":"https:\/\/schoenstatt.com\/pt-pt\/","name":"Schoenstatt","description":"Apostolic Movement","publisher":{"@id":"https:\/\/schoenstatt.com\/pt-pt\/#organization"},"potentialAction":[{"@type":"SearchAction","target":{"@type":"EntryPoint","urlTemplate":"https:\/\/schoenstatt.com\/pt-pt\/?s={search_term_string}"},"query-input":{"@type":"PropertyValueSpecification","valueRequired":true,"valueName":"search_term_string"}}],"inLanguage":"pt-PT"},{"@type":"Organization","@id":"https:\/\/schoenstatt.com\/pt-pt\/#organization","name":"Schoenstatt","url":"https:\/\/schoenstatt.com\/pt-pt\/","logo":{"@type":"ImageObject","inLanguage":"pt-PT","@id":"https:\/\/schoenstatt.com\/pt-pt\/#\/schema\/logo\/image\/","url":"https:\/\/schoenstatt.com\/wp-content\/uploads\/2025\/04\/logo-schoenstatt-white-696x696-1.png","contentUrl":"https:\/\/schoenstatt.com\/wp-content\/uploads\/2025\/04\/logo-schoenstatt-white-696x696-1.png","width":696,"height":694,"caption":"Schoenstatt"},"image":{"@id":"https:\/\/schoenstatt.com\/pt-pt\/#\/schema\/logo\/image\/"}}]}},"_links":{"self":[{"href":"https:\/\/schoenstatt.com\/pt-pt\/wp-json\/wp\/v2\/pages\/21283","targetHints":{"allow":["GET"]}}],"collection":[{"href":"https:\/\/schoenstatt.com\/pt-pt\/wp-json\/wp\/v2\/pages"}],"about":[{"href":"https:\/\/schoenstatt.com\/pt-pt\/wp-json\/wp\/v2\/types\/page"}],"author":[{"embeddable":true,"href":"https:\/\/schoenstatt.com\/pt-pt\/wp-json\/wp\/v2\/users\/2"}],"replies":[{"embeddable":true,"href":"https:\/\/schoenstatt.com\/pt-pt\/wp-json\/wp\/v2\/comments?post=21283"}],"version-history":[{"count":5,"href":"https:\/\/schoenstatt.com\/pt-pt\/wp-json\/wp\/v2\/pages\/21283\/revisions"}],"predecessor-version":[{"id":59229,"href":"https:\/\/schoenstatt.com\/pt-pt\/wp-json\/wp\/v2\/pages\/21283\/revisions\/59229"}],"up":[{"embeddable":true,"href":"https:\/\/schoenstatt.com\/pt-pt\/wp-json\/wp\/v2\/pages\/59205"}],"wp:featuredmedia":[{"embeddable":true,"href":"https:\/\/schoenstatt.com\/pt-pt\/wp-json\/wp\/v2\/media\/36133"}],"wp:attachment":[{"href":"https:\/\/schoenstatt.com\/pt-pt\/wp-json\/wp\/v2\/media?parent=21283"}],"curies":[{"name":"wp","href":"https:\/\/api.w.org\/{rel}","templated":true}]}}