{"id":18588,"date":"2021-07-09T17:56:00","date_gmt":"2021-07-09T15:56:00","guid":{"rendered":"https:\/\/schoenstatt.com\/privacy-policy\/"},"modified":"2025-08-01T15:59:33","modified_gmt":"2025-08-01T13:59:33","slug":"declaracao-de-privacidade","status":"publish","type":"page","link":"https:\/\/schoenstatt.com\/pt-pt\/declaracao-de-privacidade\/","title":{"rendered":"Declara\u00e7\u00e3o de Privacidade"},"content":{"rendered":"\t\t<div data-elementor-type=\"wp-page\" data-elementor-id=\"18588\" class=\"elementor elementor-18588 elementor-96\" data-elementor-post-type=\"page\">\n\t\t\t\t<div class=\"elementor-element elementor-element-6772c1d3 e-flex e-con-boxed e-con e-parent\" data-id=\"6772c1d3\" data-element_type=\"container\" data-e-type=\"container\" data-settings=\"{&quot;background_background&quot;:&quot;classic&quot;}\">\n\t\t\t\t\t<div class=\"e-con-inner\">\n\t\t<div class=\"elementor-element elementor-element-4c8c59e7 e-flex e-con-boxed e-con e-child\" data-id=\"4c8c59e7\" data-element_type=\"container\" data-e-type=\"container\">\n\t\t\t\t\t<div class=\"e-con-inner\">\n\t\t\t\t<div class=\"elementor-element elementor-element-227b506e elementor-widget elementor-widget-heading\" data-id=\"227b506e\" data-element_type=\"widget\" data-e-type=\"widget\" data-widget_type=\"heading.default\">\n\t\t\t\t<div class=\"elementor-widget-container\">\n\t\t\t\t\t<p class=\"elementor-heading-title elementor-size-default\">Agradecemos sua visita ao nosso site e seu interesse por Schoenstatt International e.V. A prote\u00e7\u00e3o dos seus dados pessoais \u00e9 muito importante para n\u00f3s.<\/p>\t\t\t\t<\/div>\n\t\t\t\t<\/div>\n\t\t\t\t\t<\/div>\n\t\t\t\t<\/div>\n\t\t\t\t\t<\/div>\n\t\t\t\t<\/div>\n\t\t<div class=\"elementor-element elementor-element-262f7dde e-flex e-con-boxed e-con e-parent\" data-id=\"262f7dde\" data-element_type=\"container\" data-e-type=\"container\">\n\t\t\t\t\t<div class=\"e-con-inner\">\n\t\t\t\t<div class=\"elementor-element elementor-element-4e06e917 elementor-toc--minimized-on-desktop elementor-widget elementor-widget-table-of-contents\" data-id=\"4e06e917\" data-element_type=\"widget\" data-e-type=\"widget\" data-settings=\"{&quot;headings_by_tags&quot;:[&quot;h2&quot;,&quot;h3&quot;,&quot;h5&quot;,&quot;h6&quot;],&quot;exclude_headings_by_selector&quot;:[],&quot;minimized_on&quot;:&quot;desktop&quot;,&quot;marker_view&quot;:&quot;bullets&quot;,&quot;icon&quot;:{&quot;value&quot;:&quot;&quot;,&quot;library&quot;:&quot;&quot;},&quot;no_headings_message&quot;:&quot;No headings were found on this page.&quot;,&quot;minimize_box&quot;:&quot;yes&quot;,&quot;hierarchical_view&quot;:&quot;yes&quot;,&quot;min_height&quot;:{&quot;unit&quot;:&quot;px&quot;,&quot;size&quot;:&quot;&quot;,&quot;sizes&quot;:[]},&quot;min_height_tablet&quot;:{&quot;unit&quot;:&quot;px&quot;,&quot;size&quot;:&quot;&quot;,&quot;sizes&quot;:[]},&quot;min_height_mobile&quot;:{&quot;unit&quot;:&quot;px&quot;,&quot;size&quot;:&quot;&quot;,&quot;sizes&quot;:[]}}\" data-widget_type=\"table-of-contents.default\">\n\t\t\t\t<div class=\"elementor-widget-container\">\n\t\t\t\t\t\t\t\t\t<div class=\"elementor-toc__header\">\n\t\t\t\t\t\t<h2 class=\"elementor-toc__header-title\">\n\t\t\t\t\u00cdndice de conte\u00fados\t\t\t<\/h2>\n\t\t\t\t\t\t\t\t\t\t<div class=\"elementor-toc__toggle-button elementor-toc__toggle-button--expand\" role=\"button\" tabindex=\"0\" aria-controls=\"elementor-toc__4e06e917\" aria-expanded=\"true\" aria-label=\"Open table of contents\"><svg aria-hidden=\"true\" class=\"e-font-icon-svg e-fas-chevron-down\" viewBox=\"0 0 448 512\" xmlns=\"http:\/\/www.w3.org\/2000\/svg\"><path d=\"M207.029 381.476L12.686 187.132c-9.373-9.373-9.373-24.569 0-33.941l22.667-22.667c9.357-9.357 24.522-9.375 33.901-.04L224 284.505l154.745-154.021c9.379-9.335 24.544-9.317 33.901.04l22.667 22.667c9.373 9.373 9.373 24.569 0 33.941L240.971 381.476c-9.373 9.372-24.569 9.372-33.942 0z\"><\/path><\/svg><\/div>\n\t\t\t\t<div class=\"elementor-toc__toggle-button elementor-toc__toggle-button--collapse\" role=\"button\" tabindex=\"0\" aria-controls=\"elementor-toc__4e06e917\" aria-expanded=\"true\" aria-label=\"Close table of contents\"><svg aria-hidden=\"true\" class=\"e-font-icon-svg e-fas-chevron-up\" viewBox=\"0 0 448 512\" xmlns=\"http:\/\/www.w3.org\/2000\/svg\"><path d=\"M240.971 130.524l194.343 194.343c9.373 9.373 9.373 24.569 0 33.941l-22.667 22.667c-9.357 9.357-24.522 9.375-33.901.04L224 227.495 69.255 381.516c-9.379 9.335-24.544 9.317-33.901-.04l-22.667-22.667c-9.373-9.373-9.373-24.569 0-33.941L207.03 130.525c9.372-9.373 24.568-9.373 33.941-.001z\"><\/path><\/svg><\/div>\n\t\t\t\t\t<\/div>\n\t\t\t\t<div id=\"elementor-toc__4e06e917\" class=\"elementor-toc__body\">\n\t\t\t<div class=\"elementor-toc__spinner-container\">\n\t\t\t\t<svg class=\"elementor-toc__spinner eicon-animation-spin e-font-icon-svg e-eicon-loading\" aria-hidden=\"true\" viewBox=\"0 0 1000 1000\" xmlns=\"http:\/\/www.w3.org\/2000\/svg\"><path d=\"M500 975V858C696 858 858 696 858 500S696 142 500 142 142 304 142 500H25C25 237 238 25 500 25S975 237 975 500 763 975 500 975Z\"><\/path><\/svg>\t\t\t<\/div>\n\t\t<\/div>\n\t\t\t\t\t\t<\/div>\n\t\t\t\t<\/div>\n\t\t\t\t\t<\/div>\n\t\t\t\t<\/div>\n\t\t<div class=\"elementor-element elementor-element-33aaa430 e-flex e-con-boxed e-con e-parent\" data-id=\"33aaa430\" data-element_type=\"container\" data-e-type=\"container\">\n\t\t\t\t\t<div class=\"e-con-inner\">\n\t\t<div class=\"elementor-element elementor-element-f6db7d e-con-full e-flex e-con e-child\" data-id=\"f6db7d\" data-element_type=\"container\" data-e-type=\"container\">\n\t\t\t\t<div class=\"elementor-element elementor-element-318aab0 elementor-widget elementor-widget-text-editor\" data-id=\"318aab0\" data-element_type=\"widget\" data-e-type=\"widget\" data-widget_type=\"text-editor.default\">\n\t\t\t\t<div class=\"elementor-widget-container\">\n\t\t\t\t\t\t\t\t\t<p>Agradecemos sua visita ao nosso site e seu interesse por Schoenstatt International e.V. A prote\u00e7\u00e3o dos seus dados pessoais \u00e9 uma quest\u00e3o muito importante para n\u00f3s. Com esta pol\u00edtica de privacidade, gostar\u00edamos de inform\u00e1-lo sobre a natureza, extens\u00e3o e finalidade da coleta e uso de dados pessoais neste site. Como lei especial, a base jur\u00eddica est\u00e1 no regulamento eclesi\u00e1stico de prote\u00e7\u00e3o de dados para as comunidades de direito pontif\u00edcio (KDR-OG), bem como outros regulamentos eclesi\u00e1sticos e estatais aplic\u00e1veis em mat\u00e9ria de prote\u00e7\u00e3o de dados.  <\/p>\t\t\t\t\t\t\t\t<\/div>\n\t\t\t\t<\/div>\n\t\t\t\t<div class=\"elementor-element elementor-element-fbb0981 elementor-widget elementor-widget-heading\" data-id=\"fbb0981\" data-element_type=\"widget\" data-e-type=\"widget\" data-widget_type=\"heading.default\">\n\t\t\t\t<div class=\"elementor-widget-container\">\n\t\t\t\t\t<h3 class=\"elementor-heading-title elementor-size-default\">Coleta de dados neste site<\/h3>\t\t\t\t<\/div>\n\t\t\t\t<\/div>\n\t\t\t\t<div class=\"elementor-element elementor-element-526fd8a6 elementor-widget elementor-widget-text-editor\" data-id=\"526fd8a6\" data-element_type=\"widget\" data-e-type=\"widget\" data-widget_type=\"text-editor.default\">\n\t\t\t\t<div class=\"elementor-widget-container\">\n\t\t\t\t\t\t\t\t\t<p>Os respons\u00e1veis por estas p\u00e1ginas levam a s\u00e9rio a prote\u00e7\u00e3o dos seus dados pessoais. Eles s\u00e3o tratados de forma confidencial e de acordo com as disposi\u00e7\u00f5es legais em mat\u00e9ria de prote\u00e7\u00e3o de dados, bem como com esta declara\u00e7\u00e3o de prote\u00e7\u00e3o de dados. <\/p><p>Ao acessar este site, alguns dados pessoais ser\u00e3o coletados. Dados pessoais s\u00e3o informa\u00e7\u00f5es com as quais voc\u00ea pode ser identificado pessoalmente. Esta Pol\u00edtica de Privacidade explica quais informa\u00e7\u00f5es coletamos e como as usamos. Ela tamb\u00e9m explica como e para que finalidade isso \u00e9 feito.   <\/p><p>Gostar\u00edamos de salientar que a transmiss\u00e3o de dados pela Internet (por exemplo, comunica\u00e7\u00e3o por e-mail) pode estar sujeita a falhas de seguran\u00e7a. N\u00e3o \u00e9 poss\u00edvel garantir uma prote\u00e7\u00e3o completa dos dados contra o acesso por terceiros. <\/p>\t\t\t\t\t\t\t\t<\/div>\n\t\t\t\t<\/div>\n\t\t\t\t<div class=\"elementor-element elementor-element-701c3c94 elementor-widget elementor-widget-heading\" data-id=\"701c3c94\" data-element_type=\"widget\" data-e-type=\"widget\" data-widget_type=\"heading.default\">\n\t\t\t\t<div class=\"elementor-widget-container\">\n\t\t\t\t\t<h3 class=\"elementor-heading-title elementor-size-default\">Quem \u00e9 respons\u00e1vel pela coleta de dados neste site?\n\n<\/h3>\t\t\t\t<\/div>\n\t\t\t\t<\/div>\n\t\t\t\t<div class=\"elementor-element elementor-element-6ee70b6f elementor-widget elementor-widget-text-editor\" data-id=\"6ee70b6f\" data-element_type=\"widget\" data-e-type=\"widget\" data-widget_type=\"text-editor.default\">\n\t\t\t\t<div class=\"elementor-widget-container\">\n\t\t\t\t\t\t\t\t\t<p>O servidor web desta p\u00e1gina \u00e9 operado por:<\/p><p>WP Engine | 504 Lavaca Street, Suite 1000 | Austin, TX 78701 <strong> |<\/strong> Vendas: +1-512-273-3906 <strong> |<\/strong> E-Mail: sales@wpengine.com<\/p><p>Os seguintes dados de acesso s\u00e3o armazenados cada vez que um arquivo da Internet \u00e9 solicitado:<\/p><ul><li>a p\u00e1gina a partir da qual o arquivo foi solicitado<\/li><li>o nome do arquivo acessado<\/li><li>a data e a hora da solicita\u00e7\u00e3o<\/li><li>a quantidade de dados transferidos<\/li><li>o status do acesso (arquivo transferido, arquivo n\u00e3o encontrado, etc.)<\/li><li>a descri\u00e7\u00e3o do tipo de navegador da web ou sistema operacional utilizado<\/li><li>o endere\u00e7o IP do computador solicitante<\/li><\/ul><p><span style=\"background-color: var( --e-global-color-1927771 ); color: var( --e-global-color-primary ); font-size: 1rem;\">Os dados armazenados s\u00e3o utilizados exclusivamente de forma an\u00f4nima para fins t\u00e9cnicos ou estat\u00edsticos; n\u00e3o \u00e9 feita qualquer compara\u00e7\u00e3o com outros dados nem transfer\u00eancia para terceiros, mesmo que parcial.<\/span><\/p>\t\t\t\t\t\t\t\t<\/div>\n\t\t\t\t<\/div>\n\t\t\t\t<div class=\"elementor-element elementor-element-4c444a06 elementor-widget elementor-widget-heading\" data-id=\"4c444a06\" data-element_type=\"widget\" data-e-type=\"widget\" data-widget_type=\"heading.default\">\n\t\t\t\t<div class=\"elementor-widget-container\">\n\t\t\t\t\t<h3 class=\"elementor-heading-title elementor-size-default\">Hospedagem externa<\/h3>\t\t\t\t<\/div>\n\t\t\t\t<\/div>\n\t\t\t\t<div class=\"elementor-element elementor-element-4b84f7b8 elementor-widget elementor-widget-text-editor\" data-id=\"4b84f7b8\" data-element_type=\"widget\" data-e-type=\"widget\" data-widget_type=\"text-editor.default\">\n\t\t\t\t<div class=\"elementor-widget-container\">\n\t\t\t\t\t\t\t\t\t<p>Este site \u00e9 hospedado por um provedor de servi\u00e7os externo (host). Os dados pessoais coletados neste site s\u00e3o armazenados nos servidores do host. Isso pode incluir endere\u00e7os IP, solicita\u00e7\u00f5es de contato, metadados e informa\u00e7\u00f5es de comunica\u00e7\u00e3o, informa\u00e7\u00f5es contratuais, informa\u00e7\u00f5es de contato, nomes, acessos \u00e0 p\u00e1gina web e outras informa\u00e7\u00f5es geradas por um site.  <\/p><p>O host \u00e9 utilizado com a finalidade de cumprir o contrato com os nossos clientes potenciais e existentes (Art. 6, par\u00e1grafo 1, al\u00ednea b) do RGPD) e no interesse de uma presta\u00e7\u00e3o segura, r\u00e1pida e eficiente dos nossos servi\u00e7os online por um prestador profissional (Art. 6, par\u00e1grafo 1, al\u00ednea f) do RGPD).<\/p><p>Nosso provedor de hospedagem processar\u00e1 seus dados apenas na medida do necess\u00e1rio para cumprir suas obriga\u00e7\u00f5es de desempenho e seguir nossas instru\u00e7\u00f5es com rela\u00e7\u00e3o a esses dados.<\/p><p>Para garantir o processamento em conformidade com as normas de prote\u00e7\u00e3o de dados, firmamos um contrato de processamento de comandos com nosso provedor de hospedagem.<\/p>\t\t\t\t\t\t\t\t<\/div>\n\t\t\t\t<\/div>\n\t\t\t\t<div class=\"elementor-element elementor-element-313b1941 elementor-invisible elementor-widget elementor-widget-heading\" data-id=\"313b1941\" data-element_type=\"widget\" data-e-type=\"widget\" data-settings=\"{&quot;_animation&quot;:&quot;fadeIn&quot;}\" data-widget_type=\"heading.default\">\n\t\t\t\t<div class=\"elementor-widget-container\">\n\t\t\t\t\t<h2 class=\"elementor-heading-title elementor-size-default\">Base legal sobre a prote\u00e7\u00e3o de dados<\/h2>\t\t\t\t<\/div>\n\t\t\t\t<\/div>\n\t\t\t\t<div class=\"elementor-element elementor-element-2d4fe958 elementor-widget__width-initial elementor-widget elementor-widget-text-editor\" data-id=\"2d4fe958\" data-element_type=\"widget\" data-e-type=\"widget\" data-widget_type=\"text-editor.default\">\n\t\t\t\t<div class=\"elementor-widget-container\">\n\t\t\t\t\t\t\t\t\t<p>Schoenstatt International e.V. aplica o regulamento de prote\u00e7\u00e3o de dados para comunidades religiosas de direito pontif\u00edcio (KDR-OG) porque, nesse aspecto, as comunidades religiosas e suas entidades jur\u00eddicas associadas t\u00eam direito \u00e0 autogest\u00e3o de seus assuntos internos, de acordo com o Art. 91 EU-DS-GVO, Art. 140 GG e Art. 137 WRV. Em outras transa\u00e7\u00f5es jur\u00eddicas, o Regulamento Geral Europeu sobre Prote\u00e7\u00e3o de Dados tamb\u00e9m se aplica no que diz respeito \u00e0 prote\u00e7\u00e3o de dados, tal como se aplica a outras pessoas jur\u00eddicas.  <\/p><p>As bases jur\u00eddicas mais importantes em resumo:<\/p><p>Prote\u00e7\u00e3o de dados eclesi\u00e1sticos (<strong>KDR-OG<\/strong>) | Prote\u00e7\u00e3o de dados estatais (<strong>EU-DSGVO<\/strong>)<\/p>\t\t\t\t\t\t\t\t<\/div>\n\t\t\t\t<\/div>\n\t\t<div class=\"elementor-element elementor-element-5a49731f e-con-full e-flex e-con e-child\" data-id=\"5a49731f\" data-element_type=\"container\" data-e-type=\"container\">\n\t\t<div class=\"elementor-element elementor-element-7c2b51c1 e-con-full e-flex e-con e-child\" data-id=\"7c2b51c1\" data-element_type=\"container\" data-e-type=\"container\" data-settings=\"{&quot;background_background&quot;:&quot;classic&quot;}\">\n\t\t\t\t<div class=\"elementor-element elementor-element-7870d9a4 elementor-widget elementor-widget-price-list\" data-id=\"7870d9a4\" data-element_type=\"widget\" data-e-type=\"widget\" data-widget_type=\"price-list.default\">\n\t\t\t\t<div class=\"elementor-widget-container\">\n\t\t\t\t\t\n\t\t<ul class=\"elementor-price-list\">\n\n\t\t\t\t\t\t\t\t\t<li class=\"elementor-price-list-item\">\t\t\t\t\n\t\t\t\t<div class=\"elementor-price-list-text\">\n\t\t\t\t\t\t\t\t\t<div class=\"elementor-price-list-header\">\n\t\t\t\t\t\t\t\t\t\t\t<span class=\"elementor-price-list-title\">\n\t\t\t\t\t\t\tDireito ao tratamento\t\t\t\t\t\t<\/span>\n\t\t\t\t\t\t\t\t\t\t\t\t\t\t\t\t\t\t<span class=\"elementor-price-list-separator\"><\/span>\n\t\t\t\t\t\t\t\t\t\t\t\t\t\t\t\t<\/div>\n\t\t\t\t\t\t\t\t\t\t\t\t\t\t\t<p class=\"elementor-price-list-description\">\n\t\t\t\t\t\t\t\u00a7 6 KDR-OG | \n\u00a7 6 Par\u00e1grafo 1a KDR-OG (Tratamento devido a regulamenta\u00e7\u00e3o legal correspondente) | \n\n\u00a7 6 Par\u00e1grafo 1b KDR-OG (Tratamento devido a consentimento) | \n\nArt. 6 EU-DSGVO (Nenhum, cf. norma)\t\t\t\t\t\t<\/p>\n\t\t\t\t\t\t\t\t<\/div>\n\t\t\t\t<\/li>\t\t\t\t\t\t\t\t\t\t\t\t<li class=\"elementor-price-list-item\">\t\t\t\t\n\t\t\t\t<div class=\"elementor-price-list-text\">\n\t\t\t\t\t\t\t\t\t<div class=\"elementor-price-list-header\">\n\t\t\t\t\t\t\t\t\t\t\t<span class=\"elementor-price-list-title\">\n\t\t\t\t\t\t\tDireito \u00e0 informa\u00e7\u00e3o da parte interessada:\t\t\t\t\t\t<\/span>\n\t\t\t\t\t\t\t\t\t\t\t\t\t\t\t\t\t\t<span class=\"elementor-price-list-separator\"><\/span>\n\t\t\t\t\t\t\t\t\t\t\t\t\t\t\t\t<\/div>\n\t\t\t\t\t\t\t\t\t\t\t\t\t\t\t<p class=\"elementor-price-list-description\">\n\t\t\t\t\t\t\t\u00a7 17 KDR-OG | Art. 15 EU-DSGVO\t\t\t\t\t\t<\/p>\n\t\t\t\t\t\t\t\t<\/div>\n\t\t\t\t<\/li>\t\t\t\t\t\t\t\t\t\t\t\t<li class=\"elementor-price-list-item\">\t\t\t\t\n\t\t\t\t<div class=\"elementor-price-list-text\">\n\t\t\t\t\t\t\t\t\t<div class=\"elementor-price-list-header\">\n\t\t\t\t\t\t\t\t\t\t\t<span class=\"elementor-price-list-title\">\n\t\t\t\t\t\t\tDireito de retifica\u00e7\u00e3o da parte interessada:\t\t\t\t\t\t<\/span>\n\t\t\t\t\t\t\t\t\t\t\t\t\t\t\t\t\t\t<span class=\"elementor-price-list-separator\"><\/span>\n\t\t\t\t\t\t\t\t\t\t\t\t\t\t\t\t<\/div>\n\t\t\t\t\t\t\t\t\t\t\t\t\t\t\t<p class=\"elementor-price-list-description\">\n\t\t\t\t\t\t\t\u00a7 18 KDR-OG | \nArt. 16 EU-DSGVO\t\t\t\t\t\t<\/p>\n\t\t\t\t\t\t\t\t<\/div>\n\t\t\t\t<\/li>\t\t\t\t\t\t\t\t\t\t\t\t<li class=\"elementor-price-list-item\">\t\t\t\t\n\t\t\t\t<div class=\"elementor-price-list-text\">\n\t\t\t\t\t\t\t\t\t<div class=\"elementor-price-list-header\">\n\t\t\t\t\t\t\t\t\t\t\t<span class=\"elementor-price-list-title\">\n\t\t\t\t\t\t\tDireito de cancelamento da parte interessada:\t\t\t\t\t\t<\/span>\n\t\t\t\t\t\t\t\t\t\t\t\t\t\t\t\t\t\t<span class=\"elementor-price-list-separator\"><\/span>\n\t\t\t\t\t\t\t\t\t\t\t\t\t\t\t\t<\/div>\n\t\t\t\t\t\t\t\t\t\t\t\t\t\t\t<p class=\"elementor-price-list-description\">\n\t\t\t\t\t\t\t\u00a7 19 KDR-OG | \nArt. 17 EU-DSGVO\t\t\t\t\t\t<\/p>\n\t\t\t\t\t\t\t\t<\/div>\n\t\t\t\t<\/li>\t\t\t\t\t\n\t\t<\/ul>\n\n\t\t\t\t\t\t<\/div>\n\t\t\t\t<\/div>\n\t\t\t\t<\/div>\n\t\t<div class=\"elementor-element elementor-element-9bfe343 e-con-full e-flex e-con e-child\" data-id=\"9bfe343\" data-element_type=\"container\" data-e-type=\"container\">\n\t\t\t\t<div class=\"elementor-element elementor-element-73372190 elementor-widget elementor-widget-price-list\" data-id=\"73372190\" data-element_type=\"widget\" data-e-type=\"widget\" data-widget_type=\"price-list.default\">\n\t\t\t\t<div class=\"elementor-widget-container\">\n\t\t\t\t\t\n\t\t<ul class=\"elementor-price-list\">\n\n\t\t\t\t\t\t\t\t\t<li class=\"elementor-price-list-item\">\t\t\t\t\n\t\t\t\t<div class=\"elementor-price-list-text\">\n\t\t\t\t\t\t\t\t\t<div class=\"elementor-price-list-header\">\n\t\t\t\t\t\t\t\t\t\t\t<span class=\"elementor-price-list-title\">\n\t\t\t\t\t\t\tDireito \u00e0 limita\u00e7\u00e3o do tratamento:\t\t\t\t\t\t<\/span>\n\t\t\t\t\t\t\t\t\t\t\t\t\t\t\t\t\t\t<span class=\"elementor-price-list-separator\"><\/span>\n\t\t\t\t\t\t\t\t\t\t\t\t\t\t\t\t<\/div>\n\t\t\t\t\t\t\t\t\t\t\t\t\t\t\t<p class=\"elementor-price-list-description\">\n\t\t\t\t\t\t\t\u00a7 20 KDR-OG | \nArt. 18 EU-DSGVO\t\t\t\t\t\t<\/p>\n\t\t\t\t\t\t\t\t<\/div>\n\t\t\t\t<\/li>\t\t\t\t\t\t\t\t\t\t\t\t<li class=\"elementor-price-list-item\">\t\t\t\t\n\t\t\t\t<div class=\"elementor-price-list-text\">\n\t\t\t\t\t\t\t\t\t<div class=\"elementor-price-list-header\">\n\t\t\t\t\t\t\t\t\t\t\t<span class=\"elementor-price-list-title\">\n\t\t\t\t\t\t\tDireito \u00e0 portabilidade de dados:\t\t\t\t\t\t<\/span>\n\t\t\t\t\t\t\t\t\t\t\t\t\t\t\t\t\t\t<span class=\"elementor-price-list-separator\"><\/span>\n\t\t\t\t\t\t\t\t\t\t\t\t\t\t\t\t<\/div>\n\t\t\t\t\t\t\t\t\t\t\t\t\t\t\t<p class=\"elementor-price-list-description\">\n\t\t\t\t\t\t\t\u00a7 22 KDR-OG | \nArt. 20 EU-DSGV\t\t\t\t\t\t<\/p>\n\t\t\t\t\t\t\t\t<\/div>\n\t\t\t\t<\/li>\t\t\t\t\t\t\t\t\t\t\t\t<li class=\"elementor-price-list-item\">\t\t\t\t\n\t\t\t\t<div class=\"elementor-price-list-text\">\n\t\t\t\t\t\t\t\t\t<div class=\"elementor-price-list-header\">\n\t\t\t\t\t\t\t\t\t\t\t<span class=\"elementor-price-list-title\">\n\t\t\t\t\t\t\tDireito de oposi\u00e7\u00e3o:\t\t\t\t\t\t<\/span>\n\t\t\t\t\t\t\t\t\t\t\t\t\t\t\t\t\t\t<span class=\"elementor-price-list-separator\"><\/span>\n\t\t\t\t\t\t\t\t\t\t\t\t\t\t\t\t<\/div>\n\t\t\t\t\t\t\t\t\t\t\t\t\t\t\t<p class=\"elementor-price-list-description\">\n\t\t\t\t\t\t\t\u00a7 23 KDR-OG | \nArt. 21 EU-DSGVO\t\t\t\t\t\t<\/p>\n\t\t\t\t\t\t\t\t<\/div>\n\t\t\t\t<\/li>\t\t\t\t\t\n\t\t<\/ul>\n\n\t\t\t\t\t\t<\/div>\n\t\t\t\t<\/div>\n\t\t\t\t<\/div>\n\t\t\t\t<\/div>\n\t\t\t\t<div class=\"elementor-element elementor-element-3c3eba8c elementor-widget elementor-widget-heading\" data-id=\"3c3eba8c\" data-element_type=\"widget\" data-e-type=\"widget\" data-widget_type=\"heading.default\">\n\t\t\t\t<div class=\"elementor-widget-container\">\n\t\t\t\t\t<h3 class=\"elementor-heading-title elementor-size-default\"><br>Armazenamento, direito \u00e0 informa\u00e7\u00e3o, exclus\u00e3o\n\n<\/h3>\t\t\t\t<\/div>\n\t\t\t\t<\/div>\n\t\t\t\t<div class=\"elementor-element elementor-element-276fa3ec elementor-widget elementor-widget-text-editor\" data-id=\"276fa3ec\" data-element_type=\"widget\" data-e-type=\"widget\" data-widget_type=\"text-editor.default\">\n\t\t\t\t<div class=\"elementor-widget-container\">\n\t\t\t\t\t\t\t\t\t<p>Se armazenarmos seus dados com base em uma permiss\u00e3o existente, isso s\u00f3 ocorrer\u00e1 enquanto os dados forem realmente necess\u00e1rios para a finalidade declarada. Os dados que n\u00e3o forem mais necess\u00e1rios ser\u00e3o exclu\u00eddos no final do \u00faltimo ano de uso. Mediante solicita\u00e7\u00e3o, teremos prazer em inform\u00e1-lo sobre os dados armazenados sobre sua pessoa. Os dados pessoais armazenados ser\u00e3o exclu\u00eddos se voc\u00ea revogar seu consentimento para o armazenamento, se o seu conhecimento n\u00e3o for mais necess\u00e1rio para cumprir a finalidade para a qual foram armazenados ou se o seu armazenamento for inadmiss\u00edvel por outros motivos legais. Se os dados armazenados estiverem incorretos, a pessoa em quest\u00e3o pode exigir sua corre\u00e7\u00e3o.    <\/p>\t\t\t\t\t\t\t\t<\/div>\n\t\t\t\t<\/div>\n\t\t\t\t<div class=\"elementor-element elementor-element-324013b9 elementor-widget elementor-widget-heading\" data-id=\"324013b9\" data-element_type=\"widget\" data-e-type=\"widget\" data-widget_type=\"heading.default\">\n\t\t\t\t<div class=\"elementor-widget-container\">\n\t\t\t\t\t<h3 class=\"elementor-heading-title elementor-size-default\">Refer\u00eancia ao direito de recurso\n\n<\/h3>\t\t\t\t<\/div>\n\t\t\t\t<\/div>\n\t\t\t\t<div class=\"elementor-element elementor-element-1f904da1 elementor-widget elementor-widget-text-editor\" data-id=\"1f904da1\" data-element_type=\"widget\" data-e-type=\"widget\" data-widget_type=\"text-editor.default\">\n\t\t\t\t<div class=\"elementor-widget-container\">\n\t\t\t\t\t\t\t\t\t<p>Sem preju\u00edzo de qualquer outra via de recurso, qualquer pessoa em causa tem o direito de recorrer \u00e0 autoridade de supervis\u00e3o de prote\u00e7\u00e3o de dados se considerar que o tratamento dos seus dados pessoais \u00e9 contr\u00e1rio \u00e0s disposi\u00e7\u00f5es da KDR-OG ou outras disposi\u00e7\u00f5es em mat\u00e9ria de prote\u00e7\u00e3o de dados. (Ver \u00a7 48 KDR-OG) <\/p><p>Contate o respons\u00e1vel pela prote\u00e7\u00e3o de dados e a autoridade supervisora de prote\u00e7\u00e3o de dados:<\/p><p>por exemplo, datenschutz@schoenstatt.com<\/p><p>Coleta de dados neste site<\/p>\t\t\t\t\t\t\t\t<\/div>\n\t\t\t\t<\/div>\n\t\t\t\t<div class=\"elementor-element elementor-element-5108b5da elementor-widget elementor-widget-heading\" data-id=\"5108b5da\" data-element_type=\"widget\" data-e-type=\"widget\" data-widget_type=\"heading.default\">\n\t\t\t\t<div class=\"elementor-widget-container\">\n\t\t\t\t\t<h3 class=\"elementor-heading-title elementor-size-default\">Inser\u00e7\u00e3o de dados pessoais\n\n<\/h3>\t\t\t\t<\/div>\n\t\t\t\t<\/div>\n\t\t\t\t<div class=\"elementor-element elementor-element-73e61f7e elementor-widget elementor-widget-text-editor\" data-id=\"73e61f7e\" data-element_type=\"widget\" data-e-type=\"widget\" data-widget_type=\"text-editor.default\">\n\t\t\t\t<div class=\"elementor-widget-container\">\n\t\t\t\t\t\t\t\t\t<p>Para utilizar o nosso site, n\u00e3o \u00e9 necess\u00e1rio que nos forne\u00e7a dados pessoais, a menos que deseje usufruir de determinadas ofertas nossas. Somente nesse caso ser\u00e1 necess\u00e1rio que nos forne\u00e7a determinados dados. <\/p>\t\t\t\t\t\t\t\t<\/div>\n\t\t\t\t<\/div>\n\t\t\t\t<div class=\"elementor-element elementor-element-6edea53e elementor-widget elementor-widget-heading\" data-id=\"6edea53e\" data-element_type=\"widget\" data-e-type=\"widget\" data-widget_type=\"heading.default\">\n\t\t\t\t<div class=\"elementor-widget-container\">\n\t\t\t\t\t<h3 class=\"elementor-heading-title elementor-size-default\">Coleta de dados pessoais\n\n\n<\/h3>\t\t\t\t<\/div>\n\t\t\t\t<\/div>\n\t\t\t\t<div class=\"elementor-element elementor-element-6d8d7849 elementor-widget elementor-widget-text-editor\" data-id=\"6d8d7849\" data-element_type=\"widget\" data-e-type=\"widget\" data-widget_type=\"text-editor.default\">\n\t\t\t\t<div class=\"elementor-widget-container\">\n\t\t\t\t\t\t\t\t\t<p><a href=\"https:\/\/wnacgxff.elementor.cloud\/contact\/\">Formul\u00e1rio de contato<\/a><\/p><p>Schoenstatt International oferece a possibilidade de inserir dados pessoais ou comerciais (endere\u00e7os de e-mail, nomes, endere\u00e7os) ao escrever para voc\u00ea, para fins de encomenda, para feedback e para inser\u00e7\u00e3o no livro de visitas. O uso dos servi\u00e7os oferecidos por parte do usu\u00e1rio ocorre expressamente de forma volunt\u00e1ria. <\/p><p>Os dados pessoais s\u00f3 ser\u00e3o coletados, utilizados e, se necess\u00e1rio, transmitidos por n\u00f3s se isso for permitido por lei. Em nenhuma circunst\u00e2ncia os dados ser\u00e3o transferidos para \u00e1reas fora da UE. A permiss\u00e3o legal para o processamento correspondente baseia-se no artigo 6 do regulamento b\u00e1sico de prote\u00e7\u00e3o de dados da UE, porque  <\/p><p>\u2013 o titular dos dados deu o seu consentimento para o tratamento dos seus dados pessoais para uma ou mais finalidades espec\u00edficas;<\/p><p>\u2013 o tratamento \u00e9 necess\u00e1rio para a execu\u00e7\u00e3o de um contrato em que o titular dos dados \u00e9 parte ou para a implementa\u00e7\u00e3o de medidas pr\u00e9-contratuais tomadas a pedido do titular dos dados;<\/p><p>\u2013 o tratamento \u00e9 necess\u00e1rio para o desempenho de uma tarefa realizada no interesse p\u00fablico ou no exerc\u00edcio de poderes oficiais atribu\u00eddos ao respons\u00e1vel pelo tratamento.<\/p>\t\t\t\t\t\t\t\t<\/div>\n\t\t\t\t<\/div>\n\t\t\t\t<div class=\"elementor-element elementor-element-5db0845a elementor-widget elementor-widget-heading\" data-id=\"5db0845a\" data-element_type=\"widget\" data-e-type=\"widget\" data-widget_type=\"heading.default\">\n\t\t\t\t<div class=\"elementor-widget-container\">\n\t\t\t\t\t<h3 class=\"elementor-heading-title elementor-size-default\">Fun\u00e7\u00e3o dos coment\u00e1rios neste site\n\n\n\n<\/h3>\t\t\t\t<\/div>\n\t\t\t\t<\/div>\n\t\t\t\t<div class=\"elementor-element elementor-element-2d1be0cf elementor-widget elementor-widget-text-editor\" data-id=\"2d1be0cf\" data-element_type=\"widget\" data-e-type=\"widget\" data-widget_type=\"text-editor.default\">\n\t\t\t\t<div class=\"elementor-widget-container\">\n\t\t\t\t\t\t\t\t\t<p>Para a fun\u00e7\u00e3o de coment\u00e1rios nesta p\u00e1gina, al\u00e9m do seu coment\u00e1rio, ser\u00e3o armazenadas informa\u00e7\u00f5es sobre a hora em que o coment\u00e1rio foi publicado e, caso voc\u00ea n\u00e3o publique anonimamente, o nome de usu\u00e1rio que voc\u00ea escolheu.<\/p>\t\t\t\t\t\t\t\t<\/div>\n\t\t\t\t<\/div>\n\t\t\t\t<div class=\"elementor-element elementor-element-39f840a9 elementor-widget elementor-widget-heading\" data-id=\"39f840a9\" data-element_type=\"widget\" data-e-type=\"widget\" data-widget_type=\"heading.default\">\n\t\t\t\t<div class=\"elementor-widget-container\">\n\t\t\t\t\t<h3 class=\"elementor-heading-title elementor-size-default\">Armazenamento do endere\u00e7o IP\n\n\n\n\n<\/h3>\t\t\t\t<\/div>\n\t\t\t\t<\/div>\n\t\t\t\t<div class=\"elementor-element elementor-element-975a173 elementor-widget elementor-widget-text-editor\" data-id=\"975a173\" data-element_type=\"widget\" data-e-type=\"widget\" data-widget_type=\"text-editor.default\">\n\t\t\t\t<div class=\"elementor-widget-container\">\n\t\t\t\t\t\t\t\t\t<p>Nosso recurso de coment\u00e1rios armazena os endere\u00e7os IP dos usu\u00e1rios que publicam coment\u00e1rios. Como n\u00e3o revisamos estes conte\u00fados antes de ativ\u00e1-los neste site, precisamos desses dados para poder tomar medidas contra o autor em caso de infra\u00e7\u00f5es, como insultos ou propagandas. <\/p>\t\t\t\t\t\t\t\t<\/div>\n\t\t\t\t<\/div>\n\t\t\t\t<\/div>\n\t\t\t\t\t<\/div>\n\t\t\t\t<\/div>\n\t\t<div class=\"elementor-element elementor-element-2a77192c e-flex e-con-boxed e-con e-parent\" data-id=\"2a77192c\" data-element_type=\"container\" data-e-type=\"container\">\n\t\t\t\t\t<div class=\"e-con-inner\">\n\t\t<div class=\"elementor-element elementor-element-4901a39b e-con-full e-flex e-con e-child\" data-id=\"4901a39b\" data-element_type=\"container\" data-e-type=\"container\">\n\t\t\t\t<div class=\"elementor-element elementor-element-5a2f36e6 elementor-widget elementor-widget-heading\" data-id=\"5a2f36e6\" data-element_type=\"widget\" data-e-type=\"widget\" data-widget_type=\"heading.default\">\n\t\t\t\t<div class=\"elementor-widget-container\">\n\t\t\t\t\t<h3 class=\"elementor-heading-title elementor-size-default\">Per\u00edodo de armazenamento dos coment\u00e1rios\n\n<\/h3>\t\t\t\t<\/div>\n\t\t\t\t<\/div>\n\t\t\t\t<div class=\"elementor-element elementor-element-2e4dcc81 elementor-widget elementor-widget-text-editor\" data-id=\"2e4dcc81\" data-element_type=\"widget\" data-e-type=\"widget\" data-widget_type=\"text-editor.default\">\n\t\t\t\t<div class=\"elementor-widget-container\">\n\t\t\t\t\t\t\t\t\t<p>Os coment\u00e1rios e os dados relacionados (por exemplo, os endere\u00e7os IP) s\u00e3o armazenados e permanecem neste site at\u00e9 que o conte\u00fado comentado seja completamente exclu\u00eddo ou os coment\u00e1rios tenham que ser exclu\u00eddos por motivos legais (por exemplo, coment\u00e1rios ofensivos).<\/p>\t\t\t\t\t\t\t\t<\/div>\n\t\t\t\t<\/div>\n\t\t\t\t<div class=\"elementor-element elementor-element-79bd2588 elementor-widget elementor-widget-heading\" data-id=\"79bd2588\" data-element_type=\"widget\" data-e-type=\"widget\" data-widget_type=\"heading.default\">\n\t\t\t\t<div class=\"elementor-widget-container\">\n\t\t\t\t\t<h3 class=\"elementor-heading-title elementor-size-default\">Base legal\n\n<\/h3>\t\t\t\t<\/div>\n\t\t\t\t<\/div>\n\t\t\t\t<div class=\"elementor-element elementor-element-c0aa17e elementor-widget elementor-widget-text-editor\" data-id=\"c0aa17e\" data-element_type=\"widget\" data-e-type=\"widget\" data-widget_type=\"text-editor.default\">\n\t\t\t\t<div class=\"elementor-widget-container\">\n\t\t\t\t\t\t\t\t\t<p>Os coment\u00e1rios s\u00e3o armazenados com base no seu consentimento (Art. 6, par\u00e1grafo 1, al\u00ednea a) do RGPD). Voc\u00ea pode revogar seu consentimento a qualquer momento. Para isso, basta nos enviar um e-mail informal. A legalidade das opera\u00e7\u00f5es de processamento de dados j\u00e1 realizadas n\u00e3o \u00e9 afetada pela revoga\u00e7\u00e3o.   <\/p>\t\t\t\t\t\t\t\t<\/div>\n\t\t\t\t<\/div>\n\t\t\t\t<div class=\"elementor-element elementor-element-13c41f4 elementor-widget elementor-widget-heading\" data-id=\"13c41f4\" data-element_type=\"widget\" data-e-type=\"widget\" data-widget_type=\"heading.default\">\n\t\t\t\t<div class=\"elementor-widget-container\">\n\t\t\t\t\t<h3 class=\"elementor-heading-title elementor-size-default\">Correio eletr\u00f4nico (e-mail)\n<\/h3>\t\t\t\t<\/div>\n\t\t\t\t<\/div>\n\t\t\t\t<div class=\"elementor-element elementor-element-f015cf8 elementor-widget__width-initial elementor-widget elementor-widget-text-editor\" data-id=\"f015cf8\" data-element_type=\"widget\" data-e-type=\"widget\" data-widget_type=\"text-editor.default\">\n\t\t\t\t<div class=\"elementor-widget-container\">\n\t\t\t\t\t\t\t\t\t<p>As informa\u00e7\u00f5es que voc\u00ea nos enviar sem criptografia por correio eletr\u00f4nico (e-mail) podem ser lidas por terceiros durante a transmiss\u00e3o. Como regra geral, tamb\u00e9m n\u00e3o podemos verificar sua identidade e n\u00e3o sabemos quem \u00e9 o verdadeiro propriet\u00e1rio de um endere\u00e7o de e-mail. Portanto, n\u00e3o \u00e9 garantida uma comunica\u00e7\u00e3o juridicamente segura por e-mail simples. Tal como muitos provedores de e-mail, utilizamos filtros contra publicidade indesejada (\u201cfiltros de SPAM\u201d), que, em alguns casos, classificam e excluem automaticamente at\u00e9 mesmo e-mails normais como publicidade indesejada. E-mails que cont\u00eam programas maliciosos (\u201cv\u00edrus\u201d) s\u00e3o automaticamente exclu\u00eddos por n\u00f3s em todos os casos. Se voc\u00ea deseja nos enviar mensagens que merecem prote\u00e7\u00e3o, recomendamos que voc\u00ea nos envie a mensagem por correio convencional.     <\/p>\t\t\t\t\t\t\t\t<\/div>\n\t\t\t\t<\/div>\n\t\t\t\t<div class=\"elementor-element elementor-element-d1910a8 elementor-widget elementor-widget-heading\" data-id=\"d1910a8\" data-element_type=\"widget\" data-e-type=\"widget\" data-widget_type=\"heading.default\">\n\t\t\t\t<div class=\"elementor-widget-container\">\n\t\t\t\t\t<h3 class=\"elementor-heading-title elementor-size-default\">Cookies<\/h3>\t\t\t\t<\/div>\n\t\t\t\t<\/div>\n\t\t\t\t<div class=\"elementor-element elementor-element-22a61f18 elementor-widget elementor-widget-text-editor\" data-id=\"22a61f18\" data-element_type=\"widget\" data-e-type=\"widget\" data-widget_type=\"text-editor.default\">\n\t\t\t\t<div class=\"elementor-widget-container\">\n\t\t\t\t\t\t\t\t\t<p>Algumas p\u00e1ginas da internet utilizam os chamados cookies. Os cookies n\u00e3o causam danos ao seu computador e n\u00e3o cont\u00eam v\u00edrus. Os cookies servem para tornar mais simples, mais eficaz e mais segura a utiliza\u00e7\u00e3o dos nossos conte\u00fados. Os cookies s\u00e3o pequenos arquivos de texto que s\u00e3o armazenados no seu computador pelo seu navegador.   <\/p><p>A maioria dos cookies que utilizamos s\u00e3o os chamados \u201ccookies de sess\u00e3o\u201d. Eles s\u00e3o automaticamente exclu\u00eddos ao final da sua visita. Outros cookies permanecem armazenados no seu terminal at\u00e9 que voc\u00ea os exclua. Esses cookies nos permitem reconhecer o seu navegador durante a sua pr\u00f3xima visita.   <\/p><p>Voc\u00ea pode configurar seu navegador para ser informado sobre a configura\u00e7\u00e3o de cookies e permitir cookies apenas em casos individuais, aceitar cookies para determinados casos ou exclu\u00ed-los de forma geral e ativar a exclus\u00e3o autom\u00e1tica de cookies ao fechar o navegador. Se os cookies forem desativados, a funcionalidade deste site poder\u00e1 ser restrita. <\/p><p>Os cookies necess\u00e1rios para realizar o processo de comunica\u00e7\u00e3o eletr\u00f4nica ou para fornecer determinadas fun\u00e7\u00f5es solicitadas por voc\u00ea (por exemplo, a fun\u00e7\u00e3o \u201ccarrinho de compras\u201d) s\u00e3o armazenados com base no Art. 6, par\u00e1grafo 1, al\u00ednea f) do RGPD. O operador do site tem um interesse justificado no armazenamento de cookies para a presta\u00e7\u00e3o otimizada e sem erros t\u00e9cnicos dos seus servi\u00e7os. Se tiver sido solicitado um consentimento correspondente (por exemplo, um consentimento para o armazenamento de cookies), o processamento \u00e9 realizado exclusivamente com base no Art. 6, par\u00e1grafo 1, al\u00ednea a) do RGPD; o consentimento pode ser revogado a qualquer momento.      <\/p><p>Na medida em que outros cookies (por exemplo, cookies para analisar o seu comportamento de navega\u00e7\u00e3o) forem armazenados, estes ser\u00e3o tratados separadamente nesta declara\u00e7\u00e3o de prote\u00e7\u00e3o de dados.<\/p>\t\t\t\t\t\t\t\t<\/div>\n\t\t\t\t<\/div>\n\t\t\t\t<div class=\"elementor-element elementor-element-76ce1763 elementor-widget elementor-widget-heading\" data-id=\"76ce1763\" data-element_type=\"widget\" data-e-type=\"widget\" data-widget_type=\"heading.default\">\n\t\t\t\t<div class=\"elementor-widget-container\">\n\t\t\t\t\t<h2 class=\"elementor-heading-title elementor-size-default\">M\u00eddias sociais\n<\/h2>\t\t\t\t<\/div>\n\t\t\t\t<\/div>\n\t\t\t\t<div class=\"elementor-element elementor-element-2adda13f elementor-widget elementor-widget-heading\" data-id=\"2adda13f\" data-element_type=\"widget\" data-e-type=\"widget\" data-widget_type=\"heading.default\">\n\t\t\t\t<div class=\"elementor-widget-container\">\n\t\t\t\t\t<h3 class=\"elementor-heading-title elementor-size-default\">Plugins do Facebook (bot\u00f5es Curtir e Compartilhar)\n<\/h3>\t\t\t\t<\/div>\n\t\t\t\t<\/div>\n\t\t\t\t<div class=\"elementor-element elementor-element-fc96d08 elementor-widget elementor-widget-text-editor\" data-id=\"fc96d08\" data-element_type=\"widget\" data-e-type=\"widget\" data-widget_type=\"text-editor.default\">\n\t\t\t\t<div class=\"elementor-widget-container\">\n\t\t\t\t\t\t\t\t\t<p>Neste site est\u00e3o integrados plugins da rede social Facebook. O provedor deste servi\u00e7o \u00e9 a Facebook Ireland Limited, 4 Grand Canal Square, Dublin 2, Irlanda. No entanto, de acordo com o Facebook, os dados coletados tamb\u00e9m s\u00e3o transferidos para os EUA e outros pa\u00edses terceiros.  <\/p><p>Os plugins do Facebook podem ser identificados pelo logotipo do Facebook ou pelo bot\u00e3o \u201cCurtir\u201d neste site. Uma vis\u00e3o geral dos plugins do Facebook pode ser encontrada aqui: <\/p><p><a href=\"https:\/\/developers.facebook.com\/docs\/plugins\/?locale=de_DE\">https:\/\/developers.facebook.com\/docs\/plugins\/?locale=de_DE<\/a><\/p><p>Ao visitar este site, o plugin estabelece uma conex\u00e3o direta entre o seu navegador e o servidor do Facebook. O Facebook recebe a informa\u00e7\u00e3o de que voc\u00ea visitou este site com o seu endere\u00e7o IP. Se voc\u00ea clicar no bot\u00e3o \u201cCurtir\u201d do Facebook enquanto estiver conectado \u00e0 sua conta do Facebook, poder\u00e1 vincular o conte\u00fado deste site ao seu perfil do Facebook. Isso permite que o Facebook associe a visita a este site \u00e0 sua conta de usu\u00e1rio. Gostar\u00edamos de salientar que, como provedor das p\u00e1ginas, n\u00e3o temos conhecimento do conte\u00fado dos dados transmitidos nem da sua utiliza\u00e7\u00e3o pelo Facebook. Para mais informa\u00e7\u00f5es sobre este assunto, consulte a pol\u00edtica de privacidade do Facebook em: <a href=\"https:\/\/de-de.facebook.com\/privacy\/explanation\">https:\/\/de-de.facebook.com\/privacy\/explanation<\/a>     <\/p><p>Se voc\u00ea n\u00e3o quer que o Facebook associe sua visita a este site com a sua conta de usu\u00e1rio do Facebook, fa\u00e7a logout da sua conta de usu\u00e1rio do Facebook.<\/p><p>Os plugins do Facebook s\u00e3o utilizados com base no Art. 6, par\u00e1grafo 1, al\u00ednea f) do RGPD. O operador do site tem um interesse leg\u00edtimo em obter a maior visibilidade poss\u00edvel nas redes sociais.   <\/p>\t\t\t\t\t\t\t\t<\/div>\n\t\t\t\t<\/div>\n\t\t\t\t<div class=\"elementor-element elementor-element-356e9cff elementor-widget elementor-widget-heading\" data-id=\"356e9cff\" data-element_type=\"widget\" data-e-type=\"widget\" data-widget_type=\"heading.default\">\n\t\t\t\t<div class=\"elementor-widget-container\">\n\t\t\t\t\t<h3 class=\"elementor-heading-title elementor-size-default\">Plugin do Twitter\n<\/h3>\t\t\t\t<\/div>\n\t\t\t\t<\/div>\n\t\t\t\t<div class=\"elementor-element elementor-element-5633c1da elementor-widget elementor-widget-text-editor\" data-id=\"5633c1da\" data-element_type=\"widget\" data-e-type=\"widget\" data-widget_type=\"text-editor.default\">\n\t\t\t\t<div class=\"elementor-widget-container\">\n\t\t\t\t\t\t\t\t\t<p>As fun\u00e7\u00f5es do servi\u00e7o Twitter est\u00e3o integradas neste site. Essas fun\u00e7\u00f5es s\u00e3o oferecidas pela Twitter Inc, 1355 Market Street, Suite 900, San Francisco, CA 94103, EUA. Ao utilizar o Twitter e a fun\u00e7\u00e3o \u201cRe-Tweet\u201d, os sites que voc\u00ea visita s\u00e3o vinculados \u00e0 sua conta do Twitter e divulgados a outros usu\u00e1rios. Os dados tamb\u00e9m s\u00e3o transferidos para o Twitter. Gostar\u00edamos de salientar que, como fornecedor das p\u00e1ginas, n\u00e3o temos conhecimento do conte\u00fado dos dados transmitidos nem da sua utiliza\u00e7\u00e3o pelo Twitter. Para mais informa\u00e7\u00f5es sobre este assunto, consulte a declara\u00e7\u00e3o de prote\u00e7\u00e3o de dados do Twitter em:<a href=\"https:\/\/twitter.com\/de\/privacy\"> https:\/\/twitter.com\/de\/privacy<\/a>     <\/p><p>O plugin do Twitter \u00e9 utilizado com base no Art. 6, par\u00e1grafo 1, al\u00ednea f) do RGPD. O operador do site tem um interesse leg\u00edtimo em obter a maior visibilidade poss\u00edvel nas redes sociais.   <\/p><p>\u00c9 poss\u00edvel alterar as configura\u00e7\u00f5es de prote\u00e7\u00e3o de dados no Twitter nas configura\u00e7\u00f5es da conta em <a href=\"https:\/\/twitter.com\/account\/settings\">https:\/\/twitter.com\/account\/settings<\/a><\/p>\t\t\t\t\t\t\t\t<\/div>\n\t\t\t\t<\/div>\n\t\t\t\t<div class=\"elementor-element elementor-element-4132316b elementor-widget elementor-widget-heading\" data-id=\"4132316b\" data-element_type=\"widget\" data-e-type=\"widget\" data-widget_type=\"heading.default\">\n\t\t\t\t<div class=\"elementor-widget-container\">\n\t\t\t\t\t<h3 class=\"elementor-heading-title elementor-size-default\">Plugin do Instagram\n\n<\/h3>\t\t\t\t<\/div>\n\t\t\t\t<\/div>\n\t\t\t\t<div class=\"elementor-element elementor-element-3f4e7164 elementor-widget elementor-widget-text-editor\" data-id=\"3f4e7164\" data-element_type=\"widget\" data-e-type=\"widget\" data-widget_type=\"text-editor.default\">\n\t\t\t\t<div class=\"elementor-widget-container\">\n\t\t\t\t\t\t\t\t\t<p>Este site inclui fun\u00e7\u00f5es dos servi\u00e7os do Instagram. Essas fun\u00e7\u00f5es s\u00e3o oferecidas pela Instagram Inc., 1601 Willow Road, Menlo Park, CA 94025, EUA. <\/p><p>Se estiver conectado \u00e0 sua conta do Instagram, voc\u00ea poder\u00e1 vincular o conte\u00fado deste site ao seu perfil do Instagram clicando no bot\u00e3o do Instagram. Isso permite que o Instagram associe a visita a este site \u00e0 sua conta de usu\u00e1rio. Gostar\u00edamos de salientar que, como provedor do site, n\u00e3o temos conhecimento do conte\u00fado dos dados transmitidos nem da sua utiliza\u00e7\u00e3o pelo Instagram.  <\/p><p>O plugin do Instagram \u00e9 utilizado com base no Art. 6, par\u00e1grafo 1, al\u00ednea f) do RGPD. O operador do site tem um interesse leg\u00edtimo em obter a maior visibilidade poss\u00edvel nas redes sociais.   <\/p><p>Mais informa\u00e7\u00f5es podem ser encontradas na pol\u00edtica de privacidade do Instagram: <a href=\"https:\/\/instagram.com\/about\/legal\/privacy\/\">https:\/\/instagram.com\/about\/legal\/privacy\/<\/a><\/p>\t\t\t\t\t\t\t\t<\/div>\n\t\t\t\t<\/div>\n\t\t\t\t<div class=\"elementor-element elementor-element-7e89f924 elementor-widget elementor-widget-heading\" data-id=\"7e89f924\" data-element_type=\"widget\" data-e-type=\"widget\" data-widget_type=\"heading.default\">\n\t\t\t\t<div class=\"elementor-widget-container\">\n\t\t\t\t\t<h3 class=\"elementor-heading-title elementor-size-default\">Plugin do Pinterest\n\n\n<\/h3>\t\t\t\t<\/div>\n\t\t\t\t<\/div>\n\t\t\t\t<div class=\"elementor-element elementor-element-ffb7713 elementor-widget elementor-widget-text-editor\" data-id=\"ffb7713\" data-element_type=\"widget\" data-e-type=\"widget\" data-widget_type=\"text-editor.default\">\n\t\t\t\t<div class=\"elementor-widget-container\">\n\t\t\t\t\t\t\t\t\t<p>Neste site, utilizamos plugins sociais da rede social Pinterest, operada pela Pinterest Inc., 808 Brannan Street, San Francisco, CA 94103-490, EUA (\u201cPinterest\u201d).<\/p><p>Quando voc\u00ea visita uma p\u00e1gina que cont\u00e9m esse plugin, seu navegador se conecta diretamente aos servidores do Pinterest. O plugin transmite dados de protocolo para o servidor do Pinterest nos EUA. Essas informa\u00e7\u00f5es de registro podem incluir seu endere\u00e7o IP, o endere\u00e7o dos sites visitados que tamb\u00e9m incluem recursos do Pinterest, tipo e configura\u00e7\u00f5es do navegador, data e hora da solicita\u00e7\u00e3o, seu uso do Pinterest e cookies.  <\/p><p>O plugin do Pinterest \u00e9 utilizado com base no Art. 6, par\u00e1grafo 1, al\u00ednea f) do RGPD. O operador do site tem um interesse leg\u00edtimo em obter a maior visibilidade poss\u00edvel nas redes sociais.   <\/p><p>Mais informa\u00e7\u00f5es sobre a finalidade, o \u00e2mbito e o tratamento e utiliza\u00e7\u00e3o posteriores dos dados pela Pinterest, bem como os seus direitos e possibilidades de proteger a sua privacidade a este respeito, podem ser encontradas nas informa\u00e7\u00f5es sobre prote\u00e7\u00e3o de dados da Pinterest: <a href=\"https:\/\/policy.pinterest.com\/de\/privacy-policy\">https:\/\/policy.pinterest.com\/de\/privacy-policy<\/a><\/p>\t\t\t\t\t\t\t\t<\/div>\n\t\t\t\t<\/div>\n\t\t\t\t<div class=\"elementor-element elementor-element-350f4de2 elementor-widget elementor-widget-heading\" data-id=\"350f4de2\" data-element_type=\"widget\" data-e-type=\"widget\" data-widget_type=\"heading.default\">\n\t\t\t\t<div class=\"elementor-widget-container\">\n\t\t\t\t\t<h3 class=\"elementor-heading-title elementor-size-default\">Dados da newsletter\n\n\n\n<\/h3>\t\t\t\t<\/div>\n\t\t\t\t<\/div>\n\t\t\t\t<div class=\"elementor-element elementor-element-528530a elementor-widget elementor-widget-text-editor\" data-id=\"528530a\" data-element_type=\"widget\" data-e-type=\"widget\" data-widget_type=\"text-editor.default\">\n\t\t\t\t<div class=\"elementor-widget-container\">\n\t\t\t\t\t\t\t\t\t<p>Se desejar receber a newsletter oferecida em site, nosso boletim de not\u00edcias, precisamos do seu endere\u00e7o de e-mail, bem como de informa\u00e7\u00f5es que nos permitam verificar que voc\u00ea \u00e9 o propriet\u00e1rio do endere\u00e7o de e-mail fornecido e que concorda em receber a newsletter. Outros dados n\u00e3o ser\u00e3o coletados ou ser\u00e3o coletados apenas de forma volunt\u00e1ria. Utilizamos esses dados exclusivamente para o envio das informa\u00e7\u00f5es solicitadas e n\u00e3o os repassamos a terceiros.  <\/p><p>Os dados inseridos no formul\u00e1rio de inscri\u00e7\u00e3o da newsletter ser\u00e3o processados exclusivamente com base no seu consentimento (Art. 6, par\u00e1grafo 1, al\u00ednea a) do RGPD). Voc\u00ea pode revogar o seu consentimento para o armazenamento de dados, endere\u00e7o de e-mail e sua utiliza\u00e7\u00e3o para o envio da newsletter a qualquer momento, por exemplo, atrav\u00e9s do link \u201cCancelar inscri\u00e7\u00e3o\u201d na newsletter. A legalidade das opera\u00e7\u00f5es de processamento de dados j\u00e1 realizadas n\u00e3o \u00e9 afetada pela revoga\u00e7\u00e3o.  <\/p><p>Os dados que voc\u00ea armazenou conosco com a finalidade de assinar o boletim informativo ser\u00e3o armazenados por n\u00f3s at\u00e9 que voc\u00ea cancele a assinatura do boletim informativo ou do provedor de servi\u00e7os do boletim informativo e exclu\u00eddos da lista de distribui\u00e7\u00e3o do boletim informativo ap\u00f3s o cancelamento da assinatura. Os dados armazenados por n\u00f3s para outras finalidades n\u00e3o s\u00e3o afetados por isso. <\/p><p>Ap\u00f3s cancelar a assinatura da lista de distribui\u00e7\u00e3o da newsletter, seu endere\u00e7o de e-mail poder\u00e1 ser armazenado por n\u00f3s ou pelo provedor de servi\u00e7os da newsletter em uma lista negra para evitar envios futuros. Os dados da lista negra ser\u00e3o utilizados apenas para este fim e n\u00e3o ser\u00e3o combinados com outros dados. Isso serve tanto ao seu interesse quanto ao nosso interesse em cumprir os requisitos legais ao enviar boletins informativos (interesse leg\u00edtimo no sentido do Art. 6, par\u00e1grafo 1, al\u00ednea f do RGPD). O armazenamento na lista negra n\u00e3o \u00e9 limitado no tempo. Voc\u00ea pode se opor ao armazenamento se seus interesses superarem nosso interesse leg\u00edtimo.    <\/p>\t\t\t\t\t\t\t\t<\/div>\n\t\t\t\t<\/div>\n\t\t\t\t<div class=\"elementor-element elementor-element-73121ebd elementor-widget elementor-widget-heading\" data-id=\"73121ebd\" data-element_type=\"widget\" data-e-type=\"widget\" data-widget_type=\"heading.default\">\n\t\t\t\t<div class=\"elementor-widget-container\">\n\t\t\t\t\t<h2 class=\"elementor-heading-title elementor-size-default\">Plugins e ferramentas<\/h2>\t\t\t\t<\/div>\n\t\t\t\t<\/div>\n\t\t\t\t<div class=\"elementor-element elementor-element-2ca2e2cc elementor-widget elementor-widget-heading\" data-id=\"2ca2e2cc\" data-element_type=\"widget\" data-e-type=\"widget\" data-widget_type=\"heading.default\">\n\t\t\t\t<div class=\"elementor-widget-container\">\n\t\t\t\t\t<h3 class=\"elementor-heading-title elementor-size-default\">Componentes do YouTube\n\n\n<\/h3>\t\t\t\t<\/div>\n\t\t\t\t<\/div>\n\t\t\t\t<div class=\"elementor-element elementor-element-ffc9b1d elementor-widget elementor-widget-text-editor\" data-id=\"ffc9b1d\" data-element_type=\"widget\" data-e-type=\"widget\" data-widget_type=\"text-editor.default\">\n\t\t\t\t<div class=\"elementor-widget-container\">\n\t\t\t\t\t\t\t\t\t<p>Uso de componentes do YouTube com modo de privacidade avan\u00e7ado<\/p><p>Em nosso site, utilizamos componentes (v\u00eddeos) da empresa YouTube, LLC 901 Cherry Ave,<\/p><p>94066 San Bruno, CA, EUA, uma empresa da Google Inc., Amphitheatre Parkway, Mountain View, CA 94043, EUA. Utilizamos a op\u00e7\u00e3o fornecida pelo YouTube \u201cmodo de prote\u00e7\u00e3o de dados estendido\u201d. Quando voc\u00ea visita uma p\u00e1gina que cont\u00e9m um v\u00eddeo incorporado, o YouTube se conecta aos servidores do YouTube e exibe o conte\u00fado no site, notificando o seu navegador. De acordo com o YouTube, no \u201cmodo de privacidade avan\u00e7ado\u201d, apenas os dados s\u00e3o transmitidos para o servidor do YouTube, em particular quais dos nossos sites voc\u00ea visitou ao assistir ao v\u00eddeo. Se voc\u00ea estiver conectado ao YouTube ao mesmo tempo, essas informa\u00e7\u00f5es ser\u00e3o atribu\u00eddas \u00e0 sua conta do YouTube. Voc\u00ea pode evitar isso fazendo logout da sua conta antes de visitar nosso site.   <\/p><p>Mais informa\u00e7\u00f5es sobre as pr\u00e1ticas de privacidade do YouTube s\u00e3o fornecidas pelo Google no seguinte link: <a href=\"https:\/\/www.google.de\/intl\/de\/policies\/privacy\/\">https:\/\/www.google.de\/intl\/de\/policies\/privacy\/<\/a><\/p>\t\t\t\t\t\t\t\t<\/div>\n\t\t\t\t<\/div>\n\t\t\t\t<div class=\"elementor-element elementor-element-7369da74 elementor-widget elementor-widget-heading\" data-id=\"7369da74\" data-element_type=\"widget\" data-e-type=\"widget\" data-widget_type=\"heading.default\">\n\t\t\t\t<div class=\"elementor-widget-container\">\n\t\t\t\t\t<h3 class=\"elementor-heading-title elementor-size-default\">Google Maps\n\n<\/h3>\t\t\t\t<\/div>\n\t\t\t\t<\/div>\n\t\t\t\t<div class=\"elementor-element elementor-element-312911b9 elementor-widget elementor-widget-text-editor\" data-id=\"312911b9\" data-element_type=\"widget\" data-e-type=\"widget\" data-widget_type=\"text-editor.default\">\n\t\t\t\t<div class=\"elementor-widget-container\">\n\t\t\t\t\t\t\t\t\t<p>Utilizamos o componente \u201cGoogle Maps\u201d da empresa Google Inc., 1600 Amphitheatre Parkway, Mountain View, CA 94043 EUA, doravante designada \u201cGoogle\u201d, no nosso site. A Google define um cookie sempre que o componente \u201cGoogle Maps\u201d \u00e9 acionado, a fim de processar as configura\u00e7\u00f5es e os dados do usu\u00e1rio quando a p\u00e1gina na qual o componente \u201cGoogle Maps\u201d est\u00e1 integrado \u00e9 exibida.  <\/p><p>Como regra geral, este cookie n\u00e3o \u00e9 exclu\u00eddo quando voc\u00ea fecha o navegador, mas expira ap\u00f3s um determinado per\u00edodo de tempo, a menos que voc\u00ea o exclua manualmente antes. Se voc\u00ea n\u00e3o concordar com este processamento dos seus dados, \u00e9 poss\u00edvel desativar o servi\u00e7o \u201cGoogle Maps\u201d e, assim, impedir a transmiss\u00e3o de dados para o Google. Para fazer isso, voc\u00ea deve desativar a fun\u00e7\u00e3o Java Script no seu navegador. No entanto, gostar\u00edamos de salientar que, neste caso, voc\u00ea n\u00e3o poder\u00e1 usar o \u201cGoogle Maps\u201d ou poder\u00e1 us\u00e1-lo apenas de forma limitada.    <\/p><p>A utiliza\u00e7\u00e3o do \u201cGoogle Maps\u201d e das informa\u00e7\u00f5es obtidas atrav\u00e9s do \u201cGoogle Maps\u201d \u00e9 regida pelos Termos de Utiliza\u00e7\u00e3o do Google <a href=\"https:\/\/www.google.de\/intl\/de\/policies\/terms\/regional.html\">www.google.de\/intl\/de\/policies\/terms\/regional.html<\/a> e pelos termos e condi\u00e7\u00f5es adicionais do \u201cGoogle Maps\u201d <a href=\"https:\/\/www.google.com\/intl\/de_de\/help\/terms_maps.html\">https:\/\/www.google.com\/intl\/de_de\/help\/terms_maps.html<\/a><\/p>\t\t\t\t\t\t\t\t<\/div>\n\t\t\t\t<\/div>\n\t\t\t\t<div class=\"elementor-element elementor-element-7c15d045 elementor-widget elementor-widget-heading\" data-id=\"7c15d045\" data-element_type=\"widget\" data-e-type=\"widget\" data-widget_type=\"heading.default\">\n\t\t\t\t<div class=\"elementor-widget-container\">\n\t\t\t\t\t<h3 class=\"elementor-heading-title elementor-size-default\">Google Analytics\n\n<\/h3>\t\t\t\t<\/div>\n\t\t\t\t<\/div>\n\t\t\t\t<div class=\"elementor-element elementor-element-44c991de elementor-widget elementor-widget-text-editor\" data-id=\"44c991de\" data-element_type=\"widget\" data-e-type=\"widget\" data-widget_type=\"text-editor.default\">\n\t\t\t\t<div class=\"elementor-widget-container\">\n\t\t\t\t\t\t\t\t\t<p>Este site utiliza o Google Analytics, um servi\u00e7o de an\u00e1lise da web fornecido pela Google Inc. (\u201cGoogle\u201d). O Google Analytics usa \u201ccookies\u201d que s\u00e3o armazenados no seu computador para ajudar o site a analisar como os usu\u00e1rios utilizam este site. As informa\u00e7\u00f5es geradas pelos cookies sobre o seu uso do site geralmente s\u00e3o transmitidas para um servidor do Google nos Estados Unidos e armazenadas no seu computador.  <\/p><p>No entanto, se a anonimiza\u00e7\u00e3o do IP estiver ativada neste site, o Google truncar\u00e1 previamente o seu endere\u00e7o IP nos Estados-Membros da Uni\u00e3o Europeia ou em outros Estados signat\u00e1rios do Acordo sobre o Espa\u00e7o Econ\u00f4mico Europeu. Apenas em casos excepcionais o endere\u00e7o IP completo ser\u00e1 transmitido e truncado pelo Google em servidores nos Estados Unidos. A anonimiza\u00e7\u00e3o do IP est\u00e1 ativa neste site. Em nome do operador deste site, o Google utilizar\u00e1 estas informa\u00e7\u00f5es para avaliar a sua utiliza\u00e7\u00e3o do site, para compilar relat\u00f3rios sobre a atividade do site e para fornecer outros servi\u00e7os relacionados com a atividade do site e a utiliza\u00e7\u00e3o da Internet ao operador do site.   <\/p><p>O endere\u00e7o IP transmitido pelo seu navegador como parte do Google Analytics n\u00e3o \u00e9 combinado com outros dados do Google. Voc\u00ea pode recusar o uso de cookies selecionando as configura\u00e7\u00f5es apropriadas no seu navegador, no entanto, observe que, se fizer isso, poder\u00e1 n\u00e3o conseguir usar todas as funcionalidades deste site. Voc\u00ea tamb\u00e9m pode impedir que o Google colete os dados gerados pelo cookie e relacionados ao seu uso do site (incluindo seu endere\u00e7o IP) e que o Google processe esses dados baixando e instalando o plugin do navegador dispon\u00edvel no seguinte link: <a href=\"https:\/\/tools.google.com\/dlpage\/gaoptout?hl=de\">https:\/\/tools.google.com\/dlpage\/gaoptout?hl=de<\/a>  <\/p>\t\t\t\t\t\t\t\t<\/div>\n\t\t\t\t<\/div>\n\t\t\t\t<\/div>\n\t\t\t\t\t<\/div>\n\t\t\t\t<\/div>\n\t\t\t\t<\/div>\n\t\t","protected":false},"excerpt":{"rendered":"<p>Agradecemos sua visita ao nosso site e seu interesse por Schoenstatt International e.V. A prote\u00e7\u00e3o dos seus dados pessoais \u00e9 muito importante para n\u00f3s.<\/p>\n","protected":false},"author":2,"featured_media":38478,"parent":0,"menu_order":0,"comment_status":"closed","ping_status":"closed","template":"","meta":{"footnotes":""},"class_list":["post-18588","page","type-page","status-publish","has-post-thumbnail","hentry"],"yoast_head":"<!-- This site is optimized with the Yoast SEO Premium plugin v27.4 (Yoast SEO v27.5) - https:\/\/yoast.com\/product\/yoast-seo-premium-wordpress\/ -->\n<title>Declara\u00e7\u00e3o de Privacidade - Schoenstatt<\/title>\n<meta name=\"description\" content=\"Agradecemos sua visita ao nosso site e seu interesse por Schoenstatt International e.V. Levamos a s\u00e9rio a prote\u00e7\u00e3o dos seus dados.\" \/>\n<meta name=\"robots\" content=\"index, follow, max-snippet:-1, max-image-preview:large, max-video-preview:-1\" \/>\n<link rel=\"canonical\" href=\"https:\/\/schoenstatt.com\/pt-pt\/declaracao-de-privacidade\/\" \/>\n<meta property=\"og:locale\" content=\"pt_PT\" \/>\n<meta property=\"og:type\" content=\"article\" \/>\n<meta property=\"og:title\" content=\"Declara\u00e7\u00e3o de Privacidade\" \/>\n<meta property=\"og:description\" content=\"Agradecemos sua visita ao nosso site e seu interesse por Schoenstatt International e.V. Levamos a s\u00e9rio a prote\u00e7\u00e3o dos seus dados.\" \/>\n<meta property=\"og:url\" content=\"https:\/\/schoenstatt.com\/pt-pt\/declaracao-de-privacidade\/\" \/>\n<meta property=\"og:site_name\" content=\"Schoenstatt\" \/>\n<meta property=\"article:modified_time\" content=\"2025-08-01T13:59:33+00:00\" \/>\n<meta property=\"og:image\" content=\"https:\/\/schoenstatt.com\/wp-content\/uploads\/2024\/06\/Schoenstatt_Logo-1.jpg-1.jpg\" \/>\n\t<meta property=\"og:image:width\" content=\"625\" \/>\n\t<meta property=\"og:image:height\" content=\"625\" \/>\n\t<meta property=\"og:image:type\" content=\"image\/jpeg\" \/>\n<meta name=\"twitter:card\" content=\"summary_large_image\" \/>\n<meta name=\"twitter:label1\" content=\"Tempo estimado de leitura\" \/>\n\t<meta name=\"twitter:data1\" content=\"15 minutos\" \/>\n<script type=\"application\/ld+json\" class=\"yoast-schema-graph\">{\"@context\":\"https:\\\/\\\/schema.org\",\"@graph\":[{\"@type\":\"WebPage\",\"@id\":\"https:\\\/\\\/schoenstatt.com\\\/pt-pt\\\/declaracao-de-privacidade\\\/\",\"url\":\"https:\\\/\\\/schoenstatt.com\\\/pt-pt\\\/declaracao-de-privacidade\\\/\",\"name\":\"Declara\u00e7\u00e3o de Privacidade - Schoenstatt\",\"isPartOf\":{\"@id\":\"https:\\\/\\\/schoenstatt.com\\\/pt-pt\\\/#website\"},\"primaryImageOfPage\":{\"@id\":\"https:\\\/\\\/schoenstatt.com\\\/pt-pt\\\/declaracao-de-privacidade\\\/#primaryimage\"},\"image\":{\"@id\":\"https:\\\/\\\/schoenstatt.com\\\/pt-pt\\\/declaracao-de-privacidade\\\/#primaryimage\"},\"thumbnailUrl\":\"https:\\\/\\\/schoenstatt.com\\\/wp-content\\\/uploads\\\/2024\\\/06\\\/Schoenstatt_Logo-1.jpg-1.jpg\",\"datePublished\":\"2021-07-09T15:56:00+00:00\",\"dateModified\":\"2025-08-01T13:59:33+00:00\",\"description\":\"Agradecemos sua visita ao nosso site e seu interesse por Schoenstatt International e.V. Levamos a s\u00e9rio a prote\u00e7\u00e3o dos seus dados.\",\"breadcrumb\":{\"@id\":\"https:\\\/\\\/schoenstatt.com\\\/pt-pt\\\/declaracao-de-privacidade\\\/#breadcrumb\"},\"inLanguage\":\"pt-PT\",\"potentialAction\":[{\"@type\":\"ReadAction\",\"target\":[\"https:\\\/\\\/schoenstatt.com\\\/pt-pt\\\/declaracao-de-privacidade\\\/\"]}]},{\"@type\":\"ImageObject\",\"inLanguage\":\"pt-PT\",\"@id\":\"https:\\\/\\\/schoenstatt.com\\\/pt-pt\\\/declaracao-de-privacidade\\\/#primaryimage\",\"url\":\"https:\\\/\\\/schoenstatt.com\\\/wp-content\\\/uploads\\\/2024\\\/06\\\/Schoenstatt_Logo-1.jpg-1.jpg\",\"contentUrl\":\"https:\\\/\\\/schoenstatt.com\\\/wp-content\\\/uploads\\\/2024\\\/06\\\/Schoenstatt_Logo-1.jpg-1.jpg\",\"width\":625,\"height\":625,\"caption\":\"logo privacy policy header\"},{\"@type\":\"BreadcrumbList\",\"@id\":\"https:\\\/\\\/schoenstatt.com\\\/pt-pt\\\/declaracao-de-privacidade\\\/#breadcrumb\",\"itemListElement\":[{\"@type\":\"ListItem\",\"position\":1,\"name\":\"Portada\",\"item\":\"https:\\\/\\\/schoenstatt.com\\\/pt-pt\\\/home\\\/\"},{\"@type\":\"ListItem\",\"position\":2,\"name\":\"Declara\u00e7\u00e3o de Privacidade\"}]},{\"@type\":\"WebSite\",\"@id\":\"https:\\\/\\\/schoenstatt.com\\\/pt-pt\\\/#website\",\"url\":\"https:\\\/\\\/schoenstatt.com\\\/pt-pt\\\/\",\"name\":\"Schoenstatt\",\"description\":\"Apostolic Movement\",\"publisher\":{\"@id\":\"https:\\\/\\\/schoenstatt.com\\\/pt-pt\\\/#organization\"},\"potentialAction\":[{\"@type\":\"SearchAction\",\"target\":{\"@type\":\"EntryPoint\",\"urlTemplate\":\"https:\\\/\\\/schoenstatt.com\\\/pt-pt\\\/?s={search_term_string}\"},\"query-input\":{\"@type\":\"PropertyValueSpecification\",\"valueRequired\":true,\"valueName\":\"search_term_string\"}}],\"inLanguage\":\"pt-PT\"},{\"@type\":\"Organization\",\"@id\":\"https:\\\/\\\/schoenstatt.com\\\/pt-pt\\\/#organization\",\"name\":\"Schoenstatt\",\"url\":\"https:\\\/\\\/schoenstatt.com\\\/pt-pt\\\/\",\"logo\":{\"@type\":\"ImageObject\",\"inLanguage\":\"pt-PT\",\"@id\":\"https:\\\/\\\/schoenstatt.com\\\/pt-pt\\\/#\\\/schema\\\/logo\\\/image\\\/\",\"url\":\"https:\\\/\\\/schoenstatt.com\\\/wp-content\\\/uploads\\\/2025\\\/04\\\/logo-schoenstatt-white-696x696-1.png\",\"contentUrl\":\"https:\\\/\\\/schoenstatt.com\\\/wp-content\\\/uploads\\\/2025\\\/04\\\/logo-schoenstatt-white-696x696-1.png\",\"width\":696,\"height\":694,\"caption\":\"Schoenstatt\"},\"image\":{\"@id\":\"https:\\\/\\\/schoenstatt.com\\\/pt-pt\\\/#\\\/schema\\\/logo\\\/image\\\/\"}}]}<\/script>\n<!-- \/ Yoast SEO Premium plugin. -->","yoast_head_json":{"title":"Declara\u00e7\u00e3o de Privacidade - Schoenstatt","description":"Agradecemos sua visita ao nosso site e seu interesse por Schoenstatt International e.V. Levamos a s\u00e9rio a prote\u00e7\u00e3o dos seus dados.","robots":{"index":"index","follow":"follow","max-snippet":"max-snippet:-1","max-image-preview":"max-image-preview:large","max-video-preview":"max-video-preview:-1"},"canonical":"https:\/\/schoenstatt.com\/pt-pt\/declaracao-de-privacidade\/","og_locale":"pt_PT","og_type":"article","og_title":"Declara\u00e7\u00e3o de Privacidade","og_description":"Agradecemos sua visita ao nosso site e seu interesse por Schoenstatt International e.V. Levamos a s\u00e9rio a prote\u00e7\u00e3o dos seus dados.","og_url":"https:\/\/schoenstatt.com\/pt-pt\/declaracao-de-privacidade\/","og_site_name":"Schoenstatt","article_modified_time":"2025-08-01T13:59:33+00:00","og_image":[{"width":625,"height":625,"url":"https:\/\/schoenstatt.com\/wp-content\/uploads\/2024\/06\/Schoenstatt_Logo-1.jpg-1.jpg","type":"image\/jpeg"}],"twitter_card":"summary_large_image","twitter_misc":{"Tempo estimado de leitura":"15 minutos"},"schema":{"@context":"https:\/\/schema.org","@graph":[{"@type":"WebPage","@id":"https:\/\/schoenstatt.com\/pt-pt\/declaracao-de-privacidade\/","url":"https:\/\/schoenstatt.com\/pt-pt\/declaracao-de-privacidade\/","name":"Declara\u00e7\u00e3o de Privacidade - Schoenstatt","isPartOf":{"@id":"https:\/\/schoenstatt.com\/pt-pt\/#website"},"primaryImageOfPage":{"@id":"https:\/\/schoenstatt.com\/pt-pt\/declaracao-de-privacidade\/#primaryimage"},"image":{"@id":"https:\/\/schoenstatt.com\/pt-pt\/declaracao-de-privacidade\/#primaryimage"},"thumbnailUrl":"https:\/\/schoenstatt.com\/wp-content\/uploads\/2024\/06\/Schoenstatt_Logo-1.jpg-1.jpg","datePublished":"2021-07-09T15:56:00+00:00","dateModified":"2025-08-01T13:59:33+00:00","description":"Agradecemos sua visita ao nosso site e seu interesse por Schoenstatt International e.V. Levamos a s\u00e9rio a prote\u00e7\u00e3o dos seus dados.","breadcrumb":{"@id":"https:\/\/schoenstatt.com\/pt-pt\/declaracao-de-privacidade\/#breadcrumb"},"inLanguage":"pt-PT","potentialAction":[{"@type":"ReadAction","target":["https:\/\/schoenstatt.com\/pt-pt\/declaracao-de-privacidade\/"]}]},{"@type":"ImageObject","inLanguage":"pt-PT","@id":"https:\/\/schoenstatt.com\/pt-pt\/declaracao-de-privacidade\/#primaryimage","url":"https:\/\/schoenstatt.com\/wp-content\/uploads\/2024\/06\/Schoenstatt_Logo-1.jpg-1.jpg","contentUrl":"https:\/\/schoenstatt.com\/wp-content\/uploads\/2024\/06\/Schoenstatt_Logo-1.jpg-1.jpg","width":625,"height":625,"caption":"logo privacy policy header"},{"@type":"BreadcrumbList","@id":"https:\/\/schoenstatt.com\/pt-pt\/declaracao-de-privacidade\/#breadcrumb","itemListElement":[{"@type":"ListItem","position":1,"name":"Portada","item":"https:\/\/schoenstatt.com\/pt-pt\/home\/"},{"@type":"ListItem","position":2,"name":"Declara\u00e7\u00e3o de Privacidade"}]},{"@type":"WebSite","@id":"https:\/\/schoenstatt.com\/pt-pt\/#website","url":"https:\/\/schoenstatt.com\/pt-pt\/","name":"Schoenstatt","description":"Apostolic Movement","publisher":{"@id":"https:\/\/schoenstatt.com\/pt-pt\/#organization"},"potentialAction":[{"@type":"SearchAction","target":{"@type":"EntryPoint","urlTemplate":"https:\/\/schoenstatt.com\/pt-pt\/?s={search_term_string}"},"query-input":{"@type":"PropertyValueSpecification","valueRequired":true,"valueName":"search_term_string"}}],"inLanguage":"pt-PT"},{"@type":"Organization","@id":"https:\/\/schoenstatt.com\/pt-pt\/#organization","name":"Schoenstatt","url":"https:\/\/schoenstatt.com\/pt-pt\/","logo":{"@type":"ImageObject","inLanguage":"pt-PT","@id":"https:\/\/schoenstatt.com\/pt-pt\/#\/schema\/logo\/image\/","url":"https:\/\/schoenstatt.com\/wp-content\/uploads\/2025\/04\/logo-schoenstatt-white-696x696-1.png","contentUrl":"https:\/\/schoenstatt.com\/wp-content\/uploads\/2025\/04\/logo-schoenstatt-white-696x696-1.png","width":696,"height":694,"caption":"Schoenstatt"},"image":{"@id":"https:\/\/schoenstatt.com\/pt-pt\/#\/schema\/logo\/image\/"}}]}},"_links":{"self":[{"href":"https:\/\/schoenstatt.com\/pt-pt\/wp-json\/wp\/v2\/pages\/18588","targetHints":{"allow":["GET"]}}],"collection":[{"href":"https:\/\/schoenstatt.com\/pt-pt\/wp-json\/wp\/v2\/pages"}],"about":[{"href":"https:\/\/schoenstatt.com\/pt-pt\/wp-json\/wp\/v2\/types\/page"}],"author":[{"embeddable":true,"href":"https:\/\/schoenstatt.com\/pt-pt\/wp-json\/wp\/v2\/users\/2"}],"replies":[{"embeddable":true,"href":"https:\/\/schoenstatt.com\/pt-pt\/wp-json\/wp\/v2\/comments?post=18588"}],"version-history":[{"count":5,"href":"https:\/\/schoenstatt.com\/pt-pt\/wp-json\/wp\/v2\/pages\/18588\/revisions"}],"predecessor-version":[{"id":61269,"href":"https:\/\/schoenstatt.com\/pt-pt\/wp-json\/wp\/v2\/pages\/18588\/revisions\/61269"}],"wp:featuredmedia":[{"embeddable":true,"href":"https:\/\/schoenstatt.com\/pt-pt\/wp-json\/wp\/v2\/media\/38478"}],"wp:attachment":[{"href":"https:\/\/schoenstatt.com\/pt-pt\/wp-json\/wp\/v2\/media?parent=18588"}],"curies":[{"name":"wp","href":"https:\/\/api.w.org\/{rel}","templated":true}]}}