{"id":60817,"date":"2024-06-29T22:00:55","date_gmt":"2024-06-29T20:00:55","guid":{"rendered":"https:\/\/schoenstatt.com\/in-missione\/chiesa\/pastorale-della-speranza\/"},"modified":"2025-07-17T19:48:34","modified_gmt":"2025-07-17T17:48:34","slug":"pastorale-della-speranza","status":"publish","type":"page","link":"https:\/\/schoenstatt.com\/it\/in-missione\/chiesa\/pastorale-della-speranza\/","title":{"rendered":"Pastorale della Speranza"},"content":{"rendered":"\t\t<div data-elementor-type=\"wp-page\" data-elementor-id=\"60817\" class=\"elementor elementor-60817 elementor-39181\" data-elementor-post-type=\"page\">\n\t\t\t\t<div class=\"elementor-element elementor-element-60fe527c e-flex e-con-boxed e-con e-parent\" data-id=\"60fe527c\" data-element_type=\"container\" data-e-type=\"container\" data-settings=\"{&quot;background_background&quot;:&quot;classic&quot;}\">\n\t\t\t\t\t<div class=\"e-con-inner\">\n\t\t<div class=\"elementor-element elementor-element-7a5163dd e-flex e-con-boxed e-con e-child\" data-id=\"7a5163dd\" data-element_type=\"container\" data-e-type=\"container\">\n\t\t\t\t\t<div class=\"e-con-inner\">\n\t\t\t\t\t<\/div>\n\t\t\t\t<\/div>\n\t\t\t\t\t<\/div>\n\t\t\t\t<\/div>\n\t\t<div class=\"elementor-element elementor-element-f6af726 e-flex e-con-boxed e-con e-parent\" data-id=\"f6af726\" data-element_type=\"container\" data-e-type=\"container\">\n\t\t\t\t\t<div class=\"e-con-inner\">\n\t\t<div class=\"elementor-element elementor-element-e2c544e e-con-full e-flex e-con e-child\" data-id=\"e2c544e\" data-element_type=\"container\" data-e-type=\"container\">\n\t\t\t\t<div class=\"elementor-element elementor-element-93bcd00 elementor-widget elementor-widget-heading\" data-id=\"93bcd00\" data-element_type=\"widget\" data-e-type=\"widget\" data-widget_type=\"heading.default\">\n\t\t\t\t<div class=\"elementor-widget-container\">\n\t\t\t\t\t<h2 class=\"elementor-heading-title elementor-size-default\">Pastorale della Speranza<\/h2>\t\t\t\t<\/div>\n\t\t\t\t<\/div>\n\t\t\t\t<div class=\"elementor-element elementor-element-d52885e elementor-widget elementor-widget-text-editor\" data-id=\"d52885e\" data-element_type=\"widget\" data-e-type=\"widget\" data-widget_type=\"text-editor.default\">\n\t\t\t\t<div class=\"elementor-widget-container\">\n\t\t\t\t\t\t\t\t\t<p>Il nome deriva da un discorso di Benedetto XVI sul tema \u201cBalsamo nelle ferite, una risposta alle ferite del divorzio\u201d.<\/p><p>\u00c8 rivolta a tutte le Coppie Separate che hanno iniziato una Nuova relazione, chiamate anche SENU (Separati in una nuova Unione). I SENU o DVC (Divorziati e risposati) sono quei fratelli e sorelle che, essendosi sposati nella Chiesa, si sono separati o divorziati, decidendo poi di formare una nuova e definitiva famiglia. <\/p><p>La Pastorale della Speranza \u00e8 nata nel cuore del Movimento Apostolico di Schoenstatt in Paraguay. I responsabili del progetto hanno avviato un\u2019esperienza pastorale mettendo in pratica la dottrina cattolica. Incoraggiano<em> i separati in una nuova unione a rimanere nella Chiesa, poich\u00e9 essa partecipa alle loro sofferenze, invitandoli a partecipare con fede e presenza attiva.<\/em>  <\/p>\t\t\t\t\t\t\t\t<\/div>\n\t\t\t\t<\/div>\n\t\t\t\t<\/div>\n\t\t<div class=\"elementor-element elementor-element-afbd177 e-con-full e-flex e-con e-child\" data-id=\"afbd177\" data-element_type=\"container\" data-e-type=\"container\">\n\t\t\t\t<div class=\"elementor-element elementor-element-8f8bcdd elementor-widget elementor-widget-image\" data-id=\"8f8bcdd\" data-element_type=\"widget\" data-e-type=\"widget\" data-widget_type=\"image.default\">\n\t\t\t\t<div class=\"elementor-widget-container\">\n\t\t\t\t\t\t\t\t\t\t\t\t\t\t\t<img fetchpriority=\"high\" decoding=\"async\" width=\"1024\" height=\"768\" src=\"https:\/\/schoenstatt.com\/wp-content\/uploads\/2024\/06\/pastoral-of-hope-esperanca-esperanza-1.jpg\" class=\"attachment-large size-large wp-image-60819\" alt=\"\" srcset=\"https:\/\/schoenstatt.com\/wp-content\/uploads\/2024\/06\/pastoral-of-hope-esperanca-esperanza-1.jpg 1024w, https:\/\/schoenstatt.com\/wp-content\/uploads\/2024\/06\/pastoral-of-hope-esperanca-esperanza-1-768x576.jpg 768w\" sizes=\"(max-width: 1024px) 100vw, 1024px\" \/>\t\t\t\t\t\t\t\t\t\t\t\t\t\t\t<\/div>\n\t\t\t\t<\/div>\n\t\t\t\t<\/div>\n\t\t\t\t\t<\/div>\n\t\t\t\t<\/div>\n\t\t<div class=\"elementor-element elementor-element-5962052 e-flex e-con-boxed e-con e-parent\" data-id=\"5962052\" data-element_type=\"container\" data-e-type=\"container\">\n\t\t\t\t\t<div class=\"e-con-inner\">\n\t\t<div class=\"elementor-element elementor-element-a9ff197 e-con-full e-flex e-con e-child\" data-id=\"a9ff197\" data-element_type=\"container\" data-e-type=\"container\">\n\t\t\t\t<div class=\"elementor-element elementor-element-1eff7d5 elementor-widget elementor-widget-image\" data-id=\"1eff7d5\" data-element_type=\"widget\" data-e-type=\"widget\" data-widget_type=\"image.default\">\n\t\t\t\t<div class=\"elementor-widget-container\">\n\t\t\t\t\t\t\t\t\t\t\t\t\t\t\t<img decoding=\"async\" width=\"1024\" height=\"768\" src=\"https:\/\/schoenstatt.com\/wp-content\/uploads\/2024\/06\/pastoral-of-hope-esperanca-esperanza-2-1.jpeg\" class=\"attachment-large size-large wp-image-60820\" alt=\"\" srcset=\"https:\/\/schoenstatt.com\/wp-content\/uploads\/2024\/06\/pastoral-of-hope-esperanca-esperanza-2-1.jpeg 1024w, https:\/\/schoenstatt.com\/wp-content\/uploads\/2024\/06\/pastoral-of-hope-esperanca-esperanza-2-1-768x576.jpeg 768w\" sizes=\"(max-width: 1024px) 100vw, 1024px\" \/>\t\t\t\t\t\t\t\t\t\t\t\t\t\t\t<\/div>\n\t\t\t\t<\/div>\n\t\t\t\t<\/div>\n\t\t<div class=\"elementor-element elementor-element-4903b79 e-con-full e-flex e-con e-child\" data-id=\"4903b79\" data-element_type=\"container\" data-e-type=\"container\">\n\t\t\t\t<div class=\"elementor-element elementor-element-03ed385 elementor-widget-divider--view-line elementor-widget elementor-widget-divider\" data-id=\"03ed385\" data-element_type=\"widget\" data-e-type=\"widget\" data-widget_type=\"divider.default\">\n\t\t\t\t<div class=\"elementor-widget-container\">\n\t\t\t\t\t\t\t<div class=\"elementor-divider\">\n\t\t\t<span class=\"elementor-divider-separator\">\n\t\t\t\t\t\t<\/span>\n\t\t<\/div>\n\t\t\t\t\t\t<\/div>\n\t\t\t\t<\/div>\n\t\t\t\t<div class=\"elementor-element elementor-element-015a56b elementor-widget elementor-widget-text-editor\" data-id=\"015a56b\" data-element_type=\"widget\" data-e-type=\"widget\" data-widget_type=\"text-editor.default\">\n\t\t\t\t<div class=\"elementor-widget-container\">\n\t\t\t\t\t\t\t\t\t<p>\u00c8 stata orientata fin dall\u2019inizio da quanto indicato nella Familiaris Consortio. Papa Francesco ha aperto nuove strade che sono culminate con Amoris Laetitia del 19 marzo 2016. Con questo, la Pastorale della Speranza ha potuto e pu\u00f2 fare nuovi passi. Questo \u00e8 ci\u00f2 che ci propone Papa Francesco: che siamo coraggiosi e allo stesso tempo prudenti. Poich\u00e9 si tratta di qualcosa di nuovo, ha richiesto un approfondimento sul tema.    <\/p><p>Il 30 maggio 2006 \u00e8 iniziata la \u201cPastorale della Speranza\u201d insieme ad altre iniziative del lavoro familiare del Movimento di Schoenstatt. Vogliono essere una Nazione di Dio e quindi salvare le famiglie a tutti i costi, come esorta Giovanni Paolo II. <\/p><p>Seguono lo stesso itinerario pedagogico del ramo famiglia, adattato alla realt\u00e0 di coloro che compongono i gruppi. \u00c8 una pastorale, quindi non \u00e8 legata a nessun ramo specifico, ma lavora in coordinamento con tutti. <\/p>\t\t\t\t\t\t\t\t<\/div>\n\t\t\t\t<\/div>\n\t\t\t\t<\/div>\n\t\t\t\t\t<\/div>\n\t\t\t\t<\/div>\n\t\t<div class=\"elementor-element elementor-element-c4c8a63 e-flex e-con-boxed e-con e-parent\" data-id=\"c4c8a63\" data-element_type=\"container\" data-e-type=\"container\">\n\t\t\t\t\t<div class=\"e-con-inner\">\n\t\t<div class=\"elementor-element elementor-element-65f4da3 e-con-full e-flex e-con e-child\" data-id=\"65f4da3\" data-element_type=\"container\" data-e-type=\"container\">\n\t\t\t\t<div class=\"elementor-element elementor-element-db559c1 elementor-widget elementor-widget-heading\" data-id=\"db559c1\" data-element_type=\"widget\" data-e-type=\"widget\" data-widget_type=\"heading.default\">\n\t\t\t\t<div class=\"elementor-widget-container\">\n\t\t\t\t\t<h2 class=\"elementor-heading-title elementor-size-default\">I suoi pilastri principali sono:<\/h2>\t\t\t\t<\/div>\n\t\t\t\t<\/div>\n\t\t\t\t<div class=\"elementor-element elementor-element-70684cd elementor-widget elementor-widget-text-editor\" data-id=\"70684cd\" data-element_type=\"widget\" data-e-type=\"widget\" data-widget_type=\"text-editor.default\">\n\t\t\t\t<div class=\"elementor-widget-container\">\n\t\t\t\t\t\t\t\t\t<ul><li>Siamo tutti figli di DIO attraverso il battesimo e continuiamo a professare la fede cattolica;<\/li><li>Non si tratta di una pastorale per il divorzio, n\u00e9 di motivare o consigliare il divorzio, ma al contrario, dalla loro esperienza, mostrano proprio ci\u00f2 che non si dovrebbe fare;<\/li><li>Cercano di consolidare la FAMIGLIA CRISTIANA, cercando di prevenire che il divorzio si ripeta nei loro figli.<\/li><li>Che l\u2019unione presente sia per sempre.<\/li><\/ul>\t\t\t\t\t\t\t\t<\/div>\n\t\t\t\t<\/div>\n\t\t\t\t<\/div>\n\t\t<div class=\"elementor-element elementor-element-800d0b1 e-con-full e-flex e-con e-child\" data-id=\"800d0b1\" data-element_type=\"container\" data-e-type=\"container\">\n\t\t\t\t<div class=\"elementor-element elementor-element-6986434 elementor-widget elementor-widget-image\" data-id=\"6986434\" data-element_type=\"widget\" data-e-type=\"widget\" data-widget_type=\"image.default\">\n\t\t\t\t<div class=\"elementor-widget-container\">\n\t\t\t\t\t\t\t\t\t\t\t\t\t\t\t<img decoding=\"async\" width=\"1000\" height=\"750\" src=\"https:\/\/schoenstatt.com\/wp-content\/uploads\/2024\/06\/pastoral-of-hope-esperanca-esperanza-3-1.jpeg\" class=\"attachment-large size-large wp-image-60821\" alt=\"\" srcset=\"https:\/\/schoenstatt.com\/wp-content\/uploads\/2024\/06\/pastoral-of-hope-esperanca-esperanza-3-1.jpeg 1000w, https:\/\/schoenstatt.com\/wp-content\/uploads\/2024\/06\/pastoral-of-hope-esperanca-esperanza-3-1-768x576.jpeg 768w\" sizes=\"(max-width: 1000px) 100vw, 1000px\" \/>\t\t\t\t\t\t\t\t\t\t\t\t\t\t\t<\/div>\n\t\t\t\t<\/div>\n\t\t\t\t<\/div>\n\t\t\t\t\t<\/div>\n\t\t\t\t<\/div>\n\t\t<div class=\"elementor-element elementor-element-df01e56 e-flex e-con-boxed e-con e-parent\" data-id=\"df01e56\" data-element_type=\"container\" data-e-type=\"container\">\n\t\t\t\t\t<div class=\"e-con-inner\">\n\t\t\t\t<div class=\"elementor-element elementor-element-34c080b elementor-widget elementor-widget-heading\" data-id=\"34c080b\" data-element_type=\"widget\" data-e-type=\"widget\" data-widget_type=\"heading.default\">\n\t\t\t\t<div class=\"elementor-widget-container\">\n\t\t\t\t\t<h2 class=\"elementor-heading-title elementor-size-default\">Per quanto riguarda gli obiettivi, si Che l\u2019unione presente sia per sempre.possono menzionare i seguenti:<\/h2>\t\t\t\t<\/div>\n\t\t\t\t<\/div>\n\t\t\t\t\t<\/div>\n\t\t\t\t<\/div>\n\t\t<div class=\"elementor-element elementor-element-7d46913 e-flex e-con-boxed e-con e-parent\" data-id=\"7d46913\" data-element_type=\"container\" data-e-type=\"container\">\n\t\t\t\t\t<div class=\"e-con-inner\">\n\t\t<div class=\"elementor-element elementor-element-cfd78ed e-con-full e-flex e-con e-child\" data-id=\"cfd78ed\" data-element_type=\"container\" data-e-type=\"container\">\n\t\t\t\t<div class=\"elementor-element elementor-element-eb1a0b1 elementor-widget__width-initial elementor-widget elementor-widget-image\" data-id=\"eb1a0b1\" data-element_type=\"widget\" data-e-type=\"widget\" data-widget_type=\"image.default\">\n\t\t\t\t<div class=\"elementor-widget-container\">\n\t\t\t\t\t\t\t\t\t\t\t\t\t\t\t<img loading=\"lazy\" decoding=\"async\" width=\"768\" height=\"1024\" src=\"https:\/\/schoenstatt.com\/wp-content\/uploads\/2024\/06\/pastoral-of-hope-esperanca-esperanza-6-1.jpeg\" class=\"attachment-large size-large wp-image-60822\" alt=\"\" \/>\t\t\t\t\t\t\t\t\t\t\t\t\t\t\t<\/div>\n\t\t\t\t<\/div>\n\t\t\t\t<\/div>\n\t\t<div class=\"elementor-element elementor-element-9609692 e-con-full e-flex e-con e-child\" data-id=\"9609692\" data-element_type=\"container\" data-e-type=\"container\">\n\t\t\t\t<div class=\"elementor-element elementor-element-f8172d4 elementor-widget elementor-widget-text-editor\" data-id=\"f8172d4\" data-element_type=\"widget\" data-e-type=\"widget\" data-widget_type=\"text-editor.default\">\n\t\t\t\t<div class=\"elementor-widget-container\">\n\t\t\t\t\t\t\t\t\t<ul><li>Accogliere i divorziati in una nuova relazione;<\/li><li>Aiutarli a rafforzare i legami coniugali e a offrire un\u2019educazione cristiana ai loro figli, con l\u2019aiuto di Dio; vivendo l\u2019impegno del battesimo nella fede di Ges\u00f9 Cristo;<\/li><li>Accompagnarli nell\u2019approfondimento della conoscenza della Parola di Dio e nella perseveranza nella preghiera, lasciandosi trasformare da Maria in uomini nuovi per una nuova comunit\u00e0;<\/li><li>Promuovere l\u2019evangelizzazione delle loro case come luoghi aperti e apostolici;<\/li><li>Accompagnarli nel sigillare l\u2019Alleanza d\u2019Amore con Dio, Ges\u00f9 e la Madre Benedetta;<\/li><li>Incoraggiare la formazione di piccoli gruppi comunitari che si impegnino insieme nell\u2019autoformazione.<\/li><\/ul><p> <\/p><p>Alla guida della Pastorale della Speranza appartengono quattro gruppi consolidati nella citt\u00e0 di Asunci\u00f3n, due a Encarnaci\u00f3n e uno a Ciudad del Este. Il team principale \u00e8 guidato da una coppia consacrata e composto da cinque coppie SENU, oltre a un\u2019\u00e9quipe di consiglieri laici. Padre Antonio Cosp, membro dei Padri di Schoenstatt, \u00e8 il responsabile finale del progetto.  <\/p>\t\t\t\t\t\t\t\t<\/div>\n\t\t\t\t<\/div>\n\t\t\t\t<\/div>\n\t\t\t\t\t<\/div>\n\t\t\t\t<\/div>\n\t\t<div class=\"elementor-element elementor-element-68a50c2 e-flex e-con-boxed e-con e-parent\" data-id=\"68a50c2\" data-element_type=\"container\" data-e-type=\"container\">\n\t\t\t\t\t<div class=\"e-con-inner\">\n\t\t\t\t<div class=\"elementor-element elementor-element-f377ee3 elementor-widget elementor-widget-heading\" data-id=\"f377ee3\" data-element_type=\"widget\" data-e-type=\"widget\" data-widget_type=\"heading.default\">\n\t\t\t\t<div class=\"elementor-widget-container\">\n\t\t\t\t\t<h2 class=\"elementor-heading-title elementor-size-default\">Le attivit\u00e0 attualmente in corso sono:<\/h2>\t\t\t\t<\/div>\n\t\t\t\t<\/div>\n\t\t\t\t\t<\/div>\n\t\t\t\t<\/div>\n\t\t<div class=\"elementor-element elementor-element-1fde2a6 e-flex e-con-boxed e-con e-parent\" data-id=\"1fde2a6\" data-element_type=\"container\" data-e-type=\"container\">\n\t\t\t\t\t<div class=\"e-con-inner\">\n\t\t<div class=\"elementor-element elementor-element-337c16a e-con-full e-flex e-con e-child\" data-id=\"337c16a\" data-element_type=\"container\" data-e-type=\"container\">\n\t\t\t\t<div class=\"elementor-element elementor-element-4ec26e3 elementor-widget elementor-widget-text-editor\" data-id=\"4ec26e3\" data-element_type=\"widget\" data-e-type=\"widget\" data-widget_type=\"text-editor.default\">\n\t\t\t\t<div class=\"elementor-widget-container\">\n\t\t\t\t\t\t\t\t\t<ul><li>Accompagnarli nell\u2019approfondimento della conoscenza della Parola di Dio e nella perseveranza nella preghiera, lasciandosi trasformare da Maria in uomini nuovi per una comunit\u00e0 nuova.<\/li><li>Programmare attivit\u00e0 e\/o incontri per l\u2019anno.<\/li><li>Distribuire i materiali scritti utilizzati dalla PE (Pastoral de la Esperanza).<\/li><li>Incoraggiare al raggiungimento degli obiettivi stabiliti.<\/li><li>Definire le attivit\u00e0 apostoliche e i servizi del gruppo.<\/li><\/ul><div> <\/div><p>Queste attivit\u00e0 hanno lo scopo di consolidare le famiglie in una seconda unione, e i loro figli come figli degni di Dio e della Beata Vergine Maria.<\/p><p>Le prospettive per i prossimi anni sono di continuare a portare la Pastorale della Speranza a tutti i fratelli e le sorelle che ne hanno bisogno. C\u2019\u00e8 il desiderio di formare nuovi gruppi sia ad Asunci\u00f3n che nell\u2019interno del Paese. Vogliamo continuare con le conferenze aperte ogni primo marted\u00ec del mese, a partire dal primo marted\u00ec di marzo.  <\/p><p>Nella Pastorale della Speranza siamo orgogliosi del passato, impegnati nel presente e ansiosi per il futuro che ci interpella e ci spinge a dare sempre di pi\u00f9 di noi stessi.<\/p>\t\t\t\t\t\t\t\t<\/div>\n\t\t\t\t<\/div>\n\t\t\t\t<\/div>\n\t\t<div class=\"elementor-element elementor-element-b057833 e-con-full e-flex e-con e-child\" data-id=\"b057833\" data-element_type=\"container\" data-e-type=\"container\">\n\t\t\t\t<div class=\"elementor-element elementor-element-c345207 elementor-widget elementor-widget-image\" data-id=\"c345207\" data-element_type=\"widget\" data-e-type=\"widget\" data-widget_type=\"image.default\">\n\t\t\t\t<div class=\"elementor-widget-container\">\n\t\t\t\t\t\t\t\t\t\t\t\t\t\t\t<img loading=\"lazy\" decoding=\"async\" width=\"1024\" height=\"768\" src=\"https:\/\/schoenstatt.com\/wp-content\/uploads\/2024\/06\/pastoral-of-hope-esperanca-esperanza-7-1.jpeg\" class=\"attachment-large size-large wp-image-60823\" alt=\"\" srcset=\"https:\/\/schoenstatt.com\/wp-content\/uploads\/2024\/06\/pastoral-of-hope-esperanca-esperanza-7-1.jpeg 1024w, https:\/\/schoenstatt.com\/wp-content\/uploads\/2024\/06\/pastoral-of-hope-esperanca-esperanza-7-1-768x576.jpeg 768w\" sizes=\"(max-width: 1024px) 100vw, 1024px\" \/>\t\t\t\t\t\t\t\t\t\t\t\t\t\t\t<\/div>\n\t\t\t\t<\/div>\n\t\t\t\t<div class=\"elementor-element elementor-element-aca1988 elementor-widget-divider--separator-type-pattern elementor-widget-divider--view-line elementor-widget elementor-widget-divider\" data-id=\"aca1988\" data-element_type=\"widget\" data-e-type=\"widget\" data-widget_type=\"divider.default\">\n\t\t\t\t<div class=\"elementor-widget-container\">\n\t\t\t\t\t\t\t<div class=\"elementor-divider\" style=\"--divider-pattern-url: url(&quot;data:image\/svg+xml,%3Csvg xmlns=&#039;http:\/\/www.w3.org\/2000\/svg&#039; preserveAspectRatio=&#039;none&#039; overflow=&#039;visible&#039; height=&#039;100%&#039; viewBox=&#039;0 0 24 24&#039; fill=&#039;black&#039; stroke=&#039;none&#039;%3E%3Cpolygon points=&#039;9.4,2 24,2 14.6,21.6 0,21.6&#039;\/%3E%3C\/svg%3E&quot;);\">\n\t\t\t<span class=\"elementor-divider-separator\">\n\t\t\t\t\t\t<\/span>\n\t\t<\/div>\n\t\t\t\t\t\t<\/div>\n\t\t\t\t<\/div>\n\t\t\t\t<\/div>\n\t\t\t\t\t<\/div>\n\t\t\t\t<\/div>\n\t\t<div class=\"elementor-element elementor-element-5126bf7 e-flex e-con-boxed e-con e-parent\" data-id=\"5126bf7\" data-element_type=\"container\" data-e-type=\"container\">\n\t\t\t\t\t<div class=\"e-con-inner\">\n\t\t<div class=\"elementor-element elementor-element-d7f1b12 e-con-full e-flex e-con e-child\" data-id=\"d7f1b12\" data-element_type=\"container\" data-e-type=\"container\">\n\t\t\t\t<div class=\"elementor-element elementor-element-96203f9 elementor-widget elementor-widget-image\" data-id=\"96203f9\" data-element_type=\"widget\" data-e-type=\"widget\" data-widget_type=\"image.default\">\n\t\t\t\t<div class=\"elementor-widget-container\">\n\t\t\t\t\t\t\t\t\t\t\t\t\t\t\t<img loading=\"lazy\" decoding=\"async\" width=\"1024\" height=\"768\" src=\"https:\/\/schoenstatt.com\/wp-content\/uploads\/2024\/06\/pastoral-of-hope-esperanca-esperanza-4-1.jpeg\" class=\"attachment-large size-large wp-image-60824\" alt=\"\" srcset=\"https:\/\/schoenstatt.com\/wp-content\/uploads\/2024\/06\/pastoral-of-hope-esperanca-esperanza-4-1.jpeg 1024w, https:\/\/schoenstatt.com\/wp-content\/uploads\/2024\/06\/pastoral-of-hope-esperanca-esperanza-4-1-768x576.jpeg 768w\" sizes=\"(max-width: 1024px) 100vw, 1024px\" \/>\t\t\t\t\t\t\t\t\t\t\t\t\t\t\t<\/div>\n\t\t\t\t<\/div>\n\t\t\t\t<\/div>\n\t\t<div class=\"elementor-element elementor-element-abfb35f e-con-full e-flex e-con e-child\" data-id=\"abfb35f\" data-element_type=\"container\" data-e-type=\"container\">\n\t\t\t\t<div class=\"elementor-element elementor-element-98b4456 elementor-widget elementor-widget-heading\" data-id=\"98b4456\" data-element_type=\"widget\" data-e-type=\"widget\" data-widget_type=\"heading.default\">\n\t\t\t\t<div class=\"elementor-widget-container\">\n\t\t\t\t\t<h2 class=\"elementor-heading-title elementor-size-default\">Accompagnare, discernere, integrare<\/h2>\t\t\t\t<\/div>\n\t\t\t\t<\/div>\n\t\t\t\t<div class=\"elementor-element elementor-element-2e76ec3 elementor-widget elementor-widget-text-editor\" data-id=\"2e76ec3\" data-element_type=\"widget\" data-e-type=\"widget\" data-widget_type=\"text-editor.default\">\n\t\t\t\t<div class=\"elementor-widget-container\">\n\t\t\t\t\t\t\t\t\t<p>Affinch\u00e9 tutte le Coppie in una nuova relazione possano superare la fragilit\u00e0 del loro stato di grazia particolare e trovare la via per essere pienamente figli di Dio e custoditi nella Beata Vergine\u2026 L\u2019amore e la misericordia di Dio sono al di sopra di ogni errore umano. Parole dei coordinatori del progetto. <\/p>\t\t\t\t\t\t\t\t<\/div>\n\t\t\t\t<\/div>\n\t\t<div class=\"elementor-element elementor-element-6e5541b e-flex e-con-boxed e-con e-child\" data-id=\"6e5541b\" data-element_type=\"container\" data-e-type=\"container\" data-settings=\"{&quot;background_background&quot;:&quot;classic&quot;}\">\n\t\t\t\t\t<div class=\"e-con-inner\">\n\t\t<div class=\"elementor-element elementor-element-a7ee744 e-flex e-con-boxed e-con e-child\" data-id=\"a7ee744\" data-element_type=\"container\" data-e-type=\"container\">\n\t\t\t\t\t<div class=\"e-con-inner\">\n\t\t\t\t<div class=\"elementor-element elementor-element-ce9f21c elementor-view-stacked elementor-shape-square elementor-position-inline-start elementor-mobile-position-block-start elementor-widget elementor-widget-icon-box\" data-id=\"ce9f21c\" data-element_type=\"widget\" data-e-type=\"widget\" data-widget_type=\"icon-box.default\">\n\t\t\t\t<div class=\"elementor-widget-container\">\n\t\t\t\t\t\t\t<div class=\"elementor-icon-box-wrapper\">\n\n\t\t\t\t\t\t<div class=\"elementor-icon-box-icon\">\n\t\t\t\t<span  class=\"elementor-icon\">\n\t\t\t\t<svg aria-hidden=\"true\" class=\"e-font-icon-svg e-fab-facebook\" viewBox=\"0 0 512 512\" xmlns=\"http:\/\/www.w3.org\/2000\/svg\"><path d=\"M504 256C504 119 393 8 256 8S8 119 8 256c0 123.78 90.69 226.38 209.25 245V327.69h-63V256h63v-54.64c0-62.15 37-96.48 93.67-96.48 27.14 0 55.52 4.84 55.52 4.84v61h-31.28c-30.8 0-40.41 19.12-40.41 38.73V256h68.78l-11 71.69h-57.78V501C413.31 482.38 504 379.78 504 256z\"><\/path><\/svg>\t\t\t\t<\/span>\n\t\t\t<\/div>\n\t\t\t\n\t\t\t\t\t\t<div class=\"elementor-icon-box-content\">\n\n\t\t\t\t\t\t\t\t\t<h3 class=\"elementor-icon-box-title\">\n\t\t\t\t\t\t<span  >\n\t\t\t\t\t\t\tFacebook\t\t\t\t\t\t<\/span>\n\t\t\t\t\t<\/h3>\n\t\t\t\t\n\t\t\t\t\t\t\t\t\t<p class=\"elementor-icon-box-description\">\n\t\t\t\t\t\tP.E.: Pastoral de la Esperanza\n\n\t\t\t\t\t<\/p>\n\t\t\t\t\n\t\t\t<\/div>\n\t\t\t\n\t\t<\/div>\n\t\t\t\t\t\t<\/div>\n\t\t\t\t<\/div>\n\t\t\t\t<div class=\"elementor-element elementor-element-43297c8 elementor-view-stacked elementor-shape-square elementor-position-inline-start elementor-mobile-position-block-start elementor-widget elementor-widget-icon-box\" data-id=\"43297c8\" data-element_type=\"widget\" data-e-type=\"widget\" data-widget_type=\"icon-box.default\">\n\t\t\t\t<div class=\"elementor-widget-container\">\n\t\t\t\t\t\t\t<div class=\"elementor-icon-box-wrapper\">\n\n\t\t\t\t\t\t<div class=\"elementor-icon-box-icon\">\n\t\t\t\t<span  class=\"elementor-icon\">\n\t\t\t\t<svg aria-hidden=\"true\" class=\"e-font-icon-svg e-fab-instagram\" viewBox=\"0 0 448 512\" xmlns=\"http:\/\/www.w3.org\/2000\/svg\"><path d=\"M224.1 141c-63.6 0-114.9 51.3-114.9 114.9s51.3 114.9 114.9 114.9S339 319.5 339 255.9 287.7 141 224.1 141zm0 189.6c-41.1 0-74.7-33.5-74.7-74.7s33.5-74.7 74.7-74.7 74.7 33.5 74.7 74.7-33.6 74.7-74.7 74.7zm146.4-194.3c0 14.9-12 26.8-26.8 26.8-14.9 0-26.8-12-26.8-26.8s12-26.8 26.8-26.8 26.8 12 26.8 26.8zm76.1 27.2c-1.7-35.9-9.9-67.7-36.2-93.9-26.2-26.2-58-34.4-93.9-36.2-37-2.1-147.9-2.1-184.9 0-35.8 1.7-67.6 9.9-93.9 36.1s-34.4 58-36.2 93.9c-2.1 37-2.1 147.9 0 184.9 1.7 35.9 9.9 67.7 36.2 93.9s58 34.4 93.9 36.2c37 2.1 147.9 2.1 184.9 0 35.9-1.7 67.7-9.9 93.9-36.2 26.2-26.2 34.4-58 36.2-93.9 2.1-37 2.1-147.8 0-184.8zM398.8 388c-7.8 19.6-22.9 34.7-42.6 42.6-29.5 11.7-99.5 9-132.1 9s-102.7 2.6-132.1-9c-19.6-7.8-34.7-22.9-42.6-42.6-11.7-29.5-9-99.5-9-132.1s-2.6-102.7 9-132.1c7.8-19.6 22.9-34.7 42.6-42.6 29.5-11.7 99.5-9 132.1-9s102.7-2.6 132.1 9c19.6 7.8 34.7 22.9 42.6 42.6 11.7 29.5 9 99.5 9 132.1s2.7 102.7-9 132.1z\"><\/path><\/svg>\t\t\t\t<\/span>\n\t\t\t<\/div>\n\t\t\t\n\t\t\t\t\t\t<div class=\"elementor-icon-box-content\">\n\n\t\t\t\t\t\t\t\t\t<h3 class=\"elementor-icon-box-title\">\n\t\t\t\t\t\t<span  >\n\t\t\t\t\t\t\tInstagram\t\t\t\t\t\t<\/span>\n\t\t\t\t\t<\/h3>\n\t\t\t\t\n\t\t\t\t\t\t\t\t\t<p class=\"elementor-icon-box-description\">\n\t\t\t\t\t\tpastoraldelaesperanza\n\t\t\t\t\t<\/p>\n\t\t\t\t\n\t\t\t<\/div>\n\t\t\t\n\t\t<\/div>\n\t\t\t\t\t\t<\/div>\n\t\t\t\t<\/div>\n\t\t\t\t\t<\/div>\n\t\t\t\t<\/div>\n\t\t\t\t\t<\/div>\n\t\t\t\t<\/div>\n\t\t\t\t<\/div>\n\t\t\t\t\t<\/div>\n\t\t\t\t<\/div>\n\t\t\t\t<\/div>\n\t\t","protected":false},"excerpt":{"rendered":"<p>Pastorale della Speranza Il nome deriva da un discorso di Benedetto XVI sul tema \u201cBalsamo nelle ferite, una risposta alle ferite del divorzio\u201d. \u00c8 rivolta a tutte le Coppie Separate che hanno iniziato una Nuova relazione, chiamate anche SENU (Separati in una nuova Unione). I SENU o DVC (Divorziati e risposati) sono quei fratelli e [&hellip;]<\/p>\n","protected":false},"author":3,"featured_media":60818,"parent":60796,"menu_order":0,"comment_status":"closed","ping_status":"closed","template":"","meta":{"footnotes":""},"class_list":["post-60817","page","type-page","status-publish","has-post-thumbnail","hentry"],"yoast_head":"<!-- This site is optimized with the Yoast SEO Premium plugin v27.4 (Yoast SEO v27.4) - https:\/\/yoast.com\/product\/yoast-seo-premium-wordpress\/ -->\n<title>Pastorale della Speranza - Schoenstatt<\/title>\n<meta name=\"description\" content=\"Il nome deriva da un discorso di Benedetto XVI sul tema \u201cBalsamo sulle ferite, risposta alle ferite del divorzio.\" \/>\n<meta name=\"robots\" content=\"index, follow, max-snippet:-1, max-image-preview:large, max-video-preview:-1\" \/>\n<link rel=\"canonical\" href=\"https:\/\/schoenstatt.com\/it\/in-missione\/chiesa\/pastorale-della-speranza\/\" \/>\n<meta property=\"og:locale\" content=\"it_IT\" \/>\n<meta property=\"og:type\" content=\"article\" \/>\n<meta property=\"og:title\" content=\"Pastorale della Speranza\" \/>\n<meta property=\"og:description\" content=\"Il nome deriva da un discorso di Benedetto XVI sul tema \u201cBalsamo sulle ferite, risposta alle ferite del divorzio.\" \/>\n<meta property=\"og:url\" content=\"https:\/\/schoenstatt.com\/it\/in-missione\/chiesa\/pastorale-della-speranza\/\" \/>\n<meta property=\"og:site_name\" content=\"Schoenstatt\" \/>\n<meta property=\"article:modified_time\" content=\"2025-07-17T17:48:34+00:00\" \/>\n<meta property=\"og:image\" content=\"https:\/\/schoenstatt.com\/wp-content\/uploads\/2024\/06\/projetos-1.jpg\" \/>\n\t<meta property=\"og:image:width\" content=\"2048\" \/>\n\t<meta property=\"og:image:height\" content=\"624\" \/>\n\t<meta property=\"og:image:type\" content=\"image\/jpeg\" \/>\n<meta name=\"twitter:card\" content=\"summary_large_image\" \/>\n<meta name=\"twitter:label1\" content=\"Tempo di lettura stimato\" \/>\n\t<meta name=\"twitter:data1\" content=\"4 minuti\" \/>\n<script type=\"application\/ld+json\" class=\"yoast-schema-graph\">{\"@context\":\"https:\\\/\\\/schema.org\",\"@graph\":[{\"@type\":\"WebPage\",\"@id\":\"https:\\\/\\\/schoenstatt.com\\\/it\\\/in-missione\\\/chiesa\\\/pastorale-della-speranza\\\/\",\"url\":\"https:\\\/\\\/schoenstatt.com\\\/it\\\/in-missione\\\/chiesa\\\/pastorale-della-speranza\\\/\",\"name\":\"Pastorale della Speranza - Schoenstatt\",\"isPartOf\":{\"@id\":\"https:\\\/\\\/schoenstatt.com\\\/it\\\/#website\"},\"primaryImageOfPage\":{\"@id\":\"https:\\\/\\\/schoenstatt.com\\\/it\\\/in-missione\\\/chiesa\\\/pastorale-della-speranza\\\/#primaryimage\"},\"image\":{\"@id\":\"https:\\\/\\\/schoenstatt.com\\\/it\\\/in-missione\\\/chiesa\\\/pastorale-della-speranza\\\/#primaryimage\"},\"thumbnailUrl\":\"https:\\\/\\\/schoenstatt.com\\\/wp-content\\\/uploads\\\/2024\\\/06\\\/projetos-1.jpg\",\"datePublished\":\"2024-06-29T20:00:55+00:00\",\"dateModified\":\"2025-07-17T17:48:34+00:00\",\"description\":\"Il nome deriva da un discorso di Benedetto XVI sul tema \u201cBalsamo sulle ferite, risposta alle ferite del divorzio.\",\"breadcrumb\":{\"@id\":\"https:\\\/\\\/schoenstatt.com\\\/it\\\/in-missione\\\/chiesa\\\/pastorale-della-speranza\\\/#breadcrumb\"},\"inLanguage\":\"it-IT\",\"potentialAction\":[{\"@type\":\"ReadAction\",\"target\":[\"https:\\\/\\\/schoenstatt.com\\\/it\\\/in-missione\\\/chiesa\\\/pastorale-della-speranza\\\/\"]}]},{\"@type\":\"ImageObject\",\"inLanguage\":\"it-IT\",\"@id\":\"https:\\\/\\\/schoenstatt.com\\\/it\\\/in-missione\\\/chiesa\\\/pastorale-della-speranza\\\/#primaryimage\",\"url\":\"https:\\\/\\\/schoenstatt.com\\\/wp-content\\\/uploads\\\/2024\\\/06\\\/projetos-1.jpg\",\"contentUrl\":\"https:\\\/\\\/schoenstatt.com\\\/wp-content\\\/uploads\\\/2024\\\/06\\\/projetos-1.jpg\",\"width\":2048,\"height\":624,\"caption\":\"pastoral of hope\"},{\"@type\":\"BreadcrumbList\",\"@id\":\"https:\\\/\\\/schoenstatt.com\\\/it\\\/in-missione\\\/chiesa\\\/pastorale-della-speranza\\\/#breadcrumb\",\"itemListElement\":[{\"@type\":\"ListItem\",\"position\":1,\"name\":\"Portada\",\"item\":\"https:\\\/\\\/schoenstatt.com\\\/it\\\/home\\\/\"},{\"@type\":\"ListItem\",\"position\":2,\"name\":\"In Missione\",\"item\":\"https:\\\/\\\/schoenstatt.com\\\/it\\\/in-missione\\\/\"},{\"@type\":\"ListItem\",\"position\":3,\"name\":\"Chiesa\",\"item\":\"https:\\\/\\\/schoenstatt.com\\\/it\\\/in-missione\\\/chiesa\\\/\"},{\"@type\":\"ListItem\",\"position\":4,\"name\":\"Pastorale della Speranza\"}]},{\"@type\":\"WebSite\",\"@id\":\"https:\\\/\\\/schoenstatt.com\\\/it\\\/#website\",\"url\":\"https:\\\/\\\/schoenstatt.com\\\/it\\\/\",\"name\":\"Schoenstatt\",\"description\":\"Apostolic Movement\",\"publisher\":{\"@id\":\"https:\\\/\\\/schoenstatt.com\\\/it\\\/#organization\"},\"potentialAction\":[{\"@type\":\"SearchAction\",\"target\":{\"@type\":\"EntryPoint\",\"urlTemplate\":\"https:\\\/\\\/schoenstatt.com\\\/it\\\/?s={search_term_string}\"},\"query-input\":{\"@type\":\"PropertyValueSpecification\",\"valueRequired\":true,\"valueName\":\"search_term_string\"}}],\"inLanguage\":\"it-IT\"},{\"@type\":\"Organization\",\"@id\":\"https:\\\/\\\/schoenstatt.com\\\/it\\\/#organization\",\"name\":\"Schoenstatt\",\"url\":\"https:\\\/\\\/schoenstatt.com\\\/it\\\/\",\"logo\":{\"@type\":\"ImageObject\",\"inLanguage\":\"it-IT\",\"@id\":\"https:\\\/\\\/schoenstatt.com\\\/it\\\/#\\\/schema\\\/logo\\\/image\\\/\",\"url\":\"https:\\\/\\\/schoenstatt.com\\\/wp-content\\\/uploads\\\/2025\\\/04\\\/logo-schoenstatt-white-696x696-1.png\",\"contentUrl\":\"https:\\\/\\\/schoenstatt.com\\\/wp-content\\\/uploads\\\/2025\\\/04\\\/logo-schoenstatt-white-696x696-1.png\",\"width\":696,\"height\":694,\"caption\":\"Schoenstatt\"},\"image\":{\"@id\":\"https:\\\/\\\/schoenstatt.com\\\/it\\\/#\\\/schema\\\/logo\\\/image\\\/\"}}]}<\/script>\n<!-- \/ Yoast SEO Premium plugin. -->","yoast_head_json":{"title":"Pastorale della Speranza - Schoenstatt","description":"Il nome deriva da un discorso di Benedetto XVI sul tema \u201cBalsamo sulle ferite, risposta alle ferite del divorzio.","robots":{"index":"index","follow":"follow","max-snippet":"max-snippet:-1","max-image-preview":"max-image-preview:large","max-video-preview":"max-video-preview:-1"},"canonical":"https:\/\/schoenstatt.com\/it\/in-missione\/chiesa\/pastorale-della-speranza\/","og_locale":"it_IT","og_type":"article","og_title":"Pastorale della Speranza","og_description":"Il nome deriva da un discorso di Benedetto XVI sul tema \u201cBalsamo sulle ferite, risposta alle ferite del divorzio.","og_url":"https:\/\/schoenstatt.com\/it\/in-missione\/chiesa\/pastorale-della-speranza\/","og_site_name":"Schoenstatt","article_modified_time":"2025-07-17T17:48:34+00:00","og_image":[{"width":2048,"height":624,"url":"https:\/\/schoenstatt.com\/wp-content\/uploads\/2024\/06\/projetos-1.jpg","type":"image\/jpeg"}],"twitter_card":"summary_large_image","twitter_misc":{"Tempo di lettura stimato":"4 minuti"},"schema":{"@context":"https:\/\/schema.org","@graph":[{"@type":"WebPage","@id":"https:\/\/schoenstatt.com\/it\/in-missione\/chiesa\/pastorale-della-speranza\/","url":"https:\/\/schoenstatt.com\/it\/in-missione\/chiesa\/pastorale-della-speranza\/","name":"Pastorale della Speranza - Schoenstatt","isPartOf":{"@id":"https:\/\/schoenstatt.com\/it\/#website"},"primaryImageOfPage":{"@id":"https:\/\/schoenstatt.com\/it\/in-missione\/chiesa\/pastorale-della-speranza\/#primaryimage"},"image":{"@id":"https:\/\/schoenstatt.com\/it\/in-missione\/chiesa\/pastorale-della-speranza\/#primaryimage"},"thumbnailUrl":"https:\/\/schoenstatt.com\/wp-content\/uploads\/2024\/06\/projetos-1.jpg","datePublished":"2024-06-29T20:00:55+00:00","dateModified":"2025-07-17T17:48:34+00:00","description":"Il nome deriva da un discorso di Benedetto XVI sul tema \u201cBalsamo sulle ferite, risposta alle ferite del divorzio.","breadcrumb":{"@id":"https:\/\/schoenstatt.com\/it\/in-missione\/chiesa\/pastorale-della-speranza\/#breadcrumb"},"inLanguage":"it-IT","potentialAction":[{"@type":"ReadAction","target":["https:\/\/schoenstatt.com\/it\/in-missione\/chiesa\/pastorale-della-speranza\/"]}]},{"@type":"ImageObject","inLanguage":"it-IT","@id":"https:\/\/schoenstatt.com\/it\/in-missione\/chiesa\/pastorale-della-speranza\/#primaryimage","url":"https:\/\/schoenstatt.com\/wp-content\/uploads\/2024\/06\/projetos-1.jpg","contentUrl":"https:\/\/schoenstatt.com\/wp-content\/uploads\/2024\/06\/projetos-1.jpg","width":2048,"height":624,"caption":"pastoral of hope"},{"@type":"BreadcrumbList","@id":"https:\/\/schoenstatt.com\/it\/in-missione\/chiesa\/pastorale-della-speranza\/#breadcrumb","itemListElement":[{"@type":"ListItem","position":1,"name":"Portada","item":"https:\/\/schoenstatt.com\/it\/home\/"},{"@type":"ListItem","position":2,"name":"In Missione","item":"https:\/\/schoenstatt.com\/it\/in-missione\/"},{"@type":"ListItem","position":3,"name":"Chiesa","item":"https:\/\/schoenstatt.com\/it\/in-missione\/chiesa\/"},{"@type":"ListItem","position":4,"name":"Pastorale della Speranza"}]},{"@type":"WebSite","@id":"https:\/\/schoenstatt.com\/it\/#website","url":"https:\/\/schoenstatt.com\/it\/","name":"Schoenstatt","description":"Apostolic Movement","publisher":{"@id":"https:\/\/schoenstatt.com\/it\/#organization"},"potentialAction":[{"@type":"SearchAction","target":{"@type":"EntryPoint","urlTemplate":"https:\/\/schoenstatt.com\/it\/?s={search_term_string}"},"query-input":{"@type":"PropertyValueSpecification","valueRequired":true,"valueName":"search_term_string"}}],"inLanguage":"it-IT"},{"@type":"Organization","@id":"https:\/\/schoenstatt.com\/it\/#organization","name":"Schoenstatt","url":"https:\/\/schoenstatt.com\/it\/","logo":{"@type":"ImageObject","inLanguage":"it-IT","@id":"https:\/\/schoenstatt.com\/it\/#\/schema\/logo\/image\/","url":"https:\/\/schoenstatt.com\/wp-content\/uploads\/2025\/04\/logo-schoenstatt-white-696x696-1.png","contentUrl":"https:\/\/schoenstatt.com\/wp-content\/uploads\/2025\/04\/logo-schoenstatt-white-696x696-1.png","width":696,"height":694,"caption":"Schoenstatt"},"image":{"@id":"https:\/\/schoenstatt.com\/it\/#\/schema\/logo\/image\/"}}]}},"_links":{"self":[{"href":"https:\/\/schoenstatt.com\/it\/wp-json\/wp\/v2\/pages\/60817","targetHints":{"allow":["GET"]}}],"collection":[{"href":"https:\/\/schoenstatt.com\/it\/wp-json\/wp\/v2\/pages"}],"about":[{"href":"https:\/\/schoenstatt.com\/it\/wp-json\/wp\/v2\/types\/page"}],"author":[{"embeddable":true,"href":"https:\/\/schoenstatt.com\/it\/wp-json\/wp\/v2\/users\/3"}],"replies":[{"embeddable":true,"href":"https:\/\/schoenstatt.com\/it\/wp-json\/wp\/v2\/comments?post=60817"}],"version-history":[{"count":1,"href":"https:\/\/schoenstatt.com\/it\/wp-json\/wp\/v2\/pages\/60817\/revisions"}],"predecessor-version":[{"id":60825,"href":"https:\/\/schoenstatt.com\/it\/wp-json\/wp\/v2\/pages\/60817\/revisions\/60825"}],"up":[{"embeddable":true,"href":"https:\/\/schoenstatt.com\/it\/wp-json\/wp\/v2\/pages\/60796"}],"wp:featuredmedia":[{"embeddable":true,"href":"https:\/\/schoenstatt.com\/it\/wp-json\/wp\/v2\/media\/60818"}],"wp:attachment":[{"href":"https:\/\/schoenstatt.com\/it\/wp-json\/wp\/v2\/media?parent=60817"}],"curies":[{"name":"wp","href":"https:\/\/api.w.org\/{rel}","templated":true}]}}