{"id":43979,"date":"2024-06-13T22:38:32","date_gmt":"2024-06-13T20:38:32","guid":{"rendered":"https:\/\/schoenstatt.com\/nella-comunita\/sacerdoti\/federazione-dei-sacerdoti\/"},"modified":"2025-05-23T00:16:39","modified_gmt":"2025-05-22T22:16:39","slug":"federazione-dei-sacerdoti","status":"publish","type":"page","link":"https:\/\/schoenstatt.com\/it\/nella-comunita\/sacerdoti\/federazione-dei-sacerdoti\/","title":{"rendered":"Federazione dei Sacerdoti"},"content":{"rendered":"\t\t<div data-elementor-type=\"wp-page\" data-elementor-id=\"43979\" class=\"elementor elementor-43979 elementor-37745\" data-elementor-post-type=\"page\">\n\t\t\t\t<div class=\"elementor-element elementor-element-2e745a6 e-flex e-con-boxed e-con e-parent\" data-id=\"2e745a6\" data-element_type=\"container\" data-e-type=\"container\" data-settings=\"{&quot;background_background&quot;:&quot;classic&quot;}\">\n\t\t\t\t\t<div class=\"e-con-inner\">\n\t\t<div class=\"elementor-element elementor-element-7bbc5c99 e-flex e-con-boxed e-con e-child\" data-id=\"7bbc5c99\" data-element_type=\"container\" data-e-type=\"container\">\n\t\t\t\t\t<div class=\"e-con-inner\">\n\t\t\t\t<div class=\"elementor-element elementor-element-3f434384 elementor-widget elementor-widget-heading\" data-id=\"3f434384\" data-element_type=\"widget\" data-e-type=\"widget\" data-widget_type=\"heading.default\">\n\t\t\t\t<div class=\"elementor-widget-container\">\n\t\t\t\t\t<h1 class=\"elementor-heading-title elementor-size-default\">Federazione Internazionale dei Sacerdoti di Schoenstatt<\/h1>\t\t\t\t<\/div>\n\t\t\t\t<\/div>\n\t\t\t\t<div class=\"elementor-element elementor-element-6235997b elementor-widget elementor-widget-heading\" data-id=\"6235997b\" data-element_type=\"widget\" data-e-type=\"widget\" data-widget_type=\"heading.default\">\n\t\t\t\t<div class=\"elementor-widget-container\">\n\t\t\t\t\t<p class=\"elementor-heading-title elementor-size-default\">Unit\u00e0 nella diversit\u00e0 fin dall'inizio<\/p>\t\t\t\t<\/div>\n\t\t\t\t<\/div>\n\t\t\t\t\t<\/div>\n\t\t\t\t<\/div>\n\t\t\t\t\t<\/div>\n\t\t\t\t<\/div>\n\t\t<div class=\"elementor-element elementor-element-7ef0da3e e-flex e-con-boxed e-con e-parent\" data-id=\"7ef0da3e\" data-element_type=\"container\" data-e-type=\"container\" data-settings=\"{&quot;background_background&quot;:&quot;classic&quot;}\">\n\t\t\t\t\t<div class=\"e-con-inner\">\n\t\t<div class=\"elementor-element elementor-element-62f73745 e-con-full e-flex e-con e-child\" data-id=\"62f73745\" data-element_type=\"container\" data-e-type=\"container\">\n\t\t<div class=\"elementor-element elementor-element-7e5b95fb e-con-full e-flex e-con e-child\" data-id=\"7e5b95fb\" data-element_type=\"container\" data-e-type=\"container\">\n\t\t<div class=\"elementor-element elementor-element-2aab22b0 e-con-full e-flex e-con e-child\" data-id=\"2aab22b0\" data-element_type=\"container\" data-e-type=\"container\">\n\t\t\t\t<div class=\"elementor-element elementor-element-26c95aaa elementor-widget elementor-widget-text-editor\" data-id=\"26c95aaa\" data-element_type=\"widget\" data-e-type=\"widget\" data-widget_type=\"text-editor.default\">\n\t\t\t\t<div class=\"elementor-widget-container\">\n\t\t\t\t\t\t\t\t\t<p>La nostra comunit\u00e0<\/p>\t\t\t\t\t\t\t\t<\/div>\n\t\t\t\t<\/div>\n\t\t\t\t<div class=\"elementor-element elementor-element-6c06a743 elementor-widget elementor-widget-heading\" data-id=\"6c06a743\" data-element_type=\"widget\" data-e-type=\"widget\" data-widget_type=\"heading.default\">\n\t\t\t\t<div class=\"elementor-widget-container\">\n\t\t\t\t\t<h2 class=\"elementor-heading-title elementor-size-default\">I sacerdoti diocesani di Schoenstatt nel cuore della Chiesa<\/h2>\t\t\t\t<\/div>\n\t\t\t\t<\/div>\n\t\t\t\t<div class=\"elementor-element elementor-element-139d070d elementor-widget elementor-widget-text-editor\" data-id=\"139d070d\" data-element_type=\"widget\" data-e-type=\"widget\" data-widget_type=\"text-editor.default\">\n\t\t\t\t<div class=\"elementor-widget-container\">\n\t\t\t\t\t\t\t\t\t<p>La Federazione dei Sacerdoti \u00e8 caratterizzata da libert\u00e0 e generosit\u00e0. \u00c8 in questo spirito che il sacerdote della Federazione vive i consigli evangelici e il suo apostolato nella comunit\u00e0 dei confratelli. <\/p>\t\t\t\t\t\t\t\t<\/div>\n\t\t\t\t<\/div>\n\t\t\t\t<div class=\"elementor-element elementor-element-539d72b elementor-widget-divider--view-line elementor-widget elementor-widget-divider\" data-id=\"539d72b\" data-element_type=\"widget\" data-e-type=\"widget\" data-widget_type=\"divider.default\">\n\t\t\t\t<div class=\"elementor-widget-container\">\n\t\t\t\t\t\t\t<div class=\"elementor-divider\">\n\t\t\t<span class=\"elementor-divider-separator\">\n\t\t\t\t\t\t<\/span>\n\t\t<\/div>\n\t\t\t\t\t\t<\/div>\n\t\t\t\t<\/div>\n\t\t\t\t<div class=\"elementor-element elementor-element-1a9ca101 elementor-align-left elementor-widget elementor-widget-button\" data-id=\"1a9ca101\" data-element_type=\"widget\" data-e-type=\"widget\" data-widget_type=\"button.default\">\n\t\t\t\t<div class=\"elementor-widget-container\">\n\t\t\t\t\t\t\t\t\t<div class=\"elementor-button-wrapper\">\n\t\t\t\t\t<a class=\"elementor-button elementor-button-link elementor-size-md\" href=\"https:\/\/schoenstatt-priesterbund.de\/\" target=\"_blank\">\n\t\t\t\t\t\t<span class=\"elementor-button-content-wrapper\">\n\t\t\t\t\t\t\t\t\t<span class=\"elementor-button-text\">Sito web internazionale<\/span>\n\t\t\t\t\t<\/span>\n\t\t\t\t\t<\/a>\n\t\t\t\t<\/div>\n\t\t\t\t\t\t\t\t<\/div>\n\t\t\t\t<\/div>\n\t\t\t\t<\/div>\n\t\t<div class=\"elementor-element elementor-element-18b345c1 e-con-full e-flex e-con e-child\" data-id=\"18b345c1\" data-element_type=\"container\" data-e-type=\"container\" data-settings=\"{&quot;background_background&quot;:&quot;classic&quot;}\">\n\t\t\t\t<div class=\"elementor-element elementor-element-2fdbdf40 elementor-widget elementor-widget-image\" data-id=\"2fdbdf40\" data-element_type=\"widget\" data-e-type=\"widget\" data-widget_type=\"image.default\">\n\t\t\t\t<div class=\"elementor-widget-container\">\n\t\t\t\t\t\t\t\t\t\t\t\t\t\t\t<img decoding=\"async\" src=\"https:\/\/schoenstatt.com\/wp-content\/uploads\/2024\/06\/priesterbund-uniao-dos-padres-federacion-de-presbiteros-priester-federation-schoenstatt-5.jpg\" title=\"\" alt=\"\" loading=\"lazy\" \/>\t\t\t\t\t\t\t\t\t\t\t\t\t\t\t<\/div>\n\t\t\t\t<\/div>\n\t\t\t\t<\/div>\n\t\t\t\t<\/div>\n\t\t\t\t<\/div>\n\t\t\t\t\t<\/div>\n\t\t\t\t<\/div>\n\t\t<div class=\"elementor-element elementor-element-5166a844 e-flex e-con-boxed e-con e-parent\" data-id=\"5166a844\" data-element_type=\"container\" data-e-type=\"container\">\n\t\t\t\t\t<div class=\"e-con-inner\">\n\t\t<div class=\"elementor-element elementor-element-5ee0fd4f e-con-full e-flex e-con e-child\" data-id=\"5ee0fd4f\" data-element_type=\"container\" data-e-type=\"container\">\n\t\t<div class=\"elementor-element elementor-element-32327413 e-con-full e-flex e-con e-child\" data-id=\"32327413\" data-element_type=\"container\" data-e-type=\"container\">\n\t\t<div class=\"elementor-element elementor-element-22922477 e-con-full e-flex e-con e-child\" data-id=\"22922477\" data-element_type=\"container\" data-e-type=\"container\">\n\t\t\t\t<div class=\"elementor-element elementor-element-2448ba62 elementor-widget elementor-widget-icon-box\" data-id=\"2448ba62\" data-element_type=\"widget\" data-e-type=\"widget\" data-widget_type=\"icon-box.default\">\n\t\t\t\t<div class=\"elementor-widget-container\">\n\t\t\t\t\t\t\t<div class=\"elementor-icon-box-wrapper\">\n\n\t\t\t\n\t\t\t\t\t\t<div class=\"elementor-icon-box-content\">\n\n\t\t\t\t\t\t\t\t\t<h3 class=\"elementor-icon-box-title\">\n\t\t\t\t\t\t<span  >\n\t\t\t\t\t\t\t14+\t\t\t\t\t\t<\/span>\n\t\t\t\t\t<\/h3>\n\t\t\t\t\n\t\t\t\t\t\t\t\t\t<p class=\"elementor-icon-box-description\">\n\t\t\t\t\t\tPAESI\t\t\t\t\t<\/p>\n\t\t\t\t\n\t\t\t<\/div>\n\t\t\t\n\t\t<\/div>\n\t\t\t\t\t\t<\/div>\n\t\t\t\t<\/div>\n\t\t\t\t<div class=\"elementor-element elementor-element-3c6f7e9d elementor-widget elementor-widget-text-editor\" data-id=\"3c6f7e9d\" data-element_type=\"widget\" data-e-type=\"widget\" data-widget_type=\"text-editor.default\">\n\t\t\t\t<div class=\"elementor-widget-container\">\n\t\t\t\t\t\t\t\t\t<p>Argentina, Bolivia, Brasile, Burundi, Ciad, Cile, Cuba, Repubblica Ceca, Repubblica Dominicana, Germania, India, Per\u00f9, Portogallo, Svizzera<\/p>\t\t\t\t\t\t\t\t<\/div>\n\t\t\t\t<\/div>\n\t\t\t\t<\/div>\n\t\t<div class=\"elementor-element elementor-element-3a551284 e-con-full e-flex e-con e-child\" data-id=\"3a551284\" data-element_type=\"container\" data-e-type=\"container\">\n\t\t\t\t<div class=\"elementor-element elementor-element-727b28bc elementor-widget elementor-widget-image\" data-id=\"727b28bc\" data-element_type=\"widget\" data-e-type=\"widget\" data-widget_type=\"image.default\">\n\t\t\t\t<div class=\"elementor-widget-container\">\n\t\t\t\t\t\t\t\t\t\t\t\t\t\t\t<img decoding=\"async\" src=\"https:\/\/schoenstatt.com\/wp-content\/uploads\/2024\/06\/priesterbund-uniao-dos-padres-federacion-de-presbiteros-priester-federation-schoenstatt-4.jpg\" title=\"\" alt=\"\" loading=\"lazy\" \/>\t\t\t\t\t\t\t\t\t\t\t\t\t\t\t<\/div>\n\t\t\t\t<\/div>\n\t\t\t\t<\/div>\n\t\t<div class=\"elementor-element elementor-element-b65a806 e-con-full e-flex e-con e-child\" data-id=\"b65a806\" data-element_type=\"container\" data-e-type=\"container\">\n\t\t\t\t<div class=\"elementor-element elementor-element-60e2e64a elementor-widget elementor-widget-icon-box\" data-id=\"60e2e64a\" data-element_type=\"widget\" data-e-type=\"widget\" data-widget_type=\"icon-box.default\">\n\t\t\t\t<div class=\"elementor-widget-container\">\n\t\t\t\t\t\t\t<div class=\"elementor-icon-box-wrapper\">\n\n\t\t\t\n\t\t\t\t\t\t<div class=\"elementor-icon-box-content\">\n\n\t\t\t\t\t\t\t\t\t<h3 class=\"elementor-icon-box-title\">\n\t\t\t\t\t\t<span  >\n\t\t\t\t\t\t\t1966\t\t\t\t\t\t<\/span>\n\t\t\t\t\t<\/h3>\n\t\t\t\t\n\t\t\t\t\t\t\t\t\t<p class=\"elementor-icon-box-description\">\n\t\t\t\t\t\tFONDAZIONE\t\t\t\t\t<\/p>\n\t\t\t\t\n\t\t\t<\/div>\n\t\t\t\n\t\t<\/div>\n\t\t\t\t\t\t<\/div>\n\t\t\t\t<\/div>\n\t\t\t\t<div class=\"elementor-element elementor-element-3afa1cf0 elementor-widget elementor-widget-text-editor\" data-id=\"3afa1cf0\" data-element_type=\"widget\" data-e-type=\"widget\" data-widget_type=\"text-editor.default\">\n\t\t\t\t<div class=\"elementor-widget-container\">\n\t\t\t\t\t\t\t\t\t<p>Il 4 gennaio \u00e8 stata fondata in Germania la Federazione dei Sacerdoti con un primo corso di fondazione, \u201cConfundatores Patris\u201d, a cui si \u00e8 presto aggiunto un secondo corso, \u201cConsortes Patris\u201d.<\/p>\t\t\t\t\t\t\t\t<\/div>\n\t\t\t\t<\/div>\n\t\t\t\t<\/div>\n\t\t\t\t<\/div>\n\t\t\t\t<\/div>\n\t\t\t\t\t<\/div>\n\t\t\t\t<\/div>\n\t\t<div class=\"elementor-element elementor-element-2a0d4f2d e-flex e-con-boxed e-con e-parent\" data-id=\"2a0d4f2d\" data-element_type=\"container\" data-e-type=\"container\" data-settings=\"{&quot;background_background&quot;:&quot;gradient&quot;}\">\n\t\t\t\t\t<div class=\"e-con-inner\">\n\t\t<div class=\"elementor-element elementor-element-409e690c e-con-full e-flex e-con e-child\" data-id=\"409e690c\" data-element_type=\"container\" data-e-type=\"container\">\n\t\t\t\t<div class=\"elementor-element elementor-element-192337d9 elementor-widget elementor-widget-image\" data-id=\"192337d9\" data-element_type=\"widget\" data-e-type=\"widget\" data-widget_type=\"image.default\">\n\t\t\t\t<div class=\"elementor-widget-container\">\n\t\t\t\t\t\t\t\t\t\t\t\t\t\t\t<img decoding=\"async\" src=\"https:\/\/schoenstatt.com\/wp-content\/uploads\/2024\/06\/priesterbund-uniao-dos-padres-federacion-de-presbiteros-priester-federation-schoenstatt-3.jpg\" title=\"\" alt=\"\" loading=\"lazy\" \/>\t\t\t\t\t\t\t\t\t\t\t\t\t\t\t<\/div>\n\t\t\t\t<\/div>\n\t\t\t\t<\/div>\n\t\t<div class=\"elementor-element elementor-element-7bc4818e e-con-full e-flex e-con e-child\" data-id=\"7bc4818e\" data-element_type=\"container\" data-e-type=\"container\" data-settings=\"{&quot;background_background&quot;:&quot;classic&quot;}\">\n\t\t\t\t<div class=\"elementor-element elementor-element-4d857718 elementor-widget elementor-widget-text-editor\" data-id=\"4d857718\" data-element_type=\"widget\" data-e-type=\"widget\" data-widget_type=\"text-editor.default\">\n\t\t\t\t<div class=\"elementor-widget-container\">\n\t\t\t\t\t\t\t\t\t<p><em>La vocazione della vita<\/em><\/p>\t\t\t\t\t\t\t\t<\/div>\n\t\t\t\t<\/div>\n\t\t\t\t<div class=\"elementor-element elementor-element-29c13e elementor-widget elementor-widget-heading\" data-id=\"29c13e\" data-element_type=\"widget\" data-e-type=\"widget\" data-widget_type=\"heading.default\">\n\t\t\t\t<div class=\"elementor-widget-container\">\n\t\t\t\t\t<h2 class=\"elementor-heading-title elementor-size-default\">Un dono e un carisma per il rinnovamento della Chiesa<\/h2>\t\t\t\t<\/div>\n\t\t\t\t<\/div>\n\t\t\t\t<div class=\"elementor-element elementor-element-447be96 elementor-widget elementor-widget-text-editor\" data-id=\"447be96\" data-element_type=\"widget\" data-e-type=\"widget\" data-widget_type=\"text-editor.default\">\n\t\t\t\t<div class=\"elementor-widget-container\">\n\t\t\t\t\t\t\t\t\t<p>La Federazione Internazionale dei Sacerdoti di Schoenstatt (ISPB) vede la sua missione specifica nel vivere, in cooperazione con le altre comunit\u00e0 federative di Schoenstatt, una cultura comunitaria sinodale-federativa in modo coerente, nello spirito della \u201clibert\u00e0 profetica\u201d (P. Alejandro Blanco), al fine di rendere fecondo il carisma apostolico di Schoenstatt secondo la visione del fondatore, padre Kentenich, come dono e carisma per il rinnovamento della Chiesa. <\/p>\t\t\t\t\t\t\t\t<\/div>\n\t\t\t\t<\/div>\n\t\t\t\t<\/div>\n\t\t\t\t\t<\/div>\n\t\t\t\t<\/div>\n\t\t<div class=\"elementor-element elementor-element-5a4128b3 e-flex e-con-boxed e-con e-parent\" data-id=\"5a4128b3\" data-element_type=\"container\" data-e-type=\"container\" data-settings=\"{&quot;background_background&quot;:&quot;classic&quot;}\">\n\t\t\t\t\t<div class=\"e-con-inner\">\n\t\t<div class=\"elementor-element elementor-element-42e449c8 e-con-full e-flex e-con e-child\" data-id=\"42e449c8\" data-element_type=\"container\" data-e-type=\"container\" data-settings=\"{&quot;background_background&quot;:&quot;classic&quot;}\">\n\t\t\t\t<div class=\"elementor-element elementor-element-64d936e9 elementor-widget elementor-widget-text-editor\" data-id=\"64d936e9\" data-element_type=\"widget\" data-e-type=\"widget\" data-widget_type=\"text-editor.default\">\n\t\t\t\t<div class=\"elementor-widget-container\">\n\t\t\t\t\t\t\t\t\t<p>L\u2019Inizio<\/p>\t\t\t\t\t\t\t\t<\/div>\n\t\t\t\t<\/div>\n\t\t\t\t<div class=\"elementor-element elementor-element-12d26935 elementor-widget elementor-widget-heading\" data-id=\"12d26935\" data-element_type=\"widget\" data-e-type=\"widget\" data-widget_type=\"heading.default\">\n\t\t\t\t<div class=\"elementor-widget-container\">\n\t\t\t\t\t<h2 class=\"elementor-heading-title elementor-size-default\">Come tutto \u00e8 iniziato<\/h2>\t\t\t\t<\/div>\n\t\t\t\t<\/div>\n\t\t\t\t<div class=\"elementor-element elementor-element-6036d6ac elementor-widget elementor-widget-text-editor\" data-id=\"6036d6ac\" data-element_type=\"widget\" data-e-type=\"widget\" data-widget_type=\"text-editor.default\">\n\t\t\t\t<div class=\"elementor-widget-container\">\n\t\t\t\t\t\t\t\t\t<p>Le origini della Federazione Internazionale dei Sacerdoti di Schoenstatt (ISPB) risalgono alla fondazione della Federazione Apostolica a Dortmund-H\u00f6rde nel 1919. Negli anni \u201960, le comunit\u00e0 sacerdotali diocesane furono organizzate in Lega, Federazione e Istituto. Il 24 dicembre 1965, Padre Kentenich, fondatore dell\u2019Opera di Schoenstatt, diede l\u2019indicazione di ristabilire la Federazione dei Sacerdoti. Ci\u00f2 avvenne il 4 gennaio 1966 con l\u2019indipendenza giuridica. Solo da quel momento in poi, la Federazione indipendente dei sacerdoti inizi\u00f2 a svilupparsi anche in altri paesi.    <\/p>\t\t\t\t\t\t\t\t<\/div>\n\t\t\t\t<\/div>\n\t\t\t\t<\/div>\n\t\t<div class=\"elementor-element elementor-element-6ba812c3 e-con-full e-flex e-con e-child\" data-id=\"6ba812c3\" data-element_type=\"container\" data-e-type=\"container\">\n\t\t\t\t<div class=\"elementor-element elementor-element-6beaa754 elementor-widget elementor-widget-image\" data-id=\"6beaa754\" data-element_type=\"widget\" data-e-type=\"widget\" data-widget_type=\"image.default\">\n\t\t\t\t<div class=\"elementor-widget-container\">\n\t\t\t\t\t\t\t\t\t\t\t\t\t\t\t<img decoding=\"async\" src=\"https:\/\/schoenstatt.com\/wp-content\/uploads\/2024\/06\/curso-consortes-patris-federacion-de-presbiteros-pristerbund.jpg\" title=\"\" alt=\"\" loading=\"lazy\" \/>\t\t\t\t\t\t\t\t\t\t\t\t\t\t\t<\/div>\n\t\t\t\t<\/div>\n\t\t\t\t<\/div>\n\t\t\t\t\t<\/div>\n\t\t\t\t<\/div>\n\t\t<div class=\"elementor-element elementor-element-39afdc92 e-flex e-con-boxed e-con e-parent\" data-id=\"39afdc92\" data-element_type=\"container\" data-e-type=\"container\" data-settings=\"{&quot;background_background&quot;:&quot;classic&quot;}\">\n\t\t\t\t\t<div class=\"e-con-inner\">\n\t\t<div class=\"elementor-element elementor-element-516106ed e-con-full e-flex e-con e-child\" data-id=\"516106ed\" data-element_type=\"container\" data-e-type=\"container\">\n\t\t<div class=\"elementor-element elementor-element-4ec87a42 e-con-full e-flex e-con e-child\" data-id=\"4ec87a42\" data-element_type=\"container\" data-e-type=\"container\">\n\t\t<div class=\"elementor-element elementor-element-6270807b e-con-full e-flex e-con e-child\" data-id=\"6270807b\" data-element_type=\"container\" data-e-type=\"container\" data-settings=\"{&quot;background_background&quot;:&quot;classic&quot;}\">\n\t\t\t\t<div class=\"elementor-element elementor-element-662c5f13 elementor-widget__width-initial elementor-widget elementor-widget-image\" data-id=\"662c5f13\" data-element_type=\"widget\" data-e-type=\"widget\" data-widget_type=\"image.default\">\n\t\t\t\t<div class=\"elementor-widget-container\">\n\t\t\t\t\t\t\t\t\t\t\t\t\t\t\t<img decoding=\"async\" src=\"https:\/\/schoenstatt.com\/wp-content\/uploads\/2024\/06\/priesterbund-uniao-dos-padres-federacion-de-presbiteros-priester-federation-schoenstatt-9.jpg\" title=\"\" alt=\"\" loading=\"lazy\" \/>\t\t\t\t\t\t\t\t\t\t\t\t\t\t\t<\/div>\n\t\t\t\t<\/div>\n\t\t\t\t<\/div>\n\t\t<div class=\"elementor-element elementor-element-48ddf78a e-con-full e-flex e-con e-child\" data-id=\"48ddf78a\" data-element_type=\"container\" data-e-type=\"container\">\n\t\t\t\t<div class=\"elementor-element elementor-element-58d72102 elementor-widget elementor-widget-text-editor\" data-id=\"58d72102\" data-element_type=\"widget\" data-e-type=\"widget\" data-widget_type=\"text-editor.default\">\n\t\t\t\t<div class=\"elementor-widget-container\">\n\t\t\t\t\t\t\t\t\t<p>Nel mondo<\/p>\t\t\t\t\t\t\t\t<\/div>\n\t\t\t\t<\/div>\n\t\t\t\t<div class=\"elementor-element elementor-element-6f3e1585 elementor-widget elementor-widget-heading\" data-id=\"6f3e1585\" data-element_type=\"widget\" data-e-type=\"widget\" data-widget_type=\"heading.default\">\n\t\t\t\t<div class=\"elementor-widget-container\">\n\t\t\t\t\t<h2 class=\"elementor-heading-title elementor-size-default\">Costituzione Internazionale<\/h2>\t\t\t\t<\/div>\n\t\t\t\t<\/div>\n\t\t\t\t<div class=\"elementor-element elementor-element-516f5ec elementor-position-inline-start elementor-mobile-position-inline-start elementor-view-default elementor-widget elementor-widget-icon-box\" data-id=\"516f5ec\" data-element_type=\"widget\" data-e-type=\"widget\" data-widget_type=\"icon-box.default\">\n\t\t\t\t<div class=\"elementor-widget-container\">\n\t\t\t\t\t\t\t<div class=\"elementor-icon-box-wrapper\">\n\n\t\t\t\t\t\t<div class=\"elementor-icon-box-icon\">\n\t\t\t\t<span  class=\"elementor-icon\">\n\t\t\t\t<svg aria-hidden=\"true\" class=\"e-font-icon-svg e-far-bookmark\" viewBox=\"0 0 384 512\" xmlns=\"http:\/\/www.w3.org\/2000\/svg\"><path d=\"M336 0H48C21.49 0 0 21.49 0 48v464l192-112 192 112V48c0-26.51-21.49-48-48-48zm0 428.43l-144-84-144 84V54a6 6 0 0 1 6-6h276c3.314 0 6 2.683 6 5.996V428.43z\"><\/path><\/svg>\t\t\t\t<\/span>\n\t\t\t<\/div>\n\t\t\t\n\t\t\t\t\t\t<div class=\"elementor-icon-box-content\">\n\n\t\t\t\t\t\t\t\t\t<div class=\"elementor-icon-box-title\">\n\t\t\t\t\t\t<span  >\n\t\t\t\t\t\t\tUna pietra miliare\t\t\t\t\t\t<\/span>\n\t\t\t\t\t<\/div>\n\t\t\t\t\n\t\t\t\t\t\t\t\t\t<p class=\"elementor-icon-box-description\">\n\t\t\t\t\t\tIl 20 agosto 2019, la Federazione dei Sacerdoti ha compiuto un passo storico e si \u00e8 costituita a livello internazionale. Questo momento fondativo \u00e8 stato preceduto da un processo di ricerca durato pi\u00f9 di dieci anni, vissuto nello spirito della sinodalit\u00e0 e della federativit\u00e0 durante i rispettivi incontri dei delegati in diversi Paesi, caratterizzati da una cordiale apertura e da una fraterna comunione. \t\t\t\t\t<\/p>\n\t\t\t\t\n\t\t\t<\/div>\n\t\t\t\n\t\t<\/div>\n\t\t\t\t\t\t<\/div>\n\t\t\t\t<\/div>\n\t\t\t\t<div class=\"elementor-element elementor-element-3585fc8b elementor-position-inline-start elementor-mobile-position-inline-start elementor-view-default elementor-widget elementor-widget-icon-box\" data-id=\"3585fc8b\" data-element_type=\"widget\" data-e-type=\"widget\" data-widget_type=\"icon-box.default\">\n\t\t\t\t<div class=\"elementor-widget-container\">\n\t\t\t\t\t\t\t<div class=\"elementor-icon-box-wrapper\">\n\n\t\t\t\t\t\t<div class=\"elementor-icon-box-icon\">\n\t\t\t\t<span  class=\"elementor-icon\">\n\t\t\t\t<svg aria-hidden=\"true\" class=\"e-font-icon-svg e-far-bookmark\" viewBox=\"0 0 384 512\" xmlns=\"http:\/\/www.w3.org\/2000\/svg\"><path d=\"M336 0H48C21.49 0 0 21.49 0 48v464l192-112 192 112V48c0-26.51-21.49-48-48-48zm0 428.43l-144-84-144 84V54a6 6 0 0 1 6-6h276c3.314 0 6 2.683 6 5.996V428.43z\"><\/path><\/svg>\t\t\t\t<\/span>\n\t\t\t<\/div>\n\t\t\t\n\t\t\t\t\t\t<div class=\"elementor-icon-box-content\">\n\n\t\t\t\t\t\t\t\t\t<div class=\"elementor-icon-box-title\">\n\t\t\t\t\t\t<span  >\n\t\t\t\t\t\t\tSynodality\t\t\t\t\t\t<\/span>\n\t\t\t\t\t<\/div>\n\t\t\t\t\n\t\t\t\t\t\t\t\t\t<p class=\"elementor-icon-box-description\">\n\t\t\t\t\t\t260 sacerdoti della Federazione provenienti da Argentina, Brasile, Bolivia, Burundi, Ciad, Cile, Cuba, Per\u00f9, India, Camerun, Repubblica Dominicana, Portogallo, Repubblica Ceca, Svizzera e Germania sono stati rappresentati da 60 confratelli, riunitisi nel Santuario Originale per la fondazione formale e ufficiale della Federazione Internazionale dei Sacerdoti Diocesani di Schoenstatt.\t\t\t\t\t<\/p>\n\t\t\t\t\n\t\t\t<\/div>\n\t\t\t\n\t\t<\/div>\n\t\t\t\t\t\t<\/div>\n\t\t\t\t<\/div>\n\t\t\t\t<\/div>\n\t\t\t\t<\/div>\n\t\t\t\t<\/div>\n\t\t\t\t\t<\/div>\n\t\t\t\t<\/div>\n\t\t<div class=\"elementor-element elementor-element-5b704f49 e-flex e-con-boxed e-con e-parent\" data-id=\"5b704f49\" data-element_type=\"container\" data-e-type=\"container\" data-settings=\"{&quot;background_background&quot;:&quot;classic&quot;}\">\n\t\t\t\t\t<div class=\"e-con-inner\">\n\t\t<div class=\"elementor-element elementor-element-56345422 e-con-full e-flex e-con e-child\" data-id=\"56345422\" data-element_type=\"container\" data-e-type=\"container\">\n\t\t<div class=\"elementor-element elementor-element-4b5573b4 e-con-full e-flex e-con e-child\" data-id=\"4b5573b4\" data-element_type=\"container\" data-e-type=\"container\">\n\t\t<div class=\"elementor-element elementor-element-162b04be e-con-full e-flex e-con e-child\" data-id=\"162b04be\" data-element_type=\"container\" data-e-type=\"container\">\n\t\t\t\t<div class=\"elementor-element elementor-element-20ff704f elementor-widget elementor-widget-text-editor\" data-id=\"20ff704f\" data-element_type=\"widget\" data-e-type=\"widget\" data-widget_type=\"text-editor.default\">\n\t\t\t\t<div class=\"elementor-widget-container\">\n\t\t\t\t\t\t\t\t\t<p>Espansione<\/p>\t\t\t\t\t\t\t\t<\/div>\n\t\t\t\t<\/div>\n\t\t\t\t<div class=\"elementor-element elementor-element-3c14d520 elementor-widget elementor-widget-heading\" data-id=\"3c14d520\" data-element_type=\"widget\" data-e-type=\"widget\" data-widget_type=\"heading.default\">\n\t\t\t\t<div class=\"elementor-widget-container\">\n\t\t\t\t\t<h2 class=\"elementor-heading-title elementor-size-default\">Nuovi orizzonti<\/h2>\t\t\t\t<\/div>\n\t\t\t\t<\/div>\n\t\t\t\t<div class=\"elementor-element elementor-element-3c969279 elementor-widget elementor-widget-text-editor\" data-id=\"3c969279\" data-element_type=\"widget\" data-e-type=\"widget\" data-widget_type=\"text-editor.default\">\n\t\t\t\t<div class=\"elementor-widget-container\">\n\t\t\t\t\t\t\t\t\t<p>In alcuni paesi, la Federazione dei Sacerdoti \u00e8 in piena espansione, ad esempio nella Repubblica Dominicana (dove \u00e8 prevista l\u2019istituzione di una regione indipendente) e in Burundi, dove la Federazione dei Sacerdoti sta seguendo lo stesso percorso. Anche in India, i confratelli sono in cammino per diventare una Federazione dei Sacerdoti. <\/p>\t\t\t\t\t\t\t\t<\/div>\n\t\t\t\t<\/div>\n\t\t\t\t<\/div>\n\t\t<div class=\"elementor-element elementor-element-2f6db9d4 e-con-full e-flex e-con e-child\" data-id=\"2f6db9d4\" data-element_type=\"container\" data-e-type=\"container\" data-settings=\"{&quot;background_background&quot;:&quot;classic&quot;}\">\n\t\t\t\t<div class=\"elementor-element elementor-element-341d1ba3 elementor-widget__width-initial elementor-widget elementor-widget-image\" data-id=\"341d1ba3\" data-element_type=\"widget\" data-e-type=\"widget\" data-widget_type=\"image.default\">\n\t\t\t\t<div class=\"elementor-widget-container\">\n\t\t\t\t\t\t\t\t\t\t\t\t\t\t\t<img decoding=\"async\" src=\"https:\/\/schoenstatt.com\/wp-content\/uploads\/2024\/06\/priesterbund-uniao-dos-padres-federacion-de-presbiteros-priester-federation-schoenstatt-10.jpg\" title=\"\" alt=\"\" loading=\"lazy\" \/>\t\t\t\t\t\t\t\t\t\t\t\t\t\t\t<\/div>\n\t\t\t\t<\/div>\n\t\t\t\t<\/div>\n\t\t\t\t<\/div>\n\t\t\t\t<\/div>\n\t\t\t\t\t<\/div>\n\t\t\t\t<\/div>\n\t\t<div class=\"elementor-element elementor-element-39d8dda9 e-flex e-con-boxed e-con e-parent\" data-id=\"39d8dda9\" data-element_type=\"container\" data-e-type=\"container\" data-settings=\"{&quot;background_background&quot;:&quot;classic&quot;}\">\n\t\t\t\t\t<div class=\"e-con-inner\">\n\t\t<div class=\"elementor-element elementor-element-10872278 e-con-full e-flex e-con e-child\" data-id=\"10872278\" data-element_type=\"container\" data-e-type=\"container\">\n\t\t<div class=\"elementor-element elementor-element-706e915a e-con-full e-flex e-con e-child\" data-id=\"706e915a\" data-element_type=\"container\" data-e-type=\"container\">\n\t\t<div class=\"elementor-element elementor-element-1a563ca6 e-con-full e-flex e-con e-child\" data-id=\"1a563ca6\" data-element_type=\"container\" data-e-type=\"container\" data-settings=\"{&quot;background_background&quot;:&quot;classic&quot;}\">\n\t\t\t\t<div class=\"elementor-element elementor-element-2ba6d062 elementor-widget__width-initial elementor-widget elementor-widget-image\" data-id=\"2ba6d062\" data-element_type=\"widget\" data-e-type=\"widget\" data-widget_type=\"image.default\">\n\t\t\t\t<div class=\"elementor-widget-container\">\n\t\t\t\t\t\t\t\t\t\t\t\t\t\t\t<img decoding=\"async\" src=\"https:\/\/schoenstatt.com\/wp-content\/uploads\/2024\/06\/priesterbund-uniao-dos-padres-federacion-de-presbiteros-priester-federation-schoenstatt-11.jpg\" title=\"\" alt=\"\" loading=\"lazy\" \/>\t\t\t\t\t\t\t\t\t\t\t\t\t\t\t<\/div>\n\t\t\t\t<\/div>\n\t\t\t\t<\/div>\n\t\t<div class=\"elementor-element elementor-element-4c4cea8f e-con-full e-flex e-con e-child\" data-id=\"4c4cea8f\" data-element_type=\"container\" data-e-type=\"container\">\n\t\t\t\t<div class=\"elementor-element elementor-element-2ce0f01d elementor-widget elementor-widget-text-editor\" data-id=\"2ce0f01d\" data-element_type=\"widget\" data-e-type=\"widget\" data-widget_type=\"text-editor.default\">\n\t\t\t\t<div class=\"elementor-widget-container\">\n\t\t\t\t\t\t\t\t\t<p>Statuti della Federazione<\/p>\t\t\t\t\t\t\t\t<\/div>\n\t\t\t\t<\/div>\n\t\t\t\t<div class=\"elementor-element elementor-element-79812287 elementor-widget elementor-widget-heading\" data-id=\"79812287\" data-element_type=\"widget\" data-e-type=\"widget\" data-widget_type=\"heading.default\">\n\t\t\t\t<div class=\"elementor-widget-container\">\n\t\t\t\t\t<h2 class=\"elementor-heading-title elementor-size-default\">Spiritualit\u00e0 della Federazione e Struttura dell'ISPB<\/h2>\t\t\t\t<\/div>\n\t\t\t\t<\/div>\n\t\t\t\t<div class=\"elementor-element elementor-element-7ddeb1 elementor-widget elementor-widget-text-editor\" data-id=\"7ddeb1\" data-element_type=\"widget\" data-e-type=\"widget\" data-widget_type=\"text-editor.default\">\n\t\t\t\t<div class=\"elementor-widget-container\">\n\t\t\t\t\t\t\t\t\t<p>Il preambolo degli Statuti della Federazione (modificati il 31 maggio 2022) afferma quanto segue:<\/p>\t\t\t\t\t\t\t\t<\/div>\n\t\t\t\t<\/div>\n\t\t\t\t<div class=\"elementor-element elementor-element-1e43ed9a elementor-position-inline-start elementor-mobile-position-inline-start elementor-view-default elementor-widget elementor-widget-icon-box\" data-id=\"1e43ed9a\" data-element_type=\"widget\" data-e-type=\"widget\" data-widget_type=\"icon-box.default\">\n\t\t\t\t<div class=\"elementor-widget-container\">\n\t\t\t\t\t\t\t<div class=\"elementor-icon-box-wrapper\">\n\n\t\t\t\t\t\t<div class=\"elementor-icon-box-icon\">\n\t\t\t\t<span  class=\"elementor-icon\">\n\t\t\t\t<svg aria-hidden=\"true\" class=\"e-font-icon-svg e-fas-heart\" viewBox=\"0 0 512 512\" xmlns=\"http:\/\/www.w3.org\/2000\/svg\"><path d=\"M462.3 62.6C407.5 15.9 326 24.3 275.7 76.2L256 96.5l-19.7-20.3C186.1 24.3 104.5 15.9 49.7 62.6c-62.8 53.6-66.1 149.8-9.9 207.9l193.5 199.8c12.5 12.9 32.8 12.9 45.3 0l193.5-199.8c56.3-58.1 53-154.3-9.8-207.9z\"><\/path><\/svg>\t\t\t\t<\/span>\n\t\t\t<\/div>\n\t\t\t\n\t\t\t\t\t\t<div class=\"elementor-icon-box-content\">\n\n\t\t\t\t\t\t\t\t\t<div class=\"elementor-icon-box-title\">\n\t\t\t\t\t\t<span  >\n\t\t\t\t\t\t\tAlleanza\t\t\t\t\t\t<\/span>\n\t\t\t\t\t<\/div>\n\t\t\t\t\n\t\t\t\t\t\t\t\t\t<p class=\"elementor-icon-box-description\">\n\t\t\t\t\t\t\"Il cuore della sua spiritualit\u00e0 \u00e8 l'offerta dell'alleanza di Dio all'uomo e la sua risposta di alleanza nella forma originaria dell'alleanza d'amore, cos\u00ec come \u00e8 nata e vissuta a Schoenstatt\" (b). E la Federazione dei Sacerdoti di Schoenstatt \"ha una struttura distintamente federativa e un carattere marcatamente liberale\" (c).   \t\t\t\t\t<\/p>\n\t\t\t\t\n\t\t\t<\/div>\n\t\t\t\n\t\t<\/div>\n\t\t\t\t\t\t<\/div>\n\t\t\t\t<\/div>\n\t\t\t\t<div class=\"elementor-element elementor-element-50f5030 elementor-position-inline-start elementor-mobile-position-inline-start elementor-view-default elementor-widget elementor-widget-icon-box\" data-id=\"50f5030\" data-element_type=\"widget\" data-e-type=\"widget\" data-widget_type=\"icon-box.default\">\n\t\t\t\t<div class=\"elementor-widget-container\">\n\t\t\t\t\t\t\t<div class=\"elementor-icon-box-wrapper\">\n\n\t\t\t\t\t\t<div class=\"elementor-icon-box-icon\">\n\t\t\t\t<span  class=\"elementor-icon\">\n\t\t\t\t<svg aria-hidden=\"true\" class=\"e-font-icon-svg e-fas-fire\" viewBox=\"0 0 384 512\" xmlns=\"http:\/\/www.w3.org\/2000\/svg\"><path d=\"M216 23.86c0-23.8-30.65-32.77-44.15-13.04C48 191.85 224 200 224 288c0 35.63-29.11 64.46-64.85 63.99-35.17-.45-63.15-29.77-63.15-64.94v-85.51c0-21.7-26.47-32.23-41.43-16.5C27.8 213.16 0 261.33 0 320c0 105.87 86.13 192 192 192s192-86.13 192-192c0-170.29-168-193-168-296.14z\"><\/path><\/svg>\t\t\t\t<\/span>\n\t\t\t<\/div>\n\t\t\t\n\t\t\t\t\t\t<div class=\"elementor-icon-box-content\">\n\n\t\t\t\t\t\t\t\t\t<div class=\"elementor-icon-box-title\">\n\t\t\t\t\t\t<span  >\n\t\t\t\t\t\t\tApostolato\t\t\t\t\t\t<\/span>\n\t\t\t\t\t<\/div>\n\t\t\t\t\n\t\t\t\t\t\t\t\t\t<p class=\"elementor-icon-box-description\">\n\t\t\t\t\t\tAlcuni degli obiettivi della Federazione dei Sacerdoti di Schoenstatt sono rafforzare i sacerdoti nel loro stile di vita personale e nella loro vocazione secondo lo spirito dei Consigli Evangelici e la spiritualit\u00e0 di Schoenstatt (g). Il suo compito \u00e8 anche garantire che il Movimento di Schoenstatt sia coinvolto nella pastorale diocesana (h).   \t\t\t\t\t<\/p>\n\t\t\t\t\n\t\t\t<\/div>\n\t\t\t\n\t\t<\/div>\n\t\t\t\t\t\t<\/div>\n\t\t\t\t<\/div>\n\t\t\t\t<\/div>\n\t\t\t\t<\/div>\n\t\t\t\t<\/div>\n\t\t\t\t\t<\/div>\n\t\t\t\t<\/div>\n\t\t<div class=\"elementor-element elementor-element-35a5f66f e-flex e-con-boxed e-con e-parent\" data-id=\"35a5f66f\" data-element_type=\"container\" data-e-type=\"container\" data-settings=\"{&quot;background_background&quot;:&quot;classic&quot;}\">\n\t\t\t\t\t<div class=\"e-con-inner\">\n\t\t<div class=\"elementor-element elementor-element-1db60f00 e-con-full e-flex e-con e-child\" data-id=\"1db60f00\" data-element_type=\"container\" data-e-type=\"container\">\n\t\t<div class=\"elementor-element elementor-element-23022fef e-con-full e-flex e-con e-child\" data-id=\"23022fef\" data-element_type=\"container\" data-e-type=\"container\">\n\t\t<div class=\"elementor-element elementor-element-171a1266 e-con-full e-flex e-con e-child\" data-id=\"171a1266\" data-element_type=\"container\" data-e-type=\"container\">\n\t\t\t\t<div class=\"elementor-element elementor-element-69cd995b elementor-widget elementor-widget-text-editor\" data-id=\"69cd995b\" data-element_type=\"widget\" data-e-type=\"widget\" data-widget_type=\"text-editor.default\">\n\t\t\t\t<div class=\"elementor-widget-container\">\n\t\t\t\t\t\t\t\t\t<p>La nostra missione<\/p>\t\t\t\t\t\t\t\t<\/div>\n\t\t\t\t<\/div>\n\t\t\t\t<div class=\"elementor-element elementor-element-24d2938e elementor-widget elementor-widget-heading\" data-id=\"24d2938e\" data-element_type=\"widget\" data-e-type=\"widget\" data-widget_type=\"heading.default\">\n\t\t\t\t<div class=\"elementor-widget-container\">\n\t\t\t\t\t<h2 class=\"elementor-heading-title elementor-size-default\">Libert\u00e0 e generosit\u00e0<\/h2>\t\t\t\t<\/div>\n\t\t\t\t<\/div>\n\t\t\t\t<div class=\"elementor-element elementor-element-70ec3c17 elementor-widget elementor-widget-text-editor\" data-id=\"70ec3c17\" data-element_type=\"widget\" data-e-type=\"widget\" data-widget_type=\"text-editor.default\">\n\t\t\t\t<div class=\"elementor-widget-container\">\n\t\t\t\t\t\t\t\t\t<p>Insieme alle altre Federazioni dell\u2019Opera di Schoenstatt, la Federazione dei Sacerdoti di Schoenstatt ha una responsabilit\u00e0 speciale:<\/p>\t\t\t\t\t\t\t\t<\/div>\n\t\t\t\t<\/div>\n\t\t\t\t<div class=\"elementor-element elementor-element-7e5f3278 elementor-icon-list--layout-traditional elementor-list-item-link-full_width elementor-widget elementor-widget-icon-list\" data-id=\"7e5f3278\" data-element_type=\"widget\" data-e-type=\"widget\" data-widget_type=\"icon-list.default\">\n\t\t\t\t<div class=\"elementor-widget-container\">\n\t\t\t\t\t\t\t<ul class=\"elementor-icon-list-items\">\n\t\t\t\t\t\t\t<li class=\"elementor-icon-list-item\">\n\t\t\t\t\t\t\t\t\t\t\t<span class=\"elementor-icon-list-icon\">\n\t\t\t\t\t\t\t<svg aria-hidden=\"true\" class=\"e-font-icon-svg e-fas-check\" viewBox=\"0 0 512 512\" xmlns=\"http:\/\/www.w3.org\/2000\/svg\"><path d=\"M173.898 439.404l-166.4-166.4c-9.997-9.997-9.997-26.206 0-36.204l36.203-36.204c9.997-9.998 26.207-9.998 36.204 0L192 312.69 432.095 72.596c9.997-9.997 26.207-9.997 36.204 0l36.203 36.204c9.997 9.997 9.997 26.206 0 36.204l-294.4 294.401c-9.998 9.997-26.207 9.997-36.204-.001z\"><\/path><\/svg>\t\t\t\t\t\t<\/span>\n\t\t\t\t\t\t\t\t\t\t<span class=\"elementor-icon-list-text\">per l'unit\u00e0 dell'intera famiglia in una convivenza stimolante<\/span>\n\t\t\t\t\t\t\t\t\t<\/li>\n\t\t\t\t\t\t\t\t<li class=\"elementor-icon-list-item\">\n\t\t\t\t\t\t\t\t\t\t\t<span class=\"elementor-icon-list-icon\">\n\t\t\t\t\t\t\t<svg aria-hidden=\"true\" class=\"e-font-icon-svg e-fas-check\" viewBox=\"0 0 512 512\" xmlns=\"http:\/\/www.w3.org\/2000\/svg\"><path d=\"M173.898 439.404l-166.4-166.4c-9.997-9.997-9.997-26.206 0-36.204l36.203-36.204c9.997-9.998 26.207-9.998 36.204 0L192 312.69 432.095 72.596c9.997-9.997 26.207-9.997 36.204 0l36.203 36.204c9.997 9.997 9.997 26.206 0 36.204l-294.4 294.401c-9.998 9.997-26.207 9.997-36.204-.001z\"><\/path><\/svg>\t\t\t\t\t\t<\/span>\n\t\t\t\t\t\t\t\t\t\t<span class=\"elementor-icon-list-text\">per lo spirito di libert\u00e0 e generosit\u00e0<\/span>\n\t\t\t\t\t\t\t\t\t<\/li>\n\t\t\t\t\t\t\t\t<li class=\"elementor-icon-list-item\">\n\t\t\t\t\t\t\t\t\t\t\t<span class=\"elementor-icon-list-icon\">\n\t\t\t\t\t\t\t<svg aria-hidden=\"true\" class=\"e-font-icon-svg e-fas-check\" viewBox=\"0 0 512 512\" xmlns=\"http:\/\/www.w3.org\/2000\/svg\"><path d=\"M173.898 439.404l-166.4-166.4c-9.997-9.997-9.997-26.206 0-36.204l36.203-36.204c9.997-9.998 26.207-9.998 36.204 0L192 312.69 432.095 72.596c9.997-9.997 26.207-9.997 36.204 0l36.203 36.204c9.997 9.997 9.997 26.206 0 36.204l-294.4 294.401c-9.998 9.997-26.207 9.997-36.204-.001z\"><\/path><\/svg>\t\t\t\t\t\t<\/span>\n\t\t\t\t\t\t\t\t\t\t<span class=\"elementor-icon-list-text\">per la rappresentazione esemplare di una federazione<\/span>\n\t\t\t\t\t\t\t\t\t<\/li>\n\t\t\t\t\t\t<\/ul>\n\t\t\t\t\t\t<\/div>\n\t\t\t\t<\/div>\n\t\t\t\t<\/div>\n\t\t<div class=\"elementor-element elementor-element-7ea528e7 e-con-full e-flex e-con e-child\" data-id=\"7ea528e7\" data-element_type=\"container\" data-e-type=\"container\" data-settings=\"{&quot;background_background&quot;:&quot;classic&quot;}\">\n\t\t\t\t<div class=\"elementor-element elementor-element-38751b55 elementor-widget__width-initial elementor-widget elementor-widget-image\" data-id=\"38751b55\" data-element_type=\"widget\" data-e-type=\"widget\" data-widget_type=\"image.default\">\n\t\t\t\t<div class=\"elementor-widget-container\">\n\t\t\t\t\t\t\t\t\t\t\t\t\t\t\t<img decoding=\"async\" src=\"https:\/\/schoenstatt.com\/wp-content\/uploads\/2024\/06\/priesterbund-uniao-dos-padres-federacion-de-presbiteros-priester-federation-schoenstatt-15.jpg\" title=\"\" alt=\"\" loading=\"lazy\" \/>\t\t\t\t\t\t\t\t\t\t\t\t\t\t\t<\/div>\n\t\t\t\t<\/div>\n\t\t\t\t<\/div>\n\t\t\t\t<\/div>\n\t\t\t\t<\/div>\n\t\t\t\t\t<\/div>\n\t\t\t\t<\/div>\n\t\t<div class=\"elementor-element elementor-element-1907fb17 e-flex e-con-boxed e-con e-parent\" data-id=\"1907fb17\" data-element_type=\"container\" data-e-type=\"container\" data-settings=\"{&quot;background_background&quot;:&quot;classic&quot;}\">\n\t\t\t\t\t<div class=\"e-con-inner\">\n\t\t<div class=\"elementor-element elementor-element-2035c458 e-con-full e-flex e-con e-child\" data-id=\"2035c458\" data-element_type=\"container\" data-e-type=\"container\">\n\t\t<div class=\"elementor-element elementor-element-1d21e36f e-con-full e-flex e-con e-child\" data-id=\"1d21e36f\" data-element_type=\"container\" data-e-type=\"container\">\n\t\t<div class=\"elementor-element elementor-element-7fb7990a e-con-full e-flex e-con e-child\" data-id=\"7fb7990a\" data-element_type=\"container\" data-e-type=\"container\" data-settings=\"{&quot;background_background&quot;:&quot;classic&quot;}\">\n\t\t\t\t<div class=\"elementor-element elementor-element-3919031c elementor-widget__width-initial elementor-widget elementor-widget-image\" data-id=\"3919031c\" data-element_type=\"widget\" data-e-type=\"widget\" data-widget_type=\"image.default\">\n\t\t\t\t<div class=\"elementor-widget-container\">\n\t\t\t\t\t\t\t\t\t\t\t\t\t\t\t<img decoding=\"async\" src=\"https:\/\/schoenstatt.com\/wp-content\/uploads\/2024\/06\/priesterbund-uniao-dos-padres-federacion-de-presbiteros-priester-federation-schoenstatt-13.jpg\" title=\"\" alt=\"\" loading=\"lazy\" \/>\t\t\t\t\t\t\t\t\t\t\t\t\t\t\t<\/div>\n\t\t\t\t<\/div>\n\t\t\t\t<\/div>\n\t\t<div class=\"elementor-element elementor-element-55bb438b e-con-full e-flex e-con e-child\" data-id=\"55bb438b\" data-element_type=\"container\" data-e-type=\"container\">\n\t\t\t\t<div class=\"elementor-element elementor-element-1756600f elementor-widget elementor-widget-text-editor\" data-id=\"1756600f\" data-element_type=\"widget\" data-e-type=\"widget\" data-widget_type=\"text-editor.default\">\n\t\t\t\t<div class=\"elementor-widget-container\">\n\t\t\t\t\t\t\t\t\t<p>Multiculturale<\/p>\t\t\t\t\t\t\t\t<\/div>\n\t\t\t\t<\/div>\n\t\t\t\t<div class=\"elementor-element elementor-element-489572d8 elementor-widget elementor-widget-heading\" data-id=\"489572d8\" data-element_type=\"widget\" data-e-type=\"widget\" data-widget_type=\"heading.default\">\n\t\t\t\t<div class=\"elementor-widget-container\">\n\t\t\t\t\t<h2 class=\"elementor-heading-title elementor-size-default\">Il focus \u00e8 nel Vangelo<\/h2>\t\t\t\t<\/div>\n\t\t\t\t<\/div>\n\t\t\t\t<div class=\"elementor-element elementor-element-2a197521 elementor-widget elementor-widget-text-editor\" data-id=\"2a197521\" data-element_type=\"widget\" data-e-type=\"widget\" data-widget_type=\"text-editor.default\">\n\t\t\t\t<div class=\"elementor-widget-container\">\n\t\t\t\t\t\t\t\t\t<p>Nel suo discorso in occasione della solenne costituzione della Federazione Internazionale dei Sacerdoti il 20 agosto 2019, P. Prof. Dr. Alejandro Blanco, La Plata\/Argentina, ha descritto il carattere specifico dell\u2019ISPB, basandosi sull\u2019intuizione fondamentale della \u201cFederazione Apostolica di H\u00f6rde 1919\u201d, come segue:  <\/p>\t\t\t\t\t\t\t\t<\/div>\n\t\t\t\t<\/div>\n\t\t\t\t<div class=\"elementor-element elementor-element-13f65eee elementor-blockquote--skin-border elementor-widget elementor-widget-blockquote\" data-id=\"13f65eee\" data-element_type=\"widget\" data-e-type=\"widget\" data-widget_type=\"blockquote.default\">\n\t\t\t\t<div class=\"elementor-widget-container\">\n\t\t\t\t\t\t\t<blockquote class=\"elementor-blockquote\">\n\t\t\t<p class=\"elementor-blockquote__content\">\n\t\t\t\t\"La caratteristica unica e originale della Federazione Apostolica \u00e8 che svolge il compito di evangelizzare \u2013 l'apostolato \u2013 sotto forma di una rete internazionale e interculturale che non impone alcuna cultura \u2013 europea, occidentale \u2013 per diffondere il Vangelo, ma si lascia arricchire dalle diverse forme in cui il Vangelo \u00e8 inculturato nelle varie culture del mondo...\"\t\t\t<\/p>\n\t\t\t\t\t<\/blockquote>\n\t\t\t\t\t\t<\/div>\n\t\t\t\t<\/div>\n\t\t\t\t<div class=\"elementor-element elementor-element-3154712f elementor-widget elementor-widget-text-editor\" data-id=\"3154712f\" data-element_type=\"widget\" data-e-type=\"widget\" data-widget_type=\"text-editor.default\">\n\t\t\t\t<div class=\"elementor-widget-container\">\n\t\t\t\t\t\t\t\t\t<p>L\u2019impegno nella vita spirituale e comunitaria, in uno spirito di libert\u00e0 e generosit\u00e0, ha la priorit\u00e0 su tutto. Pertanto, l\u2019ISPB non ha superiori nel senso giuridico del termine. <\/p>\t\t\t\t\t\t\t\t<\/div>\n\t\t\t\t<\/div>\n\t\t\t\t<\/div>\n\t\t\t\t<\/div>\n\t\t\t\t<\/div>\n\t\t\t\t\t<\/div>\n\t\t\t\t<\/div>\n\t\t<div class=\"elementor-element elementor-element-4cd10e63 e-flex e-con-boxed e-con e-parent\" data-id=\"4cd10e63\" data-element_type=\"container\" data-e-type=\"container\" data-settings=\"{&quot;background_background&quot;:&quot;classic&quot;}\">\n\t\t\t\t\t<div class=\"e-con-inner\">\n\t\t<div class=\"elementor-element elementor-element-56590e6 e-con-full e-flex e-con e-child\" data-id=\"56590e6\" data-element_type=\"container\" data-e-type=\"container\">\n\t\t<div class=\"elementor-element elementor-element-4000b83 e-con-full e-flex e-con e-child\" data-id=\"4000b83\" data-element_type=\"container\" data-e-type=\"container\">\n\t\t<div class=\"elementor-element elementor-element-3cd5e81c e-con-full e-flex e-con e-child\" data-id=\"3cd5e81c\" data-element_type=\"container\" data-e-type=\"container\">\n\t\t\t\t<div class=\"elementor-element elementor-element-115f6fd4 elementor-widget elementor-widget-text-editor\" data-id=\"115f6fd4\" data-element_type=\"widget\" data-e-type=\"widget\" data-widget_type=\"text-editor.default\">\n\t\t\t\t<div class=\"elementor-widget-container\">\n\t\t\t\t\t\t\t\t\t<p>Contatti<\/p>\t\t\t\t\t\t\t\t<\/div>\n\t\t\t\t<\/div>\n\t\t\t\t<div class=\"elementor-element elementor-element-2f59f99 elementor-widget elementor-widget-heading\" data-id=\"2f59f99\" data-element_type=\"widget\" data-e-type=\"widget\" data-widget_type=\"heading.default\">\n\t\t\t\t<div class=\"elementor-widget-container\">\n\t\t\t\t\t<h2 class=\"elementor-heading-title elementor-size-default\">I nostri contatti nel mondo<\/h2>\t\t\t\t<\/div>\n\t\t\t\t<\/div>\n\t\t\t\t<\/div>\n\t\t\t\t<\/div>\n\t\t\t\t<\/div>\n\t\t\t\t\t<\/div>\n\t\t\t\t<\/div>\n\t\t<div class=\"elementor-element elementor-element-f296d16 e-flex e-con-boxed e-con e-parent\" data-id=\"f296d16\" data-element_type=\"container\" data-e-type=\"container\" data-settings=\"{&quot;background_background&quot;:&quot;classic&quot;}\">\n\t\t\t\t\t<div class=\"e-con-inner\">\n\t\t<div class=\"elementor-element elementor-element-6d2baf1d e-con-full e-flex e-con e-child\" data-id=\"6d2baf1d\" data-element_type=\"container\" data-e-type=\"container\">\n\t\t\t\t<div class=\"elementor-element elementor-element-3060185d elementor-widget elementor-widget-heading\" data-id=\"3060185d\" data-element_type=\"widget\" data-e-type=\"widget\" data-widget_type=\"heading.default\">\n\t\t\t\t<div class=\"elementor-widget-container\">\n\t\t\t\t\t<h6 class=\"elementor-heading-title elementor-size-default\">Hai bisogno di altre informazioni?<\/h6>\t\t\t\t<\/div>\n\t\t\t\t<\/div>\n\t\t\t\t<div class=\"elementor-element elementor-element-5729aaea elementor-widget elementor-widget-heading\" data-id=\"5729aaea\" data-element_type=\"widget\" data-e-type=\"widget\" data-widget_type=\"heading.default\">\n\t\t\t\t<div class=\"elementor-widget-container\">\n\t\t\t\t\t<h3 class=\"elementor-heading-title elementor-size-default\">I nostri contatti nel mondo<\/h3>\t\t\t\t<\/div>\n\t\t\t\t<\/div>\n\t\t\t\t<div class=\"elementor-element elementor-element-7bd9e5ed elementor-view-framed elementor-shape-square elementor-position-inline-start elementor-mobile-position-inline-start elementor-widget elementor-widget-icon-box\" data-id=\"7bd9e5ed\" data-element_type=\"widget\" data-e-type=\"widget\" data-widget_type=\"icon-box.default\">\n\t\t\t\t<div class=\"elementor-widget-container\">\n\t\t\t\t\t\t\t<div class=\"elementor-icon-box-wrapper\">\n\n\t\t\t\t\t\t<div class=\"elementor-icon-box-icon\">\n\t\t\t\t<span  class=\"elementor-icon\">\n\t\t\t\t<svg aria-hidden=\"true\" class=\"e-font-icon-svg e-fas-location-arrow\" viewBox=\"0 0 512 512\" xmlns=\"http:\/\/www.w3.org\/2000\/svg\"><path d=\"M444.52 3.52L28.74 195.42c-47.97 22.39-31.98 92.75 19.19 92.75h175.91v175.91c0 51.17 70.36 67.17 92.75 19.19l191.9-415.78c15.99-38.39-25.59-79.97-63.97-63.97z\"><\/path><\/svg>\t\t\t\t<\/span>\n\t\t\t<\/div>\n\t\t\t\n\t\t\t\t\t\t<div class=\"elementor-icon-box-content\">\n\n\t\t\t\t\t\t\t\t\t<div class=\"elementor-icon-box-title\">\n\t\t\t\t\t\t<span  >\n\t\t\t\t\t\t\tFederazione Internazionale dei Sacerdoti di Schoenstatt\t\t\t\t\t\t<\/span>\n\t\t\t\t\t<\/div>\n\t\t\t\t\n\t\t\t\t\t\t\t\t\t<p class=\"elementor-icon-box-description\">\n\t\t\t\t\t\tIl centro dell'unit\u00e0 e dell'identit\u00e0 internazionale \u00e8 \"Marienau\" e il \"Santuario Canaan-Patris\"\n\t\t\t\t\t<\/p>\n\t\t\t\t\n\t\t\t<\/div>\n\t\t\t\n\t\t<\/div>\n\t\t\t\t\t\t<\/div>\n\t\t\t\t<\/div>\n\t\t\t\t<div class=\"elementor-element elementor-element-743d2f26 elementor-view-framed elementor-shape-square elementor-position-inline-start elementor-mobile-position-inline-start elementor-widget elementor-widget-icon-box\" data-id=\"743d2f26\" data-element_type=\"widget\" data-e-type=\"widget\" data-widget_type=\"icon-box.default\">\n\t\t\t\t<div class=\"elementor-widget-container\">\n\t\t\t\t\t\t\t<div class=\"elementor-icon-box-wrapper\">\n\n\t\t\t\t\t\t<div class=\"elementor-icon-box-icon\">\n\t\t\t\t<span  class=\"elementor-icon\">\n\t\t\t\t<svg aria-hidden=\"true\" class=\"e-font-icon-svg e-fas-map-marker-alt\" viewBox=\"0 0 384 512\" xmlns=\"http:\/\/www.w3.org\/2000\/svg\"><path d=\"M172.268 501.67C26.97 291.031 0 269.413 0 192 0 85.961 85.961 0 192 0s192 85.961 192 192c0 77.413-26.97 99.031-172.268 309.67-9.535 13.774-29.93 13.773-39.464 0zM192 272c44.183 0 80-35.817 80-80s-35.817-80-80-80-80 35.817-80 80 35.817 80 80 80z\"><\/path><\/svg>\t\t\t\t<\/span>\n\t\t\t<\/div>\n\t\t\t\n\t\t\t\t\t\t<div class=\"elementor-icon-box-content\">\n\n\t\t\t\t\t\t\t\t\t<div class=\"elementor-icon-box-title\">\n\t\t\t\t\t\t<span  >\n\t\t\t\t\t\t\tIndirizzo\t\t\t\t\t\t<\/span>\n\t\t\t\t\t<\/div>\n\t\t\t\t\n\t\t\t\t\t\t\t\t\t<p class=\"elementor-icon-box-description\">\n\t\t\t\t\t\tPriest and Guest house Marienau, H\u00f6hrerstr. 86, CAP 56179, Vallendar, Germania \t\t\t\t\t<\/p>\n\t\t\t\t\n\t\t\t<\/div>\n\t\t\t\n\t\t<\/div>\n\t\t\t\t\t\t<\/div>\n\t\t\t\t<\/div>\n\t\t\t\t<div class=\"elementor-element elementor-element-690f1688 elementor-view-framed elementor-shape-square elementor-position-inline-start elementor-mobile-position-inline-start elementor-widget elementor-widget-icon-box\" data-id=\"690f1688\" data-element_type=\"widget\" data-e-type=\"widget\" data-widget_type=\"icon-box.default\">\n\t\t\t\t<div class=\"elementor-widget-container\">\n\t\t\t\t\t\t\t<div class=\"elementor-icon-box-wrapper\">\n\n\t\t\t\t\t\t<div class=\"elementor-icon-box-icon\">\n\t\t\t\t<span  class=\"elementor-icon\">\n\t\t\t\t<svg aria-hidden=\"true\" class=\"e-font-icon-svg e-fas-phone-alt\" viewBox=\"0 0 512 512\" xmlns=\"http:\/\/www.w3.org\/2000\/svg\"><path d=\"M497.39 361.8l-112-48a24 24 0 0 0-28 6.9l-49.6 60.6A370.66 370.66 0 0 1 130.6 204.11l60.6-49.6a23.94 23.94 0 0 0 6.9-28l-48-112A24.16 24.16 0 0 0 122.6.61l-104 24A24 24 0 0 0 0 48c0 256.5 207.9 464 464 464a24 24 0 0 0 23.4-18.6l24-104a24.29 24.29 0 0 0-14.01-27.6z\"><\/path><\/svg>\t\t\t\t<\/span>\n\t\t\t<\/div>\n\t\t\t\n\t\t\t\t\t\t<div class=\"elementor-icon-box-content\">\n\n\t\t\t\t\t\t\t\t\t<div class=\"elementor-icon-box-title\">\n\t\t\t\t\t\t<span  >\n\t\t\t\t\t\t\tTelefono\t\t\t\t\t\t<\/span>\n\t\t\t\t\t<\/div>\n\t\t\t\t\n\t\t\t\t\t\t\t\t\t<p class=\"elementor-icon-box-description\">\n\t\t\t\t\t\t+49 (0) 261 96262 0\t\t\t\t\t<\/p>\n\t\t\t\t\n\t\t\t<\/div>\n\t\t\t\n\t\t<\/div>\n\t\t\t\t\t\t<\/div>\n\t\t\t\t<\/div>\n\t\t\t\t<div class=\"elementor-element elementor-element-21993599 elementor-view-framed elementor-shape-square elementor-position-inline-start elementor-mobile-position-inline-start elementor-widget elementor-widget-icon-box\" data-id=\"21993599\" data-element_type=\"widget\" data-e-type=\"widget\" data-widget_type=\"icon-box.default\">\n\t\t\t\t<div class=\"elementor-widget-container\">\n\t\t\t\t\t\t\t<div class=\"elementor-icon-box-wrapper\">\n\n\t\t\t\t\t\t<div class=\"elementor-icon-box-icon\">\n\t\t\t\t<a href=\"https:\/\/schoenstatt-priesterbund.de\/\" target=\"_blank\" class=\"elementor-icon\" tabindex=\"-1\" aria-label=\"Link\">\n\t\t\t\t<svg aria-hidden=\"true\" class=\"e-font-icon-svg e-fas-link\" viewBox=\"0 0 512 512\" xmlns=\"http:\/\/www.w3.org\/2000\/svg\"><path d=\"M326.612 185.391c59.747 59.809 58.927 155.698.36 214.59-.11.12-.24.25-.36.37l-67.2 67.2c-59.27 59.27-155.699 59.262-214.96 0-59.27-59.26-59.27-155.7 0-214.96l37.106-37.106c9.84-9.84 26.786-3.3 27.294 10.606.648 17.722 3.826 35.527 9.69 52.721 1.986 5.822.567 12.262-3.783 16.612l-13.087 13.087c-28.026 28.026-28.905 73.66-1.155 101.96 28.024 28.579 74.086 28.749 102.325.51l67.2-67.19c28.191-28.191 28.073-73.757 0-101.83-3.701-3.694-7.429-6.564-10.341-8.569a16.037 16.037 0 0 1-6.947-12.606c-.396-10.567 3.348-21.456 11.698-29.806l21.054-21.055c5.521-5.521 14.182-6.199 20.584-1.731a152.482 152.482 0 0 1 20.522 17.197zM467.547 44.449c-59.261-59.262-155.69-59.27-214.96 0l-67.2 67.2c-.12.12-.25.25-.36.37-58.566 58.892-59.387 154.781.36 214.59a152.454 152.454 0 0 0 20.521 17.196c6.402 4.468 15.064 3.789 20.584-1.731l21.054-21.055c8.35-8.35 12.094-19.239 11.698-29.806a16.037 16.037 0 0 0-6.947-12.606c-2.912-2.005-6.64-4.875-10.341-8.569-28.073-28.073-28.191-73.639 0-101.83l67.2-67.19c28.239-28.239 74.3-28.069 102.325.51 27.75 28.3 26.872 73.934-1.155 101.96l-13.087 13.087c-4.35 4.35-5.769 10.79-3.783 16.612 5.864 17.194 9.042 34.999 9.69 52.721.509 13.906 17.454 20.446 27.294 10.606l37.106-37.106c59.271-59.259 59.271-155.699.001-214.959z\"><\/path><\/svg>\t\t\t\t<\/a>\n\t\t\t<\/div>\n\t\t\t\n\t\t\t\t\t\t<div class=\"elementor-icon-box-content\">\n\n\t\t\t\t\t\t\t\t\t<div class=\"elementor-icon-box-title\">\n\t\t\t\t\t\t<a href=\"https:\/\/schoenstatt-priesterbund.de\/\" target=\"_blank\" >\n\t\t\t\t\t\t\tLink\t\t\t\t\t\t<\/a>\n\t\t\t\t\t<\/div>\n\t\t\t\t\n\t\t\t\t\t\t\t\t\t<p class=\"elementor-icon-box-description\">\n\t\t\t\t\t\tschoenstatt-priesterbund.de\t\t\t\t\t<\/p>\n\t\t\t\t\n\t\t\t<\/div>\n\t\t\t\n\t\t<\/div>\n\t\t\t\t\t\t<\/div>\n\t\t\t\t<\/div>\n\t\t\t\t<div class=\"elementor-element elementor-element-5406200 elementor-view-framed elementor-shape-square elementor-position-inline-start elementor-mobile-position-inline-start elementor-widget elementor-widget-icon-box\" data-id=\"5406200\" data-element_type=\"widget\" data-e-type=\"widget\" data-widget_type=\"icon-box.default\">\n\t\t\t\t<div class=\"elementor-widget-container\">\n\t\t\t\t\t\t\t<div class=\"elementor-icon-box-wrapper\">\n\n\t\t\t\t\t\t<div class=\"elementor-icon-box-icon\">\n\t\t\t\t<span  class=\"elementor-icon\">\n\t\t\t\t<svg aria-hidden=\"true\" class=\"e-font-icon-svg e-fas-mail-bulk\" viewBox=\"0 0 576 512\" xmlns=\"http:\/\/www.w3.org\/2000\/svg\"><path d=\"M160 448c-25.6 0-51.2-22.4-64-32-64-44.8-83.2-60.8-96-70.4V480c0 17.67 14.33 32 32 32h256c17.67 0 32-14.33 32-32V345.6c-12.8 9.6-32 25.6-96 70.4-12.8 9.6-38.4 32-64 32zm128-192H32c-17.67 0-32 14.33-32 32v16c25.6 19.2 22.4 19.2 115.2 86.4 9.6 6.4 28.8 25.6 44.8 25.6s35.2-19.2 44.8-22.4c92.8-67.2 89.6-67.2 115.2-86.4V288c0-17.67-14.33-32-32-32zm256-96H224c-17.67 0-32 14.33-32 32v32h96c33.21 0 60.59 25.42 63.71 57.82l.29-.22V416h192c17.67 0 32-14.33 32-32V192c0-17.67-14.33-32-32-32zm-32 128h-64v-64h64v64zm-352-96c0-35.29 28.71-64 64-64h224V32c0-17.67-14.33-32-32-32H96C78.33 0 64 14.33 64 32v192h96v-32z\"><\/path><\/svg>\t\t\t\t<\/span>\n\t\t\t<\/div>\n\t\t\t\n\t\t\t\t\t\t<div class=\"elementor-icon-box-content\">\n\n\t\t\t\t\t\t\t\t\t<div class=\"elementor-icon-box-title\">\n\t\t\t\t\t\t<span  >\n\t\t\t\t\t\t\tEmail\t\t\t\t\t\t<\/span>\n\t\t\t\t\t<\/div>\n\t\t\t\t\n\t\t\t\t\t\t\t\t\t<p class=\"elementor-icon-box-description\">\n\t\t\t\t\t\temz@leben-an-der-quelle.de\t\t\t\t\t<\/p>\n\t\t\t\t\n\t\t\t<\/div>\n\t\t\t\n\t\t<\/div>\n\t\t\t\t\t\t<\/div>\n\t\t\t\t<\/div>\n\t\t\t\t<\/div>\n\t\t<div class=\"elementor-element elementor-element-72b255d2 e-con-full e-flex e-con e-child\" data-id=\"72b255d2\" data-element_type=\"container\" data-e-type=\"container\">\n\t\t\t\t<div class=\"elementor-element elementor-element-708a4de0 elementor-widget elementor-widget-image\" data-id=\"708a4de0\" data-element_type=\"widget\" data-e-type=\"widget\" data-widget_type=\"image.default\">\n\t\t\t\t<div class=\"elementor-widget-container\">\n\t\t\t\t\t\t\t\t\t\t\t\t\t\t\t<img decoding=\"async\" src=\"https:\/\/schoenstatt.com\/wp-content\/uploads\/2024\/06\/priesterbund-uniao-dos-padres-federacion-de-presbiteros-priester-federation-schoenstatt-14.jpg\" title=\"\" alt=\"\" loading=\"lazy\" \/>\t\t\t\t\t\t\t\t\t\t\t\t\t\t\t<\/div>\n\t\t\t\t<\/div>\n\t\t\t\t<\/div>\n\t\t\t\t\t<\/div>\n\t\t\t\t<\/div>\n\t\t\t\t<\/div>\n\t\t","protected":false},"excerpt":{"rendered":"<p>Unit\u00e0 nella diversit\u00e0 fin dall&#8217;inizio<\/p>\n","protected":false},"author":2,"featured_media":37746,"parent":43971,"menu_order":0,"comment_status":"closed","ping_status":"closed","template":"","meta":{"footnotes":""},"class_list":["post-43979","page","type-page","status-publish","has-post-thumbnail","hentry"],"yoast_head":"<!-- This site is optimized with the Yoast SEO Premium plugin v27.4 (Yoast SEO v27.4) - https:\/\/yoast.com\/product\/yoast-seo-premium-wordpress\/ -->\n<title>Federazione dei Sacerdoti - Schoenstatt<\/title>\n<meta name=\"description\" content=\"La Federazione dei Sacerdoti \u00e8 caratterizzata da libert\u00e0 e generosit\u00e0. \u00c8 in questo spirito che i sacerdoti vivono i consigli evangelici.\" \/>\n<meta name=\"robots\" content=\"index, follow, max-snippet:-1, max-image-preview:large, max-video-preview:-1\" \/>\n<link rel=\"canonical\" href=\"https:\/\/schoenstatt.com\/it\/nella-comunita\/sacerdoti\/federazione-dei-sacerdoti\/\" \/>\n<meta property=\"og:locale\" content=\"it_IT\" \/>\n<meta property=\"og:type\" content=\"article\" \/>\n<meta property=\"og:title\" content=\"Federazione dei Sacerdoti\" \/>\n<meta property=\"og:description\" content=\"La Federazione dei Sacerdoti \u00e8 caratterizzata da libert\u00e0 e generosit\u00e0. \u00c8 in questo spirito che i sacerdoti vivono i consigli evangelici.\" \/>\n<meta property=\"og:url\" content=\"https:\/\/schoenstatt.com\/it\/nella-comunita\/sacerdoti\/federazione-dei-sacerdoti\/\" \/>\n<meta property=\"og:site_name\" content=\"Schoenstatt\" \/>\n<meta property=\"article:modified_time\" content=\"2025-05-22T22:16:39+00:00\" \/>\n<meta property=\"og:image\" content=\"https:\/\/schoenstatt.com\/wp-content\/uploads\/2024\/06\/priesterbund-uniao-dos-padres-federacion-de-presbiteros-priester-federation-schoenstatt-8-1.jpg\" \/>\n\t<meta property=\"og:image:width\" content=\"1448\" \/>\n\t<meta property=\"og:image:height\" content=\"441\" \/>\n\t<meta property=\"og:image:type\" content=\"image\/jpeg\" \/>\n<meta name=\"twitter:card\" content=\"summary_large_image\" \/>\n<meta name=\"twitter:label1\" content=\"Tempo di lettura stimato\" \/>\n\t<meta name=\"twitter:data1\" content=\"4 minuti\" \/>\n<script type=\"application\/ld+json\" class=\"yoast-schema-graph\">{\"@context\":\"https:\\\/\\\/schema.org\",\"@graph\":[{\"@type\":\"WebPage\",\"@id\":\"https:\\\/\\\/schoenstatt.com\\\/it\\\/nella-comunita\\\/sacerdoti\\\/federazione-dei-sacerdoti\\\/\",\"url\":\"https:\\\/\\\/schoenstatt.com\\\/it\\\/nella-comunita\\\/sacerdoti\\\/federazione-dei-sacerdoti\\\/\",\"name\":\"Federazione dei Sacerdoti - Schoenstatt\",\"isPartOf\":{\"@id\":\"https:\\\/\\\/schoenstatt.com\\\/it\\\/#website\"},\"primaryImageOfPage\":{\"@id\":\"https:\\\/\\\/schoenstatt.com\\\/it\\\/nella-comunita\\\/sacerdoti\\\/federazione-dei-sacerdoti\\\/#primaryimage\"},\"image\":{\"@id\":\"https:\\\/\\\/schoenstatt.com\\\/it\\\/nella-comunita\\\/sacerdoti\\\/federazione-dei-sacerdoti\\\/#primaryimage\"},\"thumbnailUrl\":\"https:\\\/\\\/schoenstatt.com\\\/wp-content\\\/uploads\\\/2024\\\/06\\\/priesterbund-uniao-dos-padres-federacion-de-presbiteros-priester-federation-schoenstatt-8-1.jpg\",\"datePublished\":\"2024-06-13T20:38:32+00:00\",\"dateModified\":\"2025-05-22T22:16:39+00:00\",\"description\":\"La Federazione dei Sacerdoti \u00e8 caratterizzata da libert\u00e0 e generosit\u00e0. \u00c8 in questo spirito che i sacerdoti vivono i consigli evangelici.\",\"breadcrumb\":{\"@id\":\"https:\\\/\\\/schoenstatt.com\\\/it\\\/nella-comunita\\\/sacerdoti\\\/federazione-dei-sacerdoti\\\/#breadcrumb\"},\"inLanguage\":\"it-IT\",\"potentialAction\":[{\"@type\":\"ReadAction\",\"target\":[\"https:\\\/\\\/schoenstatt.com\\\/it\\\/nella-comunita\\\/sacerdoti\\\/federazione-dei-sacerdoti\\\/\"]}]},{\"@type\":\"ImageObject\",\"inLanguage\":\"it-IT\",\"@id\":\"https:\\\/\\\/schoenstatt.com\\\/it\\\/nella-comunita\\\/sacerdoti\\\/federazione-dei-sacerdoti\\\/#primaryimage\",\"url\":\"https:\\\/\\\/schoenstatt.com\\\/wp-content\\\/uploads\\\/2024\\\/06\\\/priesterbund-uniao-dos-padres-federacion-de-presbiteros-priester-federation-schoenstatt-8-1.jpg\",\"contentUrl\":\"https:\\\/\\\/schoenstatt.com\\\/wp-content\\\/uploads\\\/2024\\\/06\\\/priesterbund-uniao-dos-padres-federacion-de-presbiteros-priester-federation-schoenstatt-8-1.jpg\",\"width\":1448,\"height\":441,\"caption\":\"background image of the header of Federation of Priests\"},{\"@type\":\"BreadcrumbList\",\"@id\":\"https:\\\/\\\/schoenstatt.com\\\/it\\\/nella-comunita\\\/sacerdoti\\\/federazione-dei-sacerdoti\\\/#breadcrumb\",\"itemListElement\":[{\"@type\":\"ListItem\",\"position\":1,\"name\":\"Portada\",\"item\":\"https:\\\/\\\/schoenstatt.com\\\/it\\\/home\\\/\"},{\"@type\":\"ListItem\",\"position\":2,\"name\":\"Nella comunit\u00e0\",\"item\":\"https:\\\/\\\/schoenstatt.com\\\/it\\\/nella-comunita\\\/\"},{\"@type\":\"ListItem\",\"position\":3,\"name\":\"Sacerdoti\",\"item\":\"https:\\\/\\\/schoenstatt.com\\\/it\\\/nella-comunita\\\/sacerdoti\\\/\"},{\"@type\":\"ListItem\",\"position\":4,\"name\":\"Federazione dei Sacerdoti\"}]},{\"@type\":\"WebSite\",\"@id\":\"https:\\\/\\\/schoenstatt.com\\\/it\\\/#website\",\"url\":\"https:\\\/\\\/schoenstatt.com\\\/it\\\/\",\"name\":\"Schoenstatt\",\"description\":\"Apostolic Movement\",\"publisher\":{\"@id\":\"https:\\\/\\\/schoenstatt.com\\\/it\\\/#organization\"},\"potentialAction\":[{\"@type\":\"SearchAction\",\"target\":{\"@type\":\"EntryPoint\",\"urlTemplate\":\"https:\\\/\\\/schoenstatt.com\\\/it\\\/?s={search_term_string}\"},\"query-input\":{\"@type\":\"PropertyValueSpecification\",\"valueRequired\":true,\"valueName\":\"search_term_string\"}}],\"inLanguage\":\"it-IT\"},{\"@type\":\"Organization\",\"@id\":\"https:\\\/\\\/schoenstatt.com\\\/it\\\/#organization\",\"name\":\"Schoenstatt\",\"url\":\"https:\\\/\\\/schoenstatt.com\\\/it\\\/\",\"logo\":{\"@type\":\"ImageObject\",\"inLanguage\":\"it-IT\",\"@id\":\"https:\\\/\\\/schoenstatt.com\\\/it\\\/#\\\/schema\\\/logo\\\/image\\\/\",\"url\":\"https:\\\/\\\/schoenstatt.com\\\/wp-content\\\/uploads\\\/2025\\\/04\\\/logo-schoenstatt-white-696x696-1.png\",\"contentUrl\":\"https:\\\/\\\/schoenstatt.com\\\/wp-content\\\/uploads\\\/2025\\\/04\\\/logo-schoenstatt-white-696x696-1.png\",\"width\":696,\"height\":694,\"caption\":\"Schoenstatt\"},\"image\":{\"@id\":\"https:\\\/\\\/schoenstatt.com\\\/it\\\/#\\\/schema\\\/logo\\\/image\\\/\"}}]}<\/script>\n<!-- \/ Yoast SEO Premium plugin. -->","yoast_head_json":{"title":"Federazione dei Sacerdoti - Schoenstatt","description":"La Federazione dei Sacerdoti \u00e8 caratterizzata da libert\u00e0 e generosit\u00e0. \u00c8 in questo spirito che i sacerdoti vivono i consigli evangelici.","robots":{"index":"index","follow":"follow","max-snippet":"max-snippet:-1","max-image-preview":"max-image-preview:large","max-video-preview":"max-video-preview:-1"},"canonical":"https:\/\/schoenstatt.com\/it\/nella-comunita\/sacerdoti\/federazione-dei-sacerdoti\/","og_locale":"it_IT","og_type":"article","og_title":"Federazione dei Sacerdoti","og_description":"La Federazione dei Sacerdoti \u00e8 caratterizzata da libert\u00e0 e generosit\u00e0. \u00c8 in questo spirito che i sacerdoti vivono i consigli evangelici.","og_url":"https:\/\/schoenstatt.com\/it\/nella-comunita\/sacerdoti\/federazione-dei-sacerdoti\/","og_site_name":"Schoenstatt","article_modified_time":"2025-05-22T22:16:39+00:00","og_image":[{"width":1448,"height":441,"url":"https:\/\/schoenstatt.com\/wp-content\/uploads\/2024\/06\/priesterbund-uniao-dos-padres-federacion-de-presbiteros-priester-federation-schoenstatt-8-1.jpg","type":"image\/jpeg"}],"twitter_card":"summary_large_image","twitter_misc":{"Tempo di lettura stimato":"4 minuti"},"schema":{"@context":"https:\/\/schema.org","@graph":[{"@type":"WebPage","@id":"https:\/\/schoenstatt.com\/it\/nella-comunita\/sacerdoti\/federazione-dei-sacerdoti\/","url":"https:\/\/schoenstatt.com\/it\/nella-comunita\/sacerdoti\/federazione-dei-sacerdoti\/","name":"Federazione dei Sacerdoti - Schoenstatt","isPartOf":{"@id":"https:\/\/schoenstatt.com\/it\/#website"},"primaryImageOfPage":{"@id":"https:\/\/schoenstatt.com\/it\/nella-comunita\/sacerdoti\/federazione-dei-sacerdoti\/#primaryimage"},"image":{"@id":"https:\/\/schoenstatt.com\/it\/nella-comunita\/sacerdoti\/federazione-dei-sacerdoti\/#primaryimage"},"thumbnailUrl":"https:\/\/schoenstatt.com\/wp-content\/uploads\/2024\/06\/priesterbund-uniao-dos-padres-federacion-de-presbiteros-priester-federation-schoenstatt-8-1.jpg","datePublished":"2024-06-13T20:38:32+00:00","dateModified":"2025-05-22T22:16:39+00:00","description":"La Federazione dei Sacerdoti \u00e8 caratterizzata da libert\u00e0 e generosit\u00e0. \u00c8 in questo spirito che i sacerdoti vivono i consigli evangelici.","breadcrumb":{"@id":"https:\/\/schoenstatt.com\/it\/nella-comunita\/sacerdoti\/federazione-dei-sacerdoti\/#breadcrumb"},"inLanguage":"it-IT","potentialAction":[{"@type":"ReadAction","target":["https:\/\/schoenstatt.com\/it\/nella-comunita\/sacerdoti\/federazione-dei-sacerdoti\/"]}]},{"@type":"ImageObject","inLanguage":"it-IT","@id":"https:\/\/schoenstatt.com\/it\/nella-comunita\/sacerdoti\/federazione-dei-sacerdoti\/#primaryimage","url":"https:\/\/schoenstatt.com\/wp-content\/uploads\/2024\/06\/priesterbund-uniao-dos-padres-federacion-de-presbiteros-priester-federation-schoenstatt-8-1.jpg","contentUrl":"https:\/\/schoenstatt.com\/wp-content\/uploads\/2024\/06\/priesterbund-uniao-dos-padres-federacion-de-presbiteros-priester-federation-schoenstatt-8-1.jpg","width":1448,"height":441,"caption":"background image of the header of Federation of Priests"},{"@type":"BreadcrumbList","@id":"https:\/\/schoenstatt.com\/it\/nella-comunita\/sacerdoti\/federazione-dei-sacerdoti\/#breadcrumb","itemListElement":[{"@type":"ListItem","position":1,"name":"Portada","item":"https:\/\/schoenstatt.com\/it\/home\/"},{"@type":"ListItem","position":2,"name":"Nella comunit\u00e0","item":"https:\/\/schoenstatt.com\/it\/nella-comunita\/"},{"@type":"ListItem","position":3,"name":"Sacerdoti","item":"https:\/\/schoenstatt.com\/it\/nella-comunita\/sacerdoti\/"},{"@type":"ListItem","position":4,"name":"Federazione dei Sacerdoti"}]},{"@type":"WebSite","@id":"https:\/\/schoenstatt.com\/it\/#website","url":"https:\/\/schoenstatt.com\/it\/","name":"Schoenstatt","description":"Apostolic Movement","publisher":{"@id":"https:\/\/schoenstatt.com\/it\/#organization"},"potentialAction":[{"@type":"SearchAction","target":{"@type":"EntryPoint","urlTemplate":"https:\/\/schoenstatt.com\/it\/?s={search_term_string}"},"query-input":{"@type":"PropertyValueSpecification","valueRequired":true,"valueName":"search_term_string"}}],"inLanguage":"it-IT"},{"@type":"Organization","@id":"https:\/\/schoenstatt.com\/it\/#organization","name":"Schoenstatt","url":"https:\/\/schoenstatt.com\/it\/","logo":{"@type":"ImageObject","inLanguage":"it-IT","@id":"https:\/\/schoenstatt.com\/it\/#\/schema\/logo\/image\/","url":"https:\/\/schoenstatt.com\/wp-content\/uploads\/2025\/04\/logo-schoenstatt-white-696x696-1.png","contentUrl":"https:\/\/schoenstatt.com\/wp-content\/uploads\/2025\/04\/logo-schoenstatt-white-696x696-1.png","width":696,"height":694,"caption":"Schoenstatt"},"image":{"@id":"https:\/\/schoenstatt.com\/it\/#\/schema\/logo\/image\/"}}]}},"_links":{"self":[{"href":"https:\/\/schoenstatt.com\/it\/wp-json\/wp\/v2\/pages\/43979","targetHints":{"allow":["GET"]}}],"collection":[{"href":"https:\/\/schoenstatt.com\/it\/wp-json\/wp\/v2\/pages"}],"about":[{"href":"https:\/\/schoenstatt.com\/it\/wp-json\/wp\/v2\/types\/page"}],"author":[{"embeddable":true,"href":"https:\/\/schoenstatt.com\/it\/wp-json\/wp\/v2\/users\/2"}],"replies":[{"embeddable":true,"href":"https:\/\/schoenstatt.com\/it\/wp-json\/wp\/v2\/comments?post=43979"}],"version-history":[{"count":3,"href":"https:\/\/schoenstatt.com\/it\/wp-json\/wp\/v2\/pages\/43979\/revisions"}],"predecessor-version":[{"id":57491,"href":"https:\/\/schoenstatt.com\/it\/wp-json\/wp\/v2\/pages\/43979\/revisions\/57491"}],"up":[{"embeddable":true,"href":"https:\/\/schoenstatt.com\/it\/wp-json\/wp\/v2\/pages\/43971"}],"wp:featuredmedia":[{"embeddable":true,"href":"https:\/\/schoenstatt.com\/it\/wp-json\/wp\/v2\/media\/37746"}],"wp:attachment":[{"href":"https:\/\/schoenstatt.com\/it\/wp-json\/wp\/v2\/media?parent=43979"}],"curies":[{"name":"wp","href":"https:\/\/api.w.org\/{rel}","templated":true}]}}