{"id":43167,"date":"2021-07-20T20:03:31","date_gmt":"2021-07-20T18:03:31","guid":{"rendered":"https:\/\/schoenstatt.com\/la-nostra-spiritualita\/alleanza-damore\/capitale-di-grazia\/"},"modified":"2026-03-18T15:55:34","modified_gmt":"2026-03-18T14:55:34","slug":"capitale-di-grazia","status":"publish","type":"page","link":"https:\/\/schoenstatt.com\/it\/la-nostra-spiritualita\/alleanza-damore\/capitale-di-grazia\/","title":{"rendered":"Capitale di grazia"},"content":{"rendered":"\t\t<div data-elementor-type=\"wp-page\" data-elementor-id=\"43167\" class=\"elementor elementor-43167 elementor-403\" data-elementor-post-type=\"page\">\n\t\t\t\t<div class=\"elementor-element elementor-element-4cf9aac2 e-flex e-con-boxed e-con e-parent\" data-id=\"4cf9aac2\" data-element_type=\"container\" data-e-type=\"container\" data-settings=\"{&quot;background_background&quot;:&quot;classic&quot;}\">\n\t\t\t\t\t<div class=\"e-con-inner\">\n\t\t<div class=\"elementor-element elementor-element-601c4d9 e-flex e-con-boxed e-con e-child\" data-id=\"601c4d9\" data-element_type=\"container\" data-e-type=\"container\">\n\t\t\t\t\t<div class=\"e-con-inner\">\n\t\t\t\t<div class=\"elementor-element elementor-element-5bdd6c24 elementor-widget elementor-widget-heading\" data-id=\"5bdd6c24\" data-element_type=\"widget\" data-e-type=\"widget\" data-widget_type=\"heading.default\">\n\t\t\t\t<div class=\"elementor-widget-container\">\n\t\t\t\t\t<p class=\"elementor-heading-title elementor-size-default\">Non semplicemente il grande e il pi\u00f9 grande, ma le vette pi\u00f9 alte dovrebbero essere l'obiettivo dei nostri sforzi accresciuti.<\/p>\t\t\t\t<\/div>\n\t\t\t\t<\/div>\n\t\t\t\t\t<\/div>\n\t\t\t\t<\/div>\n\t\t\t\t\t<\/div>\n\t\t\t\t<\/div>\n\t\t<div class=\"elementor-element elementor-element-14a77eb5 e-flex e-con-boxed e-con e-parent\" data-id=\"14a77eb5\" data-element_type=\"container\" data-e-type=\"container\">\n\t\t\t\t\t<div class=\"e-con-inner\">\n\t\t\t\t<div class=\"elementor-element elementor-element-545be729 elementor-view-default elementor-position-block-start elementor-mobile-position-block-start elementor-widget elementor-widget-icon-box\" data-id=\"545be729\" data-element_type=\"widget\" data-e-type=\"widget\" data-widget_type=\"icon-box.default\">\n\t\t\t\t<div class=\"elementor-widget-container\">\n\t\t\t\t\t\t\t<div class=\"elementor-icon-box-wrapper\">\n\n\t\t\t\t\t\t<div class=\"elementor-icon-box-icon\">\n\t\t\t\t<a href=\"https:\/\/capitalofgrace.netlify.app\/\" class=\"elementor-icon\" tabindex=\"-1\" aria-label=\"Il capitale di grazie del Santuario Originale\">\n\t\t\t\t<svg aria-hidden=\"true\" class=\"e-font-icon-svg e-fas-hand-holding-heart\" viewBox=\"0 0 576 512\" xmlns=\"http:\/\/www.w3.org\/2000\/svg\"><path d=\"M275.3 250.5c7 7.4 18.4 7.4 25.5 0l108.9-114.2c31.6-33.2 29.8-88.2-5.6-118.8-30.8-26.7-76.7-21.9-104.9 7.7L288 36.9l-11.1-11.6C248.7-4.4 202.8-9.2 172 17.5c-35.3 30.6-37.2 85.6-5.6 118.8l108.9 114.2zm290 77.6c-11.8-10.7-30.2-10-42.6 0L430.3 402c-11.3 9.1-25.4 14-40 14H272c-8.8 0-16-7.2-16-16s7.2-16 16-16h78.3c15.9 0 30.7-10.9 33.3-26.6 3.3-20-12.1-37.4-31.6-37.4H192c-27 0-53.1 9.3-74.1 26.3L71.4 384H16c-8.8 0-16 7.2-16 16v96c0 8.8 7.2 16 16 16h356.8c14.5 0 28.6-4.9 40-14L564 377c15.2-12.1 16.4-35.3 1.3-48.9z\"><\/path><\/svg>\t\t\t\t<\/a>\n\t\t\t<\/div>\n\t\t\t\n\t\t\t\t\t\t<div class=\"elementor-icon-box-content\">\n\n\t\t\t\t\t\t\t\t\t<h3 class=\"elementor-icon-box-title\">\n\t\t\t\t\t\t<a href=\"https:\/\/capitalofgrace.netlify.app\/\" >\n\t\t\t\t\t\t\tIl capitale di grazie del Santuario Originale\t\t\t\t\t\t<\/a>\n\t\t\t\t\t<\/h3>\n\t\t\t\t\n\t\t\t\t\t\t\t\t\t<p class=\"elementor-icon-box-description\">\n\t\t\t\t\t\tDai il tuo contributo al capitale di grazie del Santuario Originale\t\t\t\t\t<\/p>\n\t\t\t\t\n\t\t\t<\/div>\n\t\t\t\n\t\t<\/div>\n\t\t\t\t\t\t<\/div>\n\t\t\t\t<\/div>\n\t\t\t\t\t<\/div>\n\t\t\t\t<\/div>\n\t\t<div class=\"elementor-element elementor-element-526d92ee e-con-full e-flex e-con e-parent\" data-id=\"526d92ee\" data-element_type=\"container\" data-e-type=\"container\" data-settings=\"{&quot;background_background&quot;:&quot;classic&quot;}\">\n\t\t<div class=\"elementor-element elementor-element-71e4cec0 e-con-full e-flex e-con e-child\" data-id=\"71e4cec0\" data-element_type=\"container\" data-e-type=\"container\">\n\t\t\t\t<div class=\"elementor-element elementor-element-3a4b8eea elementor-cta--layout-image-left elementor-cta--mobile-layout-image-above elementor-cta--valign-middle elementor-cta--skin-classic elementor-animated-content elementor-bg-transform elementor-bg-transform-zoom-in elementor-widget elementor-widget-call-to-action\" data-id=\"3a4b8eea\" data-element_type=\"widget\" data-e-type=\"widget\" data-widget_type=\"call-to-action.default\">\n\t\t\t\t<div class=\"elementor-widget-container\">\n\t\t\t\t\t\t\t<div class=\"elementor-cta\">\n\t\t\t\t\t<div class=\"elementor-cta__bg-wrapper\">\n\t\t\t\t<div class=\"elementor-cta__bg elementor-bg\" style=\"background-image: url(https:\/\/schoenstatt.com\/wp-content\/uploads\/2024\/06\/cross_of_unity-1.jpg);\" role=\"img\" aria-label=\"background image of the header of Everyday Sanctity\"><\/div>\n\t\t\t\t<div class=\"elementor-cta__bg-overlay\"><\/div>\n\t\t\t<\/div>\n\t\t\t\t\t\t\t\t<\/div>\n\t\t\t\t\t\t<\/div>\n\t\t\t\t<\/div>\n\t\t\t\t<\/div>\n\t\t<div class=\"elementor-element elementor-element-35c43182 e-con-full e-flex e-con e-child\" data-id=\"35c43182\" data-element_type=\"container\" data-e-type=\"container\">\n\t\t\t\t<div class=\"elementor-element elementor-element-74c3bb41 elementor-widget elementor-widget-text-editor\" data-id=\"74c3bb41\" data-element_type=\"widget\" data-e-type=\"widget\" data-widget_type=\"text-editor.default\">\n\t\t\t\t<div class=\"elementor-widget-container\">\n\t\t\t\t\t\t\t\t\t<p><span data-contrast=\"auto\">Secondo il Catechismo della Chiesa Cattolica (art. 2, par. 1996-2005), la grazia divina \u00e8 al di sopra della natura umana. Cristo, attraverso la sua passione e morte, e mediante la sua risurrezione, ha conquistato un\u2019infinit\u00e0 di grazie per tutta l\u2019umanit\u00e0, un tesoro che rappresenta la salvezza delle persone. Solo lui, in quanto Figlio di Dio e Redentore dell\u2019umanit\u00e0, poteva meritare queste grazie per l\u2019umanit\u00e0.  <\/span><\/p><p><span data-contrast=\"auto\"> Ges\u00f9 ha affidato questo tesoro celeste alla Chiesa affinch\u00e9 lo potesse distribuire sulla terra attraverso i sacramenti. \u201cMediante questo sacrificio egli effonde le grazie della salvezza sul suo corpo, che \u00e8 la Chiesa \u201c.  <\/span><\/p><p><span data-contrast=\"auto\">(Catechismo della Chiesa Cattolica \u2013 art. 3, paragrafo 1407)<\/span><span data-ccp-props=\"{}\"> <\/span><\/p>\t\t\t\t\t\t\t\t<\/div>\n\t\t\t\t<\/div>\n\t\t\t\t<\/div>\n\t\t\t\t<\/div>\n\t\t<div class=\"elementor-element elementor-element-46dcc111 e-con-full e-flex e-con e-parent\" data-id=\"46dcc111\" data-element_type=\"container\" data-e-type=\"container\" data-settings=\"{&quot;background_background&quot;:&quot;classic&quot;}\">\n\t\t<div class=\"elementor-element elementor-element-4a3d28ad e-con-full e-flex e-con e-child\" data-id=\"4a3d28ad\" data-element_type=\"container\" data-e-type=\"container\">\n\t\t\t\t<div class=\"elementor-element elementor-element-cfea9c0 elementor-widget elementor-widget-text-editor\" data-id=\"cfea9c0\" data-element_type=\"widget\" data-e-type=\"widget\" data-widget_type=\"text-editor.default\">\n\t\t\t\t<div class=\"elementor-widget-container\">\n\t\t\t\t\t\t\t\t\t<p><span data-contrast=\"auto\">Fin dall\u2019inizio, la spiritualit\u00e0 di Schoenstatt si \u00e8 basata sul contributo umano unito all\u2019iniziativa divina. Nei Santuari di Schoenstatt, Dio effonde le sue grazie attraverso l\u2019azione di Maria e le permette di essere mossa dal contributo umano. <\/span><\/p><p><span data-contrast=\"auto\"> I sacrifici personali, quando uniti al sacrificio di Cristo, hanno un valore immenso e muovono la Beata Madre a riversare le grazie della redenzione che Cristo ha meritato per noi e per tutta l\u2019umanit\u00e0. In altre parole, le offerte al Capitale di Grazie sono doni d\u2019amore offerti alla Madonna affinch\u00e9 lei possa distribuirli a coloro che ne hanno bisogno.  <\/span><\/p><p><span data-contrast=\"auto\">\u201cCapitale di Grazia\u201d \u00e8 il nome dato al \u201ctesoro di grazie\u201d che la Beata Madre distribuisce dal Santuario.<\/span><span data-ccp-props=\"{}\"> <\/span><\/p>\t\t\t\t\t\t\t\t<\/div>\n\t\t\t\t<\/div>\n\t\t\t\t<\/div>\n\t\t<div class=\"elementor-element elementor-element-62b404a1 e-con-full e-flex e-con e-child\" data-id=\"62b404a1\" data-element_type=\"container\" data-e-type=\"container\">\n\t\t\t\t<div class=\"elementor-element elementor-element-6f68032d elementor-cta--layout-image-left elementor-cta--mobile-layout-image-above elementor-cta--valign-middle elementor-cta--skin-classic elementor-animated-content elementor-bg-transform elementor-bg-transform-zoom-in elementor-widget elementor-widget-call-to-action\" data-id=\"6f68032d\" data-element_type=\"widget\" data-e-type=\"widget\" data-widget_type=\"call-to-action.default\">\n\t\t\t\t<div class=\"elementor-widget-container\">\n\t\t\t\t\t\t\t<div class=\"elementor-cta\">\n\t\t\t\t\t<div class=\"elementor-cta__bg-wrapper\">\n\t\t\t\t<div class=\"elementor-cta__bg elementor-bg\" style=\"background-image: url(https:\/\/schoenstatt.com\/wp-content\/uploads\/2024\/06\/DSC02335_1-scaled-1-scaled.jpg);\" role=\"img\" aria-label=\"\"><\/div>\n\t\t\t\t<div class=\"elementor-cta__bg-overlay\"><\/div>\n\t\t\t<\/div>\n\t\t\t\t\t\t\t\t<\/div>\n\t\t\t\t\t\t<\/div>\n\t\t\t\t<\/div>\n\t\t\t\t<\/div>\n\t\t\t\t<\/div>\n\t\t<div class=\"elementor-element elementor-element-1f32a7a8 e-con-full e-flex e-con e-parent\" data-id=\"1f32a7a8\" data-element_type=\"container\" data-e-type=\"container\" data-settings=\"{&quot;background_background&quot;:&quot;classic&quot;}\">\n\t\t<div class=\"elementor-element elementor-element-3d7dc18e e-con-full e-flex e-con e-child\" data-id=\"3d7dc18e\" data-element_type=\"container\" data-e-type=\"container\">\n\t\t\t\t<div class=\"elementor-element elementor-element-2547a543 elementor-cta--layout-image-left elementor-cta--mobile-layout-image-above elementor-cta--valign-middle elementor-cta--skin-classic elementor-animated-content elementor-bg-transform elementor-bg-transform-zoom-in elementor-widget elementor-widget-call-to-action\" data-id=\"2547a543\" data-element_type=\"widget\" data-e-type=\"widget\" data-widget_type=\"call-to-action.default\">\n\t\t\t\t<div class=\"elementor-widget-container\">\n\t\t\t\t\t\t\t<div class=\"elementor-cta\">\n\t\t\t\t\t<div class=\"elementor-cta__bg-wrapper\">\n\t\t\t\t<div class=\"elementor-cta__bg elementor-bg\" style=\"background-image: url(https:\/\/schoenstatt.com\/wp-content\/uploads\/2024\/06\/DSC02336_1.jpg);\" role=\"img\" aria-label=\"\"><\/div>\n\t\t\t\t<div class=\"elementor-cta__bg-overlay\"><\/div>\n\t\t\t<\/div>\n\t\t\t\t\t\t\t\t<\/div>\n\t\t\t\t\t\t<\/div>\n\t\t\t\t<\/div>\n\t\t\t\t<\/div>\n\t\t<div class=\"elementor-element elementor-element-5052f078 e-con-full e-flex e-con e-child\" data-id=\"5052f078\" data-element_type=\"container\" data-e-type=\"container\">\n\t\t\t\t<div class=\"elementor-element elementor-element-3dd191bd elementor-widget elementor-widget-text-editor\" data-id=\"3dd191bd\" data-element_type=\"widget\" data-e-type=\"widget\" data-widget_type=\"text-editor.default\">\n\t\t\t\t<div class=\"elementor-widget-container\">\n\t\t\t\t\t\t\t\t\t<p>In altre parole, nel Movimento Apostolico di Schoenstatt, tutti i doni imperfetti vengono offerti a Maria e, uniti ai suoi doni perfetti, ella li offre a Dio, generando una fonte di grazie che fluiscono dal Santuario.<\/p><p>Va notato che, sin dall\u2019inizio, i contributi al Capitale di Grazie offerti dai primi congregati e eroi di Schoenstatt furono, soprattutto, sforzi per la loro autoeducazione, al fine di muovere la Madonna a stabilirsi nel Santuario e, da l\u00ec, distribuire doni e grazie in abbondanza. <\/p>\t\t\t\t\t\t\t\t<\/div>\n\t\t\t\t<\/div>\n\t\t\t\t<\/div>\n\t\t\t\t<\/div>\n\t\t<div class=\"elementor-element elementor-element-4e21648a e-con-full e-flex e-con e-parent\" data-id=\"4e21648a\" data-element_type=\"container\" data-e-type=\"container\" data-settings=\"{&quot;background_background&quot;:&quot;classic&quot;}\">\n\t\t<div class=\"elementor-element elementor-element-1a42c066 e-con-full e-flex e-con e-child\" data-id=\"1a42c066\" data-element_type=\"container\" data-e-type=\"container\">\n\t\t\t\t<div class=\"elementor-element elementor-element-97e5e60 elementor-cta--layout-image-left elementor-cta--mobile-layout-image-above elementor-cta--valign-middle elementor-widget-mobile__width-inherit elementor-cta--skin-classic elementor-animated-content elementor-bg-transform elementor-bg-transform-zoom-in elementor-widget elementor-widget-call-to-action\" data-id=\"97e5e60\" data-element_type=\"widget\" data-e-type=\"widget\" data-widget_type=\"call-to-action.default\">\n\t\t\t\t<div class=\"elementor-widget-container\">\n\t\t\t\t\t\t\t<div class=\"elementor-cta\">\n\t\t\t\t\t<div class=\"elementor-cta__bg-wrapper\">\n\t\t\t\t<div class=\"elementor-cta__bg elementor-bg\" style=\"background-image: url(https:\/\/schoenstatt.com\/wp-content\/uploads\/2024\/06\/pozzobon_720x870px.jpg);\" role=\"img\" aria-label=\"\"><\/div>\n\t\t\t\t<div class=\"elementor-cta__bg-overlay\"><\/div>\n\t\t\t<\/div>\n\t\t\t\t\t\t\t\t<\/div>\n\t\t\t\t\t\t<\/div>\n\t\t\t\t<\/div>\n\t\t\t\t<\/div>\n\t\t<div class=\"elementor-element elementor-element-442a13a5 e-con-full e-flex e-con e-child\" data-id=\"442a13a5\" data-element_type=\"container\" data-e-type=\"container\">\n\t\t\t\t<div class=\"elementor-element elementor-element-788f9688 elementor-widget elementor-widget-heading\" data-id=\"788f9688\" data-element_type=\"widget\" data-e-type=\"widget\" data-widget_type=\"heading.default\">\n\t\t\t\t<div class=\"elementor-widget-container\">\n\t\t\t\t\t<h2 class=\"elementor-heading-title elementor-size-default\">\"Tutto ci\u00f2 che \u00e8 fatto con amore \u00e8 un seme per un nuovo mondo.\" J. K. \n\n<\/h2>\t\t\t\t<\/div>\n\t\t\t\t<\/div>\n\t\t\t\t<\/div>\n\t\t<div class=\"elementor-element elementor-element-72bd693e e-con-full e-flex e-con e-child\" data-id=\"72bd693e\" data-element_type=\"container\" data-e-type=\"container\">\n\t\t\t\t<div class=\"elementor-element elementor-element-d3645ab elementor-cta--layout-image-left elementor-cta--mobile-layout-image-above elementor-cta--valign-middle elementor-widget-mobile__width-inherit elementor-cta--skin-classic elementor-animated-content elementor-bg-transform elementor-bg-transform-zoom-in elementor-widget elementor-widget-call-to-action\" data-id=\"d3645ab\" data-element_type=\"widget\" data-e-type=\"widget\" data-widget_type=\"call-to-action.default\">\n\t\t\t\t<div class=\"elementor-widget-container\">\n\t\t\t\t\t\t\t<div class=\"elementor-cta\">\n\t\t\t\t\t<div class=\"elementor-cta__bg-wrapper\">\n\t\t\t\t<div class=\"elementor-cta__bg elementor-bg\" style=\"background-image: url(https:\/\/schoenstatt.com\/wp-content\/uploads\/2024\/06\/cruz_720x870px.jpg);\" role=\"img\" aria-label=\"\"><\/div>\n\t\t\t\t<div class=\"elementor-cta__bg-overlay\"><\/div>\n\t\t\t<\/div>\n\t\t\t\t\t\t\t\t<\/div>\n\t\t\t\t\t\t<\/div>\n\t\t\t\t<\/div>\n\t\t\t\t<\/div>\n\t\t\t\t<\/div>\n\t\t<div class=\"elementor-element elementor-element-799667c1 e-flex e-con-boxed e-con e-parent\" data-id=\"799667c1\" data-element_type=\"container\" data-e-type=\"container\">\n\t\t\t\t\t<div class=\"e-con-inner\">\n\t\t\t\t<div class=\"elementor-element elementor-element-16f78a6f elementor-view-default elementor-position-block-start elementor-mobile-position-block-start elementor-widget elementor-widget-icon-box\" data-id=\"16f78a6f\" data-element_type=\"widget\" data-e-type=\"widget\" data-widget_type=\"icon-box.default\">\n\t\t\t\t<div class=\"elementor-widget-container\">\n\t\t\t\t\t\t\t<div class=\"elementor-icon-box-wrapper\">\n\n\t\t\t\t\t\t<div class=\"elementor-icon-box-icon\">\n\t\t\t\t<a href=\"https:\/\/capitalofgrace.netlify.app\/\" class=\"elementor-icon\" tabindex=\"-1\" aria-label=\"Capitale di grazia del Santuario Originale\">\n\t\t\t\t<svg aria-hidden=\"true\" class=\"e-font-icon-svg e-fas-hand-holding-heart\" viewBox=\"0 0 576 512\" xmlns=\"http:\/\/www.w3.org\/2000\/svg\"><path d=\"M275.3 250.5c7 7.4 18.4 7.4 25.5 0l108.9-114.2c31.6-33.2 29.8-88.2-5.6-118.8-30.8-26.7-76.7-21.9-104.9 7.7L288 36.9l-11.1-11.6C248.7-4.4 202.8-9.2 172 17.5c-35.3 30.6-37.2 85.6-5.6 118.8l108.9 114.2zm290 77.6c-11.8-10.7-30.2-10-42.6 0L430.3 402c-11.3 9.1-25.4 14-40 14H272c-8.8 0-16-7.2-16-16s7.2-16 16-16h78.3c15.9 0 30.7-10.9 33.3-26.6 3.3-20-12.1-37.4-31.6-37.4H192c-27 0-53.1 9.3-74.1 26.3L71.4 384H16c-8.8 0-16 7.2-16 16v96c0 8.8 7.2 16 16 16h356.8c14.5 0 28.6-4.9 40-14L564 377c15.2-12.1 16.4-35.3 1.3-48.9z\"><\/path><\/svg>\t\t\t\t<\/a>\n\t\t\t<\/div>\n\t\t\t\n\t\t\t\t\t\t<div class=\"elementor-icon-box-content\">\n\n\t\t\t\t\t\t\t\t\t<h3 class=\"elementor-icon-box-title\">\n\t\t\t\t\t\t<a href=\"https:\/\/capitalofgrace.netlify.app\/\" >\n\t\t\t\t\t\t\tCapitale di grazia del Santuario Originale\t\t\t\t\t\t<\/a>\n\t\t\t\t\t<\/h3>\n\t\t\t\t\n\t\t\t\t\t\t\t\t\t<p class=\"elementor-icon-box-description\">\n\t\t\t\t\t\tDai il tuo contributo al capitale di grazie del Santuario Originale\t\t\t\t\t<\/p>\n\t\t\t\t\n\t\t\t<\/div>\n\t\t\t\n\t\t<\/div>\n\t\t\t\t\t\t<\/div>\n\t\t\t\t<\/div>\n\t\t\t\t\t<\/div>\n\t\t\t\t<\/div>\n\t\t\t\t<\/div>\n\t\t","protected":false},"excerpt":{"rendered":"<p>Non semplicemente il grande e il pi\u00f9 grande, ma le vette pi\u00f9 alte dovrebbero essere l&#8217;obiettivo dei nostri sforzi accresciuti.<\/p>\n","protected":false},"author":2,"featured_media":36894,"parent":43155,"menu_order":0,"comment_status":"closed","ping_status":"closed","template":"","meta":{"footnotes":""},"class_list":["post-43167","page","type-page","status-publish","has-post-thumbnail","hentry"],"yoast_head":"<!-- This site is optimized with the Yoast SEO Premium plugin v27.4 (Yoast SEO v27.4) - https:\/\/yoast.com\/product\/yoast-seo-premium-wordpress\/ -->\n<title>Capitale di grazia - Schoenstatt<\/title>\n<meta name=\"description\" content=\"Non semplicemente il grande e il pi\u00f9 grande, ma le vette pi\u00f9 alte dovrebbero essere l&#039;obiettivo dei nostri sforzi accresciuti.\" \/>\n<meta name=\"robots\" content=\"index, follow, max-snippet:-1, max-image-preview:large, max-video-preview:-1\" \/>\n<link rel=\"canonical\" href=\"https:\/\/schoenstatt.com\/it\/la-nostra-spiritualita\/alleanza-damore\/capitale-di-grazia\/\" \/>\n<meta property=\"og:locale\" content=\"it_IT\" \/>\n<meta property=\"og:type\" content=\"article\" \/>\n<meta property=\"og:title\" content=\"Capitale di grazia\" \/>\n<meta property=\"og:description\" content=\"Non semplicemente il grande e il pi\u00f9 grande, ma le vette pi\u00f9 alte dovrebbero essere l&#039;obiettivo dei nostri sforzi accresciuti.\" \/>\n<meta property=\"og:url\" content=\"https:\/\/schoenstatt.com\/it\/la-nostra-spiritualita\/alleanza-damore\/capitale-di-grazia\/\" \/>\n<meta property=\"og:site_name\" content=\"Schoenstatt\" \/>\n<meta property=\"article:modified_time\" content=\"2026-03-18T14:55:34+00:00\" \/>\n<meta property=\"og:image\" content=\"https:\/\/schoenstatt.com\/wp-content\/uploads\/2024\/06\/DSC02339_2-1.jpg\" \/>\n\t<meta property=\"og:image:width\" content=\"1512\" \/>\n\t<meta property=\"og:image:height\" content=\"1000\" \/>\n\t<meta property=\"og:image:type\" content=\"image\/jpeg\" \/>\n<meta name=\"twitter:card\" content=\"summary_large_image\" \/>\n<meta name=\"twitter:label1\" content=\"Tempo di lettura stimato\" \/>\n\t<meta name=\"twitter:data1\" content=\"2 minuti\" \/>\n<script type=\"application\/ld+json\" class=\"yoast-schema-graph\">{\"@context\":\"https:\\\/\\\/schema.org\",\"@graph\":[{\"@type\":\"WebPage\",\"@id\":\"https:\\\/\\\/schoenstatt.com\\\/it\\\/la-nostra-spiritualita\\\/alleanza-damore\\\/capitale-di-grazia\\\/\",\"url\":\"https:\\\/\\\/schoenstatt.com\\\/it\\\/la-nostra-spiritualita\\\/alleanza-damore\\\/capitale-di-grazia\\\/\",\"name\":\"Capitale di grazia - Schoenstatt\",\"isPartOf\":{\"@id\":\"https:\\\/\\\/schoenstatt.com\\\/it\\\/#website\"},\"primaryImageOfPage\":{\"@id\":\"https:\\\/\\\/schoenstatt.com\\\/it\\\/la-nostra-spiritualita\\\/alleanza-damore\\\/capitale-di-grazia\\\/#primaryimage\"},\"image\":{\"@id\":\"https:\\\/\\\/schoenstatt.com\\\/it\\\/la-nostra-spiritualita\\\/alleanza-damore\\\/capitale-di-grazia\\\/#primaryimage\"},\"thumbnailUrl\":\"https:\\\/\\\/schoenstatt.com\\\/wp-content\\\/uploads\\\/2024\\\/06\\\/DSC02339_2-1.jpg\",\"datePublished\":\"2021-07-20T18:03:31+00:00\",\"dateModified\":\"2026-03-18T14:55:34+00:00\",\"description\":\"Non semplicemente il grande e il pi\u00f9 grande, ma le vette pi\u00f9 alte dovrebbero essere l'obiettivo dei nostri sforzi accresciuti.\",\"breadcrumb\":{\"@id\":\"https:\\\/\\\/schoenstatt.com\\\/it\\\/la-nostra-spiritualita\\\/alleanza-damore\\\/capitale-di-grazia\\\/#breadcrumb\"},\"inLanguage\":\"it-IT\",\"potentialAction\":[{\"@type\":\"ReadAction\",\"target\":[\"https:\\\/\\\/schoenstatt.com\\\/it\\\/la-nostra-spiritualita\\\/alleanza-damore\\\/capitale-di-grazia\\\/\"]}]},{\"@type\":\"ImageObject\",\"inLanguage\":\"it-IT\",\"@id\":\"https:\\\/\\\/schoenstatt.com\\\/it\\\/la-nostra-spiritualita\\\/alleanza-damore\\\/capitale-di-grazia\\\/#primaryimage\",\"url\":\"https:\\\/\\\/schoenstatt.com\\\/wp-content\\\/uploads\\\/2024\\\/06\\\/DSC02339_2-1.jpg\",\"contentUrl\":\"https:\\\/\\\/schoenstatt.com\\\/wp-content\\\/uploads\\\/2024\\\/06\\\/DSC02339_2-1.jpg\",\"width\":1512,\"height\":1000,\"caption\":\"background image of the header of Capital of grace\"},{\"@type\":\"BreadcrumbList\",\"@id\":\"https:\\\/\\\/schoenstatt.com\\\/it\\\/la-nostra-spiritualita\\\/alleanza-damore\\\/capitale-di-grazia\\\/#breadcrumb\",\"itemListElement\":[{\"@type\":\"ListItem\",\"position\":1,\"name\":\"Portada\",\"item\":\"https:\\\/\\\/schoenstatt.com\\\/it\\\/home\\\/\"},{\"@type\":\"ListItem\",\"position\":2,\"name\":\"La nostra spiritualit\u00e0\",\"item\":\"https:\\\/\\\/schoenstatt.com\\\/it\\\/la-nostra-spiritualita\\\/\"},{\"@type\":\"ListItem\",\"position\":3,\"name\":\"Alleanza d\u2019Amore\",\"item\":\"https:\\\/\\\/schoenstatt.com\\\/it\\\/la-nostra-spiritualita\\\/alleanza-damore\\\/\"},{\"@type\":\"ListItem\",\"position\":4,\"name\":\"Capitale di grazia\"}]},{\"@type\":\"WebSite\",\"@id\":\"https:\\\/\\\/schoenstatt.com\\\/it\\\/#website\",\"url\":\"https:\\\/\\\/schoenstatt.com\\\/it\\\/\",\"name\":\"Schoenstatt\",\"description\":\"Apostolic Movement\",\"publisher\":{\"@id\":\"https:\\\/\\\/schoenstatt.com\\\/it\\\/#organization\"},\"potentialAction\":[{\"@type\":\"SearchAction\",\"target\":{\"@type\":\"EntryPoint\",\"urlTemplate\":\"https:\\\/\\\/schoenstatt.com\\\/it\\\/?s={search_term_string}\"},\"query-input\":{\"@type\":\"PropertyValueSpecification\",\"valueRequired\":true,\"valueName\":\"search_term_string\"}}],\"inLanguage\":\"it-IT\"},{\"@type\":\"Organization\",\"@id\":\"https:\\\/\\\/schoenstatt.com\\\/it\\\/#organization\",\"name\":\"Schoenstatt\",\"url\":\"https:\\\/\\\/schoenstatt.com\\\/it\\\/\",\"logo\":{\"@type\":\"ImageObject\",\"inLanguage\":\"it-IT\",\"@id\":\"https:\\\/\\\/schoenstatt.com\\\/it\\\/#\\\/schema\\\/logo\\\/image\\\/\",\"url\":\"https:\\\/\\\/schoenstatt.com\\\/wp-content\\\/uploads\\\/2025\\\/04\\\/logo-schoenstatt-white-696x696-1.png\",\"contentUrl\":\"https:\\\/\\\/schoenstatt.com\\\/wp-content\\\/uploads\\\/2025\\\/04\\\/logo-schoenstatt-white-696x696-1.png\",\"width\":696,\"height\":694,\"caption\":\"Schoenstatt\"},\"image\":{\"@id\":\"https:\\\/\\\/schoenstatt.com\\\/it\\\/#\\\/schema\\\/logo\\\/image\\\/\"}}]}<\/script>\n<!-- \/ Yoast SEO Premium plugin. -->","yoast_head_json":{"title":"Capitale di grazia - Schoenstatt","description":"Non semplicemente il grande e il pi\u00f9 grande, ma le vette pi\u00f9 alte dovrebbero essere l'obiettivo dei nostri sforzi accresciuti.","robots":{"index":"index","follow":"follow","max-snippet":"max-snippet:-1","max-image-preview":"max-image-preview:large","max-video-preview":"max-video-preview:-1"},"canonical":"https:\/\/schoenstatt.com\/it\/la-nostra-spiritualita\/alleanza-damore\/capitale-di-grazia\/","og_locale":"it_IT","og_type":"article","og_title":"Capitale di grazia","og_description":"Non semplicemente il grande e il pi\u00f9 grande, ma le vette pi\u00f9 alte dovrebbero essere l'obiettivo dei nostri sforzi accresciuti.","og_url":"https:\/\/schoenstatt.com\/it\/la-nostra-spiritualita\/alleanza-damore\/capitale-di-grazia\/","og_site_name":"Schoenstatt","article_modified_time":"2026-03-18T14:55:34+00:00","og_image":[{"width":1512,"height":1000,"url":"https:\/\/schoenstatt.com\/wp-content\/uploads\/2024\/06\/DSC02339_2-1.jpg","type":"image\/jpeg"}],"twitter_card":"summary_large_image","twitter_misc":{"Tempo di lettura stimato":"2 minuti"},"schema":{"@context":"https:\/\/schema.org","@graph":[{"@type":"WebPage","@id":"https:\/\/schoenstatt.com\/it\/la-nostra-spiritualita\/alleanza-damore\/capitale-di-grazia\/","url":"https:\/\/schoenstatt.com\/it\/la-nostra-spiritualita\/alleanza-damore\/capitale-di-grazia\/","name":"Capitale di grazia - Schoenstatt","isPartOf":{"@id":"https:\/\/schoenstatt.com\/it\/#website"},"primaryImageOfPage":{"@id":"https:\/\/schoenstatt.com\/it\/la-nostra-spiritualita\/alleanza-damore\/capitale-di-grazia\/#primaryimage"},"image":{"@id":"https:\/\/schoenstatt.com\/it\/la-nostra-spiritualita\/alleanza-damore\/capitale-di-grazia\/#primaryimage"},"thumbnailUrl":"https:\/\/schoenstatt.com\/wp-content\/uploads\/2024\/06\/DSC02339_2-1.jpg","datePublished":"2021-07-20T18:03:31+00:00","dateModified":"2026-03-18T14:55:34+00:00","description":"Non semplicemente il grande e il pi\u00f9 grande, ma le vette pi\u00f9 alte dovrebbero essere l'obiettivo dei nostri sforzi accresciuti.","breadcrumb":{"@id":"https:\/\/schoenstatt.com\/it\/la-nostra-spiritualita\/alleanza-damore\/capitale-di-grazia\/#breadcrumb"},"inLanguage":"it-IT","potentialAction":[{"@type":"ReadAction","target":["https:\/\/schoenstatt.com\/it\/la-nostra-spiritualita\/alleanza-damore\/capitale-di-grazia\/"]}]},{"@type":"ImageObject","inLanguage":"it-IT","@id":"https:\/\/schoenstatt.com\/it\/la-nostra-spiritualita\/alleanza-damore\/capitale-di-grazia\/#primaryimage","url":"https:\/\/schoenstatt.com\/wp-content\/uploads\/2024\/06\/DSC02339_2-1.jpg","contentUrl":"https:\/\/schoenstatt.com\/wp-content\/uploads\/2024\/06\/DSC02339_2-1.jpg","width":1512,"height":1000,"caption":"background image of the header of Capital of grace"},{"@type":"BreadcrumbList","@id":"https:\/\/schoenstatt.com\/it\/la-nostra-spiritualita\/alleanza-damore\/capitale-di-grazia\/#breadcrumb","itemListElement":[{"@type":"ListItem","position":1,"name":"Portada","item":"https:\/\/schoenstatt.com\/it\/home\/"},{"@type":"ListItem","position":2,"name":"La nostra spiritualit\u00e0","item":"https:\/\/schoenstatt.com\/it\/la-nostra-spiritualita\/"},{"@type":"ListItem","position":3,"name":"Alleanza d\u2019Amore","item":"https:\/\/schoenstatt.com\/it\/la-nostra-spiritualita\/alleanza-damore\/"},{"@type":"ListItem","position":4,"name":"Capitale di grazia"}]},{"@type":"WebSite","@id":"https:\/\/schoenstatt.com\/it\/#website","url":"https:\/\/schoenstatt.com\/it\/","name":"Schoenstatt","description":"Apostolic Movement","publisher":{"@id":"https:\/\/schoenstatt.com\/it\/#organization"},"potentialAction":[{"@type":"SearchAction","target":{"@type":"EntryPoint","urlTemplate":"https:\/\/schoenstatt.com\/it\/?s={search_term_string}"},"query-input":{"@type":"PropertyValueSpecification","valueRequired":true,"valueName":"search_term_string"}}],"inLanguage":"it-IT"},{"@type":"Organization","@id":"https:\/\/schoenstatt.com\/it\/#organization","name":"Schoenstatt","url":"https:\/\/schoenstatt.com\/it\/","logo":{"@type":"ImageObject","inLanguage":"it-IT","@id":"https:\/\/schoenstatt.com\/it\/#\/schema\/logo\/image\/","url":"https:\/\/schoenstatt.com\/wp-content\/uploads\/2025\/04\/logo-schoenstatt-white-696x696-1.png","contentUrl":"https:\/\/schoenstatt.com\/wp-content\/uploads\/2025\/04\/logo-schoenstatt-white-696x696-1.png","width":696,"height":694,"caption":"Schoenstatt"},"image":{"@id":"https:\/\/schoenstatt.com\/it\/#\/schema\/logo\/image\/"}}]}},"_links":{"self":[{"href":"https:\/\/schoenstatt.com\/it\/wp-json\/wp\/v2\/pages\/43167","targetHints":{"allow":["GET"]}}],"collection":[{"href":"https:\/\/schoenstatt.com\/it\/wp-json\/wp\/v2\/pages"}],"about":[{"href":"https:\/\/schoenstatt.com\/it\/wp-json\/wp\/v2\/types\/page"}],"author":[{"embeddable":true,"href":"https:\/\/schoenstatt.com\/it\/wp-json\/wp\/v2\/users\/2"}],"replies":[{"embeddable":true,"href":"https:\/\/schoenstatt.com\/it\/wp-json\/wp\/v2\/comments?post=43167"}],"version-history":[{"count":4,"href":"https:\/\/schoenstatt.com\/it\/wp-json\/wp\/v2\/pages\/43167\/revisions"}],"predecessor-version":[{"id":69037,"href":"https:\/\/schoenstatt.com\/it\/wp-json\/wp\/v2\/pages\/43167\/revisions\/69037"}],"up":[{"embeddable":true,"href":"https:\/\/schoenstatt.com\/it\/wp-json\/wp\/v2\/pages\/43155"}],"wp:featuredmedia":[{"embeddable":true,"href":"https:\/\/schoenstatt.com\/it\/wp-json\/wp\/v2\/media\/36894"}],"wp:attachment":[{"href":"https:\/\/schoenstatt.com\/it\/wp-json\/wp\/v2\/media?parent=43167"}],"curies":[{"name":"wp","href":"https:\/\/api.w.org\/{rel}","templated":true}]}}