{"id":42675,"date":"2024-06-29T22:00:55","date_gmt":"2024-06-29T20:00:55","guid":{"rendered":"https:\/\/schoenstatt.com\/pastoral-de-la-esperanza\/"},"modified":"2025-05-27T05:04:48","modified_gmt":"2025-05-27T03:04:48","slug":"pastoral-de-la-esperanza","status":"publish","type":"page","link":"https:\/\/schoenstatt.com\/es\/en-mision\/iglesia\/pastoral-de-la-esperanza\/","title":{"rendered":"Pastoral de la Esperanza"},"content":{"rendered":"\t\t<div data-elementor-type=\"wp-page\" data-elementor-id=\"42675\" class=\"elementor elementor-42675 elementor-39181\" data-elementor-post-type=\"page\">\n\t\t\t\t<div class=\"elementor-element elementor-element-60fe527c e-flex e-con-boxed e-con e-parent\" data-id=\"60fe527c\" data-element_type=\"container\" data-e-type=\"container\" data-settings=\"{&quot;background_background&quot;:&quot;classic&quot;}\">\n\t\t\t\t\t<div class=\"e-con-inner\">\n\t\t<div class=\"elementor-element elementor-element-7a5163dd e-flex e-con-boxed e-con e-child\" data-id=\"7a5163dd\" data-element_type=\"container\" data-e-type=\"container\">\n\t\t\t\t\t<div class=\"e-con-inner\">\n\t\t\t\t\t<\/div>\n\t\t\t\t<\/div>\n\t\t\t\t\t<\/div>\n\t\t\t\t<\/div>\n\t\t<div class=\"elementor-element elementor-element-f6af726 e-flex e-con-boxed e-con e-parent\" data-id=\"f6af726\" data-element_type=\"container\" data-e-type=\"container\">\n\t\t\t\t\t<div class=\"e-con-inner\">\n\t\t<div class=\"elementor-element elementor-element-e2c544e e-con-full e-flex e-con e-child\" data-id=\"e2c544e\" data-element_type=\"container\" data-e-type=\"container\">\n\t\t\t\t<div class=\"elementor-element elementor-element-93bcd00 elementor-widget elementor-widget-heading\" data-id=\"93bcd00\" data-element_type=\"widget\" data-e-type=\"widget\" data-widget_type=\"heading.default\">\n\t\t\t\t<div class=\"elementor-widget-container\">\n\t\t\t\t\t<h2 class=\"elementor-heading-title elementor-size-default\">Pastoral de la Esperanza<\/h2>\t\t\t\t<\/div>\n\t\t\t\t<\/div>\n\t\t\t\t<div class=\"elementor-element elementor-element-d52885e elementor-widget elementor-widget-text-editor\" data-id=\"d52885e\" data-element_type=\"widget\" data-e-type=\"widget\" data-widget_type=\"text-editor.default\">\n\t\t\t\t<div class=\"elementor-widget-container\">\n\t\t\t\t\t\t\t\t\t<p>El nombre deriva de un discurso de Benedicto XVI sobre el tema \u201cB\u00e1lsamo en las heridas, una respuesta a las llagas del divorcio\u201d.<\/p><p>Est\u00e1 dirigida a todos los Separados en Nueva Uni\u00f3n, llamados tambi\u00e9n SENU. Los SENU o DVC son aquellos hermanos que estando casados por Iglesia se separaron o divorciaron, decidiendo formar una nueva y definitiva familia. <\/p><p>La Pastoral de la Esperanza naci\u00f3 en el coraz\u00f3n del Movimiento Apost\u00f3lico de Schoenstatt en Paraguay. A partir de un consenso de asesores responsables, se inici\u00f3 una experiencia pastoral ejerciendo la doctrina cat\u00f3lica, Instan <em>a los Separados en nueva uni\u00f3n a permanecer en la Iglesia, ya que \u00e9sta es participe de sus sufrimientos, invit\u00e1ndolos a participar con fe y con presencia activa.<\/em>  <\/p>\t\t\t\t\t\t\t\t<\/div>\n\t\t\t\t<\/div>\n\t\t\t\t<\/div>\n\t\t<div class=\"elementor-element elementor-element-afbd177 e-con-full e-flex e-con e-child\" data-id=\"afbd177\" data-element_type=\"container\" data-e-type=\"container\">\n\t\t\t\t<div class=\"elementor-element elementor-element-8f8bcdd elementor-widget elementor-widget-image\" data-id=\"8f8bcdd\" data-element_type=\"widget\" data-e-type=\"widget\" data-widget_type=\"image.default\">\n\t\t\t\t<div class=\"elementor-widget-container\">\n\t\t\t\t\t\t\t\t\t\t\t\t\t\t\t<img fetchpriority=\"high\" decoding=\"async\" width=\"1024\" height=\"768\" src=\"https:\/\/schoenstatt.com\/wp-content\/uploads\/2024\/06\/pastoral-of-hope-esperanca-esperanza-1.jpg\" class=\"attachment-large size-large wp-image-58168\" alt=\"\" srcset=\"https:\/\/schoenstatt.com\/wp-content\/uploads\/2024\/06\/pastoral-of-hope-esperanca-esperanza-1.jpg 1024w, https:\/\/schoenstatt.com\/wp-content\/uploads\/2024\/06\/pastoral-of-hope-esperanca-esperanza-1-768x576.jpg 768w\" sizes=\"(max-width: 1024px) 100vw, 1024px\" \/>\t\t\t\t\t\t\t\t\t\t\t\t\t\t\t<\/div>\n\t\t\t\t<\/div>\n\t\t\t\t<\/div>\n\t\t\t\t\t<\/div>\n\t\t\t\t<\/div>\n\t\t<div class=\"elementor-element elementor-element-5962052 e-flex e-con-boxed e-con e-parent\" data-id=\"5962052\" data-element_type=\"container\" data-e-type=\"container\">\n\t\t\t\t\t<div class=\"e-con-inner\">\n\t\t<div class=\"elementor-element elementor-element-a9ff197 e-con-full e-flex e-con e-child\" data-id=\"a9ff197\" data-element_type=\"container\" data-e-type=\"container\">\n\t\t\t\t<div class=\"elementor-element elementor-element-1eff7d5 elementor-widget elementor-widget-image\" data-id=\"1eff7d5\" data-element_type=\"widget\" data-e-type=\"widget\" data-widget_type=\"image.default\">\n\t\t\t\t<div class=\"elementor-widget-container\">\n\t\t\t\t\t\t\t\t\t\t\t\t\t\t\t<img decoding=\"async\" width=\"1024\" height=\"768\" src=\"https:\/\/schoenstatt.com\/wp-content\/uploads\/2024\/06\/pastoral-of-hope-esperanca-esperanza-2-1.jpeg\" class=\"attachment-large size-large wp-image-58169\" alt=\"\" srcset=\"https:\/\/schoenstatt.com\/wp-content\/uploads\/2024\/06\/pastoral-of-hope-esperanca-esperanza-2-1.jpeg 1024w, https:\/\/schoenstatt.com\/wp-content\/uploads\/2024\/06\/pastoral-of-hope-esperanca-esperanza-2-1-768x576.jpeg 768w\" sizes=\"(max-width: 1024px) 100vw, 1024px\" \/>\t\t\t\t\t\t\t\t\t\t\t\t\t\t\t<\/div>\n\t\t\t\t<\/div>\n\t\t\t\t<\/div>\n\t\t<div class=\"elementor-element elementor-element-4903b79 e-con-full e-flex e-con e-child\" data-id=\"4903b79\" data-element_type=\"container\" data-e-type=\"container\">\n\t\t\t\t<div class=\"elementor-element elementor-element-03ed385 elementor-widget-divider--view-line elementor-widget elementor-widget-divider\" data-id=\"03ed385\" data-element_type=\"widget\" data-e-type=\"widget\" data-widget_type=\"divider.default\">\n\t\t\t\t<div class=\"elementor-widget-container\">\n\t\t\t\t\t\t\t<div class=\"elementor-divider\">\n\t\t\t<span class=\"elementor-divider-separator\">\n\t\t\t\t\t\t<\/span>\n\t\t<\/div>\n\t\t\t\t\t\t<\/div>\n\t\t\t\t<\/div>\n\t\t\t\t<div class=\"elementor-element elementor-element-015a56b elementor-widget elementor-widget-text-editor\" data-id=\"015a56b\" data-element_type=\"widget\" data-e-type=\"widget\" data-widget_type=\"text-editor.default\">\n\t\t\t\t<div class=\"elementor-widget-container\">\n\t\t\t\t\t\t\t\t\t<p>Se orienta desde el inicio hace 12 a\u00f1os por lo indicado en la Familiaris Consortio. El Papa Francisco fue abriendo nuevos caminos que culminaron en la Amoris Laetitia del 19 de marzo del 2016. Con ello la PE pudo y puede dar nuevos pasos. Es lo que el Papa Francisco nos propone: que seamos audaces y a la vez prudentes. Al ser algo novedoso ha exigido profundizar en el tema.    <\/p><p>El 30 de mayo del 2006, la \u00abPastoral de la Esperanza\u00bb se inici\u00f3 junto a otras iniciativas de la pastoral familiar del Movimiento. Quieren ser una Naci\u00f3n de Dios y por ello \u00a1Salvar a toda costa las familias!, como urge Juan Pablo II. <\/p><p>Siguen el mismo itinerario de la rama familiar, adaptado a la realidad de quienes conforman los grupos. Es una Pastoral, por consiguiente no est\u00e1 vinculada a ninguna rama, pero trabajan coordinadamente con todas ellas. <\/p>\t\t\t\t\t\t\t\t<\/div>\n\t\t\t\t<\/div>\n\t\t\t\t<\/div>\n\t\t\t\t\t<\/div>\n\t\t\t\t<\/div>\n\t\t<div class=\"elementor-element elementor-element-c4c8a63 e-flex e-con-boxed e-con e-parent\" data-id=\"c4c8a63\" data-element_type=\"container\" data-e-type=\"container\">\n\t\t\t\t\t<div class=\"e-con-inner\">\n\t\t<div class=\"elementor-element elementor-element-65f4da3 e-con-full e-flex e-con e-child\" data-id=\"65f4da3\" data-element_type=\"container\" data-e-type=\"container\">\n\t\t\t\t<div class=\"elementor-element elementor-element-db559c1 elementor-widget elementor-widget-heading\" data-id=\"db559c1\" data-element_type=\"widget\" data-e-type=\"widget\" data-widget_type=\"heading.default\">\n\t\t\t\t<div class=\"elementor-widget-container\">\n\t\t\t\t\t<h2 class=\"elementor-heading-title elementor-size-default\">Sus pilares principales son:<\/h2>\t\t\t\t<\/div>\n\t\t\t\t<\/div>\n\t\t\t\t<div class=\"elementor-element elementor-element-70684cd elementor-widget elementor-widget-text-editor\" data-id=\"70684cd\" data-element_type=\"widget\" data-e-type=\"widget\" data-widget_type=\"text-editor.default\">\n\t\t\t\t<div class=\"elementor-widget-container\">\n\t\t\t\t\t\t\t\t\t<ul><li>Todos somos hijos de DIOS por el bautismo, y seguimos profesando la fe cat\u00f3lica.<\/li><li>No son una pastoral pro divorcio, ni motivan ni aconsejan, sino por el contrario desde su experiencia es justamente lo que no hay que hacer.<\/li><li>Buscan la consolidaci\u00f3n de la FAMILIA CRISTIANA, al tratar de evitar que se vuelva a repetir con los hijos.<\/li><li>Que la presente uni\u00f3n sea para siempre.<\/li><\/ul>\t\t\t\t\t\t\t\t<\/div>\n\t\t\t\t<\/div>\n\t\t\t\t<\/div>\n\t\t<div class=\"elementor-element elementor-element-800d0b1 e-con-full e-flex e-con e-child\" data-id=\"800d0b1\" data-element_type=\"container\" data-e-type=\"container\">\n\t\t\t\t<div class=\"elementor-element elementor-element-6986434 elementor-widget elementor-widget-image\" data-id=\"6986434\" data-element_type=\"widget\" data-e-type=\"widget\" data-widget_type=\"image.default\">\n\t\t\t\t<div class=\"elementor-widget-container\">\n\t\t\t\t\t\t\t\t\t\t\t\t\t\t\t<img decoding=\"async\" width=\"1000\" height=\"750\" src=\"https:\/\/schoenstatt.com\/wp-content\/uploads\/2024\/06\/pastoral-of-hope-esperanca-esperanza-3-1.jpeg\" class=\"attachment-large size-large wp-image-58170\" alt=\"\" srcset=\"https:\/\/schoenstatt.com\/wp-content\/uploads\/2024\/06\/pastoral-of-hope-esperanca-esperanza-3-1.jpeg 1000w, https:\/\/schoenstatt.com\/wp-content\/uploads\/2024\/06\/pastoral-of-hope-esperanca-esperanza-3-1-768x576.jpeg 768w\" sizes=\"(max-width: 1000px) 100vw, 1000px\" \/>\t\t\t\t\t\t\t\t\t\t\t\t\t\t\t<\/div>\n\t\t\t\t<\/div>\n\t\t\t\t<\/div>\n\t\t\t\t\t<\/div>\n\t\t\t\t<\/div>\n\t\t<div class=\"elementor-element elementor-element-df01e56 e-flex e-con-boxed e-con e-parent\" data-id=\"df01e56\" data-element_type=\"container\" data-e-type=\"container\">\n\t\t\t\t\t<div class=\"e-con-inner\">\n\t\t\t\t<div class=\"elementor-element elementor-element-34c080b elementor-widget elementor-widget-heading\" data-id=\"34c080b\" data-element_type=\"widget\" data-e-type=\"widget\" data-widget_type=\"heading.default\">\n\t\t\t\t<div class=\"elementor-widget-container\">\n\t\t\t\t\t<h2 class=\"elementor-heading-title elementor-size-default\">En cuanto a los objetivos se pueden mencionar:<\/h2>\t\t\t\t<\/div>\n\t\t\t\t<\/div>\n\t\t\t\t\t<\/div>\n\t\t\t\t<\/div>\n\t\t<div class=\"elementor-element elementor-element-7d46913 e-flex e-con-boxed e-con e-parent\" data-id=\"7d46913\" data-element_type=\"container\" data-e-type=\"container\">\n\t\t\t\t\t<div class=\"e-con-inner\">\n\t\t<div class=\"elementor-element elementor-element-cfd78ed e-con-full e-flex e-con e-child\" data-id=\"cfd78ed\" data-element_type=\"container\" data-e-type=\"container\">\n\t\t\t\t<div class=\"elementor-element elementor-element-eb1a0b1 elementor-widget__width-initial elementor-widget elementor-widget-image\" data-id=\"eb1a0b1\" data-element_type=\"widget\" data-e-type=\"widget\" data-widget_type=\"image.default\">\n\t\t\t\t<div class=\"elementor-widget-container\">\n\t\t\t\t\t\t\t\t\t\t\t\t\t\t\t<img loading=\"lazy\" decoding=\"async\" width=\"768\" height=\"1024\" src=\"https:\/\/schoenstatt.com\/wp-content\/uploads\/2024\/06\/pastoral-of-hope-esperanca-esperanza-6-1.jpeg\" class=\"attachment-large size-large wp-image-58171\" alt=\"\" \/>\t\t\t\t\t\t\t\t\t\t\t\t\t\t\t<\/div>\n\t\t\t\t<\/div>\n\t\t\t\t<\/div>\n\t\t<div class=\"elementor-element elementor-element-9609692 e-con-full e-flex e-con e-child\" data-id=\"9609692\" data-element_type=\"container\" data-e-type=\"container\">\n\t\t\t\t<div class=\"elementor-element elementor-element-f8172d4 elementor-widget elementor-widget-text-editor\" data-id=\"f8172d4\" data-element_type=\"widget\" data-e-type=\"widget\" data-widget_type=\"text-editor.default\">\n\t\t\t\t<div class=\"elementor-widget-container\">\n\t\t\t\t\t\t\t\t\t<ul><li>Acoger a los divorciados en nueva uni\u00f3n.<\/li><li>Ayudar a fortalecer los v\u00ednculos conyugales, y una educaci\u00f3n cristiana a los hijos, de la mano de Dios; viviendo el compromiso de bautizados en la fe de Jesucristo.<\/li><li>Acompa\u00f1arlos a profundizar en la Palabra y a perseverar en la Oraci\u00f3n, dej\u00e1ndose transformar por Mar\u00eda en hombres nuevos para una nueva comunidad.<\/li><li>Promover la evangelizaci\u00f3n de sus hogares como un lugar abierto y apost\u00f3lico.<\/li><li>Acompa\u00f1arlos a sellar la Alianza de Amor con Dios, Jes\u00fas y su Madre.<\/li><li>Incentivar la conformaci\u00f3n de peque\u00f1os grupos comunitarios dispuestos a sellar un compromiso de autoeducaci\u00f3n.<\/li><\/ul><p> <\/p><p>La PE se encuentra conformada por un equipo conductivo, cuatro grupos consolidados en la ciudad de Asunci\u00f3n, dos en Encarnaci\u00f3n y uno en Ciudad del Este. El equipo conductivo tiene un matrimonio consagrado como jefe y cinco parejas SENU como miembros, m\u00e1s un equipo de consejeros laicos. Al frente de todo esto est\u00e1 el Padre de Schoenstatt, Antonio Cosp.  <\/p>\t\t\t\t\t\t\t\t<\/div>\n\t\t\t\t<\/div>\n\t\t\t\t<\/div>\n\t\t\t\t\t<\/div>\n\t\t\t\t<\/div>\n\t\t<div class=\"elementor-element elementor-element-68a50c2 e-flex e-con-boxed e-con e-parent\" data-id=\"68a50c2\" data-element_type=\"container\" data-e-type=\"container\">\n\t\t\t\t\t<div class=\"e-con-inner\">\n\t\t\t\t<div class=\"elementor-element elementor-element-f377ee3 elementor-widget elementor-widget-heading\" data-id=\"f377ee3\" data-element_type=\"widget\" data-e-type=\"widget\" data-widget_type=\"heading.default\">\n\t\t\t\t<div class=\"elementor-widget-container\">\n\t\t\t\t\t<h2 class=\"elementor-heading-title elementor-size-default\">Los trabajos que actualmente se est\u00e1n llevando a cabo son:<\/h2>\t\t\t\t<\/div>\n\t\t\t\t<\/div>\n\t\t\t\t\t<\/div>\n\t\t\t\t<\/div>\n\t\t<div class=\"elementor-element elementor-element-1fde2a6 e-flex e-con-boxed e-con e-parent\" data-id=\"1fde2a6\" data-element_type=\"container\" data-e-type=\"container\">\n\t\t\t\t\t<div class=\"e-con-inner\">\n\t\t<div class=\"elementor-element elementor-element-337c16a e-con-full e-flex e-con e-child\" data-id=\"337c16a\" data-element_type=\"container\" data-e-type=\"container\">\n\t\t\t\t<div class=\"elementor-element elementor-element-4ec26e3 elementor-widget elementor-widget-text-editor\" data-id=\"4ec26e3\" data-element_type=\"widget\" data-e-type=\"widget\" data-widget_type=\"text-editor.default\">\n\t\t\t\t<div class=\"elementor-widget-container\">\n\t\t\t\t\t\t\t\t\t<ul><li>Acompa\u00f1arlos a profundizar en la Palabra y a perseverar en la Oraci\u00f3n, dej\u00e1ndose transformar por Mar\u00eda en hombres nuevos para una nueva comunidad.<\/li><li>Programar Actividades y\/o reuniones para el a\u00f1o.<\/li><li>Distribuir los materiales escritos utilizados por la PE.<\/li><li>Incentivar para lograr los objetivos establecidos.<\/li><li>Definir\u00e1n las actividades y servicios apost\u00f3licos del grupo.<\/li><\/ul><div> <\/div><p>Estos trabajos apuntan a la consolidaci\u00f3n de las familias, en una segunda uni\u00f3n, la de sus hijos como dignos hijos de Dios y de la Mater.<\/p><p>Las proyecciones para el 2020 son las de seguir llevando la PE a todos los hermanos que lo necesitan. Existe el deseo formar nuevos grupos en Asunci\u00f3n como en el interior del pa\u00eds. Continuar con las charlas abiertas que son todos los primeros martes de cada mes iniciando el primer martes del mes de marzo.  <\/p><p>\u201cEn la PE estamos orgullosos del pasado, comprometidos con el presente y ansiosos con el futuro que nos interpela y nos urge a dar m\u00e1s de nosotros para<\/p>\t\t\t\t\t\t\t\t<\/div>\n\t\t\t\t<\/div>\n\t\t\t\t<\/div>\n\t\t<div class=\"elementor-element elementor-element-b057833 e-con-full e-flex e-con e-child\" data-id=\"b057833\" data-element_type=\"container\" data-e-type=\"container\">\n\t\t\t\t<div class=\"elementor-element elementor-element-c345207 elementor-widget elementor-widget-image\" data-id=\"c345207\" data-element_type=\"widget\" data-e-type=\"widget\" data-widget_type=\"image.default\">\n\t\t\t\t<div class=\"elementor-widget-container\">\n\t\t\t\t\t\t\t\t\t\t\t\t\t\t\t<img loading=\"lazy\" decoding=\"async\" width=\"1024\" height=\"768\" src=\"https:\/\/schoenstatt.com\/wp-content\/uploads\/2024\/06\/pastoral-of-hope-esperanca-esperanza-7-1.jpeg\" class=\"attachment-large size-large wp-image-58172\" alt=\"\" srcset=\"https:\/\/schoenstatt.com\/wp-content\/uploads\/2024\/06\/pastoral-of-hope-esperanca-esperanza-7-1.jpeg 1024w, https:\/\/schoenstatt.com\/wp-content\/uploads\/2024\/06\/pastoral-of-hope-esperanca-esperanza-7-1-768x576.jpeg 768w\" sizes=\"(max-width: 1024px) 100vw, 1024px\" \/>\t\t\t\t\t\t\t\t\t\t\t\t\t\t\t<\/div>\n\t\t\t\t<\/div>\n\t\t\t\t<div class=\"elementor-element elementor-element-aca1988 elementor-widget-divider--separator-type-pattern elementor-widget-divider--view-line elementor-widget elementor-widget-divider\" data-id=\"aca1988\" data-element_type=\"widget\" data-e-type=\"widget\" data-widget_type=\"divider.default\">\n\t\t\t\t<div class=\"elementor-widget-container\">\n\t\t\t\t\t\t\t<div class=\"elementor-divider\" style=\"--divider-pattern-url: url(&quot;data:image\/svg+xml,%3Csvg xmlns=&#039;http:\/\/www.w3.org\/2000\/svg&#039; preserveAspectRatio=&#039;none&#039; overflow=&#039;visible&#039; height=&#039;100%&#039; viewBox=&#039;0 0 24 24&#039; fill=&#039;black&#039; stroke=&#039;none&#039;%3E%3Cpolygon points=&#039;9.4,2 24,2 14.6,21.6 0,21.6&#039;\/%3E%3C\/svg%3E&quot;);\">\n\t\t\t<span class=\"elementor-divider-separator\">\n\t\t\t\t\t\t<\/span>\n\t\t<\/div>\n\t\t\t\t\t\t<\/div>\n\t\t\t\t<\/div>\n\t\t\t\t<\/div>\n\t\t\t\t\t<\/div>\n\t\t\t\t<\/div>\n\t\t<div class=\"elementor-element elementor-element-5126bf7 e-flex e-con-boxed e-con e-parent\" data-id=\"5126bf7\" data-element_type=\"container\" data-e-type=\"container\">\n\t\t\t\t\t<div class=\"e-con-inner\">\n\t\t<div class=\"elementor-element elementor-element-d7f1b12 e-con-full e-flex e-con e-child\" data-id=\"d7f1b12\" data-element_type=\"container\" data-e-type=\"container\">\n\t\t\t\t<div class=\"elementor-element elementor-element-96203f9 elementor-widget elementor-widget-image\" data-id=\"96203f9\" data-element_type=\"widget\" data-e-type=\"widget\" data-widget_type=\"image.default\">\n\t\t\t\t<div class=\"elementor-widget-container\">\n\t\t\t\t\t\t\t\t\t\t\t\t\t\t\t<img loading=\"lazy\" decoding=\"async\" width=\"1024\" height=\"768\" src=\"https:\/\/schoenstatt.com\/wp-content\/uploads\/2024\/06\/pastoral-of-hope-esperanca-esperanza-4-1.jpeg\" class=\"attachment-large size-large wp-image-58173\" alt=\"\" srcset=\"https:\/\/schoenstatt.com\/wp-content\/uploads\/2024\/06\/pastoral-of-hope-esperanca-esperanza-4-1.jpeg 1024w, https:\/\/schoenstatt.com\/wp-content\/uploads\/2024\/06\/pastoral-of-hope-esperanca-esperanza-4-1-768x576.jpeg 768w\" sizes=\"(max-width: 1024px) 100vw, 1024px\" \/>\t\t\t\t\t\t\t\t\t\t\t\t\t\t\t<\/div>\n\t\t\t\t<\/div>\n\t\t\t\t<\/div>\n\t\t<div class=\"elementor-element elementor-element-abfb35f e-con-full e-flex e-con e-child\" data-id=\"abfb35f\" data-element_type=\"container\" data-e-type=\"container\">\n\t\t\t\t<div class=\"elementor-element elementor-element-98b4456 elementor-widget elementor-widget-heading\" data-id=\"98b4456\" data-element_type=\"widget\" data-e-type=\"widget\" data-widget_type=\"heading.default\">\n\t\t\t\t<div class=\"elementor-widget-container\">\n\t\t\t\t\t<h2 class=\"elementor-heading-title elementor-size-default\">Acompa\u00f1ar, discernir, integrar.<\/h2>\t\t\t\t<\/div>\n\t\t\t\t<\/div>\n\t\t\t\t<div class=\"elementor-element elementor-element-2e76ec3 elementor-widget elementor-widget-text-editor\" data-id=\"2e76ec3\" data-element_type=\"widget\" data-e-type=\"widget\" data-widget_type=\"text-editor.default\">\n\t\t\t\t<div class=\"elementor-widget-container\">\n\t\t\t\t\t\t\t\t\t<p>Para que todos los SENU puedan superar la fragilidad de este estado de gracia especial y que encuentren el camino de ser hijos plenos de Dios y cobijados por la Mater\u2026. El amor y la misericordia de Dios est\u00e1 por encima de cualquier error humano.\u201d Son palabras de los coordinadores de la PE <\/p>\t\t\t\t\t\t\t\t<\/div>\n\t\t\t\t<\/div>\n\t\t<div class=\"elementor-element elementor-element-6e5541b e-flex e-con-boxed e-con e-child\" data-id=\"6e5541b\" data-element_type=\"container\" data-e-type=\"container\" data-settings=\"{&quot;background_background&quot;:&quot;classic&quot;}\">\n\t\t\t\t\t<div class=\"e-con-inner\">\n\t\t<div class=\"elementor-element elementor-element-a7ee744 e-flex e-con-boxed e-con e-child\" data-id=\"a7ee744\" data-element_type=\"container\" data-e-type=\"container\">\n\t\t\t\t\t<div class=\"e-con-inner\">\n\t\t\t\t<div class=\"elementor-element elementor-element-ce9f21c elementor-view-stacked elementor-shape-square elementor-position-inline-start elementor-mobile-position-block-start elementor-widget elementor-widget-icon-box\" data-id=\"ce9f21c\" data-element_type=\"widget\" data-e-type=\"widget\" data-widget_type=\"icon-box.default\">\n\t\t\t\t<div class=\"elementor-widget-container\">\n\t\t\t\t\t\t\t<div class=\"elementor-icon-box-wrapper\">\n\n\t\t\t\t\t\t<div class=\"elementor-icon-box-icon\">\n\t\t\t\t<span  class=\"elementor-icon\">\n\t\t\t\t<svg aria-hidden=\"true\" class=\"e-font-icon-svg e-fab-facebook\" viewBox=\"0 0 512 512\" xmlns=\"http:\/\/www.w3.org\/2000\/svg\"><path d=\"M504 256C504 119 393 8 256 8S8 119 8 256c0 123.78 90.69 226.38 209.25 245V327.69h-63V256h63v-54.64c0-62.15 37-96.48 93.67-96.48 27.14 0 55.52 4.84 55.52 4.84v61h-31.28c-30.8 0-40.41 19.12-40.41 38.73V256h68.78l-11 71.69h-57.78V501C413.31 482.38 504 379.78 504 256z\"><\/path><\/svg>\t\t\t\t<\/span>\n\t\t\t<\/div>\n\t\t\t\n\t\t\t\t\t\t<div class=\"elementor-icon-box-content\">\n\n\t\t\t\t\t\t\t\t\t<h3 class=\"elementor-icon-box-title\">\n\t\t\t\t\t\t<span  >\n\t\t\t\t\t\t\tFacebook\t\t\t\t\t\t<\/span>\n\t\t\t\t\t<\/h3>\n\t\t\t\t\n\t\t\t\t\t\t\t\t\t<p class=\"elementor-icon-box-description\">\n\t\t\t\t\t\tP.E.: Pastoral de la Esperanza\n\n\t\t\t\t\t<\/p>\n\t\t\t\t\n\t\t\t<\/div>\n\t\t\t\n\t\t<\/div>\n\t\t\t\t\t\t<\/div>\n\t\t\t\t<\/div>\n\t\t\t\t<div class=\"elementor-element elementor-element-43297c8 elementor-view-stacked elementor-shape-square elementor-position-inline-start elementor-mobile-position-block-start elementor-widget elementor-widget-icon-box\" data-id=\"43297c8\" data-element_type=\"widget\" data-e-type=\"widget\" data-widget_type=\"icon-box.default\">\n\t\t\t\t<div class=\"elementor-widget-container\">\n\t\t\t\t\t\t\t<div class=\"elementor-icon-box-wrapper\">\n\n\t\t\t\t\t\t<div class=\"elementor-icon-box-icon\">\n\t\t\t\t<span  class=\"elementor-icon\">\n\t\t\t\t<svg aria-hidden=\"true\" class=\"e-font-icon-svg e-fab-instagram\" viewBox=\"0 0 448 512\" xmlns=\"http:\/\/www.w3.org\/2000\/svg\"><path d=\"M224.1 141c-63.6 0-114.9 51.3-114.9 114.9s51.3 114.9 114.9 114.9S339 319.5 339 255.9 287.7 141 224.1 141zm0 189.6c-41.1 0-74.7-33.5-74.7-74.7s33.5-74.7 74.7-74.7 74.7 33.5 74.7 74.7-33.6 74.7-74.7 74.7zm146.4-194.3c0 14.9-12 26.8-26.8 26.8-14.9 0-26.8-12-26.8-26.8s12-26.8 26.8-26.8 26.8 12 26.8 26.8zm76.1 27.2c-1.7-35.9-9.9-67.7-36.2-93.9-26.2-26.2-58-34.4-93.9-36.2-37-2.1-147.9-2.1-184.9 0-35.8 1.7-67.6 9.9-93.9 36.1s-34.4 58-36.2 93.9c-2.1 37-2.1 147.9 0 184.9 1.7 35.9 9.9 67.7 36.2 93.9s58 34.4 93.9 36.2c37 2.1 147.9 2.1 184.9 0 35.9-1.7 67.7-9.9 93.9-36.2 26.2-26.2 34.4-58 36.2-93.9 2.1-37 2.1-147.8 0-184.8zM398.8 388c-7.8 19.6-22.9 34.7-42.6 42.6-29.5 11.7-99.5 9-132.1 9s-102.7 2.6-132.1-9c-19.6-7.8-34.7-22.9-42.6-42.6-11.7-29.5-9-99.5-9-132.1s-2.6-102.7 9-132.1c7.8-19.6 22.9-34.7 42.6-42.6 29.5-11.7 99.5-9 132.1-9s102.7-2.6 132.1 9c19.6 7.8 34.7 22.9 42.6 42.6 11.7 29.5 9 99.5 9 132.1s2.7 102.7-9 132.1z\"><\/path><\/svg>\t\t\t\t<\/span>\n\t\t\t<\/div>\n\t\t\t\n\t\t\t\t\t\t<div class=\"elementor-icon-box-content\">\n\n\t\t\t\t\t\t\t\t\t<h3 class=\"elementor-icon-box-title\">\n\t\t\t\t\t\t<span  >\n\t\t\t\t\t\t\tInstagram\t\t\t\t\t\t<\/span>\n\t\t\t\t\t<\/h3>\n\t\t\t\t\n\t\t\t\t\t\t\t\t\t<p class=\"elementor-icon-box-description\">\n\t\t\t\t\t\tpastoraldelaesperanza\n\t\t\t\t\t<\/p>\n\t\t\t\t\n\t\t\t<\/div>\n\t\t\t\n\t\t<\/div>\n\t\t\t\t\t\t<\/div>\n\t\t\t\t<\/div>\n\t\t\t\t\t<\/div>\n\t\t\t\t<\/div>\n\t\t\t\t\t<\/div>\n\t\t\t\t<\/div>\n\t\t\t\t<\/div>\n\t\t\t\t\t<\/div>\n\t\t\t\t<\/div>\n\t\t\t\t<\/div>\n\t\t","protected":false},"excerpt":{"rendered":"<p>Pastoral de la Esperanza El nombre deriva de un discurso de Benedicto XVI sobre el tema \u201cB\u00e1lsamo en las heridas, una respuesta a las llagas del divorcio\u201d. Est\u00e1 dirigida a todos los Separados en Nueva Uni\u00f3n, llamados tambi\u00e9n SENU. Los SENU o DVC son aquellos hermanos que estando casados por Iglesia se separaron o divorciaron, [&hellip;]<\/p>\n","protected":false},"author":3,"featured_media":39182,"parent":42680,"menu_order":0,"comment_status":"closed","ping_status":"closed","template":"","meta":{"footnotes":""},"class_list":["post-42675","page","type-page","status-publish","has-post-thumbnail","hentry"],"yoast_head":"<!-- This site is optimized with the Yoast SEO Premium plugin v27.4 (Yoast SEO v27.4) - https:\/\/yoast.com\/product\/yoast-seo-premium-wordpress\/ -->\n<title>Pastoral de la Esperanza - Schoenstatt<\/title>\n<meta name=\"description\" content=\"El nombre deriva de un discurso de Benedicto XVI sobre el tema \u201cB\u00e1lsamo en las heridas, una respuesta a las llagas del divorcio\u201d.\" \/>\n<meta name=\"robots\" content=\"index, follow, max-snippet:-1, max-image-preview:large, max-video-preview:-1\" \/>\n<link rel=\"canonical\" href=\"https:\/\/schoenstatt.com\/es\/en-mision\/iglesia\/pastoral-de-la-esperanza\/\" \/>\n<meta property=\"og:locale\" content=\"es_ES\" \/>\n<meta property=\"og:type\" content=\"article\" \/>\n<meta property=\"og:title\" content=\"Pastoral de la Esperanza\" \/>\n<meta property=\"og:description\" content=\"El nombre deriva de un discurso de Benedicto XVI sobre el tema \u201cB\u00e1lsamo en las heridas, una respuesta a las llagas del divorcio\u201d.\" \/>\n<meta property=\"og:url\" content=\"https:\/\/schoenstatt.com\/es\/en-mision\/iglesia\/pastoral-de-la-esperanza\/\" \/>\n<meta property=\"og:site_name\" content=\"Schoenstatt\" \/>\n<meta property=\"article:modified_time\" content=\"2025-05-27T03:04:48+00:00\" \/>\n<meta property=\"og:image\" content=\"https:\/\/schoenstatt.com\/wp-content\/uploads\/2024\/06\/projetos-1.jpg\" \/>\n\t<meta property=\"og:image:width\" content=\"2048\" \/>\n\t<meta property=\"og:image:height\" content=\"624\" \/>\n\t<meta property=\"og:image:type\" content=\"image\/jpeg\" \/>\n<meta name=\"twitter:card\" content=\"summary_large_image\" \/>\n<meta name=\"twitter:label1\" content=\"Tiempo de lectura\" \/>\n\t<meta name=\"twitter:data1\" content=\"4 minutos\" \/>\n<script type=\"application\/ld+json\" class=\"yoast-schema-graph\">{\"@context\":\"https:\\\/\\\/schema.org\",\"@graph\":[{\"@type\":\"WebPage\",\"@id\":\"https:\\\/\\\/schoenstatt.com\\\/es\\\/en-mision\\\/iglesia\\\/pastoral-de-la-esperanza\\\/\",\"url\":\"https:\\\/\\\/schoenstatt.com\\\/es\\\/en-mision\\\/iglesia\\\/pastoral-de-la-esperanza\\\/\",\"name\":\"Pastoral de la Esperanza - Schoenstatt\",\"isPartOf\":{\"@id\":\"https:\\\/\\\/schoenstatt.com\\\/es\\\/#website\"},\"primaryImageOfPage\":{\"@id\":\"https:\\\/\\\/schoenstatt.com\\\/es\\\/en-mision\\\/iglesia\\\/pastoral-de-la-esperanza\\\/#primaryimage\"},\"image\":{\"@id\":\"https:\\\/\\\/schoenstatt.com\\\/es\\\/en-mision\\\/iglesia\\\/pastoral-de-la-esperanza\\\/#primaryimage\"},\"thumbnailUrl\":\"https:\\\/\\\/schoenstatt.com\\\/wp-content\\\/uploads\\\/2024\\\/06\\\/projetos-1.jpg\",\"datePublished\":\"2024-06-29T20:00:55+00:00\",\"dateModified\":\"2025-05-27T03:04:48+00:00\",\"description\":\"El nombre deriva de un discurso de Benedicto XVI sobre el tema \u201cB\u00e1lsamo en las heridas, una respuesta a las llagas del divorcio\u201d.\",\"breadcrumb\":{\"@id\":\"https:\\\/\\\/schoenstatt.com\\\/es\\\/en-mision\\\/iglesia\\\/pastoral-de-la-esperanza\\\/#breadcrumb\"},\"inLanguage\":\"es\",\"potentialAction\":[{\"@type\":\"ReadAction\",\"target\":[\"https:\\\/\\\/schoenstatt.com\\\/es\\\/en-mision\\\/iglesia\\\/pastoral-de-la-esperanza\\\/\"]}]},{\"@type\":\"ImageObject\",\"inLanguage\":\"es\",\"@id\":\"https:\\\/\\\/schoenstatt.com\\\/es\\\/en-mision\\\/iglesia\\\/pastoral-de-la-esperanza\\\/#primaryimage\",\"url\":\"https:\\\/\\\/schoenstatt.com\\\/wp-content\\\/uploads\\\/2024\\\/06\\\/projetos-1.jpg\",\"contentUrl\":\"https:\\\/\\\/schoenstatt.com\\\/wp-content\\\/uploads\\\/2024\\\/06\\\/projetos-1.jpg\",\"width\":2048,\"height\":624,\"caption\":\"pastoral of hope\"},{\"@type\":\"BreadcrumbList\",\"@id\":\"https:\\\/\\\/schoenstatt.com\\\/es\\\/en-mision\\\/iglesia\\\/pastoral-de-la-esperanza\\\/#breadcrumb\",\"itemListElement\":[{\"@type\":\"ListItem\",\"position\":1,\"name\":\"Portada\",\"item\":\"https:\\\/\\\/schoenstatt.com\\\/es\\\/home\\\/\"},{\"@type\":\"ListItem\",\"position\":2,\"name\":\"En Misi\u00f3n\",\"item\":\"https:\\\/\\\/schoenstatt.com\\\/es\\\/in-mission\\\/\"},{\"@type\":\"ListItem\",\"position\":3,\"name\":\"Iglesia\",\"item\":\"https:\\\/\\\/schoenstatt.com\\\/es\\\/en-mision\\\/iglesia\\\/\"},{\"@type\":\"ListItem\",\"position\":4,\"name\":\"Pastoral de la Esperanza\"}]},{\"@type\":\"WebSite\",\"@id\":\"https:\\\/\\\/schoenstatt.com\\\/es\\\/#website\",\"url\":\"https:\\\/\\\/schoenstatt.com\\\/es\\\/\",\"name\":\"Schoenstatt\",\"description\":\"Apostolic Movement\",\"publisher\":{\"@id\":\"https:\\\/\\\/schoenstatt.com\\\/es\\\/#organization\"},\"potentialAction\":[{\"@type\":\"SearchAction\",\"target\":{\"@type\":\"EntryPoint\",\"urlTemplate\":\"https:\\\/\\\/schoenstatt.com\\\/es\\\/?s={search_term_string}\"},\"query-input\":{\"@type\":\"PropertyValueSpecification\",\"valueRequired\":true,\"valueName\":\"search_term_string\"}}],\"inLanguage\":\"es\"},{\"@type\":\"Organization\",\"@id\":\"https:\\\/\\\/schoenstatt.com\\\/es\\\/#organization\",\"name\":\"Schoenstatt\",\"url\":\"https:\\\/\\\/schoenstatt.com\\\/es\\\/\",\"logo\":{\"@type\":\"ImageObject\",\"inLanguage\":\"es\",\"@id\":\"https:\\\/\\\/schoenstatt.com\\\/es\\\/#\\\/schema\\\/logo\\\/image\\\/\",\"url\":\"https:\\\/\\\/schoenstatt.com\\\/wp-content\\\/uploads\\\/2025\\\/04\\\/logo-schoenstatt-white-696x696-1.png\",\"contentUrl\":\"https:\\\/\\\/schoenstatt.com\\\/wp-content\\\/uploads\\\/2025\\\/04\\\/logo-schoenstatt-white-696x696-1.png\",\"width\":696,\"height\":694,\"caption\":\"Schoenstatt\"},\"image\":{\"@id\":\"https:\\\/\\\/schoenstatt.com\\\/es\\\/#\\\/schema\\\/logo\\\/image\\\/\"}}]}<\/script>\n<!-- \/ Yoast SEO Premium plugin. -->","yoast_head_json":{"title":"Pastoral de la Esperanza - Schoenstatt","description":"El nombre deriva de un discurso de Benedicto XVI sobre el tema \u201cB\u00e1lsamo en las heridas, una respuesta a las llagas del divorcio\u201d.","robots":{"index":"index","follow":"follow","max-snippet":"max-snippet:-1","max-image-preview":"max-image-preview:large","max-video-preview":"max-video-preview:-1"},"canonical":"https:\/\/schoenstatt.com\/es\/en-mision\/iglesia\/pastoral-de-la-esperanza\/","og_locale":"es_ES","og_type":"article","og_title":"Pastoral de la Esperanza","og_description":"El nombre deriva de un discurso de Benedicto XVI sobre el tema \u201cB\u00e1lsamo en las heridas, una respuesta a las llagas del divorcio\u201d.","og_url":"https:\/\/schoenstatt.com\/es\/en-mision\/iglesia\/pastoral-de-la-esperanza\/","og_site_name":"Schoenstatt","article_modified_time":"2025-05-27T03:04:48+00:00","og_image":[{"width":2048,"height":624,"url":"https:\/\/schoenstatt.com\/wp-content\/uploads\/2024\/06\/projetos-1.jpg","type":"image\/jpeg"}],"twitter_card":"summary_large_image","twitter_misc":{"Tiempo de lectura":"4 minutos"},"schema":{"@context":"https:\/\/schema.org","@graph":[{"@type":"WebPage","@id":"https:\/\/schoenstatt.com\/es\/en-mision\/iglesia\/pastoral-de-la-esperanza\/","url":"https:\/\/schoenstatt.com\/es\/en-mision\/iglesia\/pastoral-de-la-esperanza\/","name":"Pastoral de la Esperanza - Schoenstatt","isPartOf":{"@id":"https:\/\/schoenstatt.com\/es\/#website"},"primaryImageOfPage":{"@id":"https:\/\/schoenstatt.com\/es\/en-mision\/iglesia\/pastoral-de-la-esperanza\/#primaryimage"},"image":{"@id":"https:\/\/schoenstatt.com\/es\/en-mision\/iglesia\/pastoral-de-la-esperanza\/#primaryimage"},"thumbnailUrl":"https:\/\/schoenstatt.com\/wp-content\/uploads\/2024\/06\/projetos-1.jpg","datePublished":"2024-06-29T20:00:55+00:00","dateModified":"2025-05-27T03:04:48+00:00","description":"El nombre deriva de un discurso de Benedicto XVI sobre el tema \u201cB\u00e1lsamo en las heridas, una respuesta a las llagas del divorcio\u201d.","breadcrumb":{"@id":"https:\/\/schoenstatt.com\/es\/en-mision\/iglesia\/pastoral-de-la-esperanza\/#breadcrumb"},"inLanguage":"es","potentialAction":[{"@type":"ReadAction","target":["https:\/\/schoenstatt.com\/es\/en-mision\/iglesia\/pastoral-de-la-esperanza\/"]}]},{"@type":"ImageObject","inLanguage":"es","@id":"https:\/\/schoenstatt.com\/es\/en-mision\/iglesia\/pastoral-de-la-esperanza\/#primaryimage","url":"https:\/\/schoenstatt.com\/wp-content\/uploads\/2024\/06\/projetos-1.jpg","contentUrl":"https:\/\/schoenstatt.com\/wp-content\/uploads\/2024\/06\/projetos-1.jpg","width":2048,"height":624,"caption":"pastoral of hope"},{"@type":"BreadcrumbList","@id":"https:\/\/schoenstatt.com\/es\/en-mision\/iglesia\/pastoral-de-la-esperanza\/#breadcrumb","itemListElement":[{"@type":"ListItem","position":1,"name":"Portada","item":"https:\/\/schoenstatt.com\/es\/home\/"},{"@type":"ListItem","position":2,"name":"En Misi\u00f3n","item":"https:\/\/schoenstatt.com\/es\/in-mission\/"},{"@type":"ListItem","position":3,"name":"Iglesia","item":"https:\/\/schoenstatt.com\/es\/en-mision\/iglesia\/"},{"@type":"ListItem","position":4,"name":"Pastoral de la Esperanza"}]},{"@type":"WebSite","@id":"https:\/\/schoenstatt.com\/es\/#website","url":"https:\/\/schoenstatt.com\/es\/","name":"Schoenstatt","description":"Apostolic Movement","publisher":{"@id":"https:\/\/schoenstatt.com\/es\/#organization"},"potentialAction":[{"@type":"SearchAction","target":{"@type":"EntryPoint","urlTemplate":"https:\/\/schoenstatt.com\/es\/?s={search_term_string}"},"query-input":{"@type":"PropertyValueSpecification","valueRequired":true,"valueName":"search_term_string"}}],"inLanguage":"es"},{"@type":"Organization","@id":"https:\/\/schoenstatt.com\/es\/#organization","name":"Schoenstatt","url":"https:\/\/schoenstatt.com\/es\/","logo":{"@type":"ImageObject","inLanguage":"es","@id":"https:\/\/schoenstatt.com\/es\/#\/schema\/logo\/image\/","url":"https:\/\/schoenstatt.com\/wp-content\/uploads\/2025\/04\/logo-schoenstatt-white-696x696-1.png","contentUrl":"https:\/\/schoenstatt.com\/wp-content\/uploads\/2025\/04\/logo-schoenstatt-white-696x696-1.png","width":696,"height":694,"caption":"Schoenstatt"},"image":{"@id":"https:\/\/schoenstatt.com\/es\/#\/schema\/logo\/image\/"}}]}},"_links":{"self":[{"href":"https:\/\/schoenstatt.com\/es\/wp-json\/wp\/v2\/pages\/42675","targetHints":{"allow":["GET"]}}],"collection":[{"href":"https:\/\/schoenstatt.com\/es\/wp-json\/wp\/v2\/pages"}],"about":[{"href":"https:\/\/schoenstatt.com\/es\/wp-json\/wp\/v2\/types\/page"}],"author":[{"embeddable":true,"href":"https:\/\/schoenstatt.com\/es\/wp-json\/wp\/v2\/users\/3"}],"replies":[{"embeddable":true,"href":"https:\/\/schoenstatt.com\/es\/wp-json\/wp\/v2\/comments?post=42675"}],"version-history":[{"count":3,"href":"https:\/\/schoenstatt.com\/es\/wp-json\/wp\/v2\/pages\/42675\/revisions"}],"predecessor-version":[{"id":58185,"href":"https:\/\/schoenstatt.com\/es\/wp-json\/wp\/v2\/pages\/42675\/revisions\/58185"}],"up":[{"embeddable":true,"href":"https:\/\/schoenstatt.com\/es\/wp-json\/wp\/v2\/pages\/42680"}],"wp:featuredmedia":[{"embeddable":true,"href":"https:\/\/schoenstatt.com\/es\/wp-json\/wp\/v2\/media\/39182"}],"wp:attachment":[{"href":"https:\/\/schoenstatt.com\/es\/wp-json\/wp\/v2\/media?parent=42675"}],"curies":[{"name":"wp","href":"https:\/\/api.w.org\/{rel}","templated":true}]}}