{"id":21280,"date":"2021-08-12T12:58:29","date_gmt":"2021-08-12T10:58:29","guid":{"rendered":"https:\/\/schoenstatt.com\/recursos\/news-articles\/"},"modified":"2025-06-03T03:10:16","modified_gmt":"2025-06-03T01:10:16","slug":"noticias-articulos","status":"publish","type":"page","link":"https:\/\/schoenstatt.com\/es\/recursos\/noticias-articulos\/","title":{"rendered":"Noticias &amp; Art\u00edculos"},"content":{"rendered":"\t\t<div data-elementor-type=\"wp-page\" data-elementor-id=\"21280\" class=\"elementor elementor-21280 elementor-1043\" data-elementor-post-type=\"page\">\n\t\t\t\t<div class=\"elementor-element elementor-element-9cb8b08 e-flex e-con-boxed e-con e-parent\" data-id=\"9cb8b08\" data-element_type=\"container\" data-e-type=\"container\" data-settings=\"{&quot;background_background&quot;:&quot;classic&quot;}\">\n\t\t\t\t\t<div class=\"e-con-inner\">\n\t\t<div class=\"elementor-element elementor-element-0740242 e-con-full e-flex e-con e-child\" data-id=\"0740242\" data-element_type=\"container\" data-e-type=\"container\">\n\t\t<div class=\"elementor-element elementor-element-9ee87d3 e-con-full e-flex e-con e-child\" data-id=\"9ee87d3\" data-element_type=\"container\" data-e-type=\"container\">\n\t\t<div class=\"elementor-element elementor-element-5f59cb0 e-con-full e-flex e-con e-child\" data-id=\"5f59cb0\" data-element_type=\"container\" data-e-type=\"container\" data-settings=\"{&quot;background_background&quot;:&quot;classic&quot;}\">\n\t\t\t\t<div class=\"elementor-element elementor-element-62e9cc6 elementor-widget elementor-widget-heading\" data-id=\"62e9cc6\" data-element_type=\"widget\" data-e-type=\"widget\" data-widget_type=\"heading.default\">\n\t\t\t\t<div class=\"elementor-widget-container\">\n\t\t\t\t\t<h1 class=\"elementor-heading-title elementor-size-default\">Noticias &amp; Art\u00edculos<\/h1>\t\t\t\t<\/div>\n\t\t\t\t<\/div>\n\t\t\t\t<div class=\"elementor-element elementor-element-7c76b17 elementor-widget elementor-widget-heading\" data-id=\"7c76b17\" data-element_type=\"widget\" data-e-type=\"widget\" data-widget_type=\"heading.default\">\n\t\t\t\t<div class=\"elementor-widget-container\">\n\t\t\t\t\t<p class=\"elementor-heading-title elementor-size-default\">Perspectivas mundiales: Descubra noticias y art\u00edculos sobre las comunidades de Schoenstatt en todo el mundo.<\/p>\t\t\t\t<\/div>\n\t\t\t\t<\/div>\n\t\t\t\t<\/div>\n\t\t\t\t<\/div>\n\t\t\t\t<\/div>\n\t\t\t\t\t<\/div>\n\t\t\t\t<\/div>\n\t\t<div class=\"elementor-element elementor-element-55d503c e-flex e-con-boxed e-con e-parent\" data-id=\"55d503c\" data-element_type=\"container\" data-e-type=\"container\">\n\t\t\t\t\t<div class=\"e-con-inner\">\n\t\t<div class=\"elementor-element elementor-element-3728fb2 e-flex e-con-boxed e-con e-child\" data-id=\"3728fb2\" data-element_type=\"container\" data-e-type=\"container\">\n\t\t\t\t\t<div class=\"e-con-inner\">\n\t\t\t\t<div class=\"elementor-element elementor-element-ee0152a elementor-widget elementor-widget-heading\" data-id=\"ee0152a\" data-element_type=\"widget\" data-e-type=\"widget\" data-widget_type=\"heading.default\">\n\t\t\t\t<div class=\"elementor-widget-container\">\n\t\t\t\t\t<h2 class=\"elementor-heading-title elementor-size-default\">Noticias m\u00e1s recientes<\/h2>\t\t\t\t<\/div>\n\t\t\t\t<\/div>\n\t\t\t\t<div class=\"elementor-element elementor-element-6aa9b99 elementor-grid-1 elementor-grid-mobile-1 elementor-posts--thumbnail-top elementor-widget elementor-widget-posts\" data-id=\"6aa9b99\" data-element_type=\"widget\" data-e-type=\"widget\" data-settings=\"{&quot;classic_columns&quot;:&quot;1&quot;,&quot;classic_columns_mobile&quot;:&quot;1&quot;,&quot;classic_row_gap&quot;:{&quot;unit&quot;:&quot;px&quot;,&quot;size&quot;:35,&quot;sizes&quot;:[]},&quot;classic_row_gap_tablet&quot;:{&quot;unit&quot;:&quot;px&quot;,&quot;size&quot;:&quot;&quot;,&quot;sizes&quot;:[]},&quot;classic_row_gap_mobile&quot;:{&quot;unit&quot;:&quot;px&quot;,&quot;size&quot;:&quot;&quot;,&quot;sizes&quot;:[]}}\" data-widget_type=\"posts.classic\">\n\t\t\t\t<div class=\"elementor-widget-container\">\n\t\t\t\t\t\t\t<div class=\"elementor-posts-container elementor-posts elementor-posts--skin-classic elementor-grid\" role=\"list\">\n\t\t\t\t<article class=\"elementor-post elementor-grid-item post-72237 post type-post status-publish format-standard has-post-thumbnail hentry category-europa-es category-paises-es tag-schoenstatt-croacia-es\" role=\"listitem\">\n\t\t\t\t<a class=\"elementor-post__thumbnail__link\" href=\"https:\/\/schoenstatt.com\/es\/la-familia-de-schoenstatt-de-croacia-celebra-su-25-o-aniversario\/\" tabindex=\"-1\" >\n\t\t\t<div class=\"elementor-post__thumbnail\"><img fetchpriority=\"high\" decoding=\"async\" width=\"768\" height=\"522\" src=\"https:\/\/schoenstatt.com\/wp-content\/uploads\/2026\/09\/Croacia-Croatia-2026-768x522.jpg\" class=\"attachment-medium_large size-medium_large wp-image-72207\" alt=\"\" srcset=\"https:\/\/schoenstatt.com\/wp-content\/uploads\/2026\/09\/Croacia-Croatia-2026-768x522.jpg 768w, https:\/\/schoenstatt.com\/wp-content\/uploads\/2026\/09\/Croacia-Croatia-2026.jpg 1200w\" sizes=\"(max-width: 768px) 100vw, 768px\" \/><\/div>\n\t\t<\/a>\n\t\t\t\t<div class=\"elementor-post__text\">\n\t\t\t\t<h2 class=\"elementor-post__title\">\n\t\t\t<a href=\"https:\/\/schoenstatt.com\/es\/la-familia-de-schoenstatt-de-croacia-celebra-su-25-o-aniversario\/\" >\n\t\t\t\tLa Familia de Schoenstatt de Croacia celebra su 25.\u00ba aniversario\t\t\t<\/a>\n\t\t<\/h2>\n\t\t\t\t<div class=\"elementor-post__meta-data\">\n\t\t\t\t\t<span class=\"elementor-post-date\">\n\t\t\t2 de septiembre de 2026\t\t<\/span>\n\t\t\t\t<\/div>\n\t\t\t\t<div class=\"elementor-post__excerpt\">\n\t\t\t<p>En la celebraci\u00f3n realizada en Mala Subotica participaron 1.500 schoenstattianos de diversas regiones de Croacia y de Bosnia y Herzegovina.<\/p>\n\t\t<\/div>\n\t\t\n\t\t<a class=\"elementor-post__read-more\" href=\"https:\/\/schoenstatt.com\/es\/la-familia-de-schoenstatt-de-croacia-celebra-su-25-o-aniversario\/\" aria-label=\"M\u00e1s informaci\u00f3n sobre La Familia de Schoenstatt de Croacia celebra su 25.\u00ba aniversario\" tabindex=\"-1\" >\n\t\t\tSeguir Leyendo \u00bb\t\t<\/a>\n\n\t\t\t\t<\/div>\n\t\t\t\t<\/article>\n\t\t\t\t<\/div>\n\t\t\n\t\t\t\t\t\t<\/div>\n\t\t\t\t<\/div>\n\t\t\t\t\t<\/div>\n\t\t\t\t<\/div>\n\t\t\t\t\t<\/div>\n\t\t\t\t<\/div>\n\t\t<div class=\"elementor-element elementor-element-e428fdc e-flex e-con-boxed e-con e-parent\" data-id=\"e428fdc\" data-element_type=\"container\" data-e-type=\"container\">\n\t\t\t\t\t<div class=\"e-con-inner\">\n\t\t<div class=\"elementor-element elementor-element-9b3456b e-flex e-con-boxed e-con e-child\" data-id=\"9b3456b\" data-element_type=\"container\" data-e-type=\"container\">\n\t\t\t\t\t<div class=\"e-con-inner\">\n\t\t\t\t<div class=\"elementor-element elementor-element-228c7c3 elementor-widget elementor-widget-heading\" data-id=\"228c7c3\" data-element_type=\"widget\" data-e-type=\"widget\" data-widget_type=\"heading.default\">\n\t\t\t\t<div class=\"elementor-widget-container\">\n\t\t\t\t\t<h2 class=\"elementor-heading-title elementor-size-default\">Nuestras noticias<\/h2>\t\t\t\t<\/div>\n\t\t\t\t<\/div>\n\t\t\t\t<div class=\"elementor-element elementor-element-4b7a8c1 elementor-grid-3 elementor-grid-tablet-2 elementor-grid-mobile-1 elementor-posts--thumbnail-top elementor-card-shadow-yes elementor-posts__hover-gradient elementor-widget elementor-widget-posts\" data-id=\"4b7a8c1\" data-element_type=\"widget\" data-e-type=\"widget\" data-settings=\"{&quot;pagination_type&quot;:&quot;numbers_and_prev_next&quot;,&quot;cards_columns&quot;:&quot;3&quot;,&quot;cards_columns_tablet&quot;:&quot;2&quot;,&quot;cards_columns_mobile&quot;:&quot;1&quot;,&quot;cards_row_gap&quot;:{&quot;unit&quot;:&quot;px&quot;,&quot;size&quot;:35,&quot;sizes&quot;:[]},&quot;cards_row_gap_tablet&quot;:{&quot;unit&quot;:&quot;px&quot;,&quot;size&quot;:&quot;&quot;,&quot;sizes&quot;:[]},&quot;cards_row_gap_mobile&quot;:{&quot;unit&quot;:&quot;px&quot;,&quot;size&quot;:&quot;&quot;,&quot;sizes&quot;:[]}}\" data-widget_type=\"posts.cards\">\n\t\t\t\t<div class=\"elementor-widget-container\">\n\t\t\t\t\t\t\t<div class=\"elementor-posts-container elementor-posts elementor-posts--skin-cards elementor-grid\" role=\"list\">\n\t\t\t\t<article class=\"elementor-post elementor-grid-item post-72180 post type-post status-publish format-standard has-post-thumbnail hentry category-santuario-original-es tag-santuario-original-es\" role=\"listitem\">\n\t\t\t<div class=\"elementor-post__card\">\n\t\t\t\t<a class=\"elementor-post__thumbnail__link\" href=\"https:\/\/schoenstatt.com\/es\/en-la-fiesta-internacional-del-encuentro-diversas-culturas-se-reunen-en-schoenstatt\/\" tabindex=\"-1\" ><div class=\"elementor-post__thumbnail\"><img decoding=\"async\" width=\"2048\" height=\"1153\" src=\"https:\/\/schoenstatt.com\/wp-content\/uploads\/2026\/09\/Fest-der-Begegnung-2026-3.webp\" class=\"attachment-medium size-medium wp-image-72175\" alt=\"\" \/><\/div><\/a>\n\t\t\t\t<div class=\"elementor-post__badge\">Santuario Original<\/div>\n\t\t\t\t<div class=\"elementor-post__text\">\n\t\t\t\t<h2 class=\"elementor-post__title\">\n\t\t\t<a href=\"https:\/\/schoenstatt.com\/es\/en-la-fiesta-internacional-del-encuentro-diversas-culturas-se-reunen-en-schoenstatt\/\" >\n\t\t\t\tEn la fiesta internacional del encuentro, diversas culturas se re\u00fanen en Schoenstatt\t\t\t<\/a>\n\t\t<\/h2>\n\t\t\t\t<div class=\"elementor-post__excerpt\">\n\t\t\t<p>Fiesta Internacional del Encuentro: \u00abNunca hab\u00eda sido tan bonito\u00bb, dijo un hombre, expresando lo que todos los visitantes sent\u00edan.<\/p>\n\t\t<\/div>\n\t\t\t\t\t<div class=\"elementor-post__read-more-wrapper\">\n\t\t\n\t\t<a class=\"elementor-post__read-more\" href=\"https:\/\/schoenstatt.com\/es\/en-la-fiesta-internacional-del-encuentro-diversas-culturas-se-reunen-en-schoenstatt\/\" aria-label=\"M\u00e1s informaci\u00f3n sobre En la fiesta internacional del encuentro, diversas culturas se re\u00fanen en Schoenstatt\" tabindex=\"-1\" >\n\t\t\tSeguir Leyendo \u00bb\t\t<\/a>\n\n\t\t\t\t\t<\/div>\n\t\t\t\t<\/div>\n\t\t\t\t<div class=\"elementor-post__meta-data\">\n\t\t\t\t\t<span class=\"elementor-post-date\">\n\t\t\t1 de septiembre de 2026\t\t<\/span>\n\t\t\t\t<\/div>\n\t\t\t\t\t<\/div>\n\t\t<\/article>\n\t\t\t\t<article class=\"elementor-post elementor-grid-item post-72131 post type-post status-publish format-standard has-post-thumbnail hentry category-en-mision-es category-sociedad-es tag-federacion-de-familias-de-schoenstatt-es tag-schoenstatt-chile-es\" role=\"listitem\">\n\t\t\t<div class=\"elementor-post__card\">\n\t\t\t\t<a class=\"elementor-post__thumbnail__link\" href=\"https:\/\/schoenstatt.com\/es\/schoenstattiana-es-elegida-para-el-comite-de-los-derechos-del-nino-de-la-onu\/\" tabindex=\"-1\" ><div class=\"elementor-post__thumbnail\"><img decoding=\"async\" width=\"1537\" height=\"1023\" src=\"https:\/\/schoenstatt.com\/wp-content\/uploads\/2026\/08\/Carmen-Dominguez-Chile.webp\" class=\"attachment-medium size-medium wp-image-72124\" alt=\"\" \/><\/div><\/a>\n\t\t\t\t<div class=\"elementor-post__badge\">En misi\u00f3n<\/div>\n\t\t\t\t<div class=\"elementor-post__text\">\n\t\t\t\t<h2 class=\"elementor-post__title\">\n\t\t\t<a href=\"https:\/\/schoenstatt.com\/es\/schoenstattiana-es-elegida-para-el-comite-de-los-derechos-del-nino-de-la-onu\/\" >\n\t\t\t\tSchoenstattiana es elegida para el Comit\u00e9 de los Derechos del Ni\u00f1o de la ONU\t\t\t<\/a>\n\t\t<\/h2>\n\t\t\t\t<div class=\"elementor-post__excerpt\">\n\t\t\t<p>Carmen Dom\u00ednguez, de la Federaci\u00f3n de Familias en Chile, fue elegida para el Comit\u00e9 de los Derechos del Ni\u00f1o de las Naciones Unidas.<\/p>\n\t\t<\/div>\n\t\t\t\t\t<div class=\"elementor-post__read-more-wrapper\">\n\t\t\n\t\t<a class=\"elementor-post__read-more\" href=\"https:\/\/schoenstatt.com\/es\/schoenstattiana-es-elegida-para-el-comite-de-los-derechos-del-nino-de-la-onu\/\" aria-label=\"M\u00e1s informaci\u00f3n sobre Schoenstattiana es elegida para el Comit\u00e9 de los Derechos del Ni\u00f1o de la ONU\" tabindex=\"-1\" >\n\t\t\tSeguir Leyendo \u00bb\t\t<\/a>\n\n\t\t\t\t\t<\/div>\n\t\t\t\t<\/div>\n\t\t\t\t<div class=\"elementor-post__meta-data\">\n\t\t\t\t\t<span class=\"elementor-post-date\">\n\t\t\t28 de agosto de 2026\t\t<\/span>\n\t\t\t\t<\/div>\n\t\t\t\t\t<\/div>\n\t\t<\/article>\n\t\t\t\t<article class=\"elementor-post elementor-grid-item post-72114 post type-post status-publish format-standard has-post-thumbnail hentry category-america-es category-juventud-es tag-schoenstatt-uruguay-es\" role=\"listitem\">\n\t\t\t<div class=\"elementor-post__card\">\n\t\t\t\t<a class=\"elementor-post__thumbnail__link\" href=\"https:\/\/schoenstatt.com\/es\/totus-tuus-una-mision-que-volvio-a-dejar-huella-en-uruguay\/\" tabindex=\"-1\" ><div class=\"elementor-post__thumbnail\"><img loading=\"lazy\" decoding=\"async\" width=\"1600\" height=\"1200\" src=\"https:\/\/schoenstatt.com\/wp-content\/uploads\/2026\/08\/Totus-Tuus-Mission-Uruguay.webp\" class=\"attachment-medium size-medium wp-image-72109\" alt=\"\" \/><\/div><\/a>\n\t\t\t\t<div class=\"elementor-post__badge\">Am\u00e9rica<\/div>\n\t\t\t\t<div class=\"elementor-post__text\">\n\t\t\t\t<h2 class=\"elementor-post__title\">\n\t\t\t<a href=\"https:\/\/schoenstatt.com\/es\/totus-tuus-una-mision-que-volvio-a-dejar-huella-en-uruguay\/\" >\n\t\t\t\tTotus Tuus: una misi\u00f3n que volvi\u00f3 a dejar huella en Uruguay\t\t\t<\/a>\n\t\t<\/h2>\n\t\t\t\t<div class=\"elementor-post__excerpt\">\n\t\t\t<p>Del 21 al 23 de agosto se llev\u00f3 a cabo una nueva edici\u00f3n de Totus Tuus, reuni\u00f3 a m\u00e1s de 120 j\u00f3venes de entre 15 y 18 a\u00f1os.<\/p>\n\t\t<\/div>\n\t\t\t\t\t<div class=\"elementor-post__read-more-wrapper\">\n\t\t\n\t\t<a class=\"elementor-post__read-more\" href=\"https:\/\/schoenstatt.com\/es\/totus-tuus-una-mision-que-volvio-a-dejar-huella-en-uruguay\/\" aria-label=\"M\u00e1s informaci\u00f3n sobre Totus Tuus: una misi\u00f3n que volvi\u00f3 a dejar huella en Uruguay\" tabindex=\"-1\" >\n\t\t\tSeguir Leyendo \u00bb\t\t<\/a>\n\n\t\t\t\t\t<\/div>\n\t\t\t\t<\/div>\n\t\t\t\t<div class=\"elementor-post__meta-data\">\n\t\t\t\t\t<span class=\"elementor-post-date\">\n\t\t\t26 de agosto de 2026\t\t<\/span>\n\t\t\t\t<\/div>\n\t\t\t\t\t<\/div>\n\t\t<\/article>\n\t\t\t\t<article class=\"elementor-post elementor-grid-item post-72071 post type-post status-publish format-standard has-post-thumbnail hentry category-comunidades-de-schoenstatt-es category-iglesia-es tag-iglesia-es\" role=\"listitem\">\n\t\t\t<div class=\"elementor-post__card\">\n\t\t\t\t<a class=\"elementor-post__thumbnail__link\" href=\"https:\/\/schoenstatt.com\/es\/schoenstatt-participa-en-el-congreso-mundial-de-institutos-seculares\/\" tabindex=\"-1\" ><div class=\"elementor-post__thumbnail\"><img loading=\"lazy\" decoding=\"async\" width=\"1898\" height=\"1126\" src=\"https:\/\/schoenstatt.com\/wp-content\/uploads\/2026\/08\/Schoenstatt-Secular-Institute.webp\" class=\"attachment-medium size-medium wp-image-72062\" alt=\"\" \/><\/div><\/a>\n\t\t\t\t<div class=\"elementor-post__badge\">Comunidades de Schoenstatt<\/div>\n\t\t\t\t<div class=\"elementor-post__text\">\n\t\t\t\t<h2 class=\"elementor-post__title\">\n\t\t\t<a href=\"https:\/\/schoenstatt.com\/es\/schoenstatt-participa-en-el-congreso-mundial-de-institutos-seculares\/\" >\n\t\t\t\tSchoenstatt participa en el Congreso Mundial de Institutos Seculares\t\t\t<\/a>\n\t\t<\/h2>\n\t\t\t\t<div class=\"elementor-post__excerpt\">\n\t\t\t<p>El Dr. P. Marcelo Cervi, del Instituto de Sacerdotes Diocesanos, fue elegido miembro del Consejo de la Presidencia del CMIS. <\/p>\n\t\t<\/div>\n\t\t\t\t\t<div class=\"elementor-post__read-more-wrapper\">\n\t\t\n\t\t<a class=\"elementor-post__read-more\" href=\"https:\/\/schoenstatt.com\/es\/schoenstatt-participa-en-el-congreso-mundial-de-institutos-seculares\/\" aria-label=\"M\u00e1s informaci\u00f3n sobre Schoenstatt participa en el Congreso Mundial de Institutos Seculares\" tabindex=\"-1\" >\n\t\t\tSeguir Leyendo \u00bb\t\t<\/a>\n\n\t\t\t\t\t<\/div>\n\t\t\t\t<\/div>\n\t\t\t\t<div class=\"elementor-post__meta-data\">\n\t\t\t\t\t<span class=\"elementor-post-date\">\n\t\t\t25 de agosto de 2026\t\t<\/span>\n\t\t\t\t<\/div>\n\t\t\t\t\t<\/div>\n\t\t<\/article>\n\t\t\t\t<article class=\"elementor-post elementor-grid-item post-72000 post type-post status-publish format-standard has-post-thumbnail hentry category-santuario-original-es\" role=\"listitem\">\n\t\t\t<div class=\"elementor-post__card\">\n\t\t\t\t<a class=\"elementor-post__thumbnail__link\" href=\"https:\/\/schoenstatt.com\/es\/servir-en-la-fuente-matrimonios-al-servicio-del-santuario-original\/\" tabindex=\"-1\" ><div class=\"elementor-post__thumbnail\"><img loading=\"lazy\" decoding=\"async\" width=\"1600\" height=\"900\" src=\"https:\/\/schoenstatt.com\/wp-content\/uploads\/2026\/08\/Voluntarios.webp\" class=\"attachment-medium size-medium wp-image-71989\" alt=\"\" \/><\/div><\/a>\n\t\t\t\t<div class=\"elementor-post__badge\">Santuario Original<\/div>\n\t\t\t\t<div class=\"elementor-post__text\">\n\t\t\t\t<h2 class=\"elementor-post__title\">\n\t\t\t<a href=\"https:\/\/schoenstatt.com\/es\/servir-en-la-fuente-matrimonios-al-servicio-del-santuario-original\/\" >\n\t\t\t\tServir en la fuente: Matrimonios al servicio del Santuario Original\t\t\t<\/a>\n\t\t<\/h2>\n\t\t\t\t<div class=\"elementor-post__excerpt\">\n\t\t\t<p>Durante seis semanas, dos parejas de Monterrey tuvieron la bendici\u00f3n de vivir la experiencia de ser voluntarios del Santuario Original.<\/p>\n\t\t<\/div>\n\t\t\t\t\t<div class=\"elementor-post__read-more-wrapper\">\n\t\t\n\t\t<a class=\"elementor-post__read-more\" href=\"https:\/\/schoenstatt.com\/es\/servir-en-la-fuente-matrimonios-al-servicio-del-santuario-original\/\" aria-label=\"M\u00e1s informaci\u00f3n sobre Servir en la fuente: Matrimonios al servicio del Santuario Original\" tabindex=\"-1\" >\n\t\t\tSeguir Leyendo \u00bb\t\t<\/a>\n\n\t\t\t\t\t<\/div>\n\t\t\t\t<\/div>\n\t\t\t\t<div class=\"elementor-post__meta-data\">\n\t\t\t\t\t<span class=\"elementor-post-date\">\n\t\t\t21 de agosto de 2026\t\t<\/span>\n\t\t\t\t<\/div>\n\t\t\t\t\t<\/div>\n\t\t<\/article>\n\t\t\t\t<article class=\"elementor-post elementor-grid-item post-71971 post type-post status-publish format-standard has-post-thumbnail hentry category-europa-es category-paises-es tag-federacion-de-sacerdotes-es tag-schoenstatt-alemania-es\" role=\"listitem\">\n\t\t\t<div class=\"elementor-post__card\">\n\t\t\t\t<a class=\"elementor-post__thumbnail__link\" href=\"https:\/\/schoenstatt.com\/es\/una-nueva-etapa-para-la-casa-marienau\/\" tabindex=\"-1\" ><div class=\"elementor-post__thumbnail\"><img loading=\"lazy\" decoding=\"async\" width=\"1500\" height=\"887\" src=\"https:\/\/schoenstatt.com\/wp-content\/uploads\/2026\/08\/Haus-Marienau-Sch.jpg\" class=\"attachment-medium size-medium wp-image-71956\" alt=\"\" srcset=\"https:\/\/schoenstatt.com\/wp-content\/uploads\/2026\/08\/Haus-Marienau-Sch.jpg 1500w, https:\/\/schoenstatt.com\/wp-content\/uploads\/2026\/08\/Haus-Marienau-Sch-768x454.jpg 768w\" sizes=\"(max-width: 1500px) 100vw, 1500px\" \/><\/div><\/a>\n\t\t\t\t<div class=\"elementor-post__badge\">Europa<\/div>\n\t\t\t\t<div class=\"elementor-post__text\">\n\t\t\t\t<h2 class=\"elementor-post__title\">\n\t\t\t<a href=\"https:\/\/schoenstatt.com\/es\/una-nueva-etapa-para-la-casa-marienau\/\" >\n\t\t\t\tUna nueva etapa para la Casa Marienau\t\t\t<\/a>\n\t\t<\/h2>\n\t\t\t\t<div class=\"elementor-post__excerpt\">\n\t\t\t<p>De casa de sacerdotes y de hu\u00e9spedes a \u00abCasa del Movimiento\u00bb: Marienau inicia una nueva etapa de su agitada historia.<\/p>\n\t\t<\/div>\n\t\t\t\t\t<div class=\"elementor-post__read-more-wrapper\">\n\t\t\n\t\t<a class=\"elementor-post__read-more\" href=\"https:\/\/schoenstatt.com\/es\/una-nueva-etapa-para-la-casa-marienau\/\" aria-label=\"M\u00e1s informaci\u00f3n sobre Una nueva etapa para la Casa Marienau\" tabindex=\"-1\" >\n\t\t\tSeguir Leyendo \u00bb\t\t<\/a>\n\n\t\t\t\t\t<\/div>\n\t\t\t\t<\/div>\n\t\t\t\t<div class=\"elementor-post__meta-data\">\n\t\t\t\t\t<span class=\"elementor-post-date\">\n\t\t\t19 de agosto de 2026\t\t<\/span>\n\t\t\t\t<\/div>\n\t\t\t\t\t<\/div>\n\t\t<\/article>\n\t\t\t\t<article class=\"elementor-post elementor-grid-item post-71929 post type-post status-publish format-standard has-post-thumbnail hentry category-familia-es category-paises-es tag-padres-de-schoenstatt-es tag-schoenstatt-india-es\" role=\"listitem\">\n\t\t\t<div class=\"elementor-post__card\">\n\t\t\t\t<a class=\"elementor-post__thumbnail__link\" href=\"https:\/\/schoenstatt.com\/es\/curso-pastoral-en-la-india-2026-aprender-juntos-creer-y-llevar-adelante-la-pastoral-familiar\/\" tabindex=\"-1\" ><div class=\"elementor-post__thumbnail\"><img loading=\"lazy\" decoding=\"async\" width=\"2048\" height=\"1152\" src=\"https:\/\/schoenstatt.com\/wp-content\/uploads\/2026\/08\/Kuttur-india.webp\" class=\"attachment-medium size-medium wp-image-72030\" alt=\"\" \/><\/div><\/a>\n\t\t\t\t<div class=\"elementor-post__badge\">Familia<\/div>\n\t\t\t\t<div class=\"elementor-post__text\">\n\t\t\t\t<h2 class=\"elementor-post__title\">\n\t\t\t<a href=\"https:\/\/schoenstatt.com\/es\/curso-pastoral-en-la-india-2026-aprender-juntos-creer-y-llevar-adelante-la-pastoral-familiar\/\" >\n\t\t\t\tCurso pastoral en la India 2026: aprender juntos, creer y llevar adelante la pastoral familiar\t\t\t<\/a>\n\t\t<\/h2>\n\t\t\t\t<div class=\"elementor-post__excerpt\">\n\t\t\t<p>Del 6 al 19 de agosto de 2026 se lleva a cabo en la India una nueva sesi\u00f3n del Curso Pastoral Internacional de los Padres de Schoenstatt.<\/p>\n\t\t<\/div>\n\t\t\t\t\t<div class=\"elementor-post__read-more-wrapper\">\n\t\t\n\t\t<a class=\"elementor-post__read-more\" href=\"https:\/\/schoenstatt.com\/es\/curso-pastoral-en-la-india-2026-aprender-juntos-creer-y-llevar-adelante-la-pastoral-familiar\/\" aria-label=\"M\u00e1s informaci\u00f3n sobre Curso pastoral en la India 2026: aprender juntos, creer y llevar adelante la pastoral familiar\" tabindex=\"-1\" >\n\t\t\tSeguir Leyendo \u00bb\t\t<\/a>\n\n\t\t\t\t\t<\/div>\n\t\t\t\t<\/div>\n\t\t\t\t<div class=\"elementor-post__meta-data\">\n\t\t\t\t\t<span class=\"elementor-post-date\">\n\t\t\t18 de agosto de 2026\t\t<\/span>\n\t\t\t\t<\/div>\n\t\t\t\t\t<\/div>\n\t\t<\/article>\n\t\t\t\t<article class=\"elementor-post elementor-grid-item post-71882 post type-post status-publish format-standard has-post-thumbnail hentry category-santuario-original-es tag-santuario-original-es\" role=\"listitem\">\n\t\t\t<div class=\"elementor-post__card\">\n\t\t\t\t<a class=\"elementor-post__thumbnail__link\" href=\"https:\/\/schoenstatt.com\/es\/nuevos-responsables-para-la-oficina-internacional-de-peregrinaciones-en-schoenstatt\/\" tabindex=\"-1\" ><div class=\"elementor-post__thumbnail\"><img loading=\"lazy\" decoding=\"async\" width=\"2048\" height=\"1365\" src=\"https:\/\/schoenstatt.com\/wp-content\/uploads\/2026\/08\/Neue-Wallfahrtsleitung-2026-P-Stefan-Strecker-und-Sr-M-Anika-Lammle.webp\" class=\"attachment-medium size-medium wp-image-71835\" alt=\"\" \/><\/div><\/a>\n\t\t\t\t<div class=\"elementor-post__badge\">Santuario Original<\/div>\n\t\t\t\t<div class=\"elementor-post__text\">\n\t\t\t\t<h2 class=\"elementor-post__title\">\n\t\t\t<a href=\"https:\/\/schoenstatt.com\/es\/nuevos-responsables-para-la-oficina-internacional-de-peregrinaciones-en-schoenstatt\/\" >\n\t\t\t\tNuevos responsables para la Oficina Internacional de Peregrinaciones en Schoenstatt\t\t\t<\/a>\n\t\t<\/h2>\n\t\t\t\t<div class=\"elementor-post__excerpt\">\n\t\t\t<p>La Hna. M. Anika L\u00e4mmle y el P. Stefan Strecker fueron presentados como los nuevos responsables de la peregrinaci\u00f3n.<\/p>\n\t\t<\/div>\n\t\t\t\t\t<div class=\"elementor-post__read-more-wrapper\">\n\t\t\n\t\t<a class=\"elementor-post__read-more\" href=\"https:\/\/schoenstatt.com\/es\/nuevos-responsables-para-la-oficina-internacional-de-peregrinaciones-en-schoenstatt\/\" aria-label=\"M\u00e1s informaci\u00f3n sobre Nuevos responsables para la Oficina Internacional de Peregrinaciones en Schoenstatt\" tabindex=\"-1\" >\n\t\t\tSeguir Leyendo \u00bb\t\t<\/a>\n\n\t\t\t\t\t<\/div>\n\t\t\t\t<\/div>\n\t\t\t\t<div class=\"elementor-post__meta-data\">\n\t\t\t\t\t<span class=\"elementor-post-date\">\n\t\t\t17 de agosto de 2026\t\t<\/span>\n\t\t\t\t<\/div>\n\t\t\t\t\t<\/div>\n\t\t<\/article>\n\t\t\t\t<article class=\"elementor-post elementor-grid-item post-71808 post type-post status-publish format-standard has-post-thumbnail hentry category-iglesia-es category-santuario-original-es tag-santuario-original-es\" role=\"listitem\">\n\t\t\t<div class=\"elementor-post__card\">\n\t\t\t\t<a class=\"elementor-post__thumbnail__link\" href=\"https:\/\/schoenstatt.com\/es\/miembros-del-movimiento-jesus-youth-iluminan-schoenstatt-con-su-fe-y-mision\/\" tabindex=\"-1\" ><div class=\"elementor-post__thumbnail\"><img loading=\"lazy\" decoding=\"async\" width=\"1600\" height=\"1200\" src=\"https:\/\/schoenstatt.com\/wp-content\/uploads\/2026\/08\/Jesus-Youth.webp\" class=\"attachment-medium size-medium wp-image-71798\" alt=\"\" \/><\/div><\/a>\n\t\t\t\t<div class=\"elementor-post__badge\">Iglesia<\/div>\n\t\t\t\t<div class=\"elementor-post__text\">\n\t\t\t\t<h2 class=\"elementor-post__title\">\n\t\t\t<a href=\"https:\/\/schoenstatt.com\/es\/miembros-del-movimiento-jesus-youth-iluminan-schoenstatt-con-su-fe-y-mision\/\" >\n\t\t\t\tMiembros del movimiento \u201cJesus Youth\u201d iluminan Schoenstatt con su fe y misi\u00f3n\t\t\t<\/a>\n\t\t<\/h2>\n\t\t\t\t<div class=\"elementor-post__excerpt\">\n\t\t\t<p>Lumen &#8211; Cerca de 500 integrantes del movimiento cat\u00f3lico internacional Jesus Youth se reunieron en Schoenstatt.<\/p>\n\t\t<\/div>\n\t\t\t\t\t<div class=\"elementor-post__read-more-wrapper\">\n\t\t\n\t\t<a class=\"elementor-post__read-more\" href=\"https:\/\/schoenstatt.com\/es\/miembros-del-movimiento-jesus-youth-iluminan-schoenstatt-con-su-fe-y-mision\/\" aria-label=\"M\u00e1s informaci\u00f3n sobre Miembros del movimiento \u201cJesus Youth\u201d iluminan Schoenstatt con su fe y misi\u00f3n\" tabindex=\"-1\" >\n\t\t\tSeguir Leyendo \u00bb\t\t<\/a>\n\n\t\t\t\t\t<\/div>\n\t\t\t\t<\/div>\n\t\t\t\t<div class=\"elementor-post__meta-data\">\n\t\t\t\t\t<span class=\"elementor-post-date\">\n\t\t\t7 de agosto de 2026\t\t<\/span>\n\t\t\t\t<\/div>\n\t\t\t\t\t<\/div>\n\t\t<\/article>\n\t\t\t\t<article class=\"elementor-post elementor-grid-item post-71763 post type-post status-publish format-standard has-post-thumbnail hentry category-america-es category-comunidades-de-schoenstatt-es tag-guayaquil-ecuador-es tag-hermanas-de-maria-de-schoenstatt-es tag-musica-es tag-schoenstatt-ecuador-es\" role=\"listitem\">\n\t\t\t<div class=\"elementor-post__card\">\n\t\t\t\t<a class=\"elementor-post__thumbnail__link\" href=\"https:\/\/schoenstatt.com\/es\/la-orquesta-filarmonica-de-guayaquil-rinde-homenaje-a-las-hermanas-de-maria\/\" tabindex=\"-1\" ><div class=\"elementor-post__thumbnail\"><img loading=\"lazy\" decoding=\"async\" width=\"1600\" height=\"1065\" src=\"https:\/\/schoenstatt.com\/wp-content\/uploads\/2026\/08\/Schoenstatt-Sisters-of-Mary-Ecuador-2026-3.webp\" class=\"attachment-medium size-medium wp-image-71746\" alt=\"\" \/><\/div><\/a>\n\t\t\t\t<div class=\"elementor-post__badge\">Am\u00e9rica<\/div>\n\t\t\t\t<div class=\"elementor-post__text\">\n\t\t\t\t<h2 class=\"elementor-post__title\">\n\t\t\t<a href=\"https:\/\/schoenstatt.com\/es\/la-orquesta-filarmonica-de-guayaquil-rinde-homenaje-a-las-hermanas-de-maria\/\" >\n\t\t\t\tLa Orquesta Filarm\u00f3nica de Guayaquil rinde homenaje a las Hermanas de Mar\u00eda\t\t\t<\/a>\n\t\t<\/h2>\n\t\t\t\t<div class=\"elementor-post__excerpt\">\n\t\t\t<p>Un homenaje musical en Ecuador: La Orquesta Filarm\u00f3nica Municipal de Guayaquil celebr\u00f3 el centenario de las Hermanas de Mar\u00eda de Schoenstatt.<\/p>\n\t\t<\/div>\n\t\t\t\t\t<div class=\"elementor-post__read-more-wrapper\">\n\t\t\n\t\t<a class=\"elementor-post__read-more\" href=\"https:\/\/schoenstatt.com\/es\/la-orquesta-filarmonica-de-guayaquil-rinde-homenaje-a-las-hermanas-de-maria\/\" aria-label=\"M\u00e1s informaci\u00f3n sobre La Orquesta Filarm\u00f3nica de Guayaquil rinde homenaje a las Hermanas de Mar\u00eda\" tabindex=\"-1\" >\n\t\t\tSeguir Leyendo \u00bb\t\t<\/a>\n\n\t\t\t\t\t<\/div>\n\t\t\t\t<\/div>\n\t\t\t\t<div class=\"elementor-post__meta-data\">\n\t\t\t\t\t<span class=\"elementor-post-date\">\n\t\t\t3 de agosto de 2026\t\t<\/span>\n\t\t\t\t<\/div>\n\t\t\t\t\t<\/div>\n\t\t<\/article>\n\t\t\t\t<article class=\"elementor-post elementor-grid-item post-71702 post type-post status-publish format-standard has-post-thumbnail hentry category-america-es category-paises-es tag-schoenstatt-brasil-es\" role=\"listitem\">\n\t\t\t<div class=\"elementor-post__card\">\n\t\t\t\t<a class=\"elementor-post__thumbnail__link\" href=\"https:\/\/schoenstatt.com\/es\/95-hombres-del-rosario-de-hombres-sellan-la-alianza-de-amor-en-brasil\/\" tabindex=\"-1\" ><div class=\"elementor-post__thumbnail\"><img loading=\"lazy\" decoding=\"async\" width=\"2048\" height=\"1048\" src=\"https:\/\/schoenstatt.com\/wp-content\/uploads\/2026\/07\/Terco-dos-Homens.webp\" class=\"attachment-medium size-medium wp-image-71694\" alt=\"\" \/><\/div><\/a>\n\t\t\t\t<div class=\"elementor-post__badge\">Am\u00e9rica<\/div>\n\t\t\t\t<div class=\"elementor-post__text\">\n\t\t\t\t<h2 class=\"elementor-post__title\">\n\t\t\t<a href=\"https:\/\/schoenstatt.com\/es\/95-hombres-del-rosario-de-hombres-sellan-la-alianza-de-amor-en-brasil\/\" >\n\t\t\t\t95 hombres del Rosario de Hombres sellan la Alianza de Amor en Brasil\t\t\t<\/a>\n\t\t<\/h2>\n\t\t\t\t<div class=\"elementor-post__excerpt\">\n\t\t\t<p>En el Santuario Tabor de la Nueva Evangelizaci\u00f3n, en Olinda, la Mater recibi\u00f3 un regalo especial: 95 nuevos aliados.<\/p>\n\t\t<\/div>\n\t\t\t\t\t<div class=\"elementor-post__read-more-wrapper\">\n\t\t\n\t\t<a class=\"elementor-post__read-more\" href=\"https:\/\/schoenstatt.com\/es\/95-hombres-del-rosario-de-hombres-sellan-la-alianza-de-amor-en-brasil\/\" aria-label=\"M\u00e1s informaci\u00f3n sobre 95 hombres del Rosario de Hombres sellan la Alianza de Amor en Brasil\" tabindex=\"-1\" >\n\t\t\tSeguir Leyendo \u00bb\t\t<\/a>\n\n\t\t\t\t\t<\/div>\n\t\t\t\t<\/div>\n\t\t\t\t<div class=\"elementor-post__meta-data\">\n\t\t\t\t\t<span class=\"elementor-post-date\">\n\t\t\t30 de julio de 2026\t\t<\/span>\n\t\t\t\t<\/div>\n\t\t\t\t\t<\/div>\n\t\t<\/article>\n\t\t\t\t<article class=\"elementor-post elementor-grid-item post-71667 post type-post status-publish format-standard has-post-thumbnail hentry category-comunidades-de-schoenstatt-es tag-ordenacion-diaconal-es tag-padres-de-schoenstatt-es\" role=\"listitem\">\n\t\t\t<div class=\"elementor-post__card\">\n\t\t\t\t<a class=\"elementor-post__thumbnail__link\" href=\"https:\/\/schoenstatt.com\/es\/felices-los-invitados-a-la-mesa-del-senor\/\" tabindex=\"-1\" ><div class=\"elementor-post__thumbnail\"><img loading=\"lazy\" decoding=\"async\" width=\"1600\" height=\"898\" src=\"https:\/\/schoenstatt.com\/wp-content\/uploads\/2026\/07\/ordenacao-diaconal-chile-2026.webp\" class=\"attachment-medium size-medium wp-image-71651\" alt=\"\" \/><\/div><\/a>\n\t\t\t\t<div class=\"elementor-post__badge\">Comunidades de Schoenstatt<\/div>\n\t\t\t\t<div class=\"elementor-post__text\">\n\t\t\t\t<h2 class=\"elementor-post__title\">\n\t\t\t<a href=\"https:\/\/schoenstatt.com\/es\/felices-los-invitados-a-la-mesa-del-senor\/\" >\n\t\t\t\t\u00abFelices los invitados a la mesa del Se\u00f1or\u00bb\t\t\t<\/a>\n\t\t<\/h2>\n\t\t\t\t<div class=\"elementor-post__excerpt\">\n\t\t\t<p>Ordenaci\u00f3n diaconal: Han pasado diez a\u00f1os de formaci\u00f3n en una aventura que comenz\u00f3 con un \u00abs\u00ed\u00bb \u2014\u00a1acompa\u00f1ado de mucho valor!<\/p>\n\t\t<\/div>\n\t\t\t\t\t<div class=\"elementor-post__read-more-wrapper\">\n\t\t\n\t\t<a class=\"elementor-post__read-more\" href=\"https:\/\/schoenstatt.com\/es\/felices-los-invitados-a-la-mesa-del-senor\/\" aria-label=\"M\u00e1s informaci\u00f3n sobre \u00abFelices los invitados a la mesa del Se\u00f1or\u00bb\" tabindex=\"-1\" >\n\t\t\tSeguir Leyendo \u00bb\t\t<\/a>\n\n\t\t\t\t\t<\/div>\n\t\t\t\t<\/div>\n\t\t\t\t<div class=\"elementor-post__meta-data\">\n\t\t\t\t\t<span class=\"elementor-post-date\">\n\t\t\t29 de julio de 2026\t\t<\/span>\n\t\t\t\t<\/div>\n\t\t\t\t\t<\/div>\n\t\t<\/article>\n\t\t\t\t<\/div>\n\t\t\n\t\t\t\t<div class=\"e-load-more-anchor\" data-page=\"1\" data-max-page=\"86\" data-next-page=\"https:\/\/schoenstatt.com\/es\/wp-json\/wp\/v2\/pages\/21280\/page\/2\/\"><\/div>\n\t\t\t\t<nav class=\"elementor-pagination\" aria-label=\"Paginaci\u00f3n\">\n\t\t\t<span class=\"page-numbers prev\">\u00ab Anterior<\/span>\n<span aria-current=\"page\" class=\"page-numbers current\"><span class=\"elementor-screen-only\">P\u00e1gina<\/span>1<\/span>\n<a class=\"page-numbers\" href=\"https:\/\/schoenstatt.com\/es\/wp-json\/wp\/v2\/pages\/21280\/page\/2\/\"><span class=\"elementor-screen-only\">P\u00e1gina<\/span>2<\/a>\n<a class=\"page-numbers\" href=\"https:\/\/schoenstatt.com\/es\/wp-json\/wp\/v2\/pages\/21280\/page\/3\/\"><span class=\"elementor-screen-only\">P\u00e1gina<\/span>3<\/a>\n<span class=\"page-numbers dots\">&hellip;<\/span>\n<a class=\"page-numbers\" href=\"https:\/\/schoenstatt.com\/es\/wp-json\/wp\/v2\/pages\/21280\/page\/86\/\"><span class=\"elementor-screen-only\">P\u00e1gina<\/span>86<\/a>\n<a class=\"page-numbers next\" href=\"https:\/\/schoenstatt.com\/es\/wp-json\/wp\/v2\/pages\/21280\/page\/2\/\">Siguiente \u00bb<\/a>\t\t<\/nav>\n\t\t\t\t\t\t<\/div>\n\t\t\t\t<\/div>\n\t\t\t\t\t<\/div>\n\t\t\t\t<\/div>\n\t\t\t\t\t<\/div>\n\t\t\t\t<\/div>\n\t\t<div class=\"elementor-element elementor-element-c53a125 e-flex e-con-boxed e-con e-parent\" data-id=\"c53a125\" data-element_type=\"container\" data-e-type=\"container\">\n\t\t\t\t\t<div class=\"e-con-inner\">\n\t\t\t\t<div class=\"elementor-element elementor-element-52bc31d elementor-widget elementor-widget-wp-widget-tag_cloud\" data-id=\"52bc31d\" data-element_type=\"widget\" data-e-type=\"widget\" data-widget_type=\"wp-widget-tag_cloud.default\">\n\t\t\t\t<div class=\"elementor-widget-container\">\n\t\t\t\t\t<h5>Categor&iacute;as<\/h5><nav aria-label=\"Categor&iacute;as\"><div class=\"tagcloud\"><a href=\"https:\/\/schoenstatt.com\/es\/categoria\/america-es\/\" class=\"tag-cloud-link tag-link-864 tag-link-position-1\" style=\"font-size: 19.338028169014pt;\" aria-label=\"Am\u00e9rica (111 elemento)\">Am\u00e9rica<span class=\"tag-link-count\"> (111)<\/span><\/a>\n<a href=\"https:\/\/schoenstatt.com\/es\/categoria\/causa-kentenich-es\/\" class=\"tag-cloud-link tag-link-893 tag-link-position-2\" style=\"font-size: 11.549295774648pt;\" aria-label=\"Causa Kentenich (17 elemento)\">Causa Kentenich<span class=\"tag-link-count\"> (17)<\/span><\/a>\n<a href=\"https:\/\/schoenstatt.com\/es\/categoria\/comunidades-de-schoenstatt-es\/\" class=\"tag-cloud-link tag-link-909 tag-link-position-3\" style=\"font-size: 21.507042253521pt;\" aria-label=\"Comunidades de Schoenstatt (187 elemento)\">Comunidades de Schoenstatt<span class=\"tag-link-count\"> (187)<\/span><\/a>\n<a href=\"https:\/\/schoenstatt.com\/es\/categoria\/en-mision-es\/\" class=\"tag-cloud-link tag-link-898 tag-link-position-4\" style=\"font-size: 14.507042253521pt;\" aria-label=\"En misi\u00f3n (35 elemento)\">En misi\u00f3n<span class=\"tag-link-count\"> (35)<\/span><\/a>\n<a href=\"https:\/\/schoenstatt.com\/es\/categoria\/espiritualidad-es\/\" class=\"tag-cloud-link tag-link-917 tag-link-position-5\" style=\"font-size: 22pt;\" aria-label=\"Espiritualidad (206 elemento)\">Espiritualidad<span class=\"tag-link-count\"> (206)<\/span><\/a>\n<a href=\"https:\/\/schoenstatt.com\/es\/categoria\/europa-es\/\" class=\"tag-cloud-link tag-link-873 tag-link-position-6\" style=\"font-size: 15.788732394366pt;\" aria-label=\"Europa (48 elemento)\">Europa<span class=\"tag-link-count\"> (48)<\/span><\/a>\n<a href=\"https:\/\/schoenstatt.com\/es\/categoria\/eventos-es\/\" class=\"tag-cloud-link tag-link-630 tag-link-position-7\" style=\"font-size: 20.422535211268pt;\" aria-label=\"Eventos (144 elemento)\">Eventos<span class=\"tag-link-count\"> (144)<\/span><\/a>\n<a href=\"https:\/\/schoenstatt.com\/es\/categoria\/familia-es\/\" class=\"tag-cloud-link tag-link-877 tag-link-position-8\" style=\"font-size: 18.352112676056pt;\" aria-label=\"Familia (89 elemento)\">Familia<span class=\"tag-link-count\"> (89)<\/span><\/a>\n<a href=\"https:\/\/schoenstatt.com\/es\/categoria\/heroes-de-schoenstatt-es\/\" class=\"tag-cloud-link tag-link-889 tag-link-position-9\" style=\"font-size: 16.380281690141pt;\" aria-label=\"Heroes de Schoenstatt (55 elemento)\">Heroes de Schoenstatt<span class=\"tag-link-count\"> (55)<\/span><\/a>\n<a href=\"https:\/\/schoenstatt.com\/es\/categoria\/iglesia-es\/\" class=\"tag-cloud-link tag-link-683 tag-link-position-10\" style=\"font-size: 22pt;\" aria-label=\"Iglesia (207 elemento)\">Iglesia<span class=\"tag-link-count\"> (207)<\/span><\/a>\n<a href=\"https:\/\/schoenstatt.com\/es\/categoria\/juventud-es\/\" class=\"tag-cloud-link tag-link-923 tag-link-position-11\" style=\"font-size: 17.366197183099pt;\" aria-label=\"Juventud (69 elemento)\">Juventud<span class=\"tag-link-count\"> (69)<\/span><\/a>\n<a href=\"https:\/\/schoenstatt.com\/es\/categoria\/medio-ambiente-es\/\" class=\"tag-cloud-link tag-link-885 tag-link-position-12\" style=\"font-size: 10.957746478873pt;\" aria-label=\"Medio Ambiente (15 elemento)\">Medio Ambiente<span class=\"tag-link-count\"> (15)<\/span><\/a>\n<a href=\"https:\/\/schoenstatt.com\/es\/categoria\/mujer-es\/\" class=\"tag-cloud-link tag-link-921 tag-link-position-13\" style=\"font-size: 12.929577464789pt;\" aria-label=\"Mujer (24 elemento)\">Mujer<span class=\"tag-link-count\"> (24)<\/span><\/a>\n<a href=\"https:\/\/schoenstatt.com\/es\/categoria\/oceania-es\/\" class=\"tag-cloud-link tag-link-505 tag-link-position-14\" style=\"font-size: 8pt;\" aria-label=\"Ocean\u00eda (7 elemento)\">Ocean\u00eda<span class=\"tag-link-count\"> (7)<\/span><\/a>\n<a href=\"https:\/\/schoenstatt.com\/es\/categoria\/p-jose-kentenich-es\/\" class=\"tag-cloud-link tag-link-881 tag-link-position-15\" style=\"font-size: 17.366197183099pt;\" aria-label=\"P. Jos\u00e9 Kentenich (69 elemento)\">P. Jos\u00e9 Kentenich<span class=\"tag-link-count\"> (69)<\/span><\/a>\n<a href=\"https:\/\/schoenstatt.com\/es\/categoria\/papa-francisco-es\/\" class=\"tag-cloud-link tag-link-800 tag-link-position-16\" style=\"font-size: 18.647887323944pt;\" aria-label=\"Papa Francisco (95 elemento)\">Papa Francisco<span class=\"tag-link-count\"> (95)<\/span><\/a>\n<a href=\"https:\/\/schoenstatt.com\/es\/categoria\/papa-leon-xiv\/\" class=\"tag-cloud-link tag-link-1337 tag-link-position-17\" style=\"font-size: 13.718309859155pt;\" aria-label=\"Papa Le\u00f3n XIV (29 elemento)\">Papa Le\u00f3n XIV<span class=\"tag-link-count\"> (29)<\/span><\/a>\n<a href=\"https:\/\/schoenstatt.com\/es\/categoria\/paises-es\/\" class=\"tag-cloud-link tag-link-790 tag-link-position-18\" style=\"font-size: 20.619718309859pt;\" aria-label=\"Pa\u00edses (152 elemento)\">Pa\u00edses<span class=\"tag-link-count\"> (152)<\/span><\/a>\n<a href=\"https:\/\/schoenstatt.com\/es\/categoria\/santuario-original-es\/\" class=\"tag-cloud-link tag-link-901 tag-link-position-19\" style=\"font-size: 17.859154929577pt;\" aria-label=\"Santuario Original (78 elemento)\">Santuario Original<span class=\"tag-link-count\"> (78)<\/span><\/a>\n<a href=\"https:\/\/schoenstatt.com\/es\/categoria\/sin-categoria\/\" class=\"tag-cloud-link tag-link-8 tag-link-position-20\" style=\"font-size: 19.535211267606pt;\" aria-label=\"Sin categor\u00eda (117 elemento)\">Sin categor\u00eda<span class=\"tag-link-count\"> (117)<\/span><\/a>\n<a href=\"https:\/\/schoenstatt.com\/es\/categoria\/sociedad-es\/\" class=\"tag-cloud-link tag-link-913 tag-link-position-21\" style=\"font-size: 18.056338028169pt;\" aria-label=\"Sociedad (82 elemento)\">Sociedad<span class=\"tag-link-count\"> (82)<\/span><\/a>\n<a href=\"https:\/\/schoenstatt.com\/es\/categoria\/virgen-peregrina-es\/\" class=\"tag-cloud-link tag-link-904 tag-link-position-22\" style=\"font-size: 15.295774647887pt;\" aria-label=\"Virgen Peregrina (43 elemento)\">Virgen Peregrina<span class=\"tag-link-count\"> (43)<\/span><\/a>\n<a href=\"https:\/\/schoenstatt.com\/es\/categoria\/africa-es\/\" class=\"tag-cloud-link tag-link-637 tag-link-position-23\" style=\"font-size: 11.549295774648pt;\" aria-label=\"\u00c1frica (17 elemento)\">\u00c1frica<span class=\"tag-link-count\"> (17)<\/span><\/a><\/div>\n<\/nav>\t\t\t\t<\/div>\n\t\t\t\t<\/div>\n\t\t\t\t\t<\/div>\n\t\t\t\t<\/div>\n\t\t\t\t<\/div>\n\t\t","protected":false},"excerpt":{"rendered":"<p>Perspectivas mundiales: Descubra noticias y art\u00edculos sobre las comunidades de Schoenstatt en todo el mundo.<\/p>\n","protected":false},"author":2,"featured_media":36133,"parent":17814,"menu_order":0,"comment_status":"closed","ping_status":"closed","template":"","meta":{"footnotes":""},"class_list":["post-21280","page","type-page","status-publish","has-post-thumbnail","hentry"],"yoast_head":"<!-- This site is optimized with the Yoast SEO Premium plugin v28.1 (Yoast SEO v28.4) - https:\/\/yoast.com\/product\/yoast-seo-premium-wordpress\/ -->\n<title>Noticias &amp; Art\u00edculos - Schoenstatt<\/title>\n<meta name=\"robots\" content=\"index, follow, max-snippet:-1, max-image-preview:large, max-video-preview:-1\" \/>\n<link rel=\"canonical\" href=\"https:\/\/schoenstatt.com\/es\/recursos\/noticias-articulos\/\" \/>\n<meta property=\"og:locale\" content=\"es_ES\" \/>\n<meta property=\"og:type\" content=\"article\" \/>\n<meta property=\"og:title\" content=\"Noticias &amp; Art\u00edculos\" \/>\n<meta property=\"og:description\" content=\"Perspectivas mundiales: Descubra noticias y art\u00edculos sobre las comunidades de Schoenstatt en todo el mundo.\" \/>\n<meta property=\"og:url\" content=\"https:\/\/schoenstatt.com\/es\/recursos\/noticias-articulos\/\" \/>\n<meta property=\"og:site_name\" content=\"Schoenstatt\" \/>\n<meta property=\"article:modified_time\" content=\"2025-06-03T01:10:16+00:00\" \/>\n<meta property=\"og:image\" content=\"https:\/\/schoenstatt.com\/wp-content\/uploads\/2024\/05\/Resources-News1-2.jpg\" \/>\n\t<meta property=\"og:image:width\" content=\"640\" \/>\n\t<meta property=\"og:image:height\" content=\"427\" \/>\n\t<meta property=\"og:image:type\" content=\"image\/jpeg\" \/>\n<meta name=\"twitter:card\" content=\"summary_large_image\" \/>\n<meta name=\"twitter:label1\" content=\"Tiempo de lectura\" \/>\n\t<meta name=\"twitter:data1\" content=\"1 minuto\" \/>\n<script type=\"application\/ld+json\" class=\"yoast-schema-graph\">{\"@context\":\"https:\\\/\\\/schema.org\",\"@graph\":[{\"@type\":\"WebPage\",\"@id\":\"https:\\\/\\\/schoenstatt.com\\\/es\\\/recursos\\\/noticias-articulos\\\/\",\"url\":\"https:\\\/\\\/schoenstatt.com\\\/es\\\/recursos\\\/noticias-articulos\\\/\",\"name\":\"Noticias &amp; Art\u00edculos - Schoenstatt\",\"isPartOf\":{\"@id\":\"https:\\\/\\\/schoenstatt.com\\\/es\\\/#website\"},\"primaryImageOfPage\":{\"@id\":\"https:\\\/\\\/schoenstatt.com\\\/es\\\/recursos\\\/noticias-articulos\\\/#primaryimage\"},\"image\":{\"@id\":\"https:\\\/\\\/schoenstatt.com\\\/es\\\/recursos\\\/noticias-articulos\\\/#primaryimage\"},\"thumbnailUrl\":\"https:\\\/\\\/schoenstatt.com\\\/wp-content\\\/uploads\\\/2024\\\/05\\\/Resources-News1-2.jpg\",\"datePublished\":\"2021-08-12T10:58:29+00:00\",\"dateModified\":\"2025-06-03T01:10:16+00:00\",\"breadcrumb\":{\"@id\":\"https:\\\/\\\/schoenstatt.com\\\/es\\\/recursos\\\/noticias-articulos\\\/#breadcrumb\"},\"inLanguage\":\"es\",\"potentialAction\":[{\"@type\":\"ReadAction\",\"target\":[\"https:\\\/\\\/schoenstatt.com\\\/es\\\/recursos\\\/noticias-articulos\\\/\"]}]},{\"@type\":\"ImageObject\",\"inLanguage\":\"es\",\"@id\":\"https:\\\/\\\/schoenstatt.com\\\/es\\\/recursos\\\/noticias-articulos\\\/#primaryimage\",\"url\":\"https:\\\/\\\/schoenstatt.com\\\/wp-content\\\/uploads\\\/2024\\\/05\\\/Resources-News1-2.jpg\",\"contentUrl\":\"https:\\\/\\\/schoenstatt.com\\\/wp-content\\\/uploads\\\/2024\\\/05\\\/Resources-News1-2.jpg\",\"width\":640,\"height\":427,\"caption\":\"resources-news.jpg\"},{\"@type\":\"BreadcrumbList\",\"@id\":\"https:\\\/\\\/schoenstatt.com\\\/es\\\/recursos\\\/noticias-articulos\\\/#breadcrumb\",\"itemListElement\":[{\"@type\":\"ListItem\",\"position\":1,\"name\":\"Portada\",\"item\":\"https:\\\/\\\/schoenstatt.com\\\/es\\\/home\\\/\"},{\"@type\":\"ListItem\",\"position\":2,\"name\":\"Recursos\",\"item\":\"https:\\\/\\\/schoenstatt.com\\\/es\\\/recursos\\\/\"},{\"@type\":\"ListItem\",\"position\":3,\"name\":\"Noticias &amp; Art\u00edculos\"}]},{\"@type\":\"WebSite\",\"@id\":\"https:\\\/\\\/schoenstatt.com\\\/es\\\/#website\",\"url\":\"https:\\\/\\\/schoenstatt.com\\\/es\\\/\",\"name\":\"Schoenstatt\",\"description\":\"Apostolic Movement\",\"publisher\":{\"@id\":\"https:\\\/\\\/schoenstatt.com\\\/es\\\/#organization\"},\"potentialAction\":[{\"@type\":\"SearchAction\",\"target\":{\"@type\":\"EntryPoint\",\"urlTemplate\":\"https:\\\/\\\/schoenstatt.com\\\/es\\\/?s={search_term_string}\"},\"query-input\":{\"@type\":\"PropertyValueSpecification\",\"valueRequired\":true,\"valueName\":\"search_term_string\"}}],\"inLanguage\":\"es\"},{\"@type\":\"Organization\",\"@id\":\"https:\\\/\\\/schoenstatt.com\\\/es\\\/#organization\",\"name\":\"Schoenstatt\",\"url\":\"https:\\\/\\\/schoenstatt.com\\\/es\\\/\",\"logo\":{\"@type\":\"ImageObject\",\"inLanguage\":\"es\",\"@id\":\"https:\\\/\\\/schoenstatt.com\\\/es\\\/#\\\/schema\\\/logo\\\/image\\\/\",\"url\":\"https:\\\/\\\/schoenstatt.com\\\/wp-content\\\/uploads\\\/2025\\\/04\\\/logo-schoenstatt-white-696x696-1.png\",\"contentUrl\":\"https:\\\/\\\/schoenstatt.com\\\/wp-content\\\/uploads\\\/2025\\\/04\\\/logo-schoenstatt-white-696x696-1.png\",\"width\":696,\"height\":694,\"caption\":\"Schoenstatt\"},\"image\":{\"@id\":\"https:\\\/\\\/schoenstatt.com\\\/es\\\/#\\\/schema\\\/logo\\\/image\\\/\"}}]}<\/script>\n<!-- \/ Yoast SEO Premium plugin. -->","yoast_head_json":{"title":"Noticias &amp; Art\u00edculos - Schoenstatt","robots":{"index":"index","follow":"follow","max-snippet":"max-snippet:-1","max-image-preview":"max-image-preview:large","max-video-preview":"max-video-preview:-1"},"canonical":"https:\/\/schoenstatt.com\/es\/recursos\/noticias-articulos\/","og_locale":"es_ES","og_type":"article","og_title":"Noticias &amp; Art\u00edculos","og_description":"Perspectivas mundiales: Descubra noticias y art\u00edculos sobre las comunidades de Schoenstatt en todo el mundo.","og_url":"https:\/\/schoenstatt.com\/es\/recursos\/noticias-articulos\/","og_site_name":"Schoenstatt","article_modified_time":"2025-06-03T01:10:16+00:00","og_image":[{"width":640,"height":427,"url":"https:\/\/schoenstatt.com\/wp-content\/uploads\/2024\/05\/Resources-News1-2.jpg","type":"image\/jpeg"}],"twitter_card":"summary_large_image","twitter_misc":{"Tiempo de lectura":"1 minuto"},"schema":{"@context":"https:\/\/schema.org","@graph":[{"@type":"WebPage","@id":"https:\/\/schoenstatt.com\/es\/recursos\/noticias-articulos\/","url":"https:\/\/schoenstatt.com\/es\/recursos\/noticias-articulos\/","name":"Noticias &amp; Art\u00edculos - Schoenstatt","isPartOf":{"@id":"https:\/\/schoenstatt.com\/es\/#website"},"primaryImageOfPage":{"@id":"https:\/\/schoenstatt.com\/es\/recursos\/noticias-articulos\/#primaryimage"},"image":{"@id":"https:\/\/schoenstatt.com\/es\/recursos\/noticias-articulos\/#primaryimage"},"thumbnailUrl":"https:\/\/schoenstatt.com\/wp-content\/uploads\/2024\/05\/Resources-News1-2.jpg","datePublished":"2021-08-12T10:58:29+00:00","dateModified":"2025-06-03T01:10:16+00:00","breadcrumb":{"@id":"https:\/\/schoenstatt.com\/es\/recursos\/noticias-articulos\/#breadcrumb"},"inLanguage":"es","potentialAction":[{"@type":"ReadAction","target":["https:\/\/schoenstatt.com\/es\/recursos\/noticias-articulos\/"]}]},{"@type":"ImageObject","inLanguage":"es","@id":"https:\/\/schoenstatt.com\/es\/recursos\/noticias-articulos\/#primaryimage","url":"https:\/\/schoenstatt.com\/wp-content\/uploads\/2024\/05\/Resources-News1-2.jpg","contentUrl":"https:\/\/schoenstatt.com\/wp-content\/uploads\/2024\/05\/Resources-News1-2.jpg","width":640,"height":427,"caption":"resources-news.jpg"},{"@type":"BreadcrumbList","@id":"https:\/\/schoenstatt.com\/es\/recursos\/noticias-articulos\/#breadcrumb","itemListElement":[{"@type":"ListItem","position":1,"name":"Portada","item":"https:\/\/schoenstatt.com\/es\/home\/"},{"@type":"ListItem","position":2,"name":"Recursos","item":"https:\/\/schoenstatt.com\/es\/recursos\/"},{"@type":"ListItem","position":3,"name":"Noticias &amp; Art\u00edculos"}]},{"@type":"WebSite","@id":"https:\/\/schoenstatt.com\/es\/#website","url":"https:\/\/schoenstatt.com\/es\/","name":"Schoenstatt","description":"Apostolic Movement","publisher":{"@id":"https:\/\/schoenstatt.com\/es\/#organization"},"potentialAction":[{"@type":"SearchAction","target":{"@type":"EntryPoint","urlTemplate":"https:\/\/schoenstatt.com\/es\/?s={search_term_string}"},"query-input":{"@type":"PropertyValueSpecification","valueRequired":true,"valueName":"search_term_string"}}],"inLanguage":"es"},{"@type":"Organization","@id":"https:\/\/schoenstatt.com\/es\/#organization","name":"Schoenstatt","url":"https:\/\/schoenstatt.com\/es\/","logo":{"@type":"ImageObject","inLanguage":"es","@id":"https:\/\/schoenstatt.com\/es\/#\/schema\/logo\/image\/","url":"https:\/\/schoenstatt.com\/wp-content\/uploads\/2025\/04\/logo-schoenstatt-white-696x696-1.png","contentUrl":"https:\/\/schoenstatt.com\/wp-content\/uploads\/2025\/04\/logo-schoenstatt-white-696x696-1.png","width":696,"height":694,"caption":"Schoenstatt"},"image":{"@id":"https:\/\/schoenstatt.com\/es\/#\/schema\/logo\/image\/"}}]}},"_links":{"self":[{"href":"https:\/\/schoenstatt.com\/es\/wp-json\/wp\/v2\/pages\/21280","targetHints":{"allow":["GET"]}}],"collection":[{"href":"https:\/\/schoenstatt.com\/es\/wp-json\/wp\/v2\/pages"}],"about":[{"href":"https:\/\/schoenstatt.com\/es\/wp-json\/wp\/v2\/types\/page"}],"author":[{"embeddable":true,"href":"https:\/\/schoenstatt.com\/es\/wp-json\/wp\/v2\/users\/2"}],"replies":[{"embeddable":true,"href":"https:\/\/schoenstatt.com\/es\/wp-json\/wp\/v2\/comments?post=21280"}],"version-history":[{"count":5,"href":"https:\/\/schoenstatt.com\/es\/wp-json\/wp\/v2\/pages\/21280\/revisions"}],"predecessor-version":[{"id":59230,"href":"https:\/\/schoenstatt.com\/es\/wp-json\/wp\/v2\/pages\/21280\/revisions\/59230"}],"up":[{"embeddable":true,"href":"https:\/\/schoenstatt.com\/es\/wp-json\/wp\/v2\/pages\/17814"}],"wp:featuredmedia":[{"embeddable":true,"href":"https:\/\/schoenstatt.com\/es\/wp-json\/wp\/v2\/media\/36133"}],"wp:attachment":[{"href":"https:\/\/schoenstatt.com\/es\/wp-json\/wp\/v2\/media?parent=21280"}],"curies":[{"name":"wp","href":"https:\/\/api.w.org\/{rel}","templated":true}]}}