{"id":17791,"date":"2024-06-13T17:32:16","date_gmt":"2024-06-13T15:32:16","guid":{"rendered":"https:\/\/schoenstatt.com\/?page_id=17791"},"modified":"2025-07-15T20:10:30","modified_gmt":"2025-07-15T18:10:30","slug":"fundador","status":"publish","type":"page","link":"https:\/\/schoenstatt.com\/es\/acerca-de-nosotros\/fundador\/","title":{"rendered":"Nuestro Fundador"},"content":{"rendered":"\t\t<div data-elementor-type=\"wp-page\" data-elementor-id=\"17791\" class=\"elementor elementor-17791 elementor-37\" data-elementor-post-type=\"page\">\n\t\t\t\t<div class=\"elementor-element elementor-element-2f0a125f e-con-full e-flex e-con e-parent\" data-id=\"2f0a125f\" data-element_type=\"container\" data-e-type=\"container\" data-settings=\"{&quot;background_background&quot;:&quot;classic&quot;}\">\n\t\t<div class=\"elementor-element elementor-element-482dd1b9 e-con-full e-flex e-con e-child\" data-id=\"482dd1b9\" data-element_type=\"container\" data-e-type=\"container\">\n\t\t<div class=\"elementor-element elementor-element-3b491ad8 e-con-full e-flex e-con e-child\" data-id=\"3b491ad8\" data-element_type=\"container\" data-e-type=\"container\">\n\t\t\t\t<div class=\"elementor-element elementor-element-3b40f319 elementor-widget elementor-widget-heading\" data-id=\"3b40f319\" data-element_type=\"widget\" data-e-type=\"widget\" data-widget_type=\"heading.default\">\n\t\t\t\t<div class=\"elementor-widget-container\">\n\t\t\t\t\t<h1 class=\"elementor-heading-title elementor-size-default\">Padre Jos\u00e9 Kentenich<\/h1>\t\t\t\t<\/div>\n\t\t\t\t<\/div>\n\t\t\t\t<div class=\"elementor-element elementor-element-69c5e122 elementor-widget-mobile__width-initial elementor-widget elementor-widget-heading\" data-id=\"69c5e122\" data-element_type=\"widget\" data-e-type=\"widget\" data-widget_type=\"heading.default\">\n\t\t\t\t<div class=\"elementor-widget-container\">\n\t\t\t\t\t<p class=\"elementor-heading-title elementor-size-default\">Su vida \u2013 una vida de alianza: hacia el Padre y al mismo tiempo con ambos pies en la tierra, como un compa\u00f1ero para muchas personas.<\/p>\t\t\t\t<\/div>\n\t\t\t\t<\/div>\n\t\t\t\t<\/div>\n\t\t\t\t<\/div>\n\t\t\t\t<\/div>\n\t\t<div class=\"elementor-element elementor-element-144a6c36 e-flex e-con-boxed e-con e-parent\" data-id=\"144a6c36\" data-element_type=\"container\" data-e-type=\"container\" data-settings=\"{&quot;background_background&quot;:&quot;classic&quot;}\">\n\t\t\t\t\t<div class=\"e-con-inner\">\n\t\t<div class=\"elementor-element elementor-element-368021b5 e-con-full e-flex e-con e-child\" data-id=\"368021b5\" data-element_type=\"container\" data-e-type=\"container\">\n\t\t<div class=\"elementor-element elementor-element-2f9cb0b4 e-con-full e-flex e-con e-child\" data-id=\"2f9cb0b4\" data-element_type=\"container\" data-e-type=\"container\">\n\t\t<div class=\"elementor-element elementor-element-5b2b9ef3 e-con-full e-flex e-con e-child\" data-id=\"5b2b9ef3\" data-element_type=\"container\" data-e-type=\"container\">\n\t\t\t\t<div class=\"elementor-element elementor-element-3619e4b elementor-widget elementor-widget-text-editor\" data-id=\"3619e4b\" data-element_type=\"widget\" data-e-type=\"widget\" data-widget_type=\"text-editor.default\">\n\t\t\t\t<div class=\"elementor-widget-container\">\n\t\t\t\t\t\t\t\t\t<p>Padre Jos\u00e9 Kentenich<\/p>\t\t\t\t\t\t\t\t<\/div>\n\t\t\t\t<\/div>\n\t\t\t\t<div class=\"elementor-element elementor-element-6f24d5d8 elementor-widget elementor-widget-heading\" data-id=\"6f24d5d8\" data-element_type=\"widget\" data-e-type=\"widget\" data-widget_type=\"heading.default\">\n\t\t\t\t<div class=\"elementor-widget-container\">\n\t\t\t\t\t<h2 class=\"elementor-heading-title elementor-size-default\">Marcando el rumbo hacia el futuro <\/h2>\t\t\t\t<\/div>\n\t\t\t\t<\/div>\n\t\t\t\t<div class=\"elementor-element elementor-element-1f0a8604 elementor-widget elementor-widget-text-editor\" data-id=\"1f0a8604\" data-element_type=\"widget\" data-e-type=\"widget\" data-widget_type=\"text-editor.default\">\n\t\t\t\t<div class=\"elementor-widget-container\">\n\t\t\t\t\t\t\t\t\t<p>\u00bfQu\u00e9 tiene que decirnos el Padre Kentenich hoy, m\u00e1s de 50 a\u00f1os despu\u00e9s de su muerte? La pregunta es obvia porque muchas cosas han cambiado en estas d\u00e9cadas. \u00abLas cartas de la sociedad mundial, todas las cartas, se est\u00e1n barajando de nuevo\u2026 En cierto sentido, el juego de cartas se est\u00e1 reinventando\u00bb (M. Hochschild).  <\/p>\t\t\t\t\t\t\t\t<\/div>\n\t\t\t\t<\/div>\n\t\t\t\t<div class=\"elementor-element elementor-element-3900e588 elementor-widget-divider--view-line elementor-widget elementor-widget-divider\" data-id=\"3900e588\" data-element_type=\"widget\" data-e-type=\"widget\" data-widget_type=\"divider.default\">\n\t\t\t\t<div class=\"elementor-widget-container\">\n\t\t\t\t\t\t\t<div class=\"elementor-divider\">\n\t\t\t<span class=\"elementor-divider-separator\">\n\t\t\t\t\t\t<\/span>\n\t\t<\/div>\n\t\t\t\t\t\t<\/div>\n\t\t\t\t<\/div>\n\t\t\t\t<\/div>\n\t\t<div class=\"elementor-element elementor-element-755b6e47 e-con-full e-flex e-con e-child\" data-id=\"755b6e47\" data-element_type=\"container\" data-e-type=\"container\" data-settings=\"{&quot;background_background&quot;:&quot;classic&quot;}\">\n\t\t\t\t<div class=\"elementor-element elementor-element-6fd73752 elementor-widget elementor-widget-image\" data-id=\"6fd73752\" data-element_type=\"widget\" data-e-type=\"widget\" data-widget_type=\"image.default\">\n\t\t\t\t<div class=\"elementor-widget-container\">\n\t\t\t\t\t\t\t\t\t\t\t\t\t\t\t<img decoding=\"async\" src=\"https:\/\/schoenstatt.com\/wp-content\/uploads\/2024\/06\/J.Kentenich_Milwaukee_1280x853_4.jpg\" title=\"\" alt=\"\" loading=\"lazy\" \/>\t\t\t\t\t\t\t\t\t\t\t\t\t\t\t<\/div>\n\t\t\t\t<\/div>\n\t\t\t\t<\/div>\n\t\t\t\t<\/div>\n\t\t\t\t<\/div>\n\t\t\t\t\t<\/div>\n\t\t\t\t<\/div>\n\t\t<div class=\"elementor-element elementor-element-4dd4fd6a e-flex e-con-boxed e-con e-parent\" data-id=\"4dd4fd6a\" data-element_type=\"container\" data-e-type=\"container\">\n\t\t\t\t\t<div class=\"e-con-inner\">\n\t\t<div class=\"elementor-element elementor-element-65742862 e-con-full e-flex e-con e-child\" data-id=\"65742862\" data-element_type=\"container\" data-e-type=\"container\">\n\t\t<div class=\"elementor-element elementor-element-1e7c1085 e-con-full e-flex e-con e-child\" data-id=\"1e7c1085\" data-element_type=\"container\" data-e-type=\"container\">\n\t\t<div class=\"elementor-element elementor-element-3990e104 e-con-full e-flex e-con e-child\" data-id=\"3990e104\" data-element_type=\"container\" data-e-type=\"container\">\n\t\t\t\t<div class=\"elementor-element elementor-element-575105f6 elementor-widget elementor-widget-text-editor\" data-id=\"575105f6\" data-element_type=\"widget\" data-e-type=\"widget\" data-widget_type=\"text-editor.default\">\n\t\t\t\t<div class=\"elementor-widget-container\">\n\t\t\t\t\t\t\t\t\t<p>Es fascinante adentrarse en la vida y en las ense\u00f1anzas del fundador de Schoenstatt, el Padre Kentenich. Los desaf\u00edos e incomprensiones a los que se enfrent\u00f3 por parte de sus contempor\u00e1neos, incluidas las autoridades eclesi\u00e1sticas, se debieron principalmente a su visi\u00f3n de futuro. No se conformaba con el status quo, sino que trataba de dar respuesta a acontecimientos y preguntas que la mayor\u00eda de la gente desconoc\u00eda.  <\/p>\t\t\t\t\t\t\t\t<\/div>\n\t\t\t\t<\/div>\n\t\t\t\t<\/div>\n\t\t<div class=\"elementor-element elementor-element-5b71baab e-con-full e-flex e-con e-child\" data-id=\"5b71baab\" data-element_type=\"container\" data-e-type=\"container\">\n\t\t\t\t<div class=\"elementor-element elementor-element-74ed357c elementor-widget elementor-widget-image\" data-id=\"74ed357c\" data-element_type=\"widget\" data-e-type=\"widget\" data-widget_type=\"image.default\">\n\t\t\t\t<div class=\"elementor-widget-container\">\n\t\t\t\t\t\t\t\t\t\t\t\t\t\t\t<img decoding=\"async\" src=\"https:\/\/schoenstatt.com\/wp-content\/uploads\/2024\/06\/kentenich-2-1.jpg\" title=\"\" alt=\"\" loading=\"lazy\" \/>\t\t\t\t\t\t\t\t\t\t\t\t\t\t\t<\/div>\n\t\t\t\t<\/div>\n\t\t\t\t<\/div>\n\t\t<div class=\"elementor-element elementor-element-227cc712 e-con-full e-flex e-con e-child\" data-id=\"227cc712\" data-element_type=\"container\" data-e-type=\"container\">\n\t\t\t\t<div class=\"elementor-element elementor-element-3f600df6 elementor-widget elementor-widget-text-editor\" data-id=\"3f600df6\" data-element_type=\"widget\" data-e-type=\"widget\" data-widget_type=\"text-editor.default\">\n\t\t\t\t<div class=\"elementor-widget-container\">\n\t\t\t\t\t\t\t\t\t<p>En un estudio realizado durante su exilio, el Padre Kentenich escribi\u00f3, que tanto Schoenstatt y por tanto \u00e9l como fundador, \u00abestaba muy por delante de los tiempos y de la concepci\u00f3n de los tiempos.\u201d M\u00e1s que hacia atr\u00e1s, se orienta hacia adelante, en la orilla m\u00e1s nueva del tiempo\u2019 (Estudio, 1961). Esta perspectiva de futuro es una fuente de inspiraci\u00f3n para todos nosotros. <\/p>\t\t\t\t\t\t\t\t<\/div>\n\t\t\t\t<\/div>\n\t\t\t\t<\/div>\n\t\t\t\t<\/div>\n\t\t\t\t<\/div>\n\t\t\t\t\t<\/div>\n\t\t\t\t<\/div>\n\t\t<div class=\"elementor-element elementor-element-75776d0d e-flex e-con-boxed e-con e-parent\" data-id=\"75776d0d\" data-element_type=\"container\" data-e-type=\"container\" data-settings=\"{&quot;background_background&quot;:&quot;classic&quot;}\">\n\t\t\t\t\t<div class=\"e-con-inner\">\n\t\t<div class=\"elementor-element elementor-element-79ab9bdf e-flex e-con-boxed e-con e-child\" data-id=\"79ab9bdf\" data-element_type=\"container\" data-e-type=\"container\">\n\t\t\t\t\t<div class=\"e-con-inner\">\n\t\t\t\t<div class=\"elementor-element elementor-element-258d9fb9 elementor-widget elementor-widget-heading\" data-id=\"258d9fb9\" data-element_type=\"widget\" data-e-type=\"widget\" data-widget_type=\"heading.default\">\n\t\t\t\t<div class=\"elementor-widget-container\">\n\t\t\t\t\t<h2 class=\"elementor-heading-title elementor-size-default\">Biograf\u00eda del Padre Jos\u00e9 Kentenich<\/h2>\t\t\t\t<\/div>\n\t\t\t\t<\/div>\n\t\t\t\t<div class=\"elementor-element elementor-element-26925893 elementor-widget elementor-widget-heading\" data-id=\"26925893\" data-element_type=\"widget\" data-e-type=\"widget\" data-widget_type=\"heading.default\">\n\t\t\t\t<div class=\"elementor-widget-container\">\n\t\t\t\t\t<p class=\"elementor-heading-title elementor-size-default\">Una vida de aventuras y desaf\u00edos al servicio de Dios y de los hombres.<\/p>\t\t\t\t<\/div>\n\t\t\t\t<\/div>\n\t\t\t\t<div class=\"elementor-element elementor-element-3765be62 elementor-align-left elementor-mobile-align-center elementor-widget elementor-widget-button\" data-id=\"3765be62\" data-element_type=\"widget\" data-e-type=\"widget\" data-widget_type=\"button.default\">\n\t\t\t\t<div class=\"elementor-widget-container\">\n\t\t\t\t\t\t\t\t\t<div class=\"elementor-button-wrapper\">\n\t\t\t\t\t<a class=\"elementor-button elementor-button-link elementor-size-xs\" href=\"https:\/\/schoenstatt.com\/es\/acerca-de-nosotros\/fundador\/biografia-del-padre-jose-kentenich\/\">\n\t\t\t\t\t\t<span class=\"elementor-button-content-wrapper\">\n\t\t\t\t\t\t\t\t\t<span class=\"elementor-button-text\">Ver biograf\u00eda<\/span>\n\t\t\t\t\t<\/span>\n\t\t\t\t\t<\/a>\n\t\t\t\t<\/div>\n\t\t\t\t\t\t\t\t<\/div>\n\t\t\t\t<\/div>\n\t\t\t\t\t<\/div>\n\t\t\t\t<\/div>\n\t\t\t\t\t<\/div>\n\t\t\t\t<\/div>\n\t\t<div class=\"elementor-element elementor-element-525fcf9c e-flex e-con-boxed e-con e-parent\" data-id=\"525fcf9c\" data-element_type=\"container\" data-e-type=\"container\">\n\t\t\t\t\t<div class=\"e-con-inner\">\n\t\t<div class=\"elementor-element elementor-element-1eaa4264 e-con-full e-flex e-con e-child\" data-id=\"1eaa4264\" data-element_type=\"container\" data-e-type=\"container\">\n\t\t\t\t<div class=\"elementor-element elementor-element-7665b6e7 elementor-widget elementor-widget-image\" data-id=\"7665b6e7\" data-element_type=\"widget\" data-e-type=\"widget\" data-widget_type=\"image.default\">\n\t\t\t\t<div class=\"elementor-widget-container\">\n\t\t\t\t\t\t\t\t\t\t\t\t\t\t\t<img fetchpriority=\"high\" decoding=\"async\" width=\"1614\" height=\"2048\" src=\"https:\/\/schoenstatt.com\/wp-content\/uploads\/2024\/06\/kentenich-2-3.jpg\" class=\"attachment-large size-large wp-image-53394\" alt=\"\" srcset=\"https:\/\/schoenstatt.com\/wp-content\/uploads\/2024\/06\/kentenich-2-3.jpg 1614w, https:\/\/schoenstatt.com\/wp-content\/uploads\/2024\/06\/kentenich-2-3-768x975.jpg 768w, https:\/\/schoenstatt.com\/wp-content\/uploads\/2024\/06\/kentenich-2-3-1211x1536.jpg 1211w\" sizes=\"(max-width: 1614px) 100vw, 1614px\" \/>\t\t\t\t\t\t\t\t\t\t\t\t\t\t\t<\/div>\n\t\t\t\t<\/div>\n\t\t\t\t<\/div>\n\t\t<div class=\"elementor-element elementor-element-67e8e30d e-con-full e-flex e-con e-child\" data-id=\"67e8e30d\" data-element_type=\"container\" data-e-type=\"container\" data-settings=\"{&quot;background_background&quot;:&quot;classic&quot;}\">\n\t\t\t\t<div class=\"elementor-element elementor-element-6afc21f1 elementor-widget elementor-widget-heading\" data-id=\"6afc21f1\" data-element_type=\"widget\" data-e-type=\"widget\" data-widget_type=\"heading.default\">\n\t\t\t\t<div class=\"elementor-widget-container\">\n\t\t\t\t\t<h2 class=\"elementor-heading-title elementor-size-default\">Interpretar y dar forma a los tiempos como cristianos <\/h2>\t\t\t\t<\/div>\n\t\t\t\t<\/div>\n\t\t\t\t<div class=\"elementor-element elementor-element-69fccf79 elementor-widget elementor-widget-text-editor\" data-id=\"69fccf79\" data-element_type=\"widget\" data-e-type=\"widget\" data-widget_type=\"text-editor.default\">\n\t\t\t\t<div class=\"elementor-widget-container\">\n\t\t\t\t\t\t\t\t\t<p>Hay una profunda lecci\u00f3n que aprender del Padre Kentenich, una que tiene especial relevancia para nosotros como cristianos en estos tiempos de r\u00e1pidos cambios. Tenemos la gran responsabilidad de interpretar los acontecimientos de nuestro tiempo a la luz de Dios y contribuir activamente a darles forma. <\/p>\t\t\t\t\t\t\t\t<\/div>\n\t\t\t\t<\/div>\n\t\t\t\t<div class=\"elementor-element elementor-element-159ff198 elementor-position-inline-start elementor-mobile-position-inline-start elementor-view-default elementor-widget elementor-widget-icon-box\" data-id=\"159ff198\" data-element_type=\"widget\" data-e-type=\"widget\" data-widget_type=\"icon-box.default\">\n\t\t\t\t<div class=\"elementor-widget-container\">\n\t\t\t\t\t\t\t<div class=\"elementor-icon-box-wrapper\">\n\n\t\t\t\t\t\t<div class=\"elementor-icon-box-icon\">\n\t\t\t\t<span  class=\"elementor-icon\">\n\t\t\t\t<svg aria-hidden=\"true\" class=\"e-font-icon-svg e-fab-gripfire\" viewBox=\"0 0 384 512\" xmlns=\"http:\/\/www.w3.org\/2000\/svg\"><path d=\"M112.5 301.4c0-73.8 105.1-122.5 105.1-203 0-47.1-34-88-39.1-90.4.4 3.3.6 6.7.6 10C179.1 110.1 32 171.9 32 286.6c0 49.8 32.2 79.2 66.5 108.3 65.1 46.7 78.1 71.4 78.1 86.6 0 10.1-4.8 17-4.8 22.3 13.1-16.7 17.4-31.9 17.5-46.4 0-29.6-21.7-56.3-44.2-86.5-16-22.3-32.6-42.6-32.6-69.5zm205.3-39c-12.1-66.8-78-124.4-94.7-130.9l4 7.2c2.4 5.1 3.4 10.9 3.4 17.1 0 44.7-54.2 111.2-56.6 116.7-2.2 5.1-3.2 10.5-3.2 15.8 0 20.1 15.2 42.1 17.9 42.1 2.4 0 56.6-55.4 58.1-87.7 6.4 11.7 9.1 22.6 9.1 33.4 0 41.2-41.8 96.9-41.8 96.9 0 11.6 31.9 53.2 35.5 53.2 1 0 2.2-1.4 3.2-2.4 37.9-39.3 67.3-85 67.3-136.8 0-8-.7-16.2-2.2-24.6z\"><\/path><\/svg>\t\t\t\t<\/span>\n\t\t\t<\/div>\n\t\t\t\n\t\t\t\t\t\t<div class=\"elementor-icon-box-content\">\n\n\t\t\t\t\n\t\t\t\t\t\t\t\t\t<p class=\"elementor-icon-box-description\">\n\t\t\t\t\t\tCuando los nacionalsocialistas subieron al poder en Alemania, el Padre Kentenich exhort\u00f3: \"Debemos mostrar tambi\u00e9n con hechos que estamos interviniendo en los engranajes de la nueva era... Debe haber una fuerte confrontaci\u00f3n espiritual\". \t\t\t\t\t<\/p>\n\t\t\t\t\n\t\t\t<\/div>\n\t\t\t\n\t\t<\/div>\n\t\t\t\t\t\t<\/div>\n\t\t\t\t<\/div>\n\t\t\t\t<div class=\"elementor-element elementor-element-5cbe9810 elementor-position-inline-start elementor-mobile-position-inline-start elementor-view-default elementor-widget elementor-widget-icon-box\" data-id=\"5cbe9810\" data-element_type=\"widget\" data-e-type=\"widget\" data-widget_type=\"icon-box.default\">\n\t\t\t\t<div class=\"elementor-widget-container\">\n\t\t\t\t\t\t\t<div class=\"elementor-icon-box-wrapper\">\n\n\t\t\t\t\t\t<div class=\"elementor-icon-box-icon\">\n\t\t\t\t<span  class=\"elementor-icon\">\n\t\t\t\t<svg aria-hidden=\"true\" class=\"e-font-icon-svg e-fab-gripfire\" viewBox=\"0 0 384 512\" xmlns=\"http:\/\/www.w3.org\/2000\/svg\"><path d=\"M112.5 301.4c0-73.8 105.1-122.5 105.1-203 0-47.1-34-88-39.1-90.4.4 3.3.6 6.7.6 10C179.1 110.1 32 171.9 32 286.6c0 49.8 32.2 79.2 66.5 108.3 65.1 46.7 78.1 71.4 78.1 86.6 0 10.1-4.8 17-4.8 22.3 13.1-16.7 17.4-31.9 17.5-46.4 0-29.6-21.7-56.3-44.2-86.5-16-22.3-32.6-42.6-32.6-69.5zm205.3-39c-12.1-66.8-78-124.4-94.7-130.9l4 7.2c2.4 5.1 3.4 10.9 3.4 17.1 0 44.7-54.2 111.2-56.6 116.7-2.2 5.1-3.2 10.5-3.2 15.8 0 20.1 15.2 42.1 17.9 42.1 2.4 0 56.6-55.4 58.1-87.7 6.4 11.7 9.1 22.6 9.1 33.4 0 41.2-41.8 96.9-41.8 96.9 0 11.6 31.9 53.2 35.5 53.2 1 0 2.2-1.4 3.2-2.4 37.9-39.3 67.3-85 67.3-136.8 0-8-.7-16.2-2.2-24.6z\"><\/path><\/svg>\t\t\t\t<\/span>\n\t\t\t<\/div>\n\t\t\t\n\t\t\t\t\t\t<div class=\"elementor-icon-box-content\">\n\n\t\t\t\t\n\t\t\t\t\t\t\t\t\t<p class=\"elementor-icon-box-description\">\n\t\t\t\t\t\tEsta llamada a la acci\u00f3n es tan pertinente hoy como lo fue entonces. Como cristianos, no debemos \"quedarnos atr\u00e1s\" respecto a los acontecimientos actuales y debemos \"pronunciarnos no s\u00f3lo cuando sea demasiado tarde y el mundo tenga ya un nuevo rostro\".  \t\t\t\t\t<\/p>\n\t\t\t\t\n\t\t\t<\/div>\n\t\t\t\n\t\t<\/div>\n\t\t\t\t\t\t<\/div>\n\t\t\t\t<\/div>\n\t\t\t\t<\/div>\n\t\t\t\t\t<\/div>\n\t\t\t\t<\/div>\n\t\t<div class=\"elementor-element elementor-element-7a51d067 e-flex e-con-boxed e-con e-parent\" data-id=\"7a51d067\" data-element_type=\"container\" data-e-type=\"container\" data-settings=\"{&quot;background_background&quot;:&quot;classic&quot;}\">\n\t\t\t\t\t<div class=\"e-con-inner\">\n\t\t<div class=\"elementor-element elementor-element-3033d002 e-con-full e-flex e-con e-child\" data-id=\"3033d002\" data-element_type=\"container\" data-e-type=\"container\">\n\t\t<div class=\"elementor-element elementor-element-3b1d73b e-con-full e-flex e-con e-child\" data-id=\"3b1d73b\" data-element_type=\"container\" data-e-type=\"container\">\n\t\t<div class=\"elementor-element elementor-element-174685ad e-con-full e-flex e-con e-child\" data-id=\"174685ad\" data-element_type=\"container\" data-e-type=\"container\">\n\t\t\t\t<div class=\"elementor-element elementor-element-4385b7f5 elementor-widget elementor-widget-heading\" data-id=\"4385b7f5\" data-element_type=\"widget\" data-e-type=\"widget\" data-widget_type=\"heading.default\">\n\t\t\t\t<div class=\"elementor-widget-container\">\n\t\t\t\t\t<h3 class=\"elementor-heading-title elementor-size-default\">Dar forma a los tiempos empieza en nuestros corazones <\/h3>\t\t\t\t<\/div>\n\t\t\t\t<\/div>\n\t\t\t\t<\/div>\n\t\t<div class=\"elementor-element elementor-element-62ec5646 e-con-full e-flex e-con e-child\" data-id=\"62ec5646\" data-element_type=\"container\" data-e-type=\"container\">\n\t\t\t\t<div class=\"elementor-element elementor-element-5582c66 elementor-widget elementor-widget-text-editor\" data-id=\"5582c66\" data-element_type=\"widget\" data-e-type=\"widget\" data-widget_type=\"text-editor.default\">\n\t\t\t\t<div class=\"elementor-widget-container\">\n\t\t\t\t\t\t\t\t\t<p>Un ejemplo entre muchos: En abril de 1961, el juicio israel\u00ed por cr\u00edmenes de guerra contra el ex jefe de las SS Eichmann, responsable de la ejecuci\u00f3n de millones de jud\u00edos en los campos de concentraci\u00f3n, conmocion\u00f3 al mundo. No mostr\u00f3 ning\u00fan remordimiento. El Padre Kentenich retoma el tema diciendo: \u00abNo basta con decir que Eichmann demuestra que el hombre puede convertirse en una bestia. Tambi\u00e9n deber\u00edamos preguntarnos: \u00ab\u00bfHay tambi\u00e9n un Eichmann en nosotros? Tenemos que aprender m\u00e1s sobre estas cosas: Dios quiere decirme algo personalmente a trav\u00e9s de todo en la historia del mundo\u00bb (29 de mayo de 1961). Para nuestro fundador, el cambio social comienza siempre en el propio coraz\u00f3n. \u00abPor eso debemos observar siempre todos los acontecimientos del mundo, incluida la pol\u00edtica, desde este punto de vista: \u00bfQu\u00e9 me est\u00e1 diciendo el buen Dios a trav\u00e9s de esto? Si ni el m\u00e1s peque\u00f1o cabello cae de mi cabeza sin que est\u00e9 inscrito en el plan de Dios (cf. Mt 10,30), entonces es seguro que \u00c9l no permitir\u00e1 acontecimientos tan tremendos sin tener un prop\u00f3sito para m\u00ed.\u00bb (1.5.1961) <\/p><p>La palabra con la que se caracteriza a s\u00ed mismo muestra c\u00f3mo tambi\u00e9n nosotros podemos asumir nuestra responsabilidad cristiana en la configuraci\u00f3n del futuro del mundo actual: <\/p>\t\t\t\t\t\t\t\t<\/div>\n\t\t\t\t<\/div>\n\t\t\t\t<\/div>\n\t\t\t\t<\/div>\n\t\t\t\t<\/div>\n\t\t\t\t\t<\/div>\n\t\t\t\t<\/div>\n\t\t<div class=\"elementor-element elementor-element-136e1544 e-con-full e-flex e-con e-parent\" data-id=\"136e1544\" data-element_type=\"container\" data-e-type=\"container\" data-settings=\"{&quot;background_background&quot;:&quot;classic&quot;}\">\n\t\t<div class=\"elementor-element elementor-element-bcd6824 e-con-full e-flex e-con e-child\" data-id=\"bcd6824\" data-element_type=\"container\" data-e-type=\"container\">\n\t\t<div class=\"elementor-element elementor-element-71959f95 e-con-full e-flex e-con e-child\" data-id=\"71959f95\" data-element_type=\"container\" data-e-type=\"container\">\n\t\t\t\t<div class=\"elementor-element elementor-element-3de39bf7 elementor-blockquote--skin-border elementor-widget elementor-widget-blockquote\" data-id=\"3de39bf7\" data-element_type=\"widget\" data-e-type=\"widget\" data-widget_type=\"blockquote.default\">\n\t\t\t\t<div class=\"elementor-widget-container\">\n\t\t\t\t\t\t\t<blockquote class=\"elementor-blockquote\">\n\t\t\t<p class=\"elementor-blockquote__content\">\n\t\t\t\t\"Quien quiera representarme figuradamente debe hacerlo as\u00ed: con el o\u00eddo en el coraz\u00f3n de Dios y la mano en el pulso del tiempo\".\t\t\t<\/p>\n\t\t\t\t\t\t\t<div class=\"e-q-footer\">\n\t\t\t\t\t\t\t\t\t\t\t<cite class=\"elementor-blockquote__author\">14. 3. 1955<\/cite>\n\t\t\t\t\t\t\t\t\t\t\t\t\t\t<\/div>\n\t\t\t\t\t<\/blockquote>\n\t\t\t\t\t\t<\/div>\n\t\t\t\t<\/div>\n\t\t\t\t<\/div>\n\t\t\t\t<\/div>\n\t\t\t\t<\/div>\n\t\t<div class=\"elementor-element elementor-element-3249b0d0 e-flex e-con-boxed e-con e-parent\" data-id=\"3249b0d0\" data-element_type=\"container\" data-e-type=\"container\">\n\t\t\t\t\t<div class=\"e-con-inner\">\n\t\t<div class=\"elementor-element elementor-element-1bfb7a7a e-con-full e-flex e-con e-child\" data-id=\"1bfb7a7a\" data-element_type=\"container\" data-e-type=\"container\">\n\t\t\t\t<div class=\"elementor-element elementor-element-177c2de2 elementor-widget elementor-widget-image\" data-id=\"177c2de2\" data-element_type=\"widget\" data-e-type=\"widget\" data-widget_type=\"image.default\">\n\t\t\t\t<div class=\"elementor-widget-container\">\n\t\t\t\t\t\t\t\t\t\t\t\t\t\t\t<img decoding=\"async\" src=\"https:\/\/schoenstatt.com\/wp-content\/uploads\/2022\/09\/Father.png\" title=\"\" alt=\"Padre Jos\u00e9 Kentenich\" loading=\"lazy\" \/>\t\t\t\t\t\t\t\t\t\t\t\t\t\t\t<\/div>\n\t\t\t\t<\/div>\n\t\t\t\t<\/div>\n\t\t<div class=\"elementor-element elementor-element-1c407fd e-con-full e-flex e-con e-child\" data-id=\"1c407fd\" data-element_type=\"container\" data-e-type=\"container\">\n\t\t\t\t<div class=\"elementor-element elementor-element-7c5cd9a0 elementor-blockquote--skin-border elementor-widget elementor-widget-blockquote\" data-id=\"7c5cd9a0\" data-element_type=\"widget\" data-e-type=\"widget\" data-widget_type=\"blockquote.default\">\n\t\t\t\t<div class=\"elementor-widget-container\">\n\t\t\t\t\t\t\t<blockquote class=\"elementor-blockquote\">\n\t\t\t<p class=\"elementor-blockquote__content\">\n\t\t\t\t\"No somos personas que se sientan constantemente detr\u00e1s de los muros. No, como tal vez pocos, nos hemos orientado siempre a los contrastes del mundo actual... Deber\u00edamos alegrarnos de vivir en un tiempo como \u00e9ste, en el que todo est\u00e1 espiritualmente mezclado. Debemos tener el valor de examinar lo que Dios quiere decirnos a trav\u00e9s de todas estas corrientes ... No pretendemos resolver ahora todas las cuestiones, ni podremos hacerlo. Siempre habr\u00e1 preguntas que se nos planteen como enigmas. Por ahora, es importante que no nos escondamos en la madriguera de un rat\u00f3n, sino que nos sintamos felices de participar en la confusi\u00f3n que nos ofrece el tiempo presente. El buen Dios habla, \u00a1y c\u00f3mo habla! S\u00f3lo hemos olvidado hasta cierto punto c\u00f3mo entender su lenguaje y c\u00f3mo interpretarlo correctamente\". \t\t\t<\/p>\n\t\t\t\t\t\t\t<div class=\"e-q-footer\">\n\t\t\t\t\t\t\t\t\t\t\t<cite class=\"elementor-blockquote__author\">J. Kentenich 27.12.1967<\/cite>\n\t\t\t\t\t\t\t\t\t\t\t\t\t\t<\/div>\n\t\t\t\t\t<\/blockquote>\n\t\t\t\t\t\t<\/div>\n\t\t\t\t<\/div>\n\t\t\t\t<\/div>\n\t\t\t\t\t<\/div>\n\t\t\t\t<\/div>\n\t\t\t\t<\/div>\n\t\t","protected":false},"excerpt":{"rendered":"<p>Su vida \u2013 una vida de alianza: hacia el Padre y al mismo tiempo con ambos pies en la tierra, como un compa\u00f1ero para muchas personas.<\/p>\n","protected":false},"author":2,"featured_media":36769,"parent":38085,"menu_order":0,"comment_status":"closed","ping_status":"closed","template":"","meta":{"footnotes":""},"class_list":["post-17791","page","type-page","status-publish","has-post-thumbnail","hentry"],"yoast_head":"<!-- This site is optimized with the Yoast SEO Premium plugin v27.4 (Yoast SEO v27.5) - https:\/\/yoast.com\/product\/yoast-seo-premium-wordpress\/ -->\n<title>Nuestro Fundador - Schoenstatt<\/title>\n<meta name=\"description\" content=\"Su vida, una vida en alianza: hacia el cielo y al mismo tiempo con los dos pies en la tierra, como compa\u00f1ero de mucha gente.\" \/>\n<meta name=\"robots\" content=\"index, follow, max-snippet:-1, max-image-preview:large, max-video-preview:-1\" \/>\n<link rel=\"canonical\" href=\"https:\/\/schoenstatt.com\/es\/acerca-de-nosotros\/fundador\/\" \/>\n<meta property=\"og:locale\" content=\"es_ES\" \/>\n<meta property=\"og:type\" content=\"article\" \/>\n<meta property=\"og:title\" content=\"Nuestro Fundador\" \/>\n<meta property=\"og:description\" content=\"Su vida, una vida en alianza: hacia el cielo y al mismo tiempo con los dos pies en la tierra, como compa\u00f1ero de mucha gente.\" \/>\n<meta property=\"og:url\" content=\"https:\/\/schoenstatt.com\/es\/acerca-de-nosotros\/fundador\/\" \/>\n<meta property=\"og:site_name\" content=\"Schoenstatt\" \/>\n<meta property=\"article:modified_time\" content=\"2025-07-15T18:10:30+00:00\" \/>\n<meta property=\"og:image\" content=\"https:\/\/schoenstatt.com\/wp-content\/uploads\/2024\/06\/JK_milwaukee_1920x800-2.jpg\" \/>\n\t<meta property=\"og:image:width\" content=\"1920\" \/>\n\t<meta property=\"og:image:height\" content=\"800\" \/>\n\t<meta property=\"og:image:type\" content=\"image\/jpeg\" \/>\n<meta name=\"twitter:card\" content=\"summary_large_image\" \/>\n<meta name=\"twitter:label1\" content=\"Tiempo de lectura\" \/>\n\t<meta name=\"twitter:data1\" content=\"1 minuto\" \/>\n<script type=\"application\/ld+json\" class=\"yoast-schema-graph\">{\"@context\":\"https:\\\/\\\/schema.org\",\"@graph\":[{\"@type\":\"WebPage\",\"@id\":\"https:\\\/\\\/schoenstatt.com\\\/es\\\/acerca-de-nosotros\\\/fundador\\\/\",\"url\":\"https:\\\/\\\/schoenstatt.com\\\/es\\\/acerca-de-nosotros\\\/fundador\\\/\",\"name\":\"Nuestro Fundador - Schoenstatt\",\"isPartOf\":{\"@id\":\"https:\\\/\\\/schoenstatt.com\\\/es\\\/#website\"},\"primaryImageOfPage\":{\"@id\":\"https:\\\/\\\/schoenstatt.com\\\/es\\\/acerca-de-nosotros\\\/fundador\\\/#primaryimage\"},\"image\":{\"@id\":\"https:\\\/\\\/schoenstatt.com\\\/es\\\/acerca-de-nosotros\\\/fundador\\\/#primaryimage\"},\"thumbnailUrl\":\"https:\\\/\\\/schoenstatt.com\\\/wp-content\\\/uploads\\\/2024\\\/06\\\/JK_milwaukee_1920x800-2.jpg\",\"datePublished\":\"2024-06-13T15:32:16+00:00\",\"dateModified\":\"2025-07-15T18:10:30+00:00\",\"description\":\"Su vida, una vida en alianza: hacia el cielo y al mismo tiempo con los dos pies en la tierra, como compa\u00f1ero de mucha gente.\",\"breadcrumb\":{\"@id\":\"https:\\\/\\\/schoenstatt.com\\\/es\\\/acerca-de-nosotros\\\/fundador\\\/#breadcrumb\"},\"inLanguage\":\"es\",\"potentialAction\":[{\"@type\":\"ReadAction\",\"target\":[\"https:\\\/\\\/schoenstatt.com\\\/es\\\/acerca-de-nosotros\\\/fundador\\\/\"]}]},{\"@type\":\"ImageObject\",\"inLanguage\":\"es\",\"@id\":\"https:\\\/\\\/schoenstatt.com\\\/es\\\/acerca-de-nosotros\\\/fundador\\\/#primaryimage\",\"url\":\"https:\\\/\\\/schoenstatt.com\\\/wp-content\\\/uploads\\\/2024\\\/06\\\/JK_milwaukee_1920x800-2.jpg\",\"contentUrl\":\"https:\\\/\\\/schoenstatt.com\\\/wp-content\\\/uploads\\\/2024\\\/06\\\/JK_milwaukee_1920x800-2.jpg\",\"width\":1920,\"height\":800,\"caption\":\"background image of the header of the founder\"},{\"@type\":\"BreadcrumbList\",\"@id\":\"https:\\\/\\\/schoenstatt.com\\\/es\\\/acerca-de-nosotros\\\/fundador\\\/#breadcrumb\",\"itemListElement\":[{\"@type\":\"ListItem\",\"position\":1,\"name\":\"Portada\",\"item\":\"https:\\\/\\\/schoenstatt.com\\\/es\\\/home\\\/\"},{\"@type\":\"ListItem\",\"position\":2,\"name\":\"Acerca de nosotros\",\"item\":\"https:\\\/\\\/schoenstatt.com\\\/es\\\/about-schoenstatt\\\/\"},{\"@type\":\"ListItem\",\"position\":3,\"name\":\"Nuestro Fundador\"}]},{\"@type\":\"WebSite\",\"@id\":\"https:\\\/\\\/schoenstatt.com\\\/es\\\/#website\",\"url\":\"https:\\\/\\\/schoenstatt.com\\\/es\\\/\",\"name\":\"Schoenstatt\",\"description\":\"Apostolic Movement\",\"publisher\":{\"@id\":\"https:\\\/\\\/schoenstatt.com\\\/es\\\/#organization\"},\"potentialAction\":[{\"@type\":\"SearchAction\",\"target\":{\"@type\":\"EntryPoint\",\"urlTemplate\":\"https:\\\/\\\/schoenstatt.com\\\/es\\\/?s={search_term_string}\"},\"query-input\":{\"@type\":\"PropertyValueSpecification\",\"valueRequired\":true,\"valueName\":\"search_term_string\"}}],\"inLanguage\":\"es\"},{\"@type\":\"Organization\",\"@id\":\"https:\\\/\\\/schoenstatt.com\\\/es\\\/#organization\",\"name\":\"Schoenstatt\",\"url\":\"https:\\\/\\\/schoenstatt.com\\\/es\\\/\",\"logo\":{\"@type\":\"ImageObject\",\"inLanguage\":\"es\",\"@id\":\"https:\\\/\\\/schoenstatt.com\\\/es\\\/#\\\/schema\\\/logo\\\/image\\\/\",\"url\":\"https:\\\/\\\/schoenstatt.com\\\/wp-content\\\/uploads\\\/2025\\\/04\\\/logo-schoenstatt-white-696x696-1.png\",\"contentUrl\":\"https:\\\/\\\/schoenstatt.com\\\/wp-content\\\/uploads\\\/2025\\\/04\\\/logo-schoenstatt-white-696x696-1.png\",\"width\":696,\"height\":694,\"caption\":\"Schoenstatt\"},\"image\":{\"@id\":\"https:\\\/\\\/schoenstatt.com\\\/es\\\/#\\\/schema\\\/logo\\\/image\\\/\"}}]}<\/script>\n<!-- \/ Yoast SEO Premium plugin. -->","yoast_head_json":{"title":"Nuestro Fundador - Schoenstatt","description":"Su vida, una vida en alianza: hacia el cielo y al mismo tiempo con los dos pies en la tierra, como compa\u00f1ero de mucha gente.","robots":{"index":"index","follow":"follow","max-snippet":"max-snippet:-1","max-image-preview":"max-image-preview:large","max-video-preview":"max-video-preview:-1"},"canonical":"https:\/\/schoenstatt.com\/es\/acerca-de-nosotros\/fundador\/","og_locale":"es_ES","og_type":"article","og_title":"Nuestro Fundador","og_description":"Su vida, una vida en alianza: hacia el cielo y al mismo tiempo con los dos pies en la tierra, como compa\u00f1ero de mucha gente.","og_url":"https:\/\/schoenstatt.com\/es\/acerca-de-nosotros\/fundador\/","og_site_name":"Schoenstatt","article_modified_time":"2025-07-15T18:10:30+00:00","og_image":[{"width":1920,"height":800,"url":"https:\/\/schoenstatt.com\/wp-content\/uploads\/2024\/06\/JK_milwaukee_1920x800-2.jpg","type":"image\/jpeg"}],"twitter_card":"summary_large_image","twitter_misc":{"Tiempo de lectura":"1 minuto"},"schema":{"@context":"https:\/\/schema.org","@graph":[{"@type":"WebPage","@id":"https:\/\/schoenstatt.com\/es\/acerca-de-nosotros\/fundador\/","url":"https:\/\/schoenstatt.com\/es\/acerca-de-nosotros\/fundador\/","name":"Nuestro Fundador - Schoenstatt","isPartOf":{"@id":"https:\/\/schoenstatt.com\/es\/#website"},"primaryImageOfPage":{"@id":"https:\/\/schoenstatt.com\/es\/acerca-de-nosotros\/fundador\/#primaryimage"},"image":{"@id":"https:\/\/schoenstatt.com\/es\/acerca-de-nosotros\/fundador\/#primaryimage"},"thumbnailUrl":"https:\/\/schoenstatt.com\/wp-content\/uploads\/2024\/06\/JK_milwaukee_1920x800-2.jpg","datePublished":"2024-06-13T15:32:16+00:00","dateModified":"2025-07-15T18:10:30+00:00","description":"Su vida, una vida en alianza: hacia el cielo y al mismo tiempo con los dos pies en la tierra, como compa\u00f1ero de mucha gente.","breadcrumb":{"@id":"https:\/\/schoenstatt.com\/es\/acerca-de-nosotros\/fundador\/#breadcrumb"},"inLanguage":"es","potentialAction":[{"@type":"ReadAction","target":["https:\/\/schoenstatt.com\/es\/acerca-de-nosotros\/fundador\/"]}]},{"@type":"ImageObject","inLanguage":"es","@id":"https:\/\/schoenstatt.com\/es\/acerca-de-nosotros\/fundador\/#primaryimage","url":"https:\/\/schoenstatt.com\/wp-content\/uploads\/2024\/06\/JK_milwaukee_1920x800-2.jpg","contentUrl":"https:\/\/schoenstatt.com\/wp-content\/uploads\/2024\/06\/JK_milwaukee_1920x800-2.jpg","width":1920,"height":800,"caption":"background image of the header of the founder"},{"@type":"BreadcrumbList","@id":"https:\/\/schoenstatt.com\/es\/acerca-de-nosotros\/fundador\/#breadcrumb","itemListElement":[{"@type":"ListItem","position":1,"name":"Portada","item":"https:\/\/schoenstatt.com\/es\/home\/"},{"@type":"ListItem","position":2,"name":"Acerca de nosotros","item":"https:\/\/schoenstatt.com\/es\/about-schoenstatt\/"},{"@type":"ListItem","position":3,"name":"Nuestro Fundador"}]},{"@type":"WebSite","@id":"https:\/\/schoenstatt.com\/es\/#website","url":"https:\/\/schoenstatt.com\/es\/","name":"Schoenstatt","description":"Apostolic Movement","publisher":{"@id":"https:\/\/schoenstatt.com\/es\/#organization"},"potentialAction":[{"@type":"SearchAction","target":{"@type":"EntryPoint","urlTemplate":"https:\/\/schoenstatt.com\/es\/?s={search_term_string}"},"query-input":{"@type":"PropertyValueSpecification","valueRequired":true,"valueName":"search_term_string"}}],"inLanguage":"es"},{"@type":"Organization","@id":"https:\/\/schoenstatt.com\/es\/#organization","name":"Schoenstatt","url":"https:\/\/schoenstatt.com\/es\/","logo":{"@type":"ImageObject","inLanguage":"es","@id":"https:\/\/schoenstatt.com\/es\/#\/schema\/logo\/image\/","url":"https:\/\/schoenstatt.com\/wp-content\/uploads\/2025\/04\/logo-schoenstatt-white-696x696-1.png","contentUrl":"https:\/\/schoenstatt.com\/wp-content\/uploads\/2025\/04\/logo-schoenstatt-white-696x696-1.png","width":696,"height":694,"caption":"Schoenstatt"},"image":{"@id":"https:\/\/schoenstatt.com\/es\/#\/schema\/logo\/image\/"}}]}},"_links":{"self":[{"href":"https:\/\/schoenstatt.com\/es\/wp-json\/wp\/v2\/pages\/17791","targetHints":{"allow":["GET"]}}],"collection":[{"href":"https:\/\/schoenstatt.com\/es\/wp-json\/wp\/v2\/pages"}],"about":[{"href":"https:\/\/schoenstatt.com\/es\/wp-json\/wp\/v2\/types\/page"}],"author":[{"embeddable":true,"href":"https:\/\/schoenstatt.com\/es\/wp-json\/wp\/v2\/users\/2"}],"replies":[{"embeddable":true,"href":"https:\/\/schoenstatt.com\/es\/wp-json\/wp\/v2\/comments?post=17791"}],"version-history":[{"count":7,"href":"https:\/\/schoenstatt.com\/es\/wp-json\/wp\/v2\/pages\/17791\/revisions"}],"predecessor-version":[{"id":60694,"href":"https:\/\/schoenstatt.com\/es\/wp-json\/wp\/v2\/pages\/17791\/revisions\/60694"}],"up":[{"embeddable":true,"href":"https:\/\/schoenstatt.com\/es\/wp-json\/wp\/v2\/pages\/38085"}],"wp:featuredmedia":[{"embeddable":true,"href":"https:\/\/schoenstatt.com\/es\/wp-json\/wp\/v2\/media\/36769"}],"wp:attachment":[{"href":"https:\/\/schoenstatt.com\/es\/wp-json\/wp\/v2\/media?parent=17791"}],"curies":[{"name":"wp","href":"https:\/\/api.w.org\/{rel}","templated":true}]}}