{"id":58708,"date":"2024-08-22T22:56:59","date_gmt":"2024-08-22T20:56:59","guid":{"rendered":"https:\/\/schoenstatt.com\/in-mission\/jugend\/mexico-luz-de-maria-missions\/"},"modified":"2025-05-29T17:36:15","modified_gmt":"2025-05-29T15:36:15","slug":"mexico-luz-de-maria-missions","status":"publish","type":"page","link":"https:\/\/schoenstatt.com\/de\/in-mission\/jugend\/mexico-luz-de-maria-missions\/","title":{"rendered":"Mexico Luz de Mar\u00eda Missions"},"content":{"rendered":"\t\t<div data-elementor-type=\"wp-page\" data-elementor-id=\"58708\" class=\"elementor elementor-58708 elementor-40741\" data-elementor-post-type=\"page\">\n\t\t\t\t<div class=\"elementor-element elementor-element-9bf8613 e-flex e-con-boxed e-con e-parent\" data-id=\"9bf8613\" data-element_type=\"container\" data-e-type=\"container\" data-settings=\"{&quot;background_background&quot;:&quot;classic&quot;}\">\n\t\t\t\t\t<div class=\"e-con-inner\">\n\t\t<div class=\"elementor-element elementor-element-b3657c0 e-flex e-con-boxed e-con e-child\" data-id=\"b3657c0\" data-element_type=\"container\" data-e-type=\"container\">\n\t\t\t\t\t<div class=\"e-con-inner\">\n\t\t\t\t<div class=\"elementor-element elementor-element-77c74eb elementor-widget elementor-widget-heading\" data-id=\"77c74eb\" data-element_type=\"widget\" data-e-type=\"widget\" data-widget_type=\"heading.default\">\n\t\t\t\t<div class=\"elementor-widget-container\">\n\t\t\t\t\t<h1 class=\"elementor-heading-title elementor-size-default\">Mexico Luz de Mar\u00eda Missions<\/h1>\t\t\t\t<\/div>\n\t\t\t\t<\/div>\n\t\t\t\t\t<\/div>\n\t\t\t\t<\/div>\n\t\t\t\t\t<\/div>\n\t\t\t\t<\/div>\n\t\t<div class=\"elementor-element elementor-element-0fbefcf e-flex e-con-boxed e-con e-parent\" data-id=\"0fbefcf\" data-element_type=\"container\" data-e-type=\"container\">\n\t\t\t\t\t<div class=\"e-con-inner\">\n\t\t<div class=\"elementor-element elementor-element-db116af e-con-full e-flex e-con e-child\" data-id=\"db116af\" data-element_type=\"container\" data-e-type=\"container\">\n\t\t<div class=\"elementor-element elementor-element-5eba5d8 e-con-full e-flex e-con e-child\" data-id=\"5eba5d8\" data-element_type=\"container\" data-e-type=\"container\">\n\t\t\t\t<div class=\"elementor-element elementor-element-d7ded50 elementor-arrows-position-inside elementor-pagination-position-outside elementor-widget elementor-widget-image-carousel\" data-id=\"d7ded50\" data-element_type=\"widget\" data-e-type=\"widget\" data-settings=\"{&quot;slides_to_show&quot;:&quot;1&quot;,&quot;navigation&quot;:&quot;both&quot;,&quot;autoplay&quot;:&quot;yes&quot;,&quot;pause_on_hover&quot;:&quot;yes&quot;,&quot;pause_on_interaction&quot;:&quot;yes&quot;,&quot;autoplay_speed&quot;:5000,&quot;infinite&quot;:&quot;yes&quot;,&quot;effect&quot;:&quot;slide&quot;,&quot;speed&quot;:500}\" data-widget_type=\"image-carousel.default\">\n\t\t\t\t<div class=\"elementor-widget-container\">\n\t\t\t\t\t\t\t<div class=\"elementor-image-carousel-wrapper swiper\" role=\"region\" aria-roledescription=\"carousel\" aria-label=\"Carrusel de im\u00e1genes\" dir=\"ltr\">\n\t\t\t<div class=\"elementor-image-carousel swiper-wrapper\" aria-live=\"off\">\n\t\t\t\t\t\t\t\t<div class=\"swiper-slide\" role=\"group\" aria-roledescription=\"slide\" aria-label=\"1 von 3\"><figure class=\"swiper-slide-inner\"><img decoding=\"async\" class=\"swiper-slide-image\" src=\"https:\/\/schoenstatt.com\/wp-content\/uploads\/2024\/08\/mision-mexico-luz-de-maria-2-1-768x576.jpg\" alt=\"mision mexico luz de maria 2\" \/><\/figure><\/div><div class=\"swiper-slide\" role=\"group\" aria-roledescription=\"slide\" aria-label=\"2 von 3\"><figure class=\"swiper-slide-inner\"><img decoding=\"async\" class=\"swiper-slide-image\" src=\"https:\/\/schoenstatt.com\/wp-content\/uploads\/2024\/08\/mision-mexico-luz-de-maria-5-1-768x576.jpg\" alt=\"mision mexico luz de maria 5\" \/><\/figure><\/div><div class=\"swiper-slide\" role=\"group\" aria-roledescription=\"slide\" aria-label=\"3 von 3\"><figure class=\"swiper-slide-inner\"><img decoding=\"async\" class=\"swiper-slide-image\" src=\"https:\/\/schoenstatt.com\/wp-content\/uploads\/2024\/08\/mision-mexico-luz-de-maria-4-1-768x576.jpg\" alt=\"mision mexico luz de maria 4\" \/><\/figure><\/div>\t\t\t<\/div>\n\t\t\t\t\t\t\t\t\t\t\t\t<div class=\"elementor-swiper-button elementor-swiper-button-prev\" role=\"button\" tabindex=\"0\">\n\t\t\t\t\t\t<svg aria-hidden=\"true\" class=\"e-font-icon-svg e-eicon-chevron-left\" viewBox=\"0 0 1000 1000\" xmlns=\"http:\/\/www.w3.org\/2000\/svg\"><path d=\"M646 125C629 125 613 133 604 142L308 442C296 454 292 471 292 487 292 504 296 521 308 533L604 854C617 867 629 875 646 875 663 875 679 871 692 858 704 846 713 829 713 812 713 796 708 779 692 767L438 487 692 225C700 217 708 204 708 187 708 171 704 154 692 142 675 129 663 125 646 125Z\"><\/path><\/svg>\t\t\t\t\t<\/div>\n\t\t\t\t\t<div class=\"elementor-swiper-button elementor-swiper-button-next\" role=\"button\" tabindex=\"0\">\n\t\t\t\t\t\t<svg aria-hidden=\"true\" class=\"e-font-icon-svg e-eicon-chevron-right\" viewBox=\"0 0 1000 1000\" xmlns=\"http:\/\/www.w3.org\/2000\/svg\"><path d=\"M696 533C708 521 713 504 713 487 713 471 708 454 696 446L400 146C388 133 375 125 354 125 338 125 325 129 313 142 300 154 292 171 292 187 292 204 296 221 308 233L563 492 304 771C292 783 288 800 288 817 288 833 296 850 308 863 321 871 338 875 354 875 371 875 388 867 400 854L696 533Z\"><\/path><\/svg>\t\t\t\t\t<\/div>\n\t\t\t\t\n\t\t\t\t\t\t\t\t\t<div class=\"swiper-pagination\"><\/div>\n\t\t\t\t\t\t\t\t\t<\/div>\n\t\t\t\t\t\t<\/div>\n\t\t\t\t<\/div>\n\t\t\t\t<\/div>\n\t\t<div class=\"elementor-element elementor-element-b6c814c e-con-full e-flex e-con e-child\" data-id=\"b6c814c\" data-element_type=\"container\" data-e-type=\"container\">\n\t\t\t\t<div class=\"elementor-element elementor-element-6e5d409 elementor-widget elementor-widget-text-editor\" data-id=\"6e5d409\" data-element_type=\"widget\" data-e-type=\"widget\" data-widget_type=\"text-editor.default\">\n\t\t\t\t<div class=\"elementor-widget-container\">\n\t\t\t\t\t\t\t\t\t<p>Das Projekt \u201eLuz de Maria\u201c in Mexiko richtet sich an Jugendliche zwischen 18 und 25 Jahren. Es ist auf nationaler Ebene angesiedelt.<\/p><p>Ihre Aufgabe ist die Begleitung und Ausbildung von Gemeinden mit begrenzten Mitteln bei den liturgischen Feiern der Karwoche. Hauptziel ist es, das Ostertriduum zu leben. Dies geschieht durch Hausbesuche, durch das Teilen des Evangeliums und durch Aktivit\u00e4ten, die von Jugendlichen geleitet werden, die Kinder, Jugendliche und Erwachsene durch unsere Sch\u00f6nstattp\u00e4dagogik evangelisieren.  <\/p>\t\t\t\t\t\t\t\t<\/div>\n\t\t\t\t<\/div>\n\t\t\t\t<\/div>\n\t\t\t\t<\/div>\n\t\t\t\t\t<\/div>\n\t\t\t\t<\/div>\n\t\t<div class=\"elementor-element elementor-element-d13508a e-flex e-con-boxed e-con e-parent\" data-id=\"d13508a\" data-element_type=\"container\" data-e-type=\"container\" data-settings=\"{&quot;background_background&quot;:&quot;classic&quot;}\">\n\t\t\t\t\t<div class=\"e-con-inner\">\n\t\t<div class=\"elementor-element elementor-element-ff72f65 e-con-full e-flex e-con e-child\" data-id=\"ff72f65\" data-element_type=\"container\" data-e-type=\"container\">\n\t\t<div class=\"elementor-element elementor-element-8055aff e-con-full e-flex e-con e-child\" data-id=\"8055aff\" data-element_type=\"container\" data-e-type=\"container\">\n\t\t\t\t<div class=\"elementor-element elementor-element-815ba28 elementor-widget elementor-widget-text-editor\" data-id=\"815ba28\" data-element_type=\"widget\" data-e-type=\"widget\" data-widget_type=\"text-editor.default\">\n\t\t\t\t<div class=\"elementor-widget-container\">\n\t\t\t\t\t\t\t\t\t<p>W\u00e4hrend der Besuchswoche besucht die Gemeinschaft (Missionsteam) jedes Haus der Gemeinschaft, spricht mit den Familien \u00fcber das Evangelium, das Charisma Sch\u00f6nstatts und \u00fcberreicht der Gottesmutter von Sch\u00f6nstatt Bilder f\u00fcr einen Altar im Haus. <\/p><p>Es ist zu hoffen, dass die Menschen in diesen Gemeinden nach Abschluss der Mission in diesem Gebiet die Liturgie, die Karwoche usw. aus eigener Kraft entwickeln k\u00f6nnen, ebenso die Verbundenheit mit der Gottesmutter und die asketischen Mittel, die Sch\u00f6nstatt schenkt.<\/p><p>Das Bild der Pilgernden Gottesmutter von Sch\u00f6nstatt begleitet uns in unserer Sendung. Sie will jedes Haus segnen, und in der Begegnung mit ihr erkl\u00e4ren wir die drei Gnaden der Wallfahrt und laden zum Beitrag zum Gnadenkapital ein.  <\/p><p>Die Misiones in Mexiko begannen 2001 und werden von der Mannes- und M\u00e4dchenjugend getragen. Etwa 5.000 Menschen profitieren jedes Jahr von den Missionen. <\/p><p>Ein Team von mehr als 50 Personen (Sch\u00f6nstatt-Patres, Marienschwestern und Mitglieder der Sch\u00f6nstatt-Universit\u00e4tsjugend), die im ganzen Land arbeiten, entwickelt und plant das ganze Jahr \u00fcber die Misiones in Mexiko Luz de Mar\u00eda. Dazu kommen mehr als 500 Missionare und Missionarinnen, die MMLM Wirklichkeit werden lassen. <\/p>\t\t\t\t\t\t\t\t<\/div>\n\t\t\t\t<\/div>\n\t\t\t\t<\/div>\n\t\t<div class=\"elementor-element elementor-element-3e459e2 e-con-full e-flex e-con e-child\" data-id=\"3e459e2\" data-element_type=\"container\" data-e-type=\"container\">\n\t\t\t\t<div class=\"elementor-element elementor-element-2b2ced1 elementor-widget elementor-widget-image\" data-id=\"2b2ced1\" data-element_type=\"widget\" data-e-type=\"widget\" data-widget_type=\"image.default\">\n\t\t\t\t<div class=\"elementor-widget-container\">\n\t\t\t\t\t\t\t\t\t\t\t\t\t\t\t<img fetchpriority=\"high\" decoding=\"async\" width=\"648\" height=\"864\" src=\"https:\/\/schoenstatt.com\/wp-content\/uploads\/2024\/08\/mision-mexico-luz-de-maria-3-1.jpg\" class=\"attachment-medium_large size-medium_large wp-image-58711\" alt=\"\" \/>\t\t\t\t\t\t\t\t\t\t\t\t\t\t\t<\/div>\n\t\t\t\t<\/div>\n\t\t\t\t<\/div>\n\t\t\t\t<\/div>\n\t\t\t\t\t<\/div>\n\t\t\t\t<\/div>\n\t\t<div class=\"elementor-element elementor-element-6c035a5 e-flex e-con-boxed e-con e-parent\" data-id=\"6c035a5\" data-element_type=\"container\" data-e-type=\"container\">\n\t\t\t\t\t<div class=\"e-con-inner\">\n\t\t<div class=\"elementor-element elementor-element-b7068e0 e-con-full e-flex e-con e-child\" data-id=\"b7068e0\" data-element_type=\"container\" data-e-type=\"container\">\n\t\t<div class=\"elementor-element elementor-element-56435d9 e-con-full e-flex e-con e-child\" data-id=\"56435d9\" data-element_type=\"container\" data-e-type=\"container\" data-settings=\"{&quot;background_background&quot;:&quot;classic&quot;}\">\n\t\t<div class=\"elementor-element elementor-element-bb18905 e-flex e-con-boxed e-con e-child\" data-id=\"bb18905\" data-element_type=\"container\" data-e-type=\"container\">\n\t\t\t\t\t<div class=\"e-con-inner\">\n\t\t\t\t<div class=\"elementor-element elementor-element-1d38abe elementor-widget elementor-widget-heading\" data-id=\"1d38abe\" data-element_type=\"widget\" data-e-type=\"widget\" data-widget_type=\"heading.default\">\n\t\t\t\t<div class=\"elementor-widget-container\">\n\t\t\t\t\t<h2 class=\"elementor-heading-title elementor-size-default\">Kontakt Info \"Mexico Luz de Mar\u00eda\"<\/h2>\t\t\t\t<\/div>\n\t\t\t\t<\/div>\n\t\t\t\t<div class=\"elementor-element elementor-element-ec65fa9 elementor-widget-divider--view-line elementor-widget elementor-widget-divider\" data-id=\"ec65fa9\" data-element_type=\"widget\" data-e-type=\"widget\" data-widget_type=\"divider.default\">\n\t\t\t\t<div class=\"elementor-widget-container\">\n\t\t\t\t\t\t\t<div class=\"elementor-divider\">\n\t\t\t<span class=\"elementor-divider-separator\">\n\t\t\t\t\t\t<\/span>\n\t\t<\/div>\n\t\t\t\t\t\t<\/div>\n\t\t\t\t<\/div>\n\t\t\t\t<div class=\"elementor-element elementor-element-df85ec5 elementor-view-framed elementor-shape-square elementor-position-inline-start elementor-mobile-position-inline-start elementor-widget elementor-widget-icon-box\" data-id=\"df85ec5\" data-element_type=\"widget\" data-e-type=\"widget\" data-widget_type=\"icon-box.default\">\n\t\t\t\t<div class=\"elementor-widget-container\">\n\t\t\t\t\t\t\t<div class=\"elementor-icon-box-wrapper\">\n\n\t\t\t\t\t\t<div class=\"elementor-icon-box-icon\">\n\t\t\t\t<a href=\"https:\/\/www.youtube.com\/watch?v=M2d_Pzc6iP8\" class=\"elementor-icon\" tabindex=\"-1\" aria-label=\"Phone\">\n\t\t\t\t<svg aria-hidden=\"true\" class=\"e-font-icon-svg e-fas-phone-alt\" viewBox=\"0 0 512 512\" xmlns=\"http:\/\/www.w3.org\/2000\/svg\"><path d=\"M497.39 361.8l-112-48a24 24 0 0 0-28 6.9l-49.6 60.6A370.66 370.66 0 0 1 130.6 204.11l60.6-49.6a23.94 23.94 0 0 0 6.9-28l-48-112A24.16 24.16 0 0 0 122.6.61l-104 24A24 24 0 0 0 0 48c0 256.5 207.9 464 464 464a24 24 0 0 0 23.4-18.6l24-104a24.29 24.29 0 0 0-14.01-27.6z\"><\/path><\/svg>\t\t\t\t<\/a>\n\t\t\t<\/div>\n\t\t\t\n\t\t\t\t\t\t<div class=\"elementor-icon-box-content\">\n\n\t\t\t\t\t\t\t\t\t<div class=\"elementor-icon-box-title\">\n\t\t\t\t\t\t<a href=\"https:\/\/www.youtube.com\/watch?v=M2d_Pzc6iP8\" >\n\t\t\t\t\t\t\tPhone\t\t\t\t\t\t<\/a>\n\t\t\t\t\t<\/div>\n\t\t\t\t\n\t\t\t\t\t\t\t\t\t<p class=\"elementor-icon-box-description\">\n\t\t\t\t\t\tFernanda Carrillo +52 1 8119856615\t\t\t\t\t<\/p>\n\t\t\t\t\n\t\t\t<\/div>\n\t\t\t\n\t\t<\/div>\n\t\t\t\t\t\t<\/div>\n\t\t\t\t<\/div>\n\t\t\t\t<div class=\"elementor-element elementor-element-1fa4835 elementor-view-framed elementor-shape-square elementor-position-inline-start elementor-mobile-position-inline-start elementor-widget elementor-widget-icon-box\" data-id=\"1fa4835\" data-element_type=\"widget\" data-e-type=\"widget\" data-widget_type=\"icon-box.default\">\n\t\t\t\t<div class=\"elementor-widget-container\">\n\t\t\t\t\t\t\t<div class=\"elementor-icon-box-wrapper\">\n\n\t\t\t\t\t\t<div class=\"elementor-icon-box-icon\">\n\t\t\t\t<a href=\"https:\/\/www.facebook.com\/MisionesSchQro2014\/\" target=\"_blank\" class=\"elementor-icon\" tabindex=\"-1\" aria-label=\"facebook\">\n\t\t\t\t<svg aria-hidden=\"true\" class=\"e-font-icon-svg e-fab-facebook\" viewBox=\"0 0 512 512\" xmlns=\"http:\/\/www.w3.org\/2000\/svg\"><path d=\"M504 256C504 119 393 8 256 8S8 119 8 256c0 123.78 90.69 226.38 209.25 245V327.69h-63V256h63v-54.64c0-62.15 37-96.48 93.67-96.48 27.14 0 55.52 4.84 55.52 4.84v61h-31.28c-30.8 0-40.41 19.12-40.41 38.73V256h68.78l-11 71.69h-57.78V501C413.31 482.38 504 379.78 504 256z\"><\/path><\/svg>\t\t\t\t<\/a>\n\t\t\t<\/div>\n\t\t\t\n\t\t\t\t\t\t<div class=\"elementor-icon-box-content\">\n\n\t\t\t\t\t\t\t\t\t<div class=\"elementor-icon-box-title\">\n\t\t\t\t\t\t<a href=\"https:\/\/www.facebook.com\/MisionesSchQro2014\/\" target=\"_blank\" >\n\t\t\t\t\t\t\tfacebook\t\t\t\t\t\t<\/a>\n\t\t\t\t\t<\/div>\n\t\t\t\t\n\t\t\t\t\t\t\t\t\t<p class=\"elementor-icon-box-description\">\n\t\t\t\t\t\tMisionesSchQro2014\t\t\t\t\t<\/p>\n\t\t\t\t\n\t\t\t<\/div>\n\t\t\t\n\t\t<\/div>\n\t\t\t\t\t\t<\/div>\n\t\t\t\t<\/div>\n\t\t\t\t\t<\/div>\n\t\t\t\t<\/div>\n\t\t\t\t<\/div>\n\t\t<div class=\"elementor-element elementor-element-5f4344b e-con-full e-flex e-con e-child\" data-id=\"5f4344b\" data-element_type=\"container\" data-e-type=\"container\">\n\t\t\t\t<div class=\"elementor-element elementor-element-c6147a5 elementor-widget elementor-widget-text-editor\" data-id=\"c6147a5\" data-element_type=\"widget\" data-e-type=\"widget\" data-widget_type=\"text-editor.default\">\n\t\t\t\t<div class=\"elementor-widget-container\">\n\t\t\t\t\t\t\t\t\t<p>Jeder Missionar unterst\u00fctzt das Projekt durch seine Arbeit und durch einen Beitrag von 75,00 Dollar. Um dieses Geld zu sammeln, werden verschiedene Aktivit\u00e4ten durchgef\u00fchrt. MMLM wird auch in gro\u00dfem Umfang durch finanzielle und Sachspenden unterst\u00fctzt.  <\/p><p> M\u00f6chten Sie die Mision Mexico Luz de Maria unterst\u00fctzen? Kontaktieren Sie uns <\/p>\t\t\t\t\t\t\t\t<\/div>\n\t\t\t\t<\/div>\n\t\t\t\t<\/div>\n\t\t\t\t<\/div>\n\t\t\t\t\t<\/div>\n\t\t\t\t<\/div>\n\t\t\t\t<\/div>\n\t\t","protected":false},"excerpt":{"rendered":"<p>Mexico Luz de Mar\u00eda Missions Das Projekt \u201eLuz de Maria\u201c in Mexiko richtet sich an Jugendliche zwischen 18 und 25 Jahren. Es ist auf nationaler Ebene angesiedelt. Ihre Aufgabe ist die Begleitung und Ausbildung von Gemeinden mit begrenzten Mitteln bei den liturgischen Feiern der Karwoche. Hauptziel ist es, das Ostertriduum zu leben. Dies geschieht durch [&hellip;]<\/p>\n","protected":false},"author":3,"featured_media":0,"parent":43905,"menu_order":0,"comment_status":"closed","ping_status":"closed","template":"","meta":{"footnotes":""},"class_list":["post-58708","page","type-page","status-publish","hentry"],"yoast_head":"<!-- This site is optimized with the Yoast SEO Premium plugin v27.4 (Yoast SEO v27.5) - https:\/\/yoast.com\/product\/yoast-seo-premium-wordpress\/ -->\n<title>Mexico Luz de Mar\u00eda Missions - Schoenstatt<\/title>\n<meta name=\"robots\" content=\"index, follow, max-snippet:-1, max-image-preview:large, max-video-preview:-1\" \/>\n<link rel=\"canonical\" href=\"https:\/\/schoenstatt.com\/de\/in-mission\/jugend\/mexico-luz-de-maria-missions\/\" \/>\n<meta property=\"og:locale\" content=\"de_DE\" \/>\n<meta property=\"og:type\" content=\"article\" \/>\n<meta property=\"og:title\" content=\"Mexico Luz de Mar\u00eda Missions\" \/>\n<meta property=\"og:description\" content=\"Mexico Luz de Mar\u00eda Missions Das Projekt \u201eLuz de Maria\u201c in Mexiko richtet sich an Jugendliche zwischen 18 und 25 Jahren. Es ist auf nationaler Ebene angesiedelt. Ihre Aufgabe ist die Begleitung und Ausbildung von Gemeinden mit begrenzten Mitteln bei den liturgischen Feiern der Karwoche. Hauptziel ist es, das Ostertriduum zu leben. Dies geschieht durch [&hellip;]\" \/>\n<meta property=\"og:url\" content=\"https:\/\/schoenstatt.com\/de\/in-mission\/jugend\/mexico-luz-de-maria-missions\/\" \/>\n<meta property=\"og:site_name\" content=\"Schoenstatt\" \/>\n<meta property=\"article:modified_time\" content=\"2025-05-29T15:36:15+00:00\" \/>\n<meta property=\"og:image\" content=\"https:\/\/schoenstatt.com\/wp-content\/uploads\/2024\/08\/mision-mexico-luz-de-maria-2-1-768x576.jpg\" \/>\n<meta name=\"twitter:card\" content=\"summary_large_image\" \/>\n<meta name=\"twitter:label1\" content=\"Gesch\u00e4tzte Lesezeit\" \/>\n\t<meta name=\"twitter:data1\" content=\"2\u00a0Minuten\" \/>\n<script type=\"application\/ld+json\" class=\"yoast-schema-graph\">{\"@context\":\"https:\\\/\\\/schema.org\",\"@graph\":[{\"@type\":\"WebPage\",\"@id\":\"https:\\\/\\\/schoenstatt.com\\\/de\\\/in-mission\\\/jugend\\\/mexico-luz-de-maria-missions\\\/\",\"url\":\"https:\\\/\\\/schoenstatt.com\\\/de\\\/in-mission\\\/jugend\\\/mexico-luz-de-maria-missions\\\/\",\"name\":\"Mexico Luz de Mar\u00eda Missions - Schoenstatt\",\"isPartOf\":{\"@id\":\"https:\\\/\\\/schoenstatt.com\\\/de\\\/#website\"},\"primaryImageOfPage\":{\"@id\":\"https:\\\/\\\/schoenstatt.com\\\/de\\\/in-mission\\\/jugend\\\/mexico-luz-de-maria-missions\\\/#primaryimage\"},\"image\":{\"@id\":\"https:\\\/\\\/schoenstatt.com\\\/de\\\/in-mission\\\/jugend\\\/mexico-luz-de-maria-missions\\\/#primaryimage\"},\"thumbnailUrl\":\"https:\\\/\\\/schoenstatt.com\\\/wp-content\\\/uploads\\\/2024\\\/08\\\/mision-mexico-luz-de-maria-2-1-768x576.jpg\",\"datePublished\":\"2024-08-22T20:56:59+00:00\",\"dateModified\":\"2025-05-29T15:36:15+00:00\",\"breadcrumb\":{\"@id\":\"https:\\\/\\\/schoenstatt.com\\\/de\\\/in-mission\\\/jugend\\\/mexico-luz-de-maria-missions\\\/#breadcrumb\"},\"inLanguage\":\"de\",\"potentialAction\":[{\"@type\":\"ReadAction\",\"target\":[\"https:\\\/\\\/schoenstatt.com\\\/de\\\/in-mission\\\/jugend\\\/mexico-luz-de-maria-missions\\\/\"]}]},{\"@type\":\"ImageObject\",\"inLanguage\":\"de\",\"@id\":\"https:\\\/\\\/schoenstatt.com\\\/de\\\/in-mission\\\/jugend\\\/mexico-luz-de-maria-missions\\\/#primaryimage\",\"url\":\"https:\\\/\\\/schoenstatt.com\\\/wp-content\\\/uploads\\\/2024\\\/08\\\/mision-mexico-luz-de-maria-2-1-768x576.jpg\",\"contentUrl\":\"https:\\\/\\\/schoenstatt.com\\\/wp-content\\\/uploads\\\/2024\\\/08\\\/mision-mexico-luz-de-maria-2-1-768x576.jpg\"},{\"@type\":\"BreadcrumbList\",\"@id\":\"https:\\\/\\\/schoenstatt.com\\\/de\\\/in-mission\\\/jugend\\\/mexico-luz-de-maria-missions\\\/#breadcrumb\",\"itemListElement\":[{\"@type\":\"ListItem\",\"position\":1,\"name\":\"Portada\",\"item\":\"https:\\\/\\\/schoenstatt.com\\\/de\\\/home\\\/\"},{\"@type\":\"ListItem\",\"position\":2,\"name\":\"In Mission\",\"item\":\"https:\\\/\\\/schoenstatt.com\\\/de\\\/in-mission\\\/\"},{\"@type\":\"ListItem\",\"position\":3,\"name\":\"Jugend\",\"item\":\"https:\\\/\\\/schoenstatt.com\\\/de\\\/in-mission\\\/jugend\\\/\"},{\"@type\":\"ListItem\",\"position\":4,\"name\":\"Mexico Luz de Mar\u00eda Missions\"}]},{\"@type\":\"WebSite\",\"@id\":\"https:\\\/\\\/schoenstatt.com\\\/de\\\/#website\",\"url\":\"https:\\\/\\\/schoenstatt.com\\\/de\\\/\",\"name\":\"Schoenstatt\",\"description\":\"Apostolic Movement\",\"publisher\":{\"@id\":\"https:\\\/\\\/schoenstatt.com\\\/de\\\/#organization\"},\"potentialAction\":[{\"@type\":\"SearchAction\",\"target\":{\"@type\":\"EntryPoint\",\"urlTemplate\":\"https:\\\/\\\/schoenstatt.com\\\/de\\\/?s={search_term_string}\"},\"query-input\":{\"@type\":\"PropertyValueSpecification\",\"valueRequired\":true,\"valueName\":\"search_term_string\"}}],\"inLanguage\":\"de\"},{\"@type\":\"Organization\",\"@id\":\"https:\\\/\\\/schoenstatt.com\\\/de\\\/#organization\",\"name\":\"Schoenstatt\",\"url\":\"https:\\\/\\\/schoenstatt.com\\\/de\\\/\",\"logo\":{\"@type\":\"ImageObject\",\"inLanguage\":\"de\",\"@id\":\"https:\\\/\\\/schoenstatt.com\\\/de\\\/#\\\/schema\\\/logo\\\/image\\\/\",\"url\":\"https:\\\/\\\/schoenstatt.com\\\/wp-content\\\/uploads\\\/2025\\\/04\\\/logo-schoenstatt-white-696x696-1.png\",\"contentUrl\":\"https:\\\/\\\/schoenstatt.com\\\/wp-content\\\/uploads\\\/2025\\\/04\\\/logo-schoenstatt-white-696x696-1.png\",\"width\":696,\"height\":694,\"caption\":\"Schoenstatt\"},\"image\":{\"@id\":\"https:\\\/\\\/schoenstatt.com\\\/de\\\/#\\\/schema\\\/logo\\\/image\\\/\"}}]}<\/script>\n<!-- \/ Yoast SEO Premium plugin. -->","yoast_head_json":{"title":"Mexico Luz de Mar\u00eda Missions - Schoenstatt","robots":{"index":"index","follow":"follow","max-snippet":"max-snippet:-1","max-image-preview":"max-image-preview:large","max-video-preview":"max-video-preview:-1"},"canonical":"https:\/\/schoenstatt.com\/de\/in-mission\/jugend\/mexico-luz-de-maria-missions\/","og_locale":"de_DE","og_type":"article","og_title":"Mexico Luz de Mar\u00eda Missions","og_description":"Mexico Luz de Mar\u00eda Missions Das Projekt \u201eLuz de Maria\u201c in Mexiko richtet sich an Jugendliche zwischen 18 und 25 Jahren. Es ist auf nationaler Ebene angesiedelt. Ihre Aufgabe ist die Begleitung und Ausbildung von Gemeinden mit begrenzten Mitteln bei den liturgischen Feiern der Karwoche. Hauptziel ist es, das Ostertriduum zu leben. Dies geschieht durch [&hellip;]","og_url":"https:\/\/schoenstatt.com\/de\/in-mission\/jugend\/mexico-luz-de-maria-missions\/","og_site_name":"Schoenstatt","article_modified_time":"2025-05-29T15:36:15+00:00","og_image":[{"url":"https:\/\/schoenstatt.com\/wp-content\/uploads\/2024\/08\/mision-mexico-luz-de-maria-2-1-768x576.jpg","type":"","width":"","height":""}],"twitter_card":"summary_large_image","twitter_misc":{"Gesch\u00e4tzte Lesezeit":"2\u00a0Minuten"},"schema":{"@context":"https:\/\/schema.org","@graph":[{"@type":"WebPage","@id":"https:\/\/schoenstatt.com\/de\/in-mission\/jugend\/mexico-luz-de-maria-missions\/","url":"https:\/\/schoenstatt.com\/de\/in-mission\/jugend\/mexico-luz-de-maria-missions\/","name":"Mexico Luz de Mar\u00eda Missions - Schoenstatt","isPartOf":{"@id":"https:\/\/schoenstatt.com\/de\/#website"},"primaryImageOfPage":{"@id":"https:\/\/schoenstatt.com\/de\/in-mission\/jugend\/mexico-luz-de-maria-missions\/#primaryimage"},"image":{"@id":"https:\/\/schoenstatt.com\/de\/in-mission\/jugend\/mexico-luz-de-maria-missions\/#primaryimage"},"thumbnailUrl":"https:\/\/schoenstatt.com\/wp-content\/uploads\/2024\/08\/mision-mexico-luz-de-maria-2-1-768x576.jpg","datePublished":"2024-08-22T20:56:59+00:00","dateModified":"2025-05-29T15:36:15+00:00","breadcrumb":{"@id":"https:\/\/schoenstatt.com\/de\/in-mission\/jugend\/mexico-luz-de-maria-missions\/#breadcrumb"},"inLanguage":"de","potentialAction":[{"@type":"ReadAction","target":["https:\/\/schoenstatt.com\/de\/in-mission\/jugend\/mexico-luz-de-maria-missions\/"]}]},{"@type":"ImageObject","inLanguage":"de","@id":"https:\/\/schoenstatt.com\/de\/in-mission\/jugend\/mexico-luz-de-maria-missions\/#primaryimage","url":"https:\/\/schoenstatt.com\/wp-content\/uploads\/2024\/08\/mision-mexico-luz-de-maria-2-1-768x576.jpg","contentUrl":"https:\/\/schoenstatt.com\/wp-content\/uploads\/2024\/08\/mision-mexico-luz-de-maria-2-1-768x576.jpg"},{"@type":"BreadcrumbList","@id":"https:\/\/schoenstatt.com\/de\/in-mission\/jugend\/mexico-luz-de-maria-missions\/#breadcrumb","itemListElement":[{"@type":"ListItem","position":1,"name":"Portada","item":"https:\/\/schoenstatt.com\/de\/home\/"},{"@type":"ListItem","position":2,"name":"In Mission","item":"https:\/\/schoenstatt.com\/de\/in-mission\/"},{"@type":"ListItem","position":3,"name":"Jugend","item":"https:\/\/schoenstatt.com\/de\/in-mission\/jugend\/"},{"@type":"ListItem","position":4,"name":"Mexico Luz de Mar\u00eda Missions"}]},{"@type":"WebSite","@id":"https:\/\/schoenstatt.com\/de\/#website","url":"https:\/\/schoenstatt.com\/de\/","name":"Schoenstatt","description":"Apostolic Movement","publisher":{"@id":"https:\/\/schoenstatt.com\/de\/#organization"},"potentialAction":[{"@type":"SearchAction","target":{"@type":"EntryPoint","urlTemplate":"https:\/\/schoenstatt.com\/de\/?s={search_term_string}"},"query-input":{"@type":"PropertyValueSpecification","valueRequired":true,"valueName":"search_term_string"}}],"inLanguage":"de"},{"@type":"Organization","@id":"https:\/\/schoenstatt.com\/de\/#organization","name":"Schoenstatt","url":"https:\/\/schoenstatt.com\/de\/","logo":{"@type":"ImageObject","inLanguage":"de","@id":"https:\/\/schoenstatt.com\/de\/#\/schema\/logo\/image\/","url":"https:\/\/schoenstatt.com\/wp-content\/uploads\/2025\/04\/logo-schoenstatt-white-696x696-1.png","contentUrl":"https:\/\/schoenstatt.com\/wp-content\/uploads\/2025\/04\/logo-schoenstatt-white-696x696-1.png","width":696,"height":694,"caption":"Schoenstatt"},"image":{"@id":"https:\/\/schoenstatt.com\/de\/#\/schema\/logo\/image\/"}}]}},"_links":{"self":[{"href":"https:\/\/schoenstatt.com\/de\/wp-json\/wp\/v2\/pages\/58708","targetHints":{"allow":["GET"]}}],"collection":[{"href":"https:\/\/schoenstatt.com\/de\/wp-json\/wp\/v2\/pages"}],"about":[{"href":"https:\/\/schoenstatt.com\/de\/wp-json\/wp\/v2\/types\/page"}],"author":[{"embeddable":true,"href":"https:\/\/schoenstatt.com\/de\/wp-json\/wp\/v2\/users\/3"}],"replies":[{"embeddable":true,"href":"https:\/\/schoenstatt.com\/de\/wp-json\/wp\/v2\/comments?post=58708"}],"version-history":[{"count":1,"href":"https:\/\/schoenstatt.com\/de\/wp-json\/wp\/v2\/pages\/58708\/revisions"}],"predecessor-version":[{"id":58714,"href":"https:\/\/schoenstatt.com\/de\/wp-json\/wp\/v2\/pages\/58708\/revisions\/58714"}],"up":[{"embeddable":true,"href":"https:\/\/schoenstatt.com\/de\/wp-json\/wp\/v2\/pages\/43905"}],"wp:attachment":[{"href":"https:\/\/schoenstatt.com\/de\/wp-json\/wp\/v2\/media?parent=58708"}],"curies":[{"name":"wp","href":"https:\/\/api.w.org\/{rel}","templated":true}]}}