{"id":58591,"date":"2024-06-26T16:41:17","date_gmt":"2024-06-26T14:41:17","guid":{"rendered":"https:\/\/schoenstatt.com\/in-mission\/gesellschaft\/la-ladrillera\/"},"modified":"2025-05-28T23:27:03","modified_gmt":"2025-05-28T21:27:03","slug":"la-ladrillera","status":"publish","type":"page","link":"https:\/\/schoenstatt.com\/de\/in-mission\/gesellschaft\/la-ladrillera\/","title":{"rendered":"La Ladrillera"},"content":{"rendered":"\t\t<div data-elementor-type=\"wp-page\" data-elementor-id=\"58591\" class=\"elementor elementor-58591 elementor-40106\" data-elementor-post-type=\"page\">\n\t\t\t\t<div class=\"elementor-element elementor-element-6a6bb362 e-flex e-con-boxed e-con e-parent\" data-id=\"6a6bb362\" data-element_type=\"container\" data-e-type=\"container\" data-settings=\"{&quot;background_background&quot;:&quot;classic&quot;}\">\n\t\t\t\t\t<div class=\"e-con-inner\">\n\t\t<div class=\"elementor-element elementor-element-4366dccd e-flex e-con-boxed e-con e-child\" data-id=\"4366dccd\" data-element_type=\"container\" data-e-type=\"container\">\n\t\t\t\t\t<div class=\"e-con-inner\">\n\t\t\t\t\t<\/div>\n\t\t\t\t<\/div>\n\t\t\t\t\t<\/div>\n\t\t\t\t<\/div>\n\t\t<div class=\"elementor-element elementor-element-29844ea e-flex e-con-boxed e-con e-parent\" data-id=\"29844ea\" data-element_type=\"container\" data-e-type=\"container\">\n\t\t\t\t\t<div class=\"e-con-inner\">\n\t\t<div class=\"elementor-element elementor-element-82eb435 e-con-full e-flex e-con e-child\" data-id=\"82eb435\" data-element_type=\"container\" data-e-type=\"container\">\n\t\t\t\t<div class=\"elementor-element elementor-element-ea58b26 elementor-widget__width-initial elementor-widget elementor-widget-image\" data-id=\"ea58b26\" data-element_type=\"widget\" data-e-type=\"widget\" data-widget_type=\"image.default\">\n\t\t\t\t<div class=\"elementor-widget-container\">\n\t\t\t\t\t\t\t\t\t\t\t\t\t\t\t<img fetchpriority=\"high\" decoding=\"async\" width=\"960\" height=\"1280\" src=\"https:\/\/schoenstatt.com\/wp-content\/uploads\/2024\/06\/La-Ladrillera-1.jpg\" class=\"attachment-large size-large wp-image-58592\" alt=\"\" srcset=\"https:\/\/schoenstatt.com\/wp-content\/uploads\/2024\/06\/La-Ladrillera-1.jpg 960w, https:\/\/schoenstatt.com\/wp-content\/uploads\/2024\/06\/La-Ladrillera-1-768x1024.jpg 768w\" sizes=\"(max-width: 960px) 100vw, 960px\" \/>\t\t\t\t\t\t\t\t\t\t\t\t\t\t\t<\/div>\n\t\t\t\t<\/div>\n\t\t\t\t<\/div>\n\t\t<div class=\"elementor-element elementor-element-5bb75be e-con-full e-flex e-con e-child\" data-id=\"5bb75be\" data-element_type=\"container\" data-e-type=\"container\">\n\t\t\t\t<div class=\"elementor-element elementor-element-744f90a elementor-widget elementor-widget-heading\" data-id=\"744f90a\" data-element_type=\"widget\" data-e-type=\"widget\" data-widget_type=\"heading.default\">\n\t\t\t\t<div class=\"elementor-widget-container\">\n\t\t\t\t\t<h2 class=\"elementor-heading-title elementor-size-default\">La Ladrillera Projekt<\/h2>\t\t\t\t<\/div>\n\t\t\t\t<\/div>\n\t\t\t\t<div class=\"elementor-element elementor-element-806cae2 elementor-widget elementor-widget-text-editor\" data-id=\"806cae2\" data-element_type=\"widget\" data-e-type=\"widget\" data-widget_type=\"text-editor.default\">\n\t\t\t\t<div class=\"elementor-widget-container\">\n\t\t\t\t\t\t\t\t\t<p>Wir sind Patricio Cabal und Bernardita Abarca de Cabal. Wir sind seit 24 Jahren in der Sch\u00f6nstattbewegung und geh\u00f6ren zum zweiten Kreis der Familienliga mit Mitgliedsweihe.<br>Seit 2010 sind wir verantwortlich f\u00fcr die Stiftung f\u00fcr das Werk Gottes \u201ePro Labore Dei\u201c, die in der Stadt Guayaquil in Ecuador gegr\u00fcndet wurde. Es handelt sich um eine internationale Stiftung mit Sitz in Nigeria. Wir waren die erste Einrichtung in Lateinamerika und sind nun auch in Peru und Kolumbien vertreten. <\/p><p>Unser Apostolat besteht darin, uns durch Werke der Barmherzigkeit um die Bed\u00fcrftigsten und Vergessenen zu k\u00fcmmern. Deshalb konzentriert sich unsere Arbeit auf ein sehr armes Viertel der Stadt Guayaquil, Ecuador, La Ladrillera genannt, in dem wir 120 Familien helfen. Die Hauptaktivit\u00e4ten, die wir durchf\u00fchren, sind Katechese f\u00fcr die Kinder, Taufe, Erstkommunion, Firmung und Vorbereitung auf das Sakrament der Ehe.   <\/p>\t\t\t\t\t\t\t\t<\/div>\n\t\t\t\t<\/div>\n\t\t\t\t<div class=\"elementor-element elementor-element-1ecc01d elementor-widget-divider--view-line elementor-widget elementor-widget-divider\" data-id=\"1ecc01d\" data-element_type=\"widget\" data-e-type=\"widget\" data-widget_type=\"divider.default\">\n\t\t\t\t<div class=\"elementor-widget-container\">\n\t\t\t\t\t\t\t<div class=\"elementor-divider\">\n\t\t\t<span class=\"elementor-divider-separator\">\n\t\t\t\t\t\t<\/span>\n\t\t<\/div>\n\t\t\t\t\t\t<\/div>\n\t\t\t\t<\/div>\n\t\t\t\t<\/div>\n\t\t\t\t\t<\/div>\n\t\t\t\t<\/div>\n\t\t<div class=\"elementor-element elementor-element-ede8d4a e-flex e-con-boxed e-con e-parent\" data-id=\"ede8d4a\" data-element_type=\"container\" data-e-type=\"container\">\n\t\t\t\t\t<div class=\"e-con-inner\">\n\t\t<div class=\"elementor-element elementor-element-87b5c7c e-con-full e-flex e-con e-child\" data-id=\"87b5c7c\" data-element_type=\"container\" data-e-type=\"container\">\n\t\t\t\t<div class=\"elementor-element elementor-element-36c3c6a elementor-widget elementor-widget-text-editor\" data-id=\"36c3c6a\" data-element_type=\"widget\" data-e-type=\"widget\" data-widget_type=\"text-editor.default\">\n\t\t\t\t<div class=\"elementor-widget-container\">\n\t\t\t\t\t\t\t\t\t<p>Au\u00dferdem werden jeden Samstag Vortr\u00e4ge \u00fcber Familienorientierung und die katholische Lehre gehalten, da es in diesem Bereich viele Gottesdienste gibt (wir sind die einzigen Katholiken in diesem Gebiet).<\/p><p>Au\u00dferdem erhalten sie dreimal w\u00f6chentlich Lebensmittel, bisher wurden 32 menschenw\u00fcrdige H\u00e4user gebaut, Kleinstbetriebe gegr\u00fcndet, medizinische Hilfe, Stipendien f\u00fcr die Kinder und die Bestattung der Toten organisiert. In unserer Zentrale betreuen wir von Montag bis Freitag von 9.00 bis 12.00 Uhr 45 \u00e4ltere Menschen mit verschiedenen Aktivit\u00e4ten. <\/p><p>Wir haben vier fest angestellte Mitarbeiter: eine Sekret\u00e4rin, zwei Hausmeister (Teilzeit) und einen Fahrer (Vollzeit). Au\u00dferdem helfen uns 20 Freiwillige bei unseren Aktivit\u00e4ten.<\/p><p>Unsere Mission ist es, die Spiritualit\u00e4t Sch\u00f6nstatts in dieses Gebiet zu bringen, deshalb haben wir Gebetsgruppen gebildet, in denen in jedem Haus ein Bild der Gottesmutter von Sch\u00f6nstatt h\u00e4ngt, und einmal im Monat besucht die Sch\u00f6nstattjugend die Familien.<br>Zur Zeit werden wir von Gruppen von Ehepaaren aus der Sch\u00f6nstattbewegung unterst\u00fctzt, die mit den Familien, denen wir dienen, Tauf- und voreheliche Gespr\u00e4che f\u00fchren.  <\/p>\t\t\t\t\t\t\t\t<\/div>\n\t\t\t\t<\/div>\n\t\t\t\t<\/div>\n\t\t<div class=\"elementor-element elementor-element-4f3f94a e-con-full e-flex e-con e-child\" data-id=\"4f3f94a\" data-element_type=\"container\" data-e-type=\"container\" data-settings=\"{&quot;background_background&quot;:&quot;classic&quot;}\">\n\t\t<div class=\"elementor-element elementor-element-7f6de0e e-flex e-con-boxed e-con e-child\" data-id=\"7f6de0e\" data-element_type=\"container\" data-e-type=\"container\">\n\t\t\t\t\t<div class=\"e-con-inner\">\n\t\t\t\t<div class=\"elementor-element elementor-element-09ebe08 elementor-widget elementor-widget-heading\" data-id=\"09ebe08\" data-element_type=\"widget\" data-e-type=\"widget\" data-widget_type=\"heading.default\">\n\t\t\t\t<div class=\"elementor-widget-container\">\n\t\t\t\t\t<h2 class=\"elementor-heading-title elementor-size-default\">Kontakt Info \"La Ladrillera\"<\/h2>\t\t\t\t<\/div>\n\t\t\t\t<\/div>\n\t\t\t\t<div class=\"elementor-element elementor-element-6932b39 elementor-widget-divider--view-line elementor-widget elementor-widget-divider\" data-id=\"6932b39\" data-element_type=\"widget\" data-e-type=\"widget\" data-widget_type=\"divider.default\">\n\t\t\t\t<div class=\"elementor-widget-container\">\n\t\t\t\t\t\t\t<div class=\"elementor-divider\">\n\t\t\t<span class=\"elementor-divider-separator\">\n\t\t\t\t\t\t<\/span>\n\t\t<\/div>\n\t\t\t\t\t\t<\/div>\n\t\t\t\t<\/div>\n\t\t\t\t<div class=\"elementor-element elementor-element-a499081 elementor-view-stacked elementor-shape-square elementor-position-inline-start elementor-mobile-position-block-start elementor-widget elementor-widget-icon-box\" data-id=\"a499081\" data-element_type=\"widget\" data-e-type=\"widget\" data-widget_type=\"icon-box.default\">\n\t\t\t\t<div class=\"elementor-widget-container\">\n\t\t\t\t\t\t\t<div class=\"elementor-icon-box-wrapper\">\n\n\t\t\t\t\t\t<div class=\"elementor-icon-box-icon\">\n\t\t\t\t<a href=\"mailto:pcabalb@hotmail.com\" target=\"_blank\" class=\"elementor-icon\" tabindex=\"-1\" aria-label=\"E-MAIL\">\n\t\t\t\t<svg aria-hidden=\"true\" class=\"e-font-icon-svg e-far-envelope\" viewBox=\"0 0 512 512\" xmlns=\"http:\/\/www.w3.org\/2000\/svg\"><path d=\"M464 64H48C21.49 64 0 85.49 0 112v288c0 26.51 21.49 48 48 48h416c26.51 0 48-21.49 48-48V112c0-26.51-21.49-48-48-48zm0 48v40.805c-22.422 18.259-58.168 46.651-134.587 106.49-16.841 13.247-50.201 45.072-73.413 44.701-23.208.375-56.579-31.459-73.413-44.701C106.18 199.465 70.425 171.067 48 152.805V112h416zM48 400V214.398c22.914 18.251 55.409 43.862 104.938 82.646 21.857 17.205 60.134 55.186 103.062 54.955 42.717.231 80.509-37.199 103.053-54.947 49.528-38.783 82.032-64.401 104.947-82.653V400H48z\"><\/path><\/svg>\t\t\t\t<\/a>\n\t\t\t<\/div>\n\t\t\t\n\t\t\t\t\t\t<div class=\"elementor-icon-box-content\">\n\n\t\t\t\t\t\t\t\t\t<h3 class=\"elementor-icon-box-title\">\n\t\t\t\t\t\t<a href=\"mailto:pcabalb@hotmail.com\" target=\"_blank\" >\n\t\t\t\t\t\t\tE-MAIL\t\t\t\t\t\t<\/a>\n\t\t\t\t\t<\/h3>\n\t\t\t\t\n\t\t\t\t\t\t\t\t\t<p class=\"elementor-icon-box-description\">\n\t\t\t\t\t\tProject \"La Ladrillera\": pcabalb@hotmail.com\t\t\t\t\t<\/p>\n\t\t\t\t\n\t\t\t<\/div>\n\t\t\t\n\t\t<\/div>\n\t\t\t\t\t\t<\/div>\n\t\t\t\t<\/div>\n\t\t\t\t<div class=\"elementor-element elementor-element-31384da elementor-widget elementor-widget-image\" data-id=\"31384da\" data-element_type=\"widget\" data-e-type=\"widget\" data-widget_type=\"image.default\">\n\t\t\t\t<div class=\"elementor-widget-container\">\n\t\t\t\t\t\t\t\t\t\t\t\t\t\t\t<img decoding=\"async\" width=\"634\" height=\"475\" src=\"https:\/\/schoenstatt.com\/wp-content\/uploads\/2024\/06\/La-Ladrillera-2-1.jpg\" class=\"attachment-large size-large wp-image-58593\" alt=\"\" \/>\t\t\t\t\t\t\t\t\t\t\t\t\t\t\t<\/div>\n\t\t\t\t<\/div>\n\t\t\t\t\t<\/div>\n\t\t\t\t<\/div>\n\t\t\t\t<\/div>\n\t\t\t\t\t<\/div>\n\t\t\t\t<\/div>\n\t\t<div class=\"elementor-element elementor-element-8301d9b e-flex e-con-boxed e-con e-parent\" data-id=\"8301d9b\" data-element_type=\"container\" data-e-type=\"container\">\n\t\t\t\t\t<div class=\"e-con-inner\">\n\t\t\t\t\t<\/div>\n\t\t\t\t<\/div>\n\t\t\t\t<\/div>\n\t\t","protected":false},"excerpt":{"rendered":"<p>La Ladrillera Projekt Wir sind Patricio Cabal und Bernardita Abarca de Cabal. Wir sind seit 24 Jahren in der Sch\u00f6nstattbewegung und geh\u00f6ren zum zweiten Kreis der Familienliga mit Mitgliedsweihe.Seit 2010 sind wir verantwortlich f\u00fcr die Stiftung f\u00fcr das Werk Gottes \u201ePro Labore Dei\u201c, die in der Stadt Guayaquil in Ecuador gegr\u00fcndet wurde. Es handelt sich [&hellip;]<\/p>\n","protected":false},"author":3,"featured_media":58581,"parent":43865,"menu_order":0,"comment_status":"closed","ping_status":"closed","template":"","meta":{"footnotes":""},"class_list":["post-58591","page","type-page","status-publish","has-post-thumbnail","hentry"],"yoast_head":"<!-- This site is optimized with the Yoast SEO Premium plugin v27.4 (Yoast SEO v27.4) - https:\/\/yoast.com\/product\/yoast-seo-premium-wordpress\/ -->\n<title>La Ladrillera - Schoenstatt<\/title>\n<meta name=\"description\" content=\"Diese internationale Stiftung hat ihren Hauptsitz in Nigeria und verf\u00fcgt \u00fcber weitere Niederlassungen in Ecuador, Peru und Kolumbien.\" \/>\n<meta name=\"robots\" content=\"index, follow, max-snippet:-1, max-image-preview:large, max-video-preview:-1\" \/>\n<link rel=\"canonical\" href=\"https:\/\/schoenstatt.com\/de\/in-mission\/gesellschaft\/la-ladrillera\/\" \/>\n<meta property=\"og:locale\" content=\"de_DE\" \/>\n<meta property=\"og:type\" content=\"article\" \/>\n<meta property=\"og:title\" content=\"La Ladrillera\" \/>\n<meta property=\"og:description\" content=\"Diese internationale Stiftung hat ihren Hauptsitz in Nigeria und verf\u00fcgt \u00fcber weitere Niederlassungen in Ecuador, Peru und Kolumbien.\" \/>\n<meta property=\"og:url\" content=\"https:\/\/schoenstatt.com\/de\/in-mission\/gesellschaft\/la-ladrillera\/\" \/>\n<meta property=\"og:site_name\" content=\"Schoenstatt\" \/>\n<meta property=\"article:modified_time\" content=\"2025-05-28T21:27:03+00:00\" \/>\n<meta property=\"og:image\" content=\"https:\/\/schoenstatt.com\/wp-content\/uploads\/2024\/06\/social-1.jpg\" \/>\n\t<meta property=\"og:image:width\" content=\"2048\" \/>\n\t<meta property=\"og:image:height\" content=\"624\" \/>\n\t<meta property=\"og:image:type\" content=\"image\/jpeg\" \/>\n<meta name=\"twitter:card\" content=\"summary_large_image\" \/>\n<meta name=\"twitter:label1\" content=\"Gesch\u00e4tzte Lesezeit\" \/>\n\t<meta name=\"twitter:data1\" content=\"2\u00a0Minuten\" \/>\n<script type=\"application\/ld+json\" class=\"yoast-schema-graph\">{\"@context\":\"https:\\\/\\\/schema.org\",\"@graph\":[{\"@type\":\"WebPage\",\"@id\":\"https:\\\/\\\/schoenstatt.com\\\/de\\\/in-mission\\\/gesellschaft\\\/la-ladrillera\\\/\",\"url\":\"https:\\\/\\\/schoenstatt.com\\\/de\\\/in-mission\\\/gesellschaft\\\/la-ladrillera\\\/\",\"name\":\"La Ladrillera - Schoenstatt\",\"isPartOf\":{\"@id\":\"https:\\\/\\\/schoenstatt.com\\\/de\\\/#website\"},\"primaryImageOfPage\":{\"@id\":\"https:\\\/\\\/schoenstatt.com\\\/de\\\/in-mission\\\/gesellschaft\\\/la-ladrillera\\\/#primaryimage\"},\"image\":{\"@id\":\"https:\\\/\\\/schoenstatt.com\\\/de\\\/in-mission\\\/gesellschaft\\\/la-ladrillera\\\/#primaryimage\"},\"thumbnailUrl\":\"https:\\\/\\\/schoenstatt.com\\\/wp-content\\\/uploads\\\/2024\\\/06\\\/social-1.jpg\",\"datePublished\":\"2024-06-26T14:41:17+00:00\",\"dateModified\":\"2025-05-28T21:27:03+00:00\",\"description\":\"Diese internationale Stiftung hat ihren Hauptsitz in Nigeria und verf\u00fcgt \u00fcber weitere Niederlassungen in Ecuador, Peru und Kolumbien.\",\"breadcrumb\":{\"@id\":\"https:\\\/\\\/schoenstatt.com\\\/de\\\/in-mission\\\/gesellschaft\\\/la-ladrillera\\\/#breadcrumb\"},\"inLanguage\":\"de\",\"potentialAction\":[{\"@type\":\"ReadAction\",\"target\":[\"https:\\\/\\\/schoenstatt.com\\\/de\\\/in-mission\\\/gesellschaft\\\/la-ladrillera\\\/\"]}]},{\"@type\":\"ImageObject\",\"inLanguage\":\"de\",\"@id\":\"https:\\\/\\\/schoenstatt.com\\\/de\\\/in-mission\\\/gesellschaft\\\/la-ladrillera\\\/#primaryimage\",\"url\":\"https:\\\/\\\/schoenstatt.com\\\/wp-content\\\/uploads\\\/2024\\\/06\\\/social-1.jpg\",\"contentUrl\":\"https:\\\/\\\/schoenstatt.com\\\/wp-content\\\/uploads\\\/2024\\\/06\\\/social-1.jpg\",\"width\":2048,\"height\":624,\"caption\":\"society projects\"},{\"@type\":\"BreadcrumbList\",\"@id\":\"https:\\\/\\\/schoenstatt.com\\\/de\\\/in-mission\\\/gesellschaft\\\/la-ladrillera\\\/#breadcrumb\",\"itemListElement\":[{\"@type\":\"ListItem\",\"position\":1,\"name\":\"Portada\",\"item\":\"https:\\\/\\\/schoenstatt.com\\\/de\\\/home\\\/\"},{\"@type\":\"ListItem\",\"position\":2,\"name\":\"In Mission\",\"item\":\"https:\\\/\\\/schoenstatt.com\\\/de\\\/in-mission\\\/\"},{\"@type\":\"ListItem\",\"position\":3,\"name\":\"Gesellschaft\",\"item\":\"https:\\\/\\\/schoenstatt.com\\\/de\\\/in-mission\\\/society\\\/\"},{\"@type\":\"ListItem\",\"position\":4,\"name\":\"La Ladrillera\"}]},{\"@type\":\"WebSite\",\"@id\":\"https:\\\/\\\/schoenstatt.com\\\/de\\\/#website\",\"url\":\"https:\\\/\\\/schoenstatt.com\\\/de\\\/\",\"name\":\"Schoenstatt\",\"description\":\"Apostolic Movement\",\"publisher\":{\"@id\":\"https:\\\/\\\/schoenstatt.com\\\/de\\\/#organization\"},\"potentialAction\":[{\"@type\":\"SearchAction\",\"target\":{\"@type\":\"EntryPoint\",\"urlTemplate\":\"https:\\\/\\\/schoenstatt.com\\\/de\\\/?s={search_term_string}\"},\"query-input\":{\"@type\":\"PropertyValueSpecification\",\"valueRequired\":true,\"valueName\":\"search_term_string\"}}],\"inLanguage\":\"de\"},{\"@type\":\"Organization\",\"@id\":\"https:\\\/\\\/schoenstatt.com\\\/de\\\/#organization\",\"name\":\"Schoenstatt\",\"url\":\"https:\\\/\\\/schoenstatt.com\\\/de\\\/\",\"logo\":{\"@type\":\"ImageObject\",\"inLanguage\":\"de\",\"@id\":\"https:\\\/\\\/schoenstatt.com\\\/de\\\/#\\\/schema\\\/logo\\\/image\\\/\",\"url\":\"https:\\\/\\\/schoenstatt.com\\\/wp-content\\\/uploads\\\/2025\\\/04\\\/logo-schoenstatt-white-696x696-1.png\",\"contentUrl\":\"https:\\\/\\\/schoenstatt.com\\\/wp-content\\\/uploads\\\/2025\\\/04\\\/logo-schoenstatt-white-696x696-1.png\",\"width\":696,\"height\":694,\"caption\":\"Schoenstatt\"},\"image\":{\"@id\":\"https:\\\/\\\/schoenstatt.com\\\/de\\\/#\\\/schema\\\/logo\\\/image\\\/\"}}]}<\/script>\n<!-- \/ Yoast SEO Premium plugin. -->","yoast_head_json":{"title":"La Ladrillera - Schoenstatt","description":"Diese internationale Stiftung hat ihren Hauptsitz in Nigeria und verf\u00fcgt \u00fcber weitere Niederlassungen in Ecuador, Peru und Kolumbien.","robots":{"index":"index","follow":"follow","max-snippet":"max-snippet:-1","max-image-preview":"max-image-preview:large","max-video-preview":"max-video-preview:-1"},"canonical":"https:\/\/schoenstatt.com\/de\/in-mission\/gesellschaft\/la-ladrillera\/","og_locale":"de_DE","og_type":"article","og_title":"La Ladrillera","og_description":"Diese internationale Stiftung hat ihren Hauptsitz in Nigeria und verf\u00fcgt \u00fcber weitere Niederlassungen in Ecuador, Peru und Kolumbien.","og_url":"https:\/\/schoenstatt.com\/de\/in-mission\/gesellschaft\/la-ladrillera\/","og_site_name":"Schoenstatt","article_modified_time":"2025-05-28T21:27:03+00:00","og_image":[{"width":2048,"height":624,"url":"https:\/\/schoenstatt.com\/wp-content\/uploads\/2024\/06\/social-1.jpg","type":"image\/jpeg"}],"twitter_card":"summary_large_image","twitter_misc":{"Gesch\u00e4tzte Lesezeit":"2\u00a0Minuten"},"schema":{"@context":"https:\/\/schema.org","@graph":[{"@type":"WebPage","@id":"https:\/\/schoenstatt.com\/de\/in-mission\/gesellschaft\/la-ladrillera\/","url":"https:\/\/schoenstatt.com\/de\/in-mission\/gesellschaft\/la-ladrillera\/","name":"La Ladrillera - Schoenstatt","isPartOf":{"@id":"https:\/\/schoenstatt.com\/de\/#website"},"primaryImageOfPage":{"@id":"https:\/\/schoenstatt.com\/de\/in-mission\/gesellschaft\/la-ladrillera\/#primaryimage"},"image":{"@id":"https:\/\/schoenstatt.com\/de\/in-mission\/gesellschaft\/la-ladrillera\/#primaryimage"},"thumbnailUrl":"https:\/\/schoenstatt.com\/wp-content\/uploads\/2024\/06\/social-1.jpg","datePublished":"2024-06-26T14:41:17+00:00","dateModified":"2025-05-28T21:27:03+00:00","description":"Diese internationale Stiftung hat ihren Hauptsitz in Nigeria und verf\u00fcgt \u00fcber weitere Niederlassungen in Ecuador, Peru und Kolumbien.","breadcrumb":{"@id":"https:\/\/schoenstatt.com\/de\/in-mission\/gesellschaft\/la-ladrillera\/#breadcrumb"},"inLanguage":"de","potentialAction":[{"@type":"ReadAction","target":["https:\/\/schoenstatt.com\/de\/in-mission\/gesellschaft\/la-ladrillera\/"]}]},{"@type":"ImageObject","inLanguage":"de","@id":"https:\/\/schoenstatt.com\/de\/in-mission\/gesellschaft\/la-ladrillera\/#primaryimage","url":"https:\/\/schoenstatt.com\/wp-content\/uploads\/2024\/06\/social-1.jpg","contentUrl":"https:\/\/schoenstatt.com\/wp-content\/uploads\/2024\/06\/social-1.jpg","width":2048,"height":624,"caption":"society projects"},{"@type":"BreadcrumbList","@id":"https:\/\/schoenstatt.com\/de\/in-mission\/gesellschaft\/la-ladrillera\/#breadcrumb","itemListElement":[{"@type":"ListItem","position":1,"name":"Portada","item":"https:\/\/schoenstatt.com\/de\/home\/"},{"@type":"ListItem","position":2,"name":"In Mission","item":"https:\/\/schoenstatt.com\/de\/in-mission\/"},{"@type":"ListItem","position":3,"name":"Gesellschaft","item":"https:\/\/schoenstatt.com\/de\/in-mission\/society\/"},{"@type":"ListItem","position":4,"name":"La Ladrillera"}]},{"@type":"WebSite","@id":"https:\/\/schoenstatt.com\/de\/#website","url":"https:\/\/schoenstatt.com\/de\/","name":"Schoenstatt","description":"Apostolic Movement","publisher":{"@id":"https:\/\/schoenstatt.com\/de\/#organization"},"potentialAction":[{"@type":"SearchAction","target":{"@type":"EntryPoint","urlTemplate":"https:\/\/schoenstatt.com\/de\/?s={search_term_string}"},"query-input":{"@type":"PropertyValueSpecification","valueRequired":true,"valueName":"search_term_string"}}],"inLanguage":"de"},{"@type":"Organization","@id":"https:\/\/schoenstatt.com\/de\/#organization","name":"Schoenstatt","url":"https:\/\/schoenstatt.com\/de\/","logo":{"@type":"ImageObject","inLanguage":"de","@id":"https:\/\/schoenstatt.com\/de\/#\/schema\/logo\/image\/","url":"https:\/\/schoenstatt.com\/wp-content\/uploads\/2025\/04\/logo-schoenstatt-white-696x696-1.png","contentUrl":"https:\/\/schoenstatt.com\/wp-content\/uploads\/2025\/04\/logo-schoenstatt-white-696x696-1.png","width":696,"height":694,"caption":"Schoenstatt"},"image":{"@id":"https:\/\/schoenstatt.com\/de\/#\/schema\/logo\/image\/"}}]}},"_links":{"self":[{"href":"https:\/\/schoenstatt.com\/de\/wp-json\/wp\/v2\/pages\/58591","targetHints":{"allow":["GET"]}}],"collection":[{"href":"https:\/\/schoenstatt.com\/de\/wp-json\/wp\/v2\/pages"}],"about":[{"href":"https:\/\/schoenstatt.com\/de\/wp-json\/wp\/v2\/types\/page"}],"author":[{"embeddable":true,"href":"https:\/\/schoenstatt.com\/de\/wp-json\/wp\/v2\/users\/3"}],"replies":[{"embeddable":true,"href":"https:\/\/schoenstatt.com\/de\/wp-json\/wp\/v2\/comments?post=58591"}],"version-history":[{"count":1,"href":"https:\/\/schoenstatt.com\/de\/wp-json\/wp\/v2\/pages\/58591\/revisions"}],"predecessor-version":[{"id":58594,"href":"https:\/\/schoenstatt.com\/de\/wp-json\/wp\/v2\/pages\/58591\/revisions\/58594"}],"up":[{"embeddable":true,"href":"https:\/\/schoenstatt.com\/de\/wp-json\/wp\/v2\/pages\/43865"}],"wp:featuredmedia":[{"embeddable":true,"href":"https:\/\/schoenstatt.com\/de\/wp-json\/wp\/v2\/media\/58581"}],"wp:attachment":[{"href":"https:\/\/schoenstatt.com\/de\/wp-json\/wp\/v2\/media?parent=58591"}],"curies":[{"name":"wp","href":"https:\/\/api.w.org\/{rel}","templated":true}]}}