{"id":43865,"date":"2024-06-26T19:53:57","date_gmt":"2024-06-26T17:53:57","guid":{"rendered":"https:\/\/schoenstatt.com\/in-mission\/gesellschaft\/"},"modified":"2025-05-29T00:03:19","modified_gmt":"2025-05-28T22:03:19","slug":"gesellschaft","status":"publish","type":"page","link":"https:\/\/schoenstatt.com\/de\/in-mission\/gesellschaft\/","title":{"rendered":"Gesellschaft"},"content":{"rendered":"\t\t<div data-elementor-type=\"wp-page\" data-elementor-id=\"43865\" class=\"elementor elementor-43865 elementor-37871\" data-elementor-post-type=\"page\">\n\t\t\t\t<div class=\"elementor-element elementor-element-1564f961 e-flex e-con-boxed e-con e-parent\" data-id=\"1564f961\" data-element_type=\"container\" data-e-type=\"container\" data-settings=\"{&quot;background_background&quot;:&quot;classic&quot;}\">\n\t\t\t\t\t<div class=\"e-con-inner\">\n\t\t<div class=\"elementor-element elementor-element-3761b22d e-flex e-con-boxed e-con e-child\" data-id=\"3761b22d\" data-element_type=\"container\" data-e-type=\"container\">\n\t\t\t\t\t<div class=\"e-con-inner\">\n\t\t\t\t<div class=\"elementor-element elementor-element-39f414f elementor-widget elementor-widget-heading\" data-id=\"39f414f\" data-element_type=\"widget\" data-e-type=\"widget\" data-widget_type=\"heading.default\">\n\t\t\t\t<div class=\"elementor-widget-container\">\n\t\t\t\t\t<p class=\"elementor-heading-title elementor-size-default\">Sch\u00f6nstatt ist Mission: Die Fr\u00fcchte des Liebesb\u00fcndnisses<\/p>\t\t\t\t<\/div>\n\t\t\t\t<\/div>\n\t\t\t\t\t<\/div>\n\t\t\t\t<\/div>\n\t\t\t\t\t<\/div>\n\t\t\t\t<\/div>\n\t\t<div class=\"elementor-element elementor-element-3b61e6e e-flex e-con-boxed e-con e-parent\" data-id=\"3b61e6e\" data-element_type=\"container\" data-e-type=\"container\">\n\t\t\t\t\t<div class=\"e-con-inner\">\n\t\t\t\t<div class=\"elementor-element elementor-element-627083c elementor-blockquote--skin-border elementor-widget elementor-widget-blockquote\" data-id=\"627083c\" data-element_type=\"widget\" data-e-type=\"widget\" data-widget_type=\"blockquote.default\">\n\t\t\t\t<div class=\"elementor-widget-container\">\n\t\t\t\t\t\t\t<blockquote class=\"elementor-blockquote\">\n\t\t\t<p class=\"elementor-blockquote__content\">\n\t\t\t\tDie Sch\u00f6nstattbewegung ist fest entschlossen, in der Entwicklung der Gesellschaft eine Rolle zu spielen. Unsere Initiativen haben eine echte soziale Wirkung und zielen darauf ab, den am meisten Benachteiligten zu helfen. Wir unterst\u00fctzen Schulen, Kinderg\u00e4rten, Resozialisierungsprojekte, Berufsausbildungskurse und viele andere Initiativen. Inspiriert und motiviert durch das Liebesb\u00fcndnis wollen wir positive und sinnvolle Ver\u00e4nderungen in der Welt bewirken.   \t\t\t<\/p>\n\t\t\t\t\t<\/blockquote>\n\t\t\t\t\t\t<\/div>\n\t\t\t\t<\/div>\n\t\t\t\t\t<\/div>\n\t\t\t\t<\/div>\n\t\t<div class=\"elementor-element elementor-element-612fd273 e-flex e-con-boxed e-con e-child\" data-id=\"612fd273\" data-element_type=\"container\" data-e-type=\"container\">\n\t\t\t\t\t<div class=\"e-con-inner\">\n\t\t<div class=\"elementor-element elementor-element-57ab2ae1 e-con-full e-flex e-con e-child\" data-id=\"57ab2ae1\" data-element_type=\"container\" data-e-type=\"container\" data-settings=\"{&quot;background_background&quot;:&quot;classic&quot;}\">\n\t\t<div class=\"elementor-element elementor-element-38563e6c e-con-full e-flex e-con e-child\" data-id=\"38563e6c\" data-element_type=\"container\" data-e-type=\"container\" data-settings=\"{&quot;background_background&quot;:&quot;classic&quot;}\">\n\t\t\t\t<div class=\"elementor-element elementor-element-1e815d5d elementor-cta--layout-image-left elementor-cta--tablet-layout-image-above elementor-cta--skin-classic elementor-animated-content elementor-bg-transform elementor-bg-transform-zoom-in elementor-widget elementor-widget-call-to-action\" data-id=\"1e815d5d\" data-element_type=\"widget\" data-e-type=\"widget\" data-widget_type=\"call-to-action.default\">\n\t\t\t\t<div class=\"elementor-widget-container\">\n\t\t\t\t\t\t\t<a class=\"elementor-cta\" href=\"https:\/\/schoenstatt.com\/in-mission\/society\/la-nazarena\/\">\n\t\t\t\t\t<div class=\"elementor-cta__bg-wrapper\">\n\t\t\t\t<div class=\"elementor-cta__bg elementor-bg\" style=\"background-image: url(https:\/\/schoenstatt.com\/wp-content\/uploads\/2024\/06\/WhatsApp-Image-2019-11-18-at-23.08.38.jpeg);\" role=\"img\" aria-label=\"\"><\/div>\n\t\t\t\t<div class=\"elementor-cta__bg-overlay\"><\/div>\n\t\t\t<\/div>\n\t\t\t\t\t\t\t<div class=\"elementor-cta__content\">\n\t\t\t\t\n\t\t\t\t\t\t\t\t\t<h2 class=\"elementor-cta__title elementor-cta__content-item elementor-content-item\">\n\t\t\t\t\t\tLa Nazarena\t\t\t\t\t<\/h2>\n\t\t\t\t\n\t\t\t\t\t\t\t\t\t<div class=\"elementor-cta__description elementor-cta__content-item elementor-content-item\">\n\t\t\t\t\t\tDieses Projekt zielt darauf ab, bed\u00fcrftige Menschen durch Initiativen in den Bereichen Bildung, Arbeit und Gesundheit zu unterst\u00fctzen, auszubilden und zu st\u00e4rken.\t\t\t\t\t<\/div>\n\t\t\t\t\n\t\t\t\t\t\t\t\t\t<div class=\"elementor-cta__button-wrapper elementor-cta__content-item elementor-content-item \">\n\t\t\t\t\t<span class=\"elementor-cta__button elementor-button elementor-size-xs\">\n\t\t\t\t\t\tmehr lesen\t\t\t\t\t<\/span>\n\t\t\t\t\t<\/div>\n\t\t\t\t\t\t\t<\/div>\n\t\t\t\t\t\t<\/a>\n\t\t\t\t\t\t<\/div>\n\t\t\t\t<\/div>\n\t\t\t\t<\/div>\n\t\t\t\t<\/div>\n\t\t<div class=\"elementor-element elementor-element-2fa1049e e-con-full e-flex e-con e-child\" data-id=\"2fa1049e\" data-element_type=\"container\" data-e-type=\"container\" data-settings=\"{&quot;background_background&quot;:&quot;classic&quot;}\">\n\t\t\t\t<div class=\"elementor-element elementor-element-664bc247 elementor-cta--layout-image-right elementor-cta--tablet-layout-image-above elementor-cta--skin-classic elementor-animated-content elementor-bg-transform elementor-bg-transform-zoom-in elementor-widget elementor-widget-call-to-action\" data-id=\"664bc247\" data-element_type=\"widget\" data-e-type=\"widget\" data-widget_type=\"call-to-action.default\">\n\t\t\t\t<div class=\"elementor-widget-container\">\n\t\t\t\t\t\t\t<div class=\"elementor-cta\">\n\t\t\t\t\t<div class=\"elementor-cta__bg-wrapper\">\n\t\t\t\t<div class=\"elementor-cta__bg elementor-bg\" style=\"background-image: url(https:\/\/schoenstatt.com\/wp-content\/uploads\/2024\/06\/IMG_8403-rotated-1.jpg);\" role=\"img\" aria-label=\"\"><\/div>\n\t\t\t\t<div class=\"elementor-cta__bg-overlay\"><\/div>\n\t\t\t<\/div>\n\t\t\t\t\t\t\t<div class=\"elementor-cta__content\">\n\t\t\t\t\n\t\t\t\t\t\t\t\t\t<h2 class=\"elementor-cta__title elementor-cta__content-item elementor-content-item\">\n\t\t\t\t\t\tLa Ladrillera \t\t\t\t\t<\/h2>\n\t\t\t\t\n\t\t\t\t\t\t\t\t\t<div class=\"elementor-cta__description elementor-cta__content-item elementor-content-item\">\n\t\t\t\t\t\tEine helfende Hand f\u00fcr 120 Familien, die ihnen gibt, was sie brauchen, und ihnen hilft, in einer f\u00fcrsorglichen Gemeinschaft zusammenzuwachsen, ganz im Sinne der von Sch\u00f6nstatt inspirierten Werte des Mitgef\u00fchls und der Unterst\u00fctzung.\t\t\t\t\t<\/div>\n\t\t\t\t\n\t\t\t\t\t\t\t\t\t<div class=\"elementor-cta__button-wrapper elementor-cta__content-item elementor-content-item \">\n\t\t\t\t\t<a class=\"elementor-cta__button elementor-button elementor-size-xs\" href=\"https:\/\/schoenstatt.com\/in-mission\/society\/la-ladrillera\/\">\n\t\t\t\t\t\tmehr lesen\t\t\t\t\t<\/a>\n\t\t\t\t\t<\/div>\n\t\t\t\t\t\t\t<\/div>\n\t\t\t\t\t\t<\/div>\n\t\t\t\t\t\t<\/div>\n\t\t\t\t<\/div>\n\t\t\t\t<\/div>\n\t\t\t\t\t<\/div>\n\t\t\t\t<\/div>\n\t\t<div class=\"elementor-element elementor-element-6301f9b2 e-flex e-con-boxed e-con e-child\" data-id=\"6301f9b2\" data-element_type=\"container\" data-e-type=\"container\" id=\"society-top\">\n\t\t\t\t\t<div class=\"e-con-inner\">\n\t\t<div class=\"elementor-element elementor-element-567ca81d e-con-full e-flex e-con e-child\" data-id=\"567ca81d\" data-element_type=\"container\" data-e-type=\"container\" data-settings=\"{&quot;background_background&quot;:&quot;classic&quot;}\">\n\t\t\t\t<div class=\"elementor-element elementor-element-2a232973 elementor-cta--layout-image-left elementor-cta--tablet-layout-image-above elementor-cta--skin-classic elementor-animated-content elementor-bg-transform elementor-bg-transform-zoom-in elementor-widget elementor-widget-call-to-action\" data-id=\"2a232973\" data-element_type=\"widget\" data-e-type=\"widget\" data-widget_type=\"call-to-action.default\">\n\t\t\t\t<div class=\"elementor-widget-container\">\n\t\t\t\t\t\t\t<a class=\"elementor-cta\" href=\"https:\/\/schoenstatt.com\/in-mission\/society\/ciees\/\">\n\t\t\t\t\t<div class=\"elementor-cta__bg-wrapper\">\n\t\t\t\t<div class=\"elementor-cta__bg elementor-bg\" style=\"background-image: url(https:\/\/schoenstatt.com\/wp-content\/uploads\/2024\/06\/FB_IMG_1576507781918.jpg);\" role=\"img\" aria-label=\"\"><\/div>\n\t\t\t\t<div class=\"elementor-cta__bg-overlay\"><\/div>\n\t\t\t<\/div>\n\t\t\t\t\t\t\t<div class=\"elementor-cta__content\">\n\t\t\t\t\n\t\t\t\t\t\t\t\t\t<h2 class=\"elementor-cta__title elementor-cta__content-item elementor-content-item\">\n\t\t\t\t\t\tCIEES\t\t\t\t\t<\/h2>\n\t\t\t\t\n\t\t\t\t\t\t\t\t\t<div class=\"elementor-cta__description elementor-cta__content-item elementor-content-item\">\n\t\t\t\t\t\tEin Netzwerk zur F\u00f6rderung der P\u00e4dagogik und Spiritualit\u00e4t von Pater J. Kentenich in der Gesch\u00e4ftswelt, das durch F\u00fchrungsqualit\u00e4ten und internationale Kongresse inspirieren und evangelisieren will.\t\t\t\t\t<\/div>\n\t\t\t\t\n\t\t\t\t\t\t\t\t\t<div class=\"elementor-cta__button-wrapper elementor-cta__content-item elementor-content-item \">\n\t\t\t\t\t<span class=\"elementor-cta__button elementor-button elementor-size-xs\">\n\t\t\t\t\t\tmehr lesen\t\t\t\t\t<\/span>\n\t\t\t\t\t<\/div>\n\t\t\t\t\t\t\t<\/div>\n\t\t\t\t\t\t<\/a>\n\t\t\t\t\t\t<\/div>\n\t\t\t\t<\/div>\n\t\t\t\t<\/div>\n\t\t<div class=\"elementor-element elementor-element-7a400513 e-con-full e-flex e-con e-child\" data-id=\"7a400513\" data-element_type=\"container\" data-e-type=\"container\" data-settings=\"{&quot;background_background&quot;:&quot;classic&quot;}\">\n\t\t<div class=\"elementor-element elementor-element-1c8df0cf e-con-full e-flex e-con e-child\" data-id=\"1c8df0cf\" data-element_type=\"container\" data-e-type=\"container\" data-settings=\"{&quot;background_background&quot;:&quot;classic&quot;}\">\n\t\t\t\t<div class=\"elementor-element elementor-element-69dc8ca3 elementor-cta--layout-image-right elementor-cta--tablet-layout-image-above elementor-cta--skin-classic elementor-animated-content elementor-bg-transform elementor-bg-transform-zoom-in elementor-widget elementor-widget-call-to-action\" data-id=\"69dc8ca3\" data-element_type=\"widget\" data-e-type=\"widget\" data-widget_type=\"call-to-action.default\">\n\t\t\t\t<div class=\"elementor-widget-container\">\n\t\t\t\t\t\t\t<a class=\"elementor-cta\" href=\"https:\/\/schoenstatt.com\/in-mission\/society\/mariya-arafasha-foundation\/\">\n\t\t\t\t\t<div class=\"elementor-cta__bg-wrapper\">\n\t\t\t\t<div class=\"elementor-cta__bg elementor-bg\" style=\"background-image: url(https:\/\/schoenstatt.com\/wp-content\/uploads\/2024\/06\/dsc00644-copie-1.jpg);\" role=\"img\" aria-label=\"\"><\/div>\n\t\t\t\t<div class=\"elementor-cta__bg-overlay\"><\/div>\n\t\t\t<\/div>\n\t\t\t\t\t\t\t<div class=\"elementor-cta__content\">\n\t\t\t\t\n\t\t\t\t\t\t\t\t\t<h2 class=\"elementor-cta__title elementor-cta__content-item elementor-content-item\">\n\t\t\t\t\t\tMariya-Arafasha-Stiftung\t\t\t\t\t<\/h2>\n\t\t\t\t\n\t\t\t\t\t\t\t\t\t<div class=\"elementor-cta__description elementor-cta__content-item elementor-content-item\">\n\t\t\t\t\t\tF\u00f6rderung von Vers\u00f6hnung, Bildung und Entwicklung mit den Schwerpunkten soziale Integration, Jugendbildung und Armutsbek\u00e4mpfung.\t\t\t\t\t<\/div>\n\t\t\t\t\n\t\t\t\t\t\t\t\t\t<div class=\"elementor-cta__button-wrapper elementor-cta__content-item elementor-content-item \">\n\t\t\t\t\t<span class=\"elementor-cta__button elementor-button elementor-size-xs\">\n\t\t\t\t\t\tmehr lesen\t\t\t\t\t<\/span>\n\t\t\t\t\t<\/div>\n\t\t\t\t\t\t\t<\/div>\n\t\t\t\t\t\t<\/a>\n\t\t\t\t\t\t<\/div>\n\t\t\t\t<\/div>\n\t\t\t\t<\/div>\n\t\t\t\t<\/div>\n\t\t\t\t\t<\/div>\n\t\t\t\t<\/div>\n\t\t<div class=\"elementor-element elementor-element-62870b15 e-flex e-con-boxed e-con e-child\" data-id=\"62870b15\" data-element_type=\"container\" data-e-type=\"container\">\n\t\t\t\t\t<div class=\"e-con-inner\">\n\t\t<div class=\"elementor-element elementor-element-5e000d2 e-con-full e-flex e-con e-child\" data-id=\"5e000d2\" data-element_type=\"container\" data-e-type=\"container\" data-settings=\"{&quot;background_background&quot;:&quot;classic&quot;}\">\n\t\t\t\t<div class=\"elementor-element elementor-element-700af881 elementor-cta--layout-image-right elementor-cta--tablet-layout-image-above elementor-cta--skin-classic elementor-animated-content elementor-bg-transform elementor-bg-transform-zoom-in elementor-widget elementor-widget-call-to-action\" data-id=\"700af881\" data-element_type=\"widget\" data-e-type=\"widget\" data-widget_type=\"call-to-action.default\">\n\t\t\t\t<div class=\"elementor-widget-container\">\n\t\t\t\t\t\t\t<a class=\"elementor-cta\" href=\"https:\/\/schoenstatt.com\/in-mission\/society\/mother-house\/\">\n\t\t\t\t\t<div class=\"elementor-cta__bg-wrapper\">\n\t\t\t\t<div class=\"elementor-cta__bg elementor-bg\" style=\"background-image: url(https:\/\/schoenstatt.com\/wp-content\/uploads\/2024\/06\/Casa-Madre1.jpg);\" role=\"img\" aria-label=\"\"><\/div>\n\t\t\t\t<div class=\"elementor-cta__bg-overlay\"><\/div>\n\t\t\t<\/div>\n\t\t\t\t\t\t\t<div class=\"elementor-cta__content\">\n\t\t\t\t\n\t\t\t\t\t\t\t\t\t<h2 class=\"elementor-cta__title elementor-cta__content-item elementor-content-item\">\n\t\t\t\t\t\tMutterhaus von Tuparenda\t\t\t\t\t<\/h2>\n\t\t\t\t\n\t\t\t\t\t\t\t\t\t<div class=\"elementor-cta__description elementor-cta__content-item elementor-content-item\">\n\t\t\t\t\t\tDieses sozialp\u00e4dagogische Programm zielt darauf ab, junge M\u00e4nner, denen die Freiheit entzogen wurde, zu rehabilitieren und wieder in die Gesellschaft einzugliedern. Dies geschieht durch individuelle Programme, die sich auf Bildung, Arbeit und soziale Kompetenzen konzentrieren.\t\t\t\t\t<\/div>\n\t\t\t\t\n\t\t\t\t\t\t\t\t\t<div class=\"elementor-cta__button-wrapper elementor-cta__content-item elementor-content-item \">\n\t\t\t\t\t<span class=\"elementor-cta__button elementor-button elementor-size-xs\">\n\t\t\t\t\t\tmehr lesen\t\t\t\t\t<\/span>\n\t\t\t\t\t<\/div>\n\t\t\t\t\t\t\t<\/div>\n\t\t\t\t\t\t<\/a>\n\t\t\t\t\t\t<\/div>\n\t\t\t\t<\/div>\n\t\t\t\t<\/div>\n\t\t\t\t\t<\/div>\n\t\t\t\t<\/div>\n\t\t\t\t<\/div>\n\t\t","protected":false},"excerpt":{"rendered":"<p>Sch\u00f6nstatt ist Mission: Die Fr\u00fcchte des Liebesb\u00fcndnisses<\/p>\n","protected":false},"author":2,"featured_media":37873,"parent":57983,"menu_order":0,"comment_status":"closed","ping_status":"closed","template":"","meta":{"footnotes":""},"class_list":["post-43865","page","type-page","status-publish","has-post-thumbnail","hentry"],"yoast_head":"<!-- This site is optimized with the Yoast SEO Premium plugin v27.4 (Yoast SEO v27.4) - https:\/\/yoast.com\/product\/yoast-seo-premium-wordpress\/ -->\n<title>Gesellschaft - Schoenstatt<\/title>\n<meta name=\"description\" content=\"Unterst\u00fctzen, erziehen und bef\u00e4higen Sie Menschen in Not. Erfahren Sie mehr \u00fcber Sch\u00f6nstatt-Initiativen f\u00fcr die Gesellschaft.\" \/>\n<meta name=\"robots\" content=\"index, follow, max-snippet:-1, max-image-preview:large, max-video-preview:-1\" \/>\n<link rel=\"canonical\" href=\"https:\/\/schoenstatt.com\/de\/in-mission\/gesellschaft\/\" \/>\n<meta property=\"og:locale\" content=\"de_DE\" \/>\n<meta property=\"og:type\" content=\"article\" \/>\n<meta property=\"og:title\" content=\"Gesellschaft\" \/>\n<meta property=\"og:description\" content=\"Unterst\u00fctzen, erziehen und bef\u00e4higen Sie Menschen in Not. Erfahren Sie mehr \u00fcber Sch\u00f6nstatt-Initiativen f\u00fcr die Gesellschaft.\" \/>\n<meta property=\"og:url\" content=\"https:\/\/schoenstatt.com\/de\/in-mission\/gesellschaft\/\" \/>\n<meta property=\"og:site_name\" content=\"Schoenstatt\" \/>\n<meta property=\"article:modified_time\" content=\"2025-05-28T22:03:19+00:00\" \/>\n<meta property=\"og:image\" content=\"https:\/\/schoenstatt.com\/wp-content\/uploads\/2024\/06\/WhatsApp-Image-2019-11-18-at-23.08.38-2-3.jpeg\" \/>\n\t<meta property=\"og:image:width\" content=\"1080\" \/>\n\t<meta property=\"og:image:height\" content=\"976\" \/>\n\t<meta property=\"og:image:type\" content=\"image\/jpeg\" \/>\n<meta name=\"twitter:card\" content=\"summary_large_image\" \/>\n<meta name=\"twitter:label1\" content=\"Gesch\u00e4tzte Lesezeit\" \/>\n\t<meta name=\"twitter:data1\" content=\"1\u00a0Minute\" \/>\n<script type=\"application\/ld+json\" class=\"yoast-schema-graph\">{\"@context\":\"https:\\\/\\\/schema.org\",\"@graph\":[{\"@type\":\"WebPage\",\"@id\":\"https:\\\/\\\/schoenstatt.com\\\/de\\\/in-mission\\\/gesellschaft\\\/\",\"url\":\"https:\\\/\\\/schoenstatt.com\\\/de\\\/in-mission\\\/gesellschaft\\\/\",\"name\":\"Gesellschaft - Schoenstatt\",\"isPartOf\":{\"@id\":\"https:\\\/\\\/schoenstatt.com\\\/de\\\/#website\"},\"primaryImageOfPage\":{\"@id\":\"https:\\\/\\\/schoenstatt.com\\\/de\\\/in-mission\\\/gesellschaft\\\/#primaryimage\"},\"image\":{\"@id\":\"https:\\\/\\\/schoenstatt.com\\\/de\\\/in-mission\\\/gesellschaft\\\/#primaryimage\"},\"thumbnailUrl\":\"https:\\\/\\\/schoenstatt.com\\\/wp-content\\\/uploads\\\/2024\\\/06\\\/WhatsApp-Image-2019-11-18-at-23.08.38-2-3.jpeg\",\"datePublished\":\"2024-06-26T17:53:57+00:00\",\"dateModified\":\"2025-05-28T22:03:19+00:00\",\"description\":\"Unterst\u00fctzen, erziehen und bef\u00e4higen Sie Menschen in Not. Erfahren Sie mehr \u00fcber Sch\u00f6nstatt-Initiativen f\u00fcr die Gesellschaft.\",\"breadcrumb\":{\"@id\":\"https:\\\/\\\/schoenstatt.com\\\/de\\\/in-mission\\\/gesellschaft\\\/#breadcrumb\"},\"inLanguage\":\"de\",\"potentialAction\":[{\"@type\":\"ReadAction\",\"target\":[\"https:\\\/\\\/schoenstatt.com\\\/de\\\/in-mission\\\/gesellschaft\\\/\"]}]},{\"@type\":\"ImageObject\",\"inLanguage\":\"de\",\"@id\":\"https:\\\/\\\/schoenstatt.com\\\/de\\\/in-mission\\\/gesellschaft\\\/#primaryimage\",\"url\":\"https:\\\/\\\/schoenstatt.com\\\/wp-content\\\/uploads\\\/2024\\\/06\\\/WhatsApp-Image-2019-11-18-at-23.08.38-2-3.jpeg\",\"contentUrl\":\"https:\\\/\\\/schoenstatt.com\\\/wp-content\\\/uploads\\\/2024\\\/06\\\/WhatsApp-Image-2019-11-18-at-23.08.38-2-3.jpeg\",\"width\":1080,\"height\":976,\"caption\":\"background image of the header of Institute of Diocesan Priests\"},{\"@type\":\"BreadcrumbList\",\"@id\":\"https:\\\/\\\/schoenstatt.com\\\/de\\\/in-mission\\\/gesellschaft\\\/#breadcrumb\",\"itemListElement\":[{\"@type\":\"ListItem\",\"position\":1,\"name\":\"Portada\",\"item\":\"https:\\\/\\\/schoenstatt.com\\\/de\\\/home\\\/\"},{\"@type\":\"ListItem\",\"position\":2,\"name\":\"In Mission\",\"item\":\"https:\\\/\\\/schoenstatt.com\\\/de\\\/in-mission\\\/\"},{\"@type\":\"ListItem\",\"position\":3,\"name\":\"Gesellschaft\"}]},{\"@type\":\"WebSite\",\"@id\":\"https:\\\/\\\/schoenstatt.com\\\/de\\\/#website\",\"url\":\"https:\\\/\\\/schoenstatt.com\\\/de\\\/\",\"name\":\"Schoenstatt\",\"description\":\"Apostolic Movement\",\"publisher\":{\"@id\":\"https:\\\/\\\/schoenstatt.com\\\/de\\\/#organization\"},\"potentialAction\":[{\"@type\":\"SearchAction\",\"target\":{\"@type\":\"EntryPoint\",\"urlTemplate\":\"https:\\\/\\\/schoenstatt.com\\\/de\\\/?s={search_term_string}\"},\"query-input\":{\"@type\":\"PropertyValueSpecification\",\"valueRequired\":true,\"valueName\":\"search_term_string\"}}],\"inLanguage\":\"de\"},{\"@type\":\"Organization\",\"@id\":\"https:\\\/\\\/schoenstatt.com\\\/de\\\/#organization\",\"name\":\"Schoenstatt\",\"url\":\"https:\\\/\\\/schoenstatt.com\\\/de\\\/\",\"logo\":{\"@type\":\"ImageObject\",\"inLanguage\":\"de\",\"@id\":\"https:\\\/\\\/schoenstatt.com\\\/de\\\/#\\\/schema\\\/logo\\\/image\\\/\",\"url\":\"https:\\\/\\\/schoenstatt.com\\\/wp-content\\\/uploads\\\/2025\\\/04\\\/logo-schoenstatt-white-696x696-1.png\",\"contentUrl\":\"https:\\\/\\\/schoenstatt.com\\\/wp-content\\\/uploads\\\/2025\\\/04\\\/logo-schoenstatt-white-696x696-1.png\",\"width\":696,\"height\":694,\"caption\":\"Schoenstatt\"},\"image\":{\"@id\":\"https:\\\/\\\/schoenstatt.com\\\/de\\\/#\\\/schema\\\/logo\\\/image\\\/\"}}]}<\/script>\n<!-- \/ Yoast SEO Premium plugin. -->","yoast_head_json":{"title":"Gesellschaft - Schoenstatt","description":"Unterst\u00fctzen, erziehen und bef\u00e4higen Sie Menschen in Not. Erfahren Sie mehr \u00fcber Sch\u00f6nstatt-Initiativen f\u00fcr die Gesellschaft.","robots":{"index":"index","follow":"follow","max-snippet":"max-snippet:-1","max-image-preview":"max-image-preview:large","max-video-preview":"max-video-preview:-1"},"canonical":"https:\/\/schoenstatt.com\/de\/in-mission\/gesellschaft\/","og_locale":"de_DE","og_type":"article","og_title":"Gesellschaft","og_description":"Unterst\u00fctzen, erziehen und bef\u00e4higen Sie Menschen in Not. Erfahren Sie mehr \u00fcber Sch\u00f6nstatt-Initiativen f\u00fcr die Gesellschaft.","og_url":"https:\/\/schoenstatt.com\/de\/in-mission\/gesellschaft\/","og_site_name":"Schoenstatt","article_modified_time":"2025-05-28T22:03:19+00:00","og_image":[{"width":1080,"height":976,"url":"https:\/\/schoenstatt.com\/wp-content\/uploads\/2024\/06\/WhatsApp-Image-2019-11-18-at-23.08.38-2-3.jpeg","type":"image\/jpeg"}],"twitter_card":"summary_large_image","twitter_misc":{"Gesch\u00e4tzte Lesezeit":"1\u00a0Minute"},"schema":{"@context":"https:\/\/schema.org","@graph":[{"@type":"WebPage","@id":"https:\/\/schoenstatt.com\/de\/in-mission\/gesellschaft\/","url":"https:\/\/schoenstatt.com\/de\/in-mission\/gesellschaft\/","name":"Gesellschaft - Schoenstatt","isPartOf":{"@id":"https:\/\/schoenstatt.com\/de\/#website"},"primaryImageOfPage":{"@id":"https:\/\/schoenstatt.com\/de\/in-mission\/gesellschaft\/#primaryimage"},"image":{"@id":"https:\/\/schoenstatt.com\/de\/in-mission\/gesellschaft\/#primaryimage"},"thumbnailUrl":"https:\/\/schoenstatt.com\/wp-content\/uploads\/2024\/06\/WhatsApp-Image-2019-11-18-at-23.08.38-2-3.jpeg","datePublished":"2024-06-26T17:53:57+00:00","dateModified":"2025-05-28T22:03:19+00:00","description":"Unterst\u00fctzen, erziehen und bef\u00e4higen Sie Menschen in Not. Erfahren Sie mehr \u00fcber Sch\u00f6nstatt-Initiativen f\u00fcr die Gesellschaft.","breadcrumb":{"@id":"https:\/\/schoenstatt.com\/de\/in-mission\/gesellschaft\/#breadcrumb"},"inLanguage":"de","potentialAction":[{"@type":"ReadAction","target":["https:\/\/schoenstatt.com\/de\/in-mission\/gesellschaft\/"]}]},{"@type":"ImageObject","inLanguage":"de","@id":"https:\/\/schoenstatt.com\/de\/in-mission\/gesellschaft\/#primaryimage","url":"https:\/\/schoenstatt.com\/wp-content\/uploads\/2024\/06\/WhatsApp-Image-2019-11-18-at-23.08.38-2-3.jpeg","contentUrl":"https:\/\/schoenstatt.com\/wp-content\/uploads\/2024\/06\/WhatsApp-Image-2019-11-18-at-23.08.38-2-3.jpeg","width":1080,"height":976,"caption":"background image of the header of Institute of Diocesan Priests"},{"@type":"BreadcrumbList","@id":"https:\/\/schoenstatt.com\/de\/in-mission\/gesellschaft\/#breadcrumb","itemListElement":[{"@type":"ListItem","position":1,"name":"Portada","item":"https:\/\/schoenstatt.com\/de\/home\/"},{"@type":"ListItem","position":2,"name":"In Mission","item":"https:\/\/schoenstatt.com\/de\/in-mission\/"},{"@type":"ListItem","position":3,"name":"Gesellschaft"}]},{"@type":"WebSite","@id":"https:\/\/schoenstatt.com\/de\/#website","url":"https:\/\/schoenstatt.com\/de\/","name":"Schoenstatt","description":"Apostolic Movement","publisher":{"@id":"https:\/\/schoenstatt.com\/de\/#organization"},"potentialAction":[{"@type":"SearchAction","target":{"@type":"EntryPoint","urlTemplate":"https:\/\/schoenstatt.com\/de\/?s={search_term_string}"},"query-input":{"@type":"PropertyValueSpecification","valueRequired":true,"valueName":"search_term_string"}}],"inLanguage":"de"},{"@type":"Organization","@id":"https:\/\/schoenstatt.com\/de\/#organization","name":"Schoenstatt","url":"https:\/\/schoenstatt.com\/de\/","logo":{"@type":"ImageObject","inLanguage":"de","@id":"https:\/\/schoenstatt.com\/de\/#\/schema\/logo\/image\/","url":"https:\/\/schoenstatt.com\/wp-content\/uploads\/2025\/04\/logo-schoenstatt-white-696x696-1.png","contentUrl":"https:\/\/schoenstatt.com\/wp-content\/uploads\/2025\/04\/logo-schoenstatt-white-696x696-1.png","width":696,"height":694,"caption":"Schoenstatt"},"image":{"@id":"https:\/\/schoenstatt.com\/de\/#\/schema\/logo\/image\/"}}]}},"_links":{"self":[{"href":"https:\/\/schoenstatt.com\/de\/wp-json\/wp\/v2\/pages\/43865","targetHints":{"allow":["GET"]}}],"collection":[{"href":"https:\/\/schoenstatt.com\/de\/wp-json\/wp\/v2\/pages"}],"about":[{"href":"https:\/\/schoenstatt.com\/de\/wp-json\/wp\/v2\/types\/page"}],"author":[{"embeddable":true,"href":"https:\/\/schoenstatt.com\/de\/wp-json\/wp\/v2\/users\/2"}],"replies":[{"embeddable":true,"href":"https:\/\/schoenstatt.com\/de\/wp-json\/wp\/v2\/comments?post=43865"}],"version-history":[{"count":6,"href":"https:\/\/schoenstatt.com\/de\/wp-json\/wp\/v2\/pages\/43865\/revisions"}],"predecessor-version":[{"id":58622,"href":"https:\/\/schoenstatt.com\/de\/wp-json\/wp\/v2\/pages\/43865\/revisions\/58622"}],"up":[{"embeddable":true,"href":"https:\/\/schoenstatt.com\/de\/wp-json\/wp\/v2\/pages\/57983"}],"wp:featuredmedia":[{"embeddable":true,"href":"https:\/\/schoenstatt.com\/de\/wp-json\/wp\/v2\/media\/37873"}],"wp:attachment":[{"href":"https:\/\/schoenstatt.com\/de\/wp-json\/wp\/v2\/media?parent=43865"}],"curies":[{"name":"wp","href":"https:\/\/api.w.org\/{rel}","templated":true}]}}