{"id":43684,"date":"2024-06-29T22:08:17","date_gmt":"2024-06-29T20:08:17","guid":{"rendered":"https:\/\/schoenstatt.com\/in-mission\/kirche\/pjk-liebesbuendnisgruppe-im-gebet-und-in-der-stille\/"},"modified":"2025-05-27T03:51:18","modified_gmt":"2025-05-27T01:51:18","slug":"pjk-liebesbuendnisgruppe-im-gebet-und-in-der-stille","status":"publish","type":"page","link":"https:\/\/schoenstatt.com\/de\/in-mission\/kirche\/pjk-liebesbuendnisgruppe-im-gebet-und-in-der-stille\/","title":{"rendered":"PJK-Liebesb\u00fcndnisgruppe im Gebet und in der Stille"},"content":{"rendered":"\t\t<div data-elementor-type=\"wp-page\" data-elementor-id=\"43684\" class=\"elementor elementor-43684 elementor-39212\" data-elementor-post-type=\"page\">\n\t\t\t\t<div class=\"elementor-element elementor-element-21f411cc e-flex e-con-boxed e-con e-parent\" data-id=\"21f411cc\" data-element_type=\"container\" data-e-type=\"container\" data-settings=\"{&quot;background_background&quot;:&quot;classic&quot;}\">\n\t\t\t\t\t<div class=\"e-con-inner\">\n\t\t<div class=\"elementor-element elementor-element-275cf6ea e-flex e-con-boxed e-con e-child\" data-id=\"275cf6ea\" data-element_type=\"container\" data-e-type=\"container\">\n\t\t\t\t\t<div class=\"e-con-inner\">\n\t\t\t\t\t<\/div>\n\t\t\t\t<\/div>\n\t\t\t\t\t<\/div>\n\t\t\t\t<\/div>\n\t\t<div class=\"elementor-element elementor-element-27ce98e e-flex e-con-boxed e-con e-parent\" data-id=\"27ce98e\" data-element_type=\"container\" data-e-type=\"container\">\n\t\t\t\t\t<div class=\"e-con-inner\">\n\t\t\t\t<div class=\"elementor-element elementor-element-157679d elementor-widget elementor-widget-text-editor\" data-id=\"157679d\" data-element_type=\"widget\" data-e-type=\"widget\" data-widget_type=\"text-editor.default\">\n\t\t\t\t<div class=\"elementor-widget-container\">\n\t\t\t\t\t\t\t\t\t<p>Bei einem Delegiertentreffen im Januar 2017 in Guayaquil, Ecuador, kam die Frage auf: Was k\u00f6nnen wir tun, um den Heiligsprechungsprozess des Gr\u00fcnders unserer Bewegung, Pater Josef Kentenich (PJK), zu beschleunigen?<\/p>\t\t\t\t\t\t\t\t<\/div>\n\t\t\t\t<\/div>\n\t\t\t\t<div class=\"elementor-element elementor-element-c5f0850 elementor-widget elementor-widget-text-editor\" data-id=\"c5f0850\" data-element_type=\"widget\" data-e-type=\"widget\" data-widget_type=\"text-editor.default\">\n\t\t\t\t<div class=\"elementor-widget-container\">\n\t\t\t\t\t\t\t\t\t<p>Im M\u00e4rz desselben Jahres entstand \u2013 angeregt durch eine Gebetsgruppe f\u00fcr Pater Pio \u2013 die \u201ePJK (Pater Josef Kentenich) Liebesb\u00fcndnisgruppe in Gebet und Stille\u201c. Sie steht unter der Leitung von Schwester Monserrat Darquea. Die Gruppe ist zu einem Apostolat geworden, das das Pater-Kentenich-Sekretariat in Ecuador unterst\u00fctzt und dessen Hauptaufgabe es ist, das Gebet um die Heiligsprechung Pater Kentenichs ins Gnadenkapital einzubringen. Beten wir gemeinsam f\u00fcr ein Wunder!   <\/p>\t\t\t\t\t\t\t\t<\/div>\n\t\t\t\t<\/div>\n\t\t\t\t\t<\/div>\n\t\t\t\t<\/div>\n\t\t<div class=\"elementor-element elementor-element-833a6e6 e-flex e-con-boxed e-con e-parent\" data-id=\"833a6e6\" data-element_type=\"container\" data-e-type=\"container\">\n\t\t\t\t\t<div class=\"e-con-inner\">\n\t\t\t\t<div class=\"elementor-element elementor-element-0ccaf34 elementor-widget elementor-widget-image\" data-id=\"0ccaf34\" data-element_type=\"widget\" data-e-type=\"widget\" data-widget_type=\"image.default\">\n\t\t\t\t<div class=\"elementor-widget-container\">\n\t\t\t\t\t\t\t\t\t\t\t\t\t\t\t<img decoding=\"async\" src=\"https:\/\/schoenstatt.com\/wp-content\/uploads\/2024\/06\/Group-of-Silence-and-Prayer.jpg\" title=\"\" alt=\"\" loading=\"lazy\" \/>\t\t\t\t\t\t\t\t\t\t\t\t\t\t\t<\/div>\n\t\t\t\t<\/div>\n\t\t\t\t\t<\/div>\n\t\t\t\t<\/div>\n\t\t<div class=\"elementor-element elementor-element-9905c68 e-flex e-con-boxed e-con e-parent\" data-id=\"9905c68\" data-element_type=\"container\" data-e-type=\"container\" data-settings=\"{&quot;background_background&quot;:&quot;classic&quot;}\">\n\t\t\t\t\t<div class=\"e-con-inner\">\n\t\t\t\t<div class=\"elementor-element elementor-element-c0a7aec elementor-widget-divider--view-line elementor-widget elementor-widget-divider\" data-id=\"c0a7aec\" data-element_type=\"widget\" data-e-type=\"widget\" data-widget_type=\"divider.default\">\n\t\t\t\t<div class=\"elementor-widget-container\">\n\t\t\t\t\t\t\t<div class=\"elementor-divider\">\n\t\t\t<span class=\"elementor-divider-separator\">\n\t\t\t\t\t\t<\/span>\n\t\t<\/div>\n\t\t\t\t\t\t<\/div>\n\t\t\t\t<\/div>\n\t\t\t\t\t<\/div>\n\t\t\t\t<\/div>\n\t\t<div class=\"elementor-element elementor-element-6274ab2 e-flex e-con-boxed e-con e-parent\" data-id=\"6274ab2\" data-element_type=\"container\" data-e-type=\"container\" data-settings=\"{&quot;background_background&quot;:&quot;classic&quot;}\">\n\t\t\t\t\t<div class=\"e-con-inner\">\n\t\t\t\t<div class=\"elementor-element elementor-element-df714ea elementor-widget elementor-widget-heading\" data-id=\"df714ea\" data-element_type=\"widget\" data-e-type=\"widget\" data-widget_type=\"heading.default\">\n\t\t\t\t<div class=\"elementor-widget-container\">\n\t\t\t\t\t<h2 class=\"elementor-heading-title elementor-size-default\">Konkrete Informationen<\/h2>\t\t\t\t<\/div>\n\t\t\t\t<\/div>\n\t\t\t\t\t<\/div>\n\t\t\t\t<\/div>\n\t\t<div class=\"elementor-element elementor-element-c884648 e-flex e-con-boxed e-con e-parent\" data-id=\"c884648\" data-element_type=\"container\" data-e-type=\"container\" data-settings=\"{&quot;background_background&quot;:&quot;classic&quot;}\">\n\t\t\t\t\t<div class=\"e-con-inner\">\n\t\t<div class=\"elementor-element elementor-element-7d3f28e e-con-full e-flex e-con e-child\" data-id=\"7d3f28e\" data-element_type=\"container\" data-e-type=\"container\">\n\t\t\t\t<div class=\"elementor-element elementor-element-726d09e elementor-widget elementor-widget-text-editor\" data-id=\"726d09e\" data-element_type=\"widget\" data-e-type=\"widget\" data-widget_type=\"text-editor.default\">\n\t\t\t\t<div class=\"elementor-widget-container\">\n\t\t\t\t\t\t\t\t\t<p>Es wurde eine WhatsApp-Gruppe gegr\u00fcndet mit klaren Verhaltensregeln zur Stille und zum Schweigen, an die sich alle Sch\u00f6nst\u00e4tter und Pilger, die Teil der Gruppe sind, halten m\u00fcssen.<\/p>\t\t\t\t\t\t\t\t<\/div>\n\t\t\t\t<\/div>\n\t\t\t\t<div class=\"elementor-element elementor-element-337235b elementor-widget elementor-widget-text-editor\" data-id=\"337235b\" data-element_type=\"widget\" data-e-type=\"widget\" data-widget_type=\"text-editor.default\">\n\t\t\t\t<div class=\"elementor-widget-container\">\n\t\t\t\t\t\t\t\t\t<p>Jeden Tag erhalten die Mitglieder der Gruppe folgende Nachrichten, die ganz im Charisma Sch\u00f6nstatts verankert sind:<\/p>\t\t\t\t\t\t\t\t<\/div>\n\t\t\t\t<\/div>\n\t\t\t\t<div class=\"elementor-element elementor-element-8648271 elementor-widget elementor-widget-text-editor\" data-id=\"8648271\" data-element_type=\"widget\" data-e-type=\"widget\" data-widget_type=\"text-editor.default\">\n\t\t\t\t<div class=\"elementor-widget-container\">\n\t\t\t\t\t\t\t\t\t<p>das Tagesevangelium und verschiedene Gebete, die Pater Kentenich in Dachau verfasst hat<\/p>\t\t\t\t\t\t\t\t<\/div>\n\t\t\t\t<\/div>\n\t\t\t\t<div class=\"elementor-element elementor-element-4d30997 elementor-widget elementor-widget-text-editor\" data-id=\"4d30997\" data-element_type=\"widget\" data-e-type=\"widget\" data-widget_type=\"text-editor.default\">\n\t\t\t\t<div class=\"elementor-widget-container\">\n\t\t\t\t\t\t\t\t\t<p>Das Heiligsprechungsgebet (es enth\u00e4lt auch einen Link zu einem digitalen Formular, in das Bitten und Danksagungen eingetragen werden k\u00f6nnen, f\u00fcr die Pater Kentenich F\u00fcrsprache gehalten hat).<\/p>\t\t\t\t\t\t\t\t<\/div>\n\t\t\t\t<\/div>\n\t\t\t\t<div class=\"elementor-element elementor-element-9101774 elementor-widget elementor-widget-text-editor\" data-id=\"9101774\" data-element_type=\"widget\" data-e-type=\"widget\" data-widget_type=\"text-editor.default\">\n\t\t\t\t<div class=\"elementor-widget-container\">\n\t\t\t\t\t\t\t\t\t<p>Ein Bild mit einer Botschaft Pater Kentenichs<\/p>\t\t\t\t\t\t\t\t<\/div>\n\t\t\t\t<\/div>\n\t\t\t\t<div class=\"elementor-element elementor-element-8bc8bf6 elementor-widget elementor-widget-text-editor\" data-id=\"8bc8bf6\" data-element_type=\"widget\" data-e-type=\"widget\" data-widget_type=\"text-editor.default\">\n\t\t\t\t<div class=\"elementor-widget-container\">\n\t\t\t\t\t\t\t\t\t<p>einen Impuls von Pater Kentenich zur Besinnung am Tag <\/p>\t\t\t\t\t\t\t\t<\/div>\n\t\t\t\t<\/div>\n\t\t\t\t<div class=\"elementor-element elementor-element-870acbc elementor-widget elementor-widget-text-editor\" data-id=\"870acbc\" data-element_type=\"widget\" data-e-type=\"widget\" data-widget_type=\"text-editor.default\">\n\t\t\t\t<div class=\"elementor-widget-container\">\n\t\t\t\t\t\t\t\t\t<p>Seit Mai 2019 erhalten wir die Sonntagspredigten der Sch\u00f6nstatt-Patres aus Ecuador als Audioaufnahmen. Auch der argentinische Di\u00f6zesanpriester Pater Leo Di Carlo ermutigt uns immer wieder durch Audio-Impulse, im Gebet treu zu bleiben und in der Mission f\u00fcr die Heiligsprechung Pater Kentenichs mitzuhelfen. <\/p>\t\t\t\t\t\t\t\t<\/div>\n\t\t\t\t<\/div>\n\t\t\t\t<\/div>\n\t\t<div class=\"elementor-element elementor-element-539705c e-con-full e-flex e-con e-child\" data-id=\"539705c\" data-element_type=\"container\" data-e-type=\"container\">\n\t\t\t\t<div class=\"elementor-element elementor-element-7cbdfb5 elementor-widget elementor-widget-text-editor\" data-id=\"7cbdfb5\" data-element_type=\"widget\" data-e-type=\"widget\" data-widget_type=\"text-editor.default\">\n\t\t\t\t<div class=\"elementor-widget-container\">\n\t\t\t\t\t\t\t\t\t<p>In Spanien konnte mit Hilfe von Pater Eduardo Aguirre, Postulator f\u00fcr die Heiligsprechung Pater Kentenichs, eine Gruppe gegr\u00fcndet werden, nachdem eine Familie Pater Kentenich die F\u00fcrbitte und F\u00fcrsorge f\u00fcr ihren kleinen Sohn Alvaro anvertraut hatte, der an Krebs erkrankt war. Die Str\u00f6mung wuchs weiter, und heute ist die \u201ePJK-Liebesb\u00fcndnisgruppe im Gebet und in der Stille\u201c in neun L\u00e4ndern Lateinamerikas und Europas aktiv. <\/p>\t\t\t\t\t\t\t\t<\/div>\n\t\t\t\t<\/div>\n\t\t\t\t<div class=\"elementor-element elementor-element-547e1c0 elementor-widget elementor-widget-text-editor\" data-id=\"547e1c0\" data-element_type=\"widget\" data-e-type=\"widget\" data-widget_type=\"text-editor.default\">\n\t\t\t\t<div class=\"elementor-widget-container\">\n\t\t\t\t\t\t\t\t\t<p>Zur Zeit sind es \u00fcber 1000 Sch\u00f6nst\u00e4tterinnen und Sch\u00f6nst\u00e4tter, die der Gruppe angeh\u00f6ren, vor allem aus folgenden L\u00e4ndern: Spanien, Argentinien, Paraguay, Chile, Peru, Mexiko, Costa Rica und Ecuador.<\/p>\t\t\t\t\t\t\t\t<\/div>\n\t\t\t\t<\/div>\n\t\t\t\t<div class=\"elementor-element elementor-element-6b3c270 elementor-widget elementor-widget-text-editor\" data-id=\"6b3c270\" data-element_type=\"widget\" data-e-type=\"widget\" data-widget_type=\"text-editor.default\">\n\t\t\t\t<div class=\"elementor-widget-container\">\n\t\t\t\t\t\t\t\t\t<p>Gemeinsam halten wir Anbetung, beten den Rosenkranz und beten f\u00fcr die Heiligsprechung Pater Kentenichs. Wenn ein Anliegen durch die F\u00fcrsprache Pater Kentenichs erh\u00f6rt wird, wird es in der Gruppe bekanntgemacht und das digitale Formular ausgef\u00fcllt.<\/p>\t\t\t\t\t\t\t\t<\/div>\n\t\t\t\t<\/div>\n\t\t\t\t<div class=\"elementor-element elementor-element-6ab665b elementor-widget elementor-widget-text-editor\" data-id=\"6ab665b\" data-element_type=\"widget\" data-e-type=\"widget\" data-widget_type=\"text-editor.default\">\n\t\t\t\t<div class=\"elementor-widget-container\">\n\t\t\t\t\t\t\t\t\t<p>Tausende von Menschen auf allen Kontinenten haben die Pilgernde Gottesmutter bereits empfangen. Jetzt will die Gottesmutter in deine Gegend, in deine Pfarrei, in dein Haus kommen. Bist du bereit, ihr auf ihrer Reise Schutz zu bieten? Bist du bereit, ihr Werkzeug zu sein, um den Segen Christi in unsere Welt zu bringen?   <\/p>\t\t\t\t\t\t\t\t<\/div>\n\t\t\t\t<\/div>\n\t\t\t\t<\/div>\n\t\t\t\t\t<\/div>\n\t\t\t\t<\/div>\n\t\t<div class=\"elementor-element elementor-element-bea5ee7 e-flex e-con-boxed e-con e-parent\" data-id=\"bea5ee7\" data-element_type=\"container\" data-e-type=\"container\" data-settings=\"{&quot;background_background&quot;:&quot;classic&quot;}\">\n\t\t\t\t\t<div class=\"e-con-inner\">\n\t\t\t\t<div class=\"elementor-element elementor-element-030728d elementor-align-center elementor-widget elementor-widget-button\" data-id=\"030728d\" data-element_type=\"widget\" data-e-type=\"widget\" data-widget_type=\"button.default\">\n\t\t\t\t<div class=\"elementor-widget-container\">\n\t\t\t\t\t\t\t\t\t<div class=\"elementor-button-wrapper\">\n\t\t\t\t\t<a class=\"elementor-button elementor-button-link elementor-size-sm\" href=\"\" target=\"_blank\">\n\t\t\t\t\t\t<span class=\"elementor-button-content-wrapper\">\n\t\t\t\t\t\t\t\t\t<span class=\"elementor-button-text\">Digital Form<\/span>\n\t\t\t\t\t<\/span>\n\t\t\t\t\t<\/a>\n\t\t\t\t<\/div>\n\t\t\t\t\t\t\t\t<\/div>\n\t\t\t\t<\/div>\n\t\t\t\t\t<\/div>\n\t\t\t\t<\/div>\n\t\t<div class=\"elementor-element elementor-element-2581934 e-flex e-con-boxed e-con e-parent\" data-id=\"2581934\" data-element_type=\"container\" data-e-type=\"container\">\n\t\t\t\t\t<div class=\"e-con-inner\">\n\t\t<div class=\"elementor-element elementor-element-9d52a85 e-con-full e-flex e-con e-child\" data-id=\"9d52a85\" data-element_type=\"container\" data-e-type=\"container\">\n\t\t\t\t<div class=\"elementor-element elementor-element-50c1db6 elementor-widget elementor-widget-heading\" data-id=\"50c1db6\" data-element_type=\"widget\" data-e-type=\"widget\" data-widget_type=\"heading.default\">\n\t\t\t\t<div class=\"elementor-widget-container\">\n\t\t\t\t\t<p class=\"elementor-heading-title elementor-size-default\">Bisher k\u00f6nnen wir sagen, dass schon \u00fcber 12.000 Stunden Anbetung, \u00fcber 13.000 gebetete Rosenkr\u00e4nze und 1000 Gebete f\u00fcr die Heiligsprechung Pater Kentenichs zusammengekommen sind und dass schon \u00fcber 800 Gebete auf die F\u00fcrsprache unseres Vaters und Gr\u00fcnders erh\u00f6rt wurden.\n<br><br>An jedem 18. des Monats werden diese Opfer bei der B\u00fcndnismesse in den verschiedenen Heiligt\u00fcmern als Beitrag zum Gnadenkapital aufgeopfert und gleichzeitig als Beitrag zum Heiligsprechungsprozess an das Pater-Kentenich-Sekretariat in Deutschland gesandt.\n<br><br>\u201eWir d\u00fcrfen nicht vergessen, dass f\u00fcr die Heiligsprechung Pater Kentenichs ein Wunder n\u00f6tig ist.\u201c Und niemand kann ein Wunder 'organisieren', wir k\u00f6nnen es nur erbitten. Seit der Gr\u00fcndung der Gruppe haben wir durch das Gebet und die t\u00e4gliche Begegnung mit unserem Vater und Gr\u00fcnder erfahren, dass wir vertrauensvoll um seine F\u00fcrsprache in allen unseren k\u00f6rperlichen, geistigen, seelischen und materiellen Problemen bitten k\u00f6nnen. Wir f\u00fchlen uns als eine Familie im Herzen unseres Vaters vereint!\n<br><br>Wir m\u00f6chten unsere Kr\u00e4fte noch mehr b\u00fcndeln und laden Sie ein, ein Teil unserer Gebetsgruppe zu werden, so wie wir in verschiedenen L\u00e4ndern im Gebet verbunden sind.\n<br><br>Es ist unser Wunsch, dass in jedem Land, in dem ein Teil der Familie Pater Kentenichs lebt, eine solche Gebetsgruppe entsteht. So k\u00f6nnte die ganze Sch\u00f6nstattfamilie einstimmen in das Gebet um die Heiligsprechung: f\u00fcr die N\u00f6te unserer Familie, f\u00fcr die Kirche und f\u00fcr die Welt<\/p>\t\t\t\t<\/div>\n\t\t\t\t<\/div>\n\t\t\t\t<\/div>\n\t\t<div class=\"elementor-element elementor-element-de1d6ec e-con-full e-flex e-con e-child\" data-id=\"de1d6ec\" data-element_type=\"container\" data-e-type=\"container\">\n\t\t\t\t<div class=\"elementor-element elementor-element-3ede1de elementor-widget__width-initial elementor-widget elementor-widget-image\" data-id=\"3ede1de\" data-element_type=\"widget\" data-e-type=\"widget\" data-widget_type=\"image.default\">\n\t\t\t\t<div class=\"elementor-widget-container\">\n\t\t\t\t\t\t\t\t\t\t\t\t\t\t\t<img decoding=\"async\" src=\"https:\/\/schoenstatt.com\/wp-content\/uploads\/2021\/11\/padre-kentenich-foto.jpg\" title=\"\" alt=\"\" loading=\"lazy\" \/>\t\t\t\t\t\t\t\t\t\t\t\t\t\t\t<\/div>\n\t\t\t\t<\/div>\n\t\t\t\t<\/div>\n\t\t\t\t\t<\/div>\n\t\t\t\t<\/div>\n\t\t<div class=\"elementor-element elementor-element-613b911 e-flex e-con-boxed e-con e-parent\" data-id=\"613b911\" data-element_type=\"container\" data-e-type=\"container\">\n\t\t\t\t\t<div class=\"e-con-inner\">\n\t\t\t\t<div class=\"elementor-element elementor-element-d51db80 elementor-arrows-yes elementor-pagination-type-bullets elementor-review--has-separator elementor--star-style-star_fontawesome elementor-widget elementor-widget-reviews\" data-id=\"d51db80\" data-element_type=\"widget\" data-e-type=\"widget\" data-settings=\"{&quot;space_between&quot;:{&quot;unit&quot;:&quot;px&quot;,&quot;size&quot;:12,&quot;sizes&quot;:[]},&quot;show_arrows&quot;:&quot;yes&quot;,&quot;pagination&quot;:&quot;bullets&quot;,&quot;speed&quot;:500,&quot;autoplay&quot;:&quot;yes&quot;,&quot;autoplay_speed&quot;:5000,&quot;loop&quot;:&quot;yes&quot;,&quot;pause_on_hover&quot;:&quot;yes&quot;,&quot;pause_on_interaction&quot;:&quot;yes&quot;,&quot;space_between_tablet&quot;:{&quot;unit&quot;:&quot;px&quot;,&quot;size&quot;:10,&quot;sizes&quot;:[]},&quot;space_between_mobile&quot;:{&quot;unit&quot;:&quot;px&quot;,&quot;size&quot;:10,&quot;sizes&quot;:[]}}\" data-widget_type=\"reviews.default\">\n\t\t\t\t<div class=\"elementor-widget-container\">\n\t\t\t\t\t\t\t\t\t<div class=\"elementor-swiper\">\n\t\t\t\t\t<div class=\"elementor-main-swiper swiper\" role=\"region\" aria-roledescription=\"carousel\" aria-label=\"Diapositivas\">\n\t\t\t\t<div class=\"swiper-wrapper\">\n\t\t\t\t\t\t\t\t\t\t\t<div class=\"swiper-slide\" role=\"group\" aria-roledescription=\"slide\">\n\t\t\t\t\t\t\t\t\t<div class=\"elementor-testimonial elementor-repeater-item-7e3ca42\">\n\t\t\t\t\t\t\t<div class=\"elementor-testimonial__header\">\n\t\t\t\t\t\t\t\t\t\t\t<div class=\"elementor-testimonial__image\">\n\t\t\t\t\t\t\t<img decoding=\"async\" src=\"https:\/\/schoenstatt.com\/wp-content\/uploads\/2024\/06\/kentenich-milwaukee-3.jpg\" alt=\"\u201cWeckt die Kraft und die G\u00fcte Gottes! Und wie? Durch das einfache Gebet! Gott hat der betenden Gemeinschaft besondere Gnaden verhei\u00dfen. Denn wo zwei oder drei in meinem Namen versammelt sind, da bin ich mitten unter ihnen (Mt 18,20). Wenn wir als Gemeinschaft um etwas bitten, kann Gott nicht widerstehen.\u201c \">\n\t\t\t\t\t\t\t\t\t\t\t\t\t<\/div>\n\t\t\t\t\t\t\t\t\t\t<cite class=\"elementor-testimonial__cite\"><span class=\"elementor-testimonial__name\">\u201cWeckt die Kraft und die G\u00fcte Gottes! Und wie? Durch das einfache Gebet! Gott hat der betenden Gemeinschaft besondere Gnaden verhei\u00dfen. Denn wo zwei oder drei in meinem Namen versammelt sind, da bin ich mitten unter ihnen (Mt 18,20). Wenn wir als Gemeinschaft um etwas bitten, kann Gott nicht widerstehen.\u201c <\/span><span class=\"elementor-testimonial__title\">Pater Joseph Kentenich aus dem Buch \"T\u00fa y tu Dios\"<\/span><\/cite>\t\t\t\t\t<div class=\"elementor-testimonial__icon elementor-icon elementor-icon-\" aria-label=\"Weiterlesen\"><\/div>\t\t\t\t<\/div>\n\t\t\t\t\t\t\t\t<\/div>\n\t\t\t\t\t\t\t\t<\/div>\n\t\t\t\t\t\t\t\t\t<\/div>\n\t\t\t\t\t\t\t<\/div>\n\t\t\t\t<\/div>\n\t\t\t\t\t\t\t\t<\/div>\n\t\t\t\t<\/div>\n\t\t\t\t\t<\/div>\n\t\t\t\t<\/div>\n\t\t<div class=\"elementor-element elementor-element-2b1d521 e-flex e-con-boxed e-con e-parent\" data-id=\"2b1d521\" data-element_type=\"container\" data-e-type=\"container\">\n\t\t\t\t\t<div class=\"e-con-inner\">\n\t\t<div class=\"elementor-element elementor-element-9be6b81 e-con-full e-flex e-con e-child\" data-id=\"9be6b81\" data-element_type=\"container\" data-e-type=\"container\">\n\t\t\t\t<div class=\"elementor-element elementor-element-ffbafab elementor-widget elementor-widget-text-editor\" data-id=\"ffbafab\" data-element_type=\"widget\" data-e-type=\"widget\" data-widget_type=\"text-editor.default\">\n\t\t\t\t<div class=\"elementor-widget-container\">\n\t\t\t\t\t\t\t\t\t<p>Sind Sie dabei?<\/p>\t\t\t\t\t\t\t\t<\/div>\n\t\t\t\t<\/div>\n\t\t\t\t<div class=\"elementor-element elementor-element-2f41103 elementor-widget-divider--view-line elementor-widget elementor-widget-divider\" data-id=\"2f41103\" data-element_type=\"widget\" data-e-type=\"widget\" data-widget_type=\"divider.default\">\n\t\t\t\t<div class=\"elementor-widget-container\">\n\t\t\t\t\t\t\t<div class=\"elementor-divider\">\n\t\t\t<span class=\"elementor-divider-separator\">\n\t\t\t\t\t\t<\/span>\n\t\t<\/div>\n\t\t\t\t\t\t<\/div>\n\t\t\t\t<\/div>\n\t\t\t\t<div class=\"elementor-element elementor-element-98f09b6 elementor-align-center elementor-widget elementor-widget-button\" data-id=\"98f09b6\" data-element_type=\"widget\" data-e-type=\"widget\" data-widget_type=\"button.default\">\n\t\t\t\t<div class=\"elementor-widget-container\">\n\t\t\t\t\t\t\t\t\t<div class=\"elementor-button-wrapper\">\n\t\t\t\t\t<a class=\"elementor-button elementor-button-link elementor-size-sm\" href=\"https:\/\/api.whatsapp.com\/send?phone=593991253635\" target=\"_blank\">\n\t\t\t\t\t\t<span class=\"elementor-button-content-wrapper\">\n\t\t\t\t\t\t<span class=\"elementor-button-icon\">\n\t\t\t\t<svg aria-hidden=\"true\" class=\"e-font-icon-svg e-fab-whatsapp\" viewBox=\"0 0 448 512\" xmlns=\"http:\/\/www.w3.org\/2000\/svg\"><path d=\"M380.9 97.1C339 55.1 283.2 32 223.9 32c-122.4 0-222 99.6-222 222 0 39.1 10.2 77.3 29.6 111L0 480l117.7-30.9c32.4 17.7 68.9 27 106.1 27h.1c122.3 0 224.1-99.6 224.1-222 0-59.3-25.2-115-67.1-157zm-157 341.6c-33.2 0-65.7-8.9-94-25.7l-6.7-4-69.8 18.3L72 359.2l-4.4-7c-18.5-29.4-28.2-63.3-28.2-98.2 0-101.7 82.8-184.5 184.6-184.5 49.3 0 95.6 19.2 130.4 54.1 34.8 34.9 56.2 81.2 56.1 130.5 0 101.8-84.9 184.6-186.6 184.6zm101.2-138.2c-5.5-2.8-32.8-16.2-37.9-18-5.1-1.9-8.8-2.8-12.5 2.8-3.7 5.6-14.3 18-17.6 21.8-3.2 3.7-6.5 4.2-12 1.4-32.6-16.3-54-29.1-75.5-66-5.7-9.8 5.7-9.1 16.3-30.3 1.8-3.7.9-6.9-.5-9.7-1.4-2.8-12.5-30.1-17.1-41.2-4.5-10.8-9.1-9.3-12.5-9.5-3.2-.2-6.9-.2-10.6-.2-3.7 0-9.7 1.4-14.8 6.9-5.1 5.6-19.4 19-19.4 46.3 0 27.3 19.9 53.7 22.6 57.4 2.8 3.7 39.1 59.7 94.8 83.8 35.2 15.2 49 16.5 66.6 13.9 10.7-1.6 32.8-13.4 37.4-26.4 4.6-13 4.6-24.1 3.2-26.4-1.3-2.5-5-3.9-10.5-6.6z\"><\/path><\/svg>\t\t\t<\/span>\n\t\t\t\t\t\t\t\t\t<span class=\"elementor-button-text\">Kontakt Ecuador (Erika Cede\u00f1o)<\/span>\n\t\t\t\t\t<\/span>\n\t\t\t\t\t<\/a>\n\t\t\t\t<\/div>\n\t\t\t\t\t\t\t\t<\/div>\n\t\t\t\t<\/div>\n\t\t\t\t<\/div>\n\t\t<div class=\"elementor-element elementor-element-dee86ad e-con-full e-flex e-con e-child\" data-id=\"dee86ad\" data-element_type=\"container\" data-e-type=\"container\">\n\t\t\t\t<div class=\"elementor-element elementor-element-49e5d95 elementor-widget elementor-widget-heading\" data-id=\"49e5d95\" data-element_type=\"widget\" data-e-type=\"widget\" data-widget_type=\"heading.default\">\n\t\t\t\t<div class=\"elementor-widget-container\">\n\t\t\t\t\t<p class=\"elementor-heading-title elementor-size-default\">Wenn Sie eine neue Gruppe gr\u00fcnden m\u00f6chten, die mit dem Pater-Kentenich-Sekretariat in Ihrem Land zusammenarbeiten m\u00f6chte, schreiben Sie bitte an folgende E-Mail-Adresse: secretariadopjk@schoenstatt.ec.<br>Es besteht auch die M\u00f6glichkeit, sich einer bestehenden Gruppe in Lateinamerika anzuschlie\u00dfen.<\/p>\t\t\t\t<\/div>\n\t\t\t\t<\/div>\n\t\t\t\t<div class=\"elementor-element elementor-element-119b91a elementor-shape-rounded elementor-grid-0 e-grid-align-center elementor-widget elementor-widget-social-icons\" data-id=\"119b91a\" data-element_type=\"widget\" data-e-type=\"widget\" data-widget_type=\"social-icons.default\">\n\t\t\t\t<div class=\"elementor-widget-container\">\n\t\t\t\t\t\t\t<div class=\"elementor-social-icons-wrapper elementor-grid\" role=\"list\">\n\t\t\t\t\t\t\t<span class=\"elementor-grid-item\" role=\"listitem\">\n\t\t\t\t\t<a class=\"elementor-icon elementor-social-icon elementor-social-icon-instagram elementor-repeater-item-0e3bdb0\" href=\"https:\/\/www.instagram.com\/amigospjk\/?locale=pt_BR\" target=\"_blank\">\n\t\t\t\t\t\t<span class=\"elementor-screen-only\">Instagram<\/span>\n\t\t\t\t\t\t<svg aria-hidden=\"true\" class=\"e-font-icon-svg e-fab-instagram\" viewBox=\"0 0 448 512\" xmlns=\"http:\/\/www.w3.org\/2000\/svg\"><path d=\"M224.1 141c-63.6 0-114.9 51.3-114.9 114.9s51.3 114.9 114.9 114.9S339 319.5 339 255.9 287.7 141 224.1 141zm0 189.6c-41.1 0-74.7-33.5-74.7-74.7s33.5-74.7 74.7-74.7 74.7 33.5 74.7 74.7-33.6 74.7-74.7 74.7zm146.4-194.3c0 14.9-12 26.8-26.8 26.8-14.9 0-26.8-12-26.8-26.8s12-26.8 26.8-26.8 26.8 12 26.8 26.8zm76.1 27.2c-1.7-35.9-9.9-67.7-36.2-93.9-26.2-26.2-58-34.4-93.9-36.2-37-2.1-147.9-2.1-184.9 0-35.8 1.7-67.6 9.9-93.9 36.1s-34.4 58-36.2 93.9c-2.1 37-2.1 147.9 0 184.9 1.7 35.9 9.9 67.7 36.2 93.9s58 34.4 93.9 36.2c37 2.1 147.9 2.1 184.9 0 35.9-1.7 67.7-9.9 93.9-36.2 26.2-26.2 34.4-58 36.2-93.9 2.1-37 2.1-147.8 0-184.8zM398.8 388c-7.8 19.6-22.9 34.7-42.6 42.6-29.5 11.7-99.5 9-132.1 9s-102.7 2.6-132.1-9c-19.6-7.8-34.7-22.9-42.6-42.6-11.7-29.5-9-99.5-9-132.1s-2.6-102.7 9-132.1c7.8-19.6 22.9-34.7 42.6-42.6 29.5-11.7 99.5-9 132.1-9s102.7-2.6 132.1 9c19.6 7.8 34.7 22.9 42.6 42.6 11.7 29.5 9 99.5 9 132.1s2.7 102.7-9 132.1z\"><\/path><\/svg>\t\t\t\t\t<\/a>\n\t\t\t\t<\/span>\n\t\t\t\t\t\t\t<span class=\"elementor-grid-item\" role=\"listitem\">\n\t\t\t\t\t<a class=\"elementor-icon elementor-social-icon elementor-social-icon-globe elementor-repeater-item-f85db5c\" href=\"https:\/\/www.pater-kentenich.org\/es\/canonizacion\/\" target=\"_blank\">\n\t\t\t\t\t\t<span class=\"elementor-screen-only\">Globe<\/span>\n\t\t\t\t\t\t<svg aria-hidden=\"true\" class=\"e-font-icon-svg e-fas-globe\" viewBox=\"0 0 496 512\" xmlns=\"http:\/\/www.w3.org\/2000\/svg\"><path d=\"M336.5 160C322 70.7 287.8 8 248 8s-74 62.7-88.5 152h177zM152 256c0 22.2 1.2 43.5 3.3 64h185.3c2.1-20.5 3.3-41.8 3.3-64s-1.2-43.5-3.3-64H155.3c-2.1 20.5-3.3 41.8-3.3 64zm324.7-96c-28.6-67.9-86.5-120.4-158-141.6 24.4 33.8 41.2 84.7 50 141.6h108zM177.2 18.4C105.8 39.6 47.8 92.1 19.3 160h108c8.7-56.9 25.5-107.8 49.9-141.6zM487.4 192H372.7c2.1 21 3.3 42.5 3.3 64s-1.2 43-3.3 64h114.6c5.5-20.5 8.6-41.8 8.6-64s-3.1-43.5-8.5-64zM120 256c0-21.5 1.2-43 3.3-64H8.6C3.2 212.5 0 233.8 0 256s3.2 43.5 8.6 64h114.6c-2-21-3.2-42.5-3.2-64zm39.5 96c14.5 89.3 48.7 152 88.5 152s74-62.7 88.5-152h-177zm159.3 141.6c71.4-21.2 129.4-73.7 158-141.6h-108c-8.8 56.9-25.6 107.8-50 141.6zM19.3 352c28.6 67.9 86.5 120.4 158 141.6-24.4-33.8-41.2-84.7-50-141.6h-108z\"><\/path><\/svg>\t\t\t\t\t<\/a>\n\t\t\t\t<\/span>\n\t\t\t\t\t\t\t<span class=\"elementor-grid-item\" role=\"listitem\">\n\t\t\t\t\t<a class=\"elementor-icon elementor-social-icon elementor-social-icon-envelope elementor-repeater-item-18b4cdd\" href=\"mailto:secretariadopjk@schoenstatt.ec\" target=\"_blank\">\n\t\t\t\t\t\t<span class=\"elementor-screen-only\">Envelope<\/span>\n\t\t\t\t\t\t<svg aria-hidden=\"true\" class=\"e-font-icon-svg e-far-envelope\" viewBox=\"0 0 512 512\" xmlns=\"http:\/\/www.w3.org\/2000\/svg\"><path d=\"M464 64H48C21.49 64 0 85.49 0 112v288c0 26.51 21.49 48 48 48h416c26.51 0 48-21.49 48-48V112c0-26.51-21.49-48-48-48zm0 48v40.805c-22.422 18.259-58.168 46.651-134.587 106.49-16.841 13.247-50.201 45.072-73.413 44.701-23.208.375-56.579-31.459-73.413-44.701C106.18 199.465 70.425 171.067 48 152.805V112h416zM48 400V214.398c22.914 18.251 55.409 43.862 104.938 82.646 21.857 17.205 60.134 55.186 103.062 54.955 42.717.231 80.509-37.199 103.053-54.947 49.528-38.783 82.032-64.401 104.947-82.653V400H48z\"><\/path><\/svg>\t\t\t\t\t<\/a>\n\t\t\t\t<\/span>\n\t\t\t\t\t<\/div>\n\t\t\t\t\t\t<\/div>\n\t\t\t\t<\/div>\n\t\t\t\t<\/div>\n\t\t<div class=\"elementor-element elementor-element-2a781cd e-con-full e-flex e-con e-child\" data-id=\"2a781cd\" data-element_type=\"container\" data-e-type=\"container\">\n\t\t\t\t<div class=\"elementor-element elementor-element-bdf8929 elementor-widget elementor-widget-heading\" data-id=\"bdf8929\" data-element_type=\"widget\" data-e-type=\"widget\" data-widget_type=\"heading.default\">\n\t\t\t\t<div class=\"elementor-widget-container\">\n\t\t\t\t\t<p class=\"elementor-heading-title elementor-size-default\">Eine herzliche Umarmung im Geist des Liebesb\u00fcndnisses. Vereinen wir unsere Gebetskraft und erbitten wir gemeinsam das dritte Wunder der Heiligen Nacht, die Heiligsprechung Pater Kentenichs, des Gr\u00fcnders der Sch\u00f6nstattbewegung.<\/p>\t\t\t\t<\/div>\n\t\t\t\t<\/div>\n\t\t\t\t<div class=\"elementor-element elementor-element-2f6279b elementor-align-center elementor-widget elementor-widget-button\" data-id=\"2f6279b\" data-element_type=\"widget\" data-e-type=\"widget\" data-widget_type=\"button.default\">\n\t\t\t\t<div class=\"elementor-widget-container\">\n\t\t\t\t\t\t\t\t\t<div class=\"elementor-button-wrapper\">\n\t\t\t\t\t<a class=\"elementor-button elementor-button-link elementor-size-sm\" href=\"https:\/\/api.whatsapp.com\/send?phone=34626402225\" target=\"_blank\">\n\t\t\t\t\t\t<span class=\"elementor-button-content-wrapper\">\n\t\t\t\t\t\t<span class=\"elementor-button-icon\">\n\t\t\t\t<svg aria-hidden=\"true\" class=\"e-font-icon-svg e-fab-whatsapp\" viewBox=\"0 0 448 512\" xmlns=\"http:\/\/www.w3.org\/2000\/svg\"><path d=\"M380.9 97.1C339 55.1 283.2 32 223.9 32c-122.4 0-222 99.6-222 222 0 39.1 10.2 77.3 29.6 111L0 480l117.7-30.9c32.4 17.7 68.9 27 106.1 27h.1c122.3 0 224.1-99.6 224.1-222 0-59.3-25.2-115-67.1-157zm-157 341.6c-33.2 0-65.7-8.9-94-25.7l-6.7-4-69.8 18.3L72 359.2l-4.4-7c-18.5-29.4-28.2-63.3-28.2-98.2 0-101.7 82.8-184.5 184.6-184.5 49.3 0 95.6 19.2 130.4 54.1 34.8 34.9 56.2 81.2 56.1 130.5 0 101.8-84.9 184.6-186.6 184.6zm101.2-138.2c-5.5-2.8-32.8-16.2-37.9-18-5.1-1.9-8.8-2.8-12.5 2.8-3.7 5.6-14.3 18-17.6 21.8-3.2 3.7-6.5 4.2-12 1.4-32.6-16.3-54-29.1-75.5-66-5.7-9.8 5.7-9.1 16.3-30.3 1.8-3.7.9-6.9-.5-9.7-1.4-2.8-12.5-30.1-17.1-41.2-4.5-10.8-9.1-9.3-12.5-9.5-3.2-.2-6.9-.2-10.6-.2-3.7 0-9.7 1.4-14.8 6.9-5.1 5.6-19.4 19-19.4 46.3 0 27.3 19.9 53.7 22.6 57.4 2.8 3.7 39.1 59.7 94.8 83.8 35.2 15.2 49 16.5 66.6 13.9 10.7-1.6 32.8-13.4 37.4-26.4 4.6-13 4.6-24.1 3.2-26.4-1.3-2.5-5-3.9-10.5-6.6z\"><\/path><\/svg>\t\t\t<\/span>\n\t\t\t\t\t\t\t\t\t<span class=\"elementor-button-text\">Kontakt Spain (Virginia de la Rosa) <\/span>\n\t\t\t\t\t<\/span>\n\t\t\t\t\t<\/a>\n\t\t\t\t<\/div>\n\t\t\t\t\t\t\t\t<\/div>\n\t\t\t\t<\/div>\n\t\t\t\t<\/div>\n\t\t\t\t\t<\/div>\n\t\t\t\t<\/div>\n\t\t\t\t<\/div>\n\t\t","protected":false},"excerpt":{"rendered":"<p>Bei einem Delegiertentreffen im Januar 2017 in Guayaquil, Ecuador, kam die Frage auf: Was k\u00f6nnen wir tun, um den Heiligsprechungsprozess des Gr\u00fcnders unserer Bewegung, Pater Josef Kentenich (PJK), zu beschleunigen? Im M\u00e4rz desselben Jahres entstand \u2013 angeregt durch eine Gebetsgruppe f\u00fcr Pater Pio \u2013 die \u201ePJK (Pater Josef Kentenich) Liebesb\u00fcndnisgruppe in Gebet und Stille\u201c. Sie [&hellip;]<\/p>\n","protected":false},"author":3,"featured_media":35441,"parent":39698,"menu_order":0,"comment_status":"closed","ping_status":"closed","template":"","meta":{"footnotes":""},"class_list":["post-43684","page","type-page","status-publish","has-post-thumbnail","hentry"],"yoast_head":"<!-- This site is optimized with the Yoast SEO Premium plugin v27.4 (Yoast SEO v27.4) - https:\/\/yoast.com\/product\/yoast-seo-premium-wordpress\/ -->\n<title>PJK-Liebesb\u00fcndnisgruppe im Gebet und in der Stille - Schoenstatt<\/title>\n<meta name=\"description\" content=\"Dies ist die Geschichte der FJK-Gruppe \u201eLiebesb\u00fcndnis der Stille und des Gebetes\u201c, die sich dem Gebet f\u00fcr die Heiligsprechung Pater Kentenichs widmet.\" \/>\n<meta name=\"robots\" content=\"index, follow, max-snippet:-1, max-image-preview:large, max-video-preview:-1\" \/>\n<link rel=\"canonical\" href=\"https:\/\/schoenstatt.com\/de\/in-mission\/kirche\/pjk-liebesbuendnisgruppe-im-gebet-und-in-der-stille\/\" \/>\n<meta property=\"og:locale\" content=\"de_DE\" \/>\n<meta property=\"og:type\" content=\"article\" \/>\n<meta property=\"og:title\" content=\"PJK-Liebesb\u00fcndnisgruppe im Gebet und in der Stille\" \/>\n<meta property=\"og:description\" content=\"Dies ist die Geschichte der FJK-Gruppe \u201eLiebesb\u00fcndnis der Stille und des Gebetes\u201c, die sich dem Gebet f\u00fcr die Heiligsprechung Pater Kentenichs widmet.\" \/>\n<meta property=\"og:url\" content=\"https:\/\/schoenstatt.com\/de\/in-mission\/kirche\/pjk-liebesbuendnisgruppe-im-gebet-und-in-der-stille\/\" \/>\n<meta property=\"og:site_name\" content=\"Schoenstatt\" \/>\n<meta property=\"article:modified_time\" content=\"2025-05-27T01:51:18+00:00\" \/>\n<meta property=\"og:image\" content=\"https:\/\/schoenstatt.com\/wp-content\/uploads\/2024\/04\/p-kentenich-schoenstatt-2-1.jpg\" \/>\n\t<meta property=\"og:image:width\" content=\"1207\" \/>\n\t<meta property=\"og:image:height\" content=\"835\" \/>\n\t<meta property=\"og:image:type\" content=\"image\/jpeg\" \/>\n<meta name=\"twitter:card\" content=\"summary_large_image\" \/>\n<meta name=\"twitter:label1\" content=\"Gesch\u00e4tzte Lesezeit\" \/>\n\t<meta name=\"twitter:data1\" content=\"4\u00a0Minuten\" \/>\n<script type=\"application\/ld+json\" class=\"yoast-schema-graph\">{\"@context\":\"https:\\\/\\\/schema.org\",\"@graph\":[{\"@type\":\"WebPage\",\"@id\":\"https:\\\/\\\/schoenstatt.com\\\/de\\\/in-mission\\\/kirche\\\/pjk-liebesbuendnisgruppe-im-gebet-und-in-der-stille\\\/\",\"url\":\"https:\\\/\\\/schoenstatt.com\\\/de\\\/in-mission\\\/kirche\\\/pjk-liebesbuendnisgruppe-im-gebet-und-in-der-stille\\\/\",\"name\":\"PJK-Liebesb\u00fcndnisgruppe im Gebet und in der Stille - Schoenstatt\",\"isPartOf\":{\"@id\":\"https:\\\/\\\/schoenstatt.com\\\/de\\\/#website\"},\"primaryImageOfPage\":{\"@id\":\"https:\\\/\\\/schoenstatt.com\\\/de\\\/in-mission\\\/kirche\\\/pjk-liebesbuendnisgruppe-im-gebet-und-in-der-stille\\\/#primaryimage\"},\"image\":{\"@id\":\"https:\\\/\\\/schoenstatt.com\\\/de\\\/in-mission\\\/kirche\\\/pjk-liebesbuendnisgruppe-im-gebet-und-in-der-stille\\\/#primaryimage\"},\"thumbnailUrl\":\"https:\\\/\\\/schoenstatt.com\\\/wp-content\\\/uploads\\\/2024\\\/04\\\/p-kentenich-schoenstatt-2-1.jpg\",\"datePublished\":\"2024-06-29T20:08:17+00:00\",\"dateModified\":\"2025-05-27T01:51:18+00:00\",\"description\":\"Dies ist die Geschichte der FJK-Gruppe \u201eLiebesb\u00fcndnis der Stille und des Gebetes\u201c, die sich dem Gebet f\u00fcr die Heiligsprechung Pater Kentenichs widmet.\",\"breadcrumb\":{\"@id\":\"https:\\\/\\\/schoenstatt.com\\\/de\\\/in-mission\\\/kirche\\\/pjk-liebesbuendnisgruppe-im-gebet-und-in-der-stille\\\/#breadcrumb\"},\"inLanguage\":\"de\",\"potentialAction\":[{\"@type\":\"ReadAction\",\"target\":[\"https:\\\/\\\/schoenstatt.com\\\/de\\\/in-mission\\\/kirche\\\/pjk-liebesbuendnisgruppe-im-gebet-und-in-der-stille\\\/\"]}]},{\"@type\":\"ImageObject\",\"inLanguage\":\"de\",\"@id\":\"https:\\\/\\\/schoenstatt.com\\\/de\\\/in-mission\\\/kirche\\\/pjk-liebesbuendnisgruppe-im-gebet-und-in-der-stille\\\/#primaryimage\",\"url\":\"https:\\\/\\\/schoenstatt.com\\\/wp-content\\\/uploads\\\/2024\\\/04\\\/p-kentenich-schoenstatt-2-1.jpg\",\"contentUrl\":\"https:\\\/\\\/schoenstatt.com\\\/wp-content\\\/uploads\\\/2024\\\/04\\\/p-kentenich-schoenstatt-2-1.jpg\",\"width\":1207,\"height\":835},{\"@type\":\"BreadcrumbList\",\"@id\":\"https:\\\/\\\/schoenstatt.com\\\/de\\\/in-mission\\\/kirche\\\/pjk-liebesbuendnisgruppe-im-gebet-und-in-der-stille\\\/#breadcrumb\",\"itemListElement\":[{\"@type\":\"ListItem\",\"position\":1,\"name\":\"Portada\",\"item\":\"https:\\\/\\\/schoenstatt.com\\\/de\\\/home\\\/\"},{\"@type\":\"ListItem\",\"position\":2,\"name\":\"In Mission\",\"item\":\"https:\\\/\\\/schoenstatt.com\\\/de\\\/in-mission\\\/\"},{\"@type\":\"ListItem\",\"position\":3,\"name\":\"Kirche\",\"item\":\"https:\\\/\\\/schoenstatt.com\\\/de\\\/in-mission\\\/kirche\\\/\"},{\"@type\":\"ListItem\",\"position\":4,\"name\":\"PJK-Liebesb\u00fcndnisgruppe im Gebet und in der Stille\"}]},{\"@type\":\"WebSite\",\"@id\":\"https:\\\/\\\/schoenstatt.com\\\/de\\\/#website\",\"url\":\"https:\\\/\\\/schoenstatt.com\\\/de\\\/\",\"name\":\"Schoenstatt\",\"description\":\"Apostolic Movement\",\"publisher\":{\"@id\":\"https:\\\/\\\/schoenstatt.com\\\/de\\\/#organization\"},\"potentialAction\":[{\"@type\":\"SearchAction\",\"target\":{\"@type\":\"EntryPoint\",\"urlTemplate\":\"https:\\\/\\\/schoenstatt.com\\\/de\\\/?s={search_term_string}\"},\"query-input\":{\"@type\":\"PropertyValueSpecification\",\"valueRequired\":true,\"valueName\":\"search_term_string\"}}],\"inLanguage\":\"de\"},{\"@type\":\"Organization\",\"@id\":\"https:\\\/\\\/schoenstatt.com\\\/de\\\/#organization\",\"name\":\"Schoenstatt\",\"url\":\"https:\\\/\\\/schoenstatt.com\\\/de\\\/\",\"logo\":{\"@type\":\"ImageObject\",\"inLanguage\":\"de\",\"@id\":\"https:\\\/\\\/schoenstatt.com\\\/de\\\/#\\\/schema\\\/logo\\\/image\\\/\",\"url\":\"https:\\\/\\\/schoenstatt.com\\\/wp-content\\\/uploads\\\/2025\\\/04\\\/logo-schoenstatt-white-696x696-1.png\",\"contentUrl\":\"https:\\\/\\\/schoenstatt.com\\\/wp-content\\\/uploads\\\/2025\\\/04\\\/logo-schoenstatt-white-696x696-1.png\",\"width\":696,\"height\":694,\"caption\":\"Schoenstatt\"},\"image\":{\"@id\":\"https:\\\/\\\/schoenstatt.com\\\/de\\\/#\\\/schema\\\/logo\\\/image\\\/\"}}]}<\/script>\n<!-- \/ Yoast SEO Premium plugin. -->","yoast_head_json":{"title":"PJK-Liebesb\u00fcndnisgruppe im Gebet und in der Stille - Schoenstatt","description":"Dies ist die Geschichte der FJK-Gruppe \u201eLiebesb\u00fcndnis der Stille und des Gebetes\u201c, die sich dem Gebet f\u00fcr die Heiligsprechung Pater Kentenichs widmet.","robots":{"index":"index","follow":"follow","max-snippet":"max-snippet:-1","max-image-preview":"max-image-preview:large","max-video-preview":"max-video-preview:-1"},"canonical":"https:\/\/schoenstatt.com\/de\/in-mission\/kirche\/pjk-liebesbuendnisgruppe-im-gebet-und-in-der-stille\/","og_locale":"de_DE","og_type":"article","og_title":"PJK-Liebesb\u00fcndnisgruppe im Gebet und in der Stille","og_description":"Dies ist die Geschichte der FJK-Gruppe \u201eLiebesb\u00fcndnis der Stille und des Gebetes\u201c, die sich dem Gebet f\u00fcr die Heiligsprechung Pater Kentenichs widmet.","og_url":"https:\/\/schoenstatt.com\/de\/in-mission\/kirche\/pjk-liebesbuendnisgruppe-im-gebet-und-in-der-stille\/","og_site_name":"Schoenstatt","article_modified_time":"2025-05-27T01:51:18+00:00","og_image":[{"width":1207,"height":835,"url":"https:\/\/schoenstatt.com\/wp-content\/uploads\/2024\/04\/p-kentenich-schoenstatt-2-1.jpg","type":"image\/jpeg"}],"twitter_card":"summary_large_image","twitter_misc":{"Gesch\u00e4tzte Lesezeit":"4\u00a0Minuten"},"schema":{"@context":"https:\/\/schema.org","@graph":[{"@type":"WebPage","@id":"https:\/\/schoenstatt.com\/de\/in-mission\/kirche\/pjk-liebesbuendnisgruppe-im-gebet-und-in-der-stille\/","url":"https:\/\/schoenstatt.com\/de\/in-mission\/kirche\/pjk-liebesbuendnisgruppe-im-gebet-und-in-der-stille\/","name":"PJK-Liebesb\u00fcndnisgruppe im Gebet und in der Stille - Schoenstatt","isPartOf":{"@id":"https:\/\/schoenstatt.com\/de\/#website"},"primaryImageOfPage":{"@id":"https:\/\/schoenstatt.com\/de\/in-mission\/kirche\/pjk-liebesbuendnisgruppe-im-gebet-und-in-der-stille\/#primaryimage"},"image":{"@id":"https:\/\/schoenstatt.com\/de\/in-mission\/kirche\/pjk-liebesbuendnisgruppe-im-gebet-und-in-der-stille\/#primaryimage"},"thumbnailUrl":"https:\/\/schoenstatt.com\/wp-content\/uploads\/2024\/04\/p-kentenich-schoenstatt-2-1.jpg","datePublished":"2024-06-29T20:08:17+00:00","dateModified":"2025-05-27T01:51:18+00:00","description":"Dies ist die Geschichte der FJK-Gruppe \u201eLiebesb\u00fcndnis der Stille und des Gebetes\u201c, die sich dem Gebet f\u00fcr die Heiligsprechung Pater Kentenichs widmet.","breadcrumb":{"@id":"https:\/\/schoenstatt.com\/de\/in-mission\/kirche\/pjk-liebesbuendnisgruppe-im-gebet-und-in-der-stille\/#breadcrumb"},"inLanguage":"de","potentialAction":[{"@type":"ReadAction","target":["https:\/\/schoenstatt.com\/de\/in-mission\/kirche\/pjk-liebesbuendnisgruppe-im-gebet-und-in-der-stille\/"]}]},{"@type":"ImageObject","inLanguage":"de","@id":"https:\/\/schoenstatt.com\/de\/in-mission\/kirche\/pjk-liebesbuendnisgruppe-im-gebet-und-in-der-stille\/#primaryimage","url":"https:\/\/schoenstatt.com\/wp-content\/uploads\/2024\/04\/p-kentenich-schoenstatt-2-1.jpg","contentUrl":"https:\/\/schoenstatt.com\/wp-content\/uploads\/2024\/04\/p-kentenich-schoenstatt-2-1.jpg","width":1207,"height":835},{"@type":"BreadcrumbList","@id":"https:\/\/schoenstatt.com\/de\/in-mission\/kirche\/pjk-liebesbuendnisgruppe-im-gebet-und-in-der-stille\/#breadcrumb","itemListElement":[{"@type":"ListItem","position":1,"name":"Portada","item":"https:\/\/schoenstatt.com\/de\/home\/"},{"@type":"ListItem","position":2,"name":"In Mission","item":"https:\/\/schoenstatt.com\/de\/in-mission\/"},{"@type":"ListItem","position":3,"name":"Kirche","item":"https:\/\/schoenstatt.com\/de\/in-mission\/kirche\/"},{"@type":"ListItem","position":4,"name":"PJK-Liebesb\u00fcndnisgruppe im Gebet und in der Stille"}]},{"@type":"WebSite","@id":"https:\/\/schoenstatt.com\/de\/#website","url":"https:\/\/schoenstatt.com\/de\/","name":"Schoenstatt","description":"Apostolic Movement","publisher":{"@id":"https:\/\/schoenstatt.com\/de\/#organization"},"potentialAction":[{"@type":"SearchAction","target":{"@type":"EntryPoint","urlTemplate":"https:\/\/schoenstatt.com\/de\/?s={search_term_string}"},"query-input":{"@type":"PropertyValueSpecification","valueRequired":true,"valueName":"search_term_string"}}],"inLanguage":"de"},{"@type":"Organization","@id":"https:\/\/schoenstatt.com\/de\/#organization","name":"Schoenstatt","url":"https:\/\/schoenstatt.com\/de\/","logo":{"@type":"ImageObject","inLanguage":"de","@id":"https:\/\/schoenstatt.com\/de\/#\/schema\/logo\/image\/","url":"https:\/\/schoenstatt.com\/wp-content\/uploads\/2025\/04\/logo-schoenstatt-white-696x696-1.png","contentUrl":"https:\/\/schoenstatt.com\/wp-content\/uploads\/2025\/04\/logo-schoenstatt-white-696x696-1.png","width":696,"height":694,"caption":"Schoenstatt"},"image":{"@id":"https:\/\/schoenstatt.com\/de\/#\/schema\/logo\/image\/"}}]}},"_links":{"self":[{"href":"https:\/\/schoenstatt.com\/de\/wp-json\/wp\/v2\/pages\/43684","targetHints":{"allow":["GET"]}}],"collection":[{"href":"https:\/\/schoenstatt.com\/de\/wp-json\/wp\/v2\/pages"}],"about":[{"href":"https:\/\/schoenstatt.com\/de\/wp-json\/wp\/v2\/types\/page"}],"author":[{"embeddable":true,"href":"https:\/\/schoenstatt.com\/de\/wp-json\/wp\/v2\/users\/3"}],"replies":[{"embeddable":true,"href":"https:\/\/schoenstatt.com\/de\/wp-json\/wp\/v2\/comments?post=43684"}],"version-history":[{"count":3,"href":"https:\/\/schoenstatt.com\/de\/wp-json\/wp\/v2\/pages\/43684\/revisions"}],"predecessor-version":[{"id":58119,"href":"https:\/\/schoenstatt.com\/de\/wp-json\/wp\/v2\/pages\/43684\/revisions\/58119"}],"up":[{"embeddable":true,"href":"https:\/\/schoenstatt.com\/de\/wp-json\/wp\/v2\/pages\/39698"}],"wp:featuredmedia":[{"embeddable":true,"href":"https:\/\/schoenstatt.com\/de\/wp-json\/wp\/v2\/media\/35441"}],"wp:attachment":[{"href":"https:\/\/schoenstatt.com\/de\/wp-json\/wp\/v2\/media?parent=43684"}],"curies":[{"name":"wp","href":"https:\/\/api.w.org\/{rel}","templated":true}]}}