{"id":39698,"date":"2024-06-28T20:41:30","date_gmt":"2024-06-28T18:41:30","guid":{"rendered":"https:\/\/schoenstatt.com\/in-mission\/kirche\/"},"modified":"2025-05-27T03:27:24","modified_gmt":"2025-05-27T01:27:24","slug":"kirche","status":"publish","type":"page","link":"https:\/\/schoenstatt.com\/de\/in-mission\/kirche\/","title":{"rendered":"Kirche"},"content":{"rendered":"\t\t<div data-elementor-type=\"wp-page\" data-elementor-id=\"39698\" class=\"elementor elementor-39698 elementor-39305\" data-elementor-post-type=\"page\">\n\t\t\t\t<div class=\"elementor-element elementor-element-6c5835ab e-flex e-con-boxed e-con e-parent\" data-id=\"6c5835ab\" data-element_type=\"container\" data-e-type=\"container\" data-settings=\"{&quot;background_background&quot;:&quot;classic&quot;}\">\n\t\t\t\t\t<div class=\"e-con-inner\">\n\t\t<div class=\"elementor-element elementor-element-527e9f69 e-flex e-con-boxed e-con e-child\" data-id=\"527e9f69\" data-element_type=\"container\" data-e-type=\"container\">\n\t\t\t\t\t<div class=\"e-con-inner\">\n\t\t\t\t<div class=\"elementor-element elementor-element-2086007b elementor-widget elementor-widget-heading\" data-id=\"2086007b\" data-element_type=\"widget\" data-e-type=\"widget\" data-widget_type=\"heading.default\">\n\t\t\t\t<div class=\"elementor-widget-container\">\n\t\t\t\t\t<p class=\"elementor-heading-title elementor-size-default\">Sch\u00f6nstatt ist Mission: Die Fr\u00fcchte des Liebesb\u00fcndnisses<\/p>\t\t\t\t<\/div>\n\t\t\t\t<\/div>\n\t\t\t\t\t<\/div>\n\t\t\t\t<\/div>\n\t\t\t\t\t<\/div>\n\t\t\t\t<\/div>\n\t\t<div class=\"elementor-element elementor-element-70045df e-flex e-con-boxed e-con e-parent\" data-id=\"70045df\" data-element_type=\"container\" data-e-type=\"container\">\n\t\t\t\t\t<div class=\"e-con-inner\">\n\t\t<div class=\"elementor-element elementor-element-5ed643f e-con-full e-flex e-con e-child\" data-id=\"5ed643f\" data-element_type=\"container\" data-e-type=\"container\">\n\t\t<div class=\"elementor-element elementor-element-f2b524c e-con-full e-flex e-con e-child\" data-id=\"f2b524c\" data-element_type=\"container\" data-e-type=\"container\">\n\t\t<div class=\"elementor-element elementor-element-6f51237 e-con-full e-flex e-con e-child\" data-id=\"6f51237\" data-element_type=\"container\" data-e-type=\"container\">\n\t\t\t\t<div class=\"elementor-element elementor-element-d695d0b elementor-widget elementor-widget-heading\" data-id=\"d695d0b\" data-element_type=\"widget\" data-e-type=\"widget\" data-widget_type=\"heading.default\">\n\t\t\t\t<div class=\"elementor-widget-container\">\n\t\t\t\t\t<p class=\"elementor-heading-title elementor-size-default\">Projekte<\/p>\t\t\t\t<\/div>\n\t\t\t\t<\/div>\n\t\t\t\t<div class=\"elementor-element elementor-element-b659252 elementor-widget elementor-widget-heading\" data-id=\"b659252\" data-element_type=\"widget\" data-e-type=\"widget\" data-widget_type=\"heading.default\">\n\t\t\t\t<div class=\"elementor-widget-container\">\n\t\t\t\t\t<h2 class=\"elementor-heading-title elementor-size-default\">In Mission in und f\u00fcr die Kirche<\/h2>\t\t\t\t<\/div>\n\t\t\t\t<\/div>\n\t\t\t\t<div class=\"elementor-element elementor-element-a7c0066 elementor-widget-divider--view-line elementor-widget elementor-widget-divider\" data-id=\"a7c0066\" data-element_type=\"widget\" data-e-type=\"widget\" data-widget_type=\"divider.default\">\n\t\t\t\t<div class=\"elementor-widget-container\">\n\t\t\t\t\t\t\t<div class=\"elementor-divider\">\n\t\t\t<span class=\"elementor-divider-separator\">\n\t\t\t\t\t\t<\/span>\n\t\t<\/div>\n\t\t\t\t\t\t<\/div>\n\t\t\t\t<\/div>\n\t\t\t\t<div class=\"elementor-element elementor-element-cb496b9 elementor-widget elementor-widget-heading\" data-id=\"cb496b9\" data-element_type=\"widget\" data-e-type=\"widget\" data-widget_type=\"heading.default\">\n\t\t\t\t<div class=\"elementor-widget-container\">\n\t\t\t\t\t<p class=\"elementor-heading-title elementor-size-default\">Durch verschiedene Initiativen tr\u00e4gt Sch\u00f6nstatt dazu bei, dass die Kirche immer missionarischer und evangelisierender wird. Unsere Projekte erreichen Millionen von Menschen auf der ganzen Welt und bringen die Kirche n\u00e4her an die verschiedenen sozialen Realit\u00e4ten in vielen L\u00e4ndern heran, indem sie einen aufgeschlossenen Geist leben. Dank verschiedener Projekte Sch\u00f6nstatts, wie der Kampagne der Pilgernden Gottesmutter, ist die Kirche in Familien, Gef\u00e4ngnissen, Schulen, Unternehmen, indigenen St\u00e4mmen, Kriegsgebieten und vielen schwer zug\u00e4nglichen Orten pr\u00e4sent, als Zeichen der N\u00e4he und des Willkommens. Das Engagement Sch\u00f6nstatts f\u00fcr die Kirche f\u00f6rdert eine im Gebet und in der Mission geeinte Welt, die Einheit und ein gemeinsames geistliches Ziel.   <\/p>\t\t\t\t<\/div>\n\t\t\t\t<\/div>\n\t\t\t\t<\/div>\n\t\t\t\t<\/div>\n\t\t<div class=\"elementor-element elementor-element-a53cb9b e-con-full e-flex e-con e-child\" data-id=\"a53cb9b\" data-element_type=\"container\" data-e-type=\"container\">\n\t\t<div class=\"elementor-element elementor-element-a32591a e-con-full e-flex e-con e-child\" data-id=\"a32591a\" data-element_type=\"container\" data-e-type=\"container\" data-settings=\"{&quot;background_background&quot;:&quot;classic&quot;}\">\n\t\t\t\t<div class=\"elementor-element elementor-element-d8150e5 elementor-cta--layout-image-left elementor-cta--tablet-layout-image-above elementor-cta--skin-classic elementor-animated-content elementor-bg-transform elementor-bg-transform-zoom-in elementor-widget elementor-widget-call-to-action\" data-id=\"d8150e5\" data-element_type=\"widget\" data-e-type=\"widget\" data-widget_type=\"call-to-action.default\">\n\t\t\t\t<div class=\"elementor-widget-container\">\n\t\t\t\t\t\t\t<div class=\"elementor-cta\">\n\t\t\t\t\t<div class=\"elementor-cta__bg-wrapper\">\n\t\t\t\t<div class=\"elementor-cta__bg elementor-bg\" style=\"background-image: url(https:\/\/schoenstatt.com\/wp-content\/uploads\/2024\/06\/Pilgrim-Mother-2-1.jpg);\" role=\"img\" aria-label=\"Pilgrim-Mother-2\"><\/div>\n\t\t\t\t<div class=\"elementor-cta__bg-overlay\"><\/div>\n\t\t\t<\/div>\n\t\t\t\t\t\t\t<div class=\"elementor-cta__content\">\n\t\t\t\t\n\t\t\t\t\t\t\t\t\t<div class=\"elementor-cta__title elementor-cta__content-item elementor-content-item\">\n\t\t\t\t\t\tKampagne der Pilgernden Gottesmutter\t\t\t\t\t<\/div>\n\t\t\t\t\n\t\t\t\t\t\t\t\t\t<div class=\"elementor-cta__description elementor-cta__content-item elementor-content-item\">\n\t\t\t\t\t\tDie Kampagne der Pilgernden Gottesmutter ermutigt zum Rosenkranzgebet und zur Weihe an Maria, um gnadenerf\u00fcllte H\u00e4user und Herzen zu f\u00f6rdern. Tausende von Menschen auf allen Kontinenten haben die Pilgernde Gottesmutter bereits empfangen. \t\t\t\t\t<\/div>\n\t\t\t\t\n\t\t\t\t\t\t\t\t\t<div class=\"elementor-cta__button-wrapper elementor-cta__content-item elementor-content-item \">\n\t\t\t\t\t<a class=\"elementor-cta__button elementor-button elementor-size-xs\" href=\"https:\/\/schoenstatt.com\/in-mission\/church\/pilgrim-mother\/\">\n\t\t\t\t\t\tmehr lesen\t\t\t\t\t<\/a>\n\t\t\t\t\t<\/div>\n\t\t\t\t\t\t\t<\/div>\n\t\t\t\t\t\t<\/div>\n\t\t\t\t\t\t<\/div>\n\t\t\t\t<\/div>\n\t\t\t\t<\/div>\n\t\t<div class=\"elementor-element elementor-element-531425d e-con-full e-flex e-con e-child\" data-id=\"531425d\" data-element_type=\"container\" data-e-type=\"container\" data-settings=\"{&quot;background_background&quot;:&quot;classic&quot;}\">\n\t\t\t\t<div class=\"elementor-element elementor-element-f499e3f elementor-cta--layout-image-left elementor-cta--tablet-layout-image-above elementor-cta--skin-classic elementor-animated-content elementor-bg-transform elementor-bg-transform-zoom-in elementor-widget elementor-widget-call-to-action\" data-id=\"f499e3f\" data-element_type=\"widget\" data-e-type=\"widget\" data-widget_type=\"call-to-action.default\">\n\t\t\t\t<div class=\"elementor-widget-container\">\n\t\t\t\t\t\t\t<div class=\"elementor-cta\">\n\t\t\t\t\t<div class=\"elementor-cta__bg-wrapper\">\n\t\t\t\t<div class=\"elementor-cta__bg elementor-bg\" style=\"background-image: url(https:\/\/schoenstatt.com\/wp-content\/uploads\/2024\/06\/mens-rosary-terco-dos-homens-rosario-de-hombres-1-1.jpg);\" role=\"img\" aria-label=\"mens rosary ter\u00e7o dos homens rosario de hombres\"><\/div>\n\t\t\t\t<div class=\"elementor-cta__bg-overlay\"><\/div>\n\t\t\t<\/div>\n\t\t\t\t\t\t\t<div class=\"elementor-cta__content\">\n\t\t\t\t\n\t\t\t\t\t\t\t\t\t<div class=\"elementor-cta__title elementor-cta__content-item elementor-content-item\">\n\t\t\t\t\t\tM\u00e4nner-Rosenkranz\t\t\t\t\t<\/div>\n\t\t\t\t\n\t\t\t\t\t\t\t\t\t<div class=\"elementor-cta__description elementor-cta__content-item elementor-content-item\">\n\t\t\t\t\t\tDer M\u00e4nner-Rosenkranz \"Mutter und K\u00f6nigin\" ist ein Apostolat, das 1997 in Brasilien begann und jede Woche eine gro\u00dfe Zahl von M\u00e4nnern zum Rosenkranzgebet zusammenf\u00fchrt. Sie treffen sich in kleinen und gro\u00dfen Gruppen, die in zahlreichen Gemeinden im ganzen Land vertreten sind. \t\t\t\t\t<\/div>\n\t\t\t\t\n\t\t\t\t\t\t\t\t\t<div class=\"elementor-cta__button-wrapper elementor-cta__content-item elementor-content-item \">\n\t\t\t\t\t<a class=\"elementor-cta__button elementor-button elementor-size-xs\" href=\"https:\/\/schoenstatt.com\/in-mission\/church\/mens-rosary\/\">\n\t\t\t\t\t\tmehr lesen\t\t\t\t\t<\/a>\n\t\t\t\t\t<\/div>\n\t\t\t\t\t\t\t<\/div>\n\t\t\t\t\t\t<\/div>\n\t\t\t\t\t\t<\/div>\n\t\t\t\t<\/div>\n\t\t\t\t<\/div>\n\t\t\t\t<\/div>\n\t\t<div class=\"elementor-element elementor-element-960e044 e-con-full e-flex e-con e-child\" data-id=\"960e044\" data-element_type=\"container\" data-e-type=\"container\">\n\t\t<div class=\"elementor-element elementor-element-98e8c1b e-con-full e-flex e-con e-child\" data-id=\"98e8c1b\" data-element_type=\"container\" data-e-type=\"container\" data-settings=\"{&quot;background_background&quot;:&quot;classic&quot;}\">\n\t\t\t\t<div class=\"elementor-element elementor-element-2801e11 elementor-cta--layout-image-left elementor-cta--tablet-layout-image-above elementor-cta--skin-classic elementor-animated-content elementor-bg-transform elementor-bg-transform-zoom-in elementor-widget elementor-widget-call-to-action\" data-id=\"2801e11\" data-element_type=\"widget\" data-e-type=\"widget\" data-widget_type=\"call-to-action.default\">\n\t\t\t\t<div class=\"elementor-widget-container\">\n\t\t\t\t\t\t\t<div class=\"elementor-cta\">\n\t\t\t\t\t<div class=\"elementor-cta__bg-wrapper\">\n\t\t\t\t<div class=\"elementor-cta__bg elementor-bg\" style=\"background-image: url(https:\/\/schoenstatt.com\/wp-content\/uploads\/2024\/06\/pastoral-of-hope-esperanca-esperanza-3-1.jpeg);\" role=\"img\" aria-label=\"pastoral of hope esperan\u00e7a esperanza 3\"><\/div>\n\t\t\t\t<div class=\"elementor-cta__bg-overlay\"><\/div>\n\t\t\t<\/div>\n\t\t\t\t\t\t\t<div class=\"elementor-cta__content\">\n\t\t\t\t\n\t\t\t\t\t\t\t\t\t<div class=\"elementor-cta__title elementor-cta__content-item elementor-content-item\">\n\t\t\t\t\t\tPastoral der Hoffnung\t\t\t\t\t<\/div>\n\t\t\t\t\n\t\t\t\t\t\t\t\t\t<div class=\"elementor-cta__description elementor-cta__content-item elementor-content-item\">\n\t\t\t\t\t\tDer Name stammt aus einer Rede von Benedikt XVI. zum Thema \"Balsam in den Wunden, eine Antwort auf die Wunden der Scheidung\". Die Pastoral der Hoffnung entstand im Herzen der Apostolischen Sch\u00f6nstatt-Bewegung in Paraguay. \t\t\t\t\t<\/div>\n\t\t\t\t\n\t\t\t\t\t\t\t\t\t<div class=\"elementor-cta__button-wrapper elementor-cta__content-item elementor-content-item \">\n\t\t\t\t\t<a class=\"elementor-cta__button elementor-button elementor-size-xs\" href=\"https:\/\/schoenstatt.com\/in-mission\/church\/pastoral-of-hope\/\">\n\t\t\t\t\t\tmehr lesen\t\t\t\t\t<\/a>\n\t\t\t\t\t<\/div>\n\t\t\t\t\t\t\t<\/div>\n\t\t\t\t\t\t<\/div>\n\t\t\t\t\t\t<\/div>\n\t\t\t\t<\/div>\n\t\t\t\t<\/div>\n\t\t<div class=\"elementor-element elementor-element-2df5d83 e-con-full e-flex e-con e-child\" data-id=\"2df5d83\" data-element_type=\"container\" data-e-type=\"container\" data-settings=\"{&quot;background_background&quot;:&quot;classic&quot;}\">\n\t\t\t\t<div class=\"elementor-element elementor-element-bb4f8d6 elementor-cta--layout-image-left elementor-cta--tablet-layout-image-above elementor-cta--skin-classic elementor-animated-content elementor-bg-transform elementor-bg-transform-zoom-in elementor-widget elementor-widget-call-to-action\" data-id=\"bb4f8d6\" data-element_type=\"widget\" data-e-type=\"widget\" data-widget_type=\"call-to-action.default\">\n\t\t\t\t<div class=\"elementor-widget-container\">\n\t\t\t\t\t\t\t<div class=\"elementor-cta\">\n\t\t\t\t\t<div class=\"elementor-cta__bg-wrapper\">\n\t\t\t\t<div class=\"elementor-cta__bg elementor-bg\" style=\"background-image: url(https:\/\/schoenstatt.com\/wp-content\/uploads\/2024\/06\/52180470035_db79a531ce_c.jpg);\" role=\"img\" aria-label=\"\"><\/div>\n\t\t\t\t<div class=\"elementor-cta__bg-overlay\"><\/div>\n\t\t\t<\/div>\n\t\t\t\t\t\t\t<div class=\"elementor-cta__content\">\n\t\t\t\t\n\t\t\t\t\t\t\t\t\t<div class=\"elementor-cta__title elementor-cta__content-item elementor-content-item\">\n\t\t\t\t\t\tGruppe der Stille und des Gebets\t\t\t\t\t<\/div>\n\t\t\t\t\n\t\t\t\t\t\t\t\t\t<div class=\"elementor-cta__description elementor-cta__content-item elementor-content-item\">\n\t\t\t\t\t\tEin Gebetsapostolat in den sozialen Netzwerken f\u00fcr die baldige Heiligsprechung Pater Kentenichs. Diese Gruppe wurde als Apostolat gegr\u00fcndet, das das Sekretariat Pater Kentenichs in Ecuador unterst\u00fctzen sollte. \t\t\t\t\t<\/div>\n\t\t\t\t\n\t\t\t\t\t\t\t\t\t<div class=\"elementor-cta__button-wrapper elementor-cta__content-item elementor-content-item \">\n\t\t\t\t\t<a class=\"elementor-cta__button elementor-button elementor-size-xs\" href=\"https:\/\/schoenstatt.com\/in-mission\/church\/fjk-covenant-of-love-group-of-silence-and-prayer\/\">\n\t\t\t\t\t\tmehr lesen\t\t\t\t\t<\/a>\n\t\t\t\t\t<\/div>\n\t\t\t\t\t\t\t<\/div>\n\t\t\t\t\t\t<\/div>\n\t\t\t\t\t\t<\/div>\n\t\t\t\t<\/div>\n\t\t\t\t<\/div>\n\t\t\t\t<\/div>\n\t\t\t\t<\/div>\n\t\t\t\t\t<\/div>\n\t\t\t\t<\/div>\n\t\t\t\t<\/div>\n\t\t","protected":false},"excerpt":{"rendered":"<p>Sch\u00f6nstatt ist Mission: Die Fr\u00fcchte des Liebesb\u00fcndnisses<\/p>\n","protected":false},"author":3,"featured_media":39306,"parent":57983,"menu_order":0,"comment_status":"closed","ping_status":"closed","template":"","meta":{"footnotes":""},"class_list":["post-39698","page","type-page","status-publish","has-post-thumbnail","hentry"],"yoast_head":"<!-- This site is optimized with the Yoast SEO Premium plugin v27.4 (Yoast SEO v27.5) - https:\/\/yoast.com\/product\/yoast-seo-premium-wordpress\/ -->\n<title>Kirche - Schoenstatt<\/title>\n<meta name=\"description\" content=\"Durch verschiedene Initiativen und Projekte tr\u00e4gt Sch\u00f6nstatt dazu bei, dass die Kirche immer missionarischer und evangelisierender wird.\" \/>\n<meta name=\"robots\" content=\"index, follow, max-snippet:-1, max-image-preview:large, max-video-preview:-1\" \/>\n<link rel=\"canonical\" href=\"https:\/\/schoenstatt.com\/de\/in-mission\/kirche\/\" \/>\n<meta property=\"og:locale\" content=\"de_DE\" \/>\n<meta property=\"og:type\" content=\"article\" \/>\n<meta property=\"og:title\" content=\"Kirche\" \/>\n<meta property=\"og:description\" content=\"Durch verschiedene Initiativen und Projekte tr\u00e4gt Sch\u00f6nstatt dazu bei, dass die Kirche immer missionarischer und evangelisierender wird.\" \/>\n<meta property=\"og:url\" content=\"https:\/\/schoenstatt.com\/de\/in-mission\/kirche\/\" \/>\n<meta property=\"og:site_name\" content=\"Schoenstatt\" \/>\n<meta property=\"article:modified_time\" content=\"2025-05-27T01:27:24+00:00\" \/>\n<meta property=\"og:image\" content=\"https:\/\/schoenstatt.com\/wp-content\/uploads\/2024\/06\/church-rome-gabriella-clare-marino-unsplash-1.jpg\" \/>\n\t<meta property=\"og:image:width\" content=\"1681\" \/>\n\t<meta property=\"og:image:height\" content=\"904\" \/>\n\t<meta property=\"og:image:type\" content=\"image\/jpeg\" \/>\n<meta name=\"twitter:card\" content=\"summary_large_image\" \/>\n<meta name=\"twitter:label1\" content=\"Gesch\u00e4tzte Lesezeit\" \/>\n\t<meta name=\"twitter:data1\" content=\"1\u00a0Minute\" \/>\n<script type=\"application\/ld+json\" class=\"yoast-schema-graph\">{\"@context\":\"https:\\\/\\\/schema.org\",\"@graph\":[{\"@type\":\"WebPage\",\"@id\":\"https:\\\/\\\/schoenstatt.com\\\/de\\\/in-mission\\\/kirche\\\/\",\"url\":\"https:\\\/\\\/schoenstatt.com\\\/de\\\/in-mission\\\/kirche\\\/\",\"name\":\"Kirche - Schoenstatt\",\"isPartOf\":{\"@id\":\"https:\\\/\\\/schoenstatt.com\\\/de\\\/#website\"},\"primaryImageOfPage\":{\"@id\":\"https:\\\/\\\/schoenstatt.com\\\/de\\\/in-mission\\\/kirche\\\/#primaryimage\"},\"image\":{\"@id\":\"https:\\\/\\\/schoenstatt.com\\\/de\\\/in-mission\\\/kirche\\\/#primaryimage\"},\"thumbnailUrl\":\"https:\\\/\\\/schoenstatt.com\\\/wp-content\\\/uploads\\\/2024\\\/06\\\/church-rome-gabriella-clare-marino-unsplash-1.jpg\",\"datePublished\":\"2024-06-28T18:41:30+00:00\",\"dateModified\":\"2025-05-27T01:27:24+00:00\",\"description\":\"Durch verschiedene Initiativen und Projekte tr\u00e4gt Sch\u00f6nstatt dazu bei, dass die Kirche immer missionarischer und evangelisierender wird.\",\"breadcrumb\":{\"@id\":\"https:\\\/\\\/schoenstatt.com\\\/de\\\/in-mission\\\/kirche\\\/#breadcrumb\"},\"inLanguage\":\"de\",\"potentialAction\":[{\"@type\":\"ReadAction\",\"target\":[\"https:\\\/\\\/schoenstatt.com\\\/de\\\/in-mission\\\/kirche\\\/\"]}]},{\"@type\":\"ImageObject\",\"inLanguage\":\"de\",\"@id\":\"https:\\\/\\\/schoenstatt.com\\\/de\\\/in-mission\\\/kirche\\\/#primaryimage\",\"url\":\"https:\\\/\\\/schoenstatt.com\\\/wp-content\\\/uploads\\\/2024\\\/06\\\/church-rome-gabriella-clare-marino-unsplash-1.jpg\",\"contentUrl\":\"https:\\\/\\\/schoenstatt.com\\\/wp-content\\\/uploads\\\/2024\\\/06\\\/church-rome-gabriella-clare-marino-unsplash-1.jpg\",\"width\":1681,\"height\":904},{\"@type\":\"BreadcrumbList\",\"@id\":\"https:\\\/\\\/schoenstatt.com\\\/de\\\/in-mission\\\/kirche\\\/#breadcrumb\",\"itemListElement\":[{\"@type\":\"ListItem\",\"position\":1,\"name\":\"Portada\",\"item\":\"https:\\\/\\\/schoenstatt.com\\\/de\\\/home\\\/\"},{\"@type\":\"ListItem\",\"position\":2,\"name\":\"In Mission\",\"item\":\"https:\\\/\\\/schoenstatt.com\\\/de\\\/in-mission\\\/\"},{\"@type\":\"ListItem\",\"position\":3,\"name\":\"Kirche\"}]},{\"@type\":\"WebSite\",\"@id\":\"https:\\\/\\\/schoenstatt.com\\\/de\\\/#website\",\"url\":\"https:\\\/\\\/schoenstatt.com\\\/de\\\/\",\"name\":\"Schoenstatt\",\"description\":\"Apostolic Movement\",\"publisher\":{\"@id\":\"https:\\\/\\\/schoenstatt.com\\\/de\\\/#organization\"},\"potentialAction\":[{\"@type\":\"SearchAction\",\"target\":{\"@type\":\"EntryPoint\",\"urlTemplate\":\"https:\\\/\\\/schoenstatt.com\\\/de\\\/?s={search_term_string}\"},\"query-input\":{\"@type\":\"PropertyValueSpecification\",\"valueRequired\":true,\"valueName\":\"search_term_string\"}}],\"inLanguage\":\"de\"},{\"@type\":\"Organization\",\"@id\":\"https:\\\/\\\/schoenstatt.com\\\/de\\\/#organization\",\"name\":\"Schoenstatt\",\"url\":\"https:\\\/\\\/schoenstatt.com\\\/de\\\/\",\"logo\":{\"@type\":\"ImageObject\",\"inLanguage\":\"de\",\"@id\":\"https:\\\/\\\/schoenstatt.com\\\/de\\\/#\\\/schema\\\/logo\\\/image\\\/\",\"url\":\"https:\\\/\\\/schoenstatt.com\\\/wp-content\\\/uploads\\\/2025\\\/04\\\/logo-schoenstatt-white-696x696-1.png\",\"contentUrl\":\"https:\\\/\\\/schoenstatt.com\\\/wp-content\\\/uploads\\\/2025\\\/04\\\/logo-schoenstatt-white-696x696-1.png\",\"width\":696,\"height\":694,\"caption\":\"Schoenstatt\"},\"image\":{\"@id\":\"https:\\\/\\\/schoenstatt.com\\\/de\\\/#\\\/schema\\\/logo\\\/image\\\/\"}}]}<\/script>\n<!-- \/ Yoast SEO Premium plugin. -->","yoast_head_json":{"title":"Kirche - Schoenstatt","description":"Durch verschiedene Initiativen und Projekte tr\u00e4gt Sch\u00f6nstatt dazu bei, dass die Kirche immer missionarischer und evangelisierender wird.","robots":{"index":"index","follow":"follow","max-snippet":"max-snippet:-1","max-image-preview":"max-image-preview:large","max-video-preview":"max-video-preview:-1"},"canonical":"https:\/\/schoenstatt.com\/de\/in-mission\/kirche\/","og_locale":"de_DE","og_type":"article","og_title":"Kirche","og_description":"Durch verschiedene Initiativen und Projekte tr\u00e4gt Sch\u00f6nstatt dazu bei, dass die Kirche immer missionarischer und evangelisierender wird.","og_url":"https:\/\/schoenstatt.com\/de\/in-mission\/kirche\/","og_site_name":"Schoenstatt","article_modified_time":"2025-05-27T01:27:24+00:00","og_image":[{"width":1681,"height":904,"url":"https:\/\/schoenstatt.com\/wp-content\/uploads\/2024\/06\/church-rome-gabriella-clare-marino-unsplash-1.jpg","type":"image\/jpeg"}],"twitter_card":"summary_large_image","twitter_misc":{"Gesch\u00e4tzte Lesezeit":"1\u00a0Minute"},"schema":{"@context":"https:\/\/schema.org","@graph":[{"@type":"WebPage","@id":"https:\/\/schoenstatt.com\/de\/in-mission\/kirche\/","url":"https:\/\/schoenstatt.com\/de\/in-mission\/kirche\/","name":"Kirche - Schoenstatt","isPartOf":{"@id":"https:\/\/schoenstatt.com\/de\/#website"},"primaryImageOfPage":{"@id":"https:\/\/schoenstatt.com\/de\/in-mission\/kirche\/#primaryimage"},"image":{"@id":"https:\/\/schoenstatt.com\/de\/in-mission\/kirche\/#primaryimage"},"thumbnailUrl":"https:\/\/schoenstatt.com\/wp-content\/uploads\/2024\/06\/church-rome-gabriella-clare-marino-unsplash-1.jpg","datePublished":"2024-06-28T18:41:30+00:00","dateModified":"2025-05-27T01:27:24+00:00","description":"Durch verschiedene Initiativen und Projekte tr\u00e4gt Sch\u00f6nstatt dazu bei, dass die Kirche immer missionarischer und evangelisierender wird.","breadcrumb":{"@id":"https:\/\/schoenstatt.com\/de\/in-mission\/kirche\/#breadcrumb"},"inLanguage":"de","potentialAction":[{"@type":"ReadAction","target":["https:\/\/schoenstatt.com\/de\/in-mission\/kirche\/"]}]},{"@type":"ImageObject","inLanguage":"de","@id":"https:\/\/schoenstatt.com\/de\/in-mission\/kirche\/#primaryimage","url":"https:\/\/schoenstatt.com\/wp-content\/uploads\/2024\/06\/church-rome-gabriella-clare-marino-unsplash-1.jpg","contentUrl":"https:\/\/schoenstatt.com\/wp-content\/uploads\/2024\/06\/church-rome-gabriella-clare-marino-unsplash-1.jpg","width":1681,"height":904},{"@type":"BreadcrumbList","@id":"https:\/\/schoenstatt.com\/de\/in-mission\/kirche\/#breadcrumb","itemListElement":[{"@type":"ListItem","position":1,"name":"Portada","item":"https:\/\/schoenstatt.com\/de\/home\/"},{"@type":"ListItem","position":2,"name":"In Mission","item":"https:\/\/schoenstatt.com\/de\/in-mission\/"},{"@type":"ListItem","position":3,"name":"Kirche"}]},{"@type":"WebSite","@id":"https:\/\/schoenstatt.com\/de\/#website","url":"https:\/\/schoenstatt.com\/de\/","name":"Schoenstatt","description":"Apostolic Movement","publisher":{"@id":"https:\/\/schoenstatt.com\/de\/#organization"},"potentialAction":[{"@type":"SearchAction","target":{"@type":"EntryPoint","urlTemplate":"https:\/\/schoenstatt.com\/de\/?s={search_term_string}"},"query-input":{"@type":"PropertyValueSpecification","valueRequired":true,"valueName":"search_term_string"}}],"inLanguage":"de"},{"@type":"Organization","@id":"https:\/\/schoenstatt.com\/de\/#organization","name":"Schoenstatt","url":"https:\/\/schoenstatt.com\/de\/","logo":{"@type":"ImageObject","inLanguage":"de","@id":"https:\/\/schoenstatt.com\/de\/#\/schema\/logo\/image\/","url":"https:\/\/schoenstatt.com\/wp-content\/uploads\/2025\/04\/logo-schoenstatt-white-696x696-1.png","contentUrl":"https:\/\/schoenstatt.com\/wp-content\/uploads\/2025\/04\/logo-schoenstatt-white-696x696-1.png","width":696,"height":694,"caption":"Schoenstatt"},"image":{"@id":"https:\/\/schoenstatt.com\/de\/#\/schema\/logo\/image\/"}}]}},"_links":{"self":[{"href":"https:\/\/schoenstatt.com\/de\/wp-json\/wp\/v2\/pages\/39698","targetHints":{"allow":["GET"]}}],"collection":[{"href":"https:\/\/schoenstatt.com\/de\/wp-json\/wp\/v2\/pages"}],"about":[{"href":"https:\/\/schoenstatt.com\/de\/wp-json\/wp\/v2\/types\/page"}],"author":[{"embeddable":true,"href":"https:\/\/schoenstatt.com\/de\/wp-json\/wp\/v2\/users\/3"}],"replies":[{"embeddable":true,"href":"https:\/\/schoenstatt.com\/de\/wp-json\/wp\/v2\/comments?post=39698"}],"version-history":[{"count":4,"href":"https:\/\/schoenstatt.com\/de\/wp-json\/wp\/v2\/pages\/39698\/revisions"}],"predecessor-version":[{"id":58108,"href":"https:\/\/schoenstatt.com\/de\/wp-json\/wp\/v2\/pages\/39698\/revisions\/58108"}],"up":[{"embeddable":true,"href":"https:\/\/schoenstatt.com\/de\/wp-json\/wp\/v2\/pages\/57983"}],"wp:featuredmedia":[{"embeddable":true,"href":"https:\/\/schoenstatt.com\/de\/wp-json\/wp\/v2\/media\/39306"}],"wp:attachment":[{"href":"https:\/\/schoenstatt.com\/de\/wp-json\/wp\/v2\/media?parent=39698"}],"curies":[{"name":"wp","href":"https:\/\/api.w.org\/{rel}","templated":true}]}}