{"id":34389,"date":"2023-12-13T14:10:12","date_gmt":"2023-12-13T13:10:12","guid":{"rendered":"https:\/\/schoenstatt.com\/75th-anniversary-of-the-31st-of-may-1949\/"},"modified":"2025-04-20T20:28:25","modified_gmt":"2025-04-20T18:28:25","slug":"75-jahr-jubilaum-des-31-mai-1949","status":"publish","type":"page","link":"https:\/\/schoenstatt.com\/de\/75-jahr-jubilaum-des-31-mai-1949\/","title":{"rendered":"75-Jahr-Jubil\u00e4um des 31. Mai 1949"},"content":{"rendered":"<p>[vc_row][vc_column width=&#8220;1\/1&#8243;][vc_single_image media=&#8220;33755&#8243; media_width_percent=&#8220;100&#8243;][\/vc_column][\/vc_row][vc_row][vc_column width=&#8220;1\/1&#8243;][vc_column_text]Auf dieser Seite finden Sie Informationen zur Feier des 75. Jahrestages des dritten historischen Meilensteins des Sch\u00f6nstattwerkes, dem &#8222;31. Mai 1949&#8220;.<\/p>\n<p>Im Jahr 2024 sind es 75 Jahre seit dem dritten Meilenstein in der Geschichte unserer Bewegung sein. Am 31. Mai 1949 vertraute Pater Kentenich in der Bitte um die Pfingstgnaden der Gottesmutter &#8222;die Sendung Sch\u00f6nstatts&#8220; an. Er bat sie, dass sich das Charisma Sch\u00f6nstatts der Kirche in seinem ganzen Reichtum erschlie\u00dft und allen das Liebesb\u00fcndnis erschlie\u00dft. Dieses B\u00fcndnis hilft, das Nat\u00fcrliche und \u00dcbernat\u00fcrliche im Alltag in lebendiger Verbindung zu halten.<\/p>\n<p>In Dankbarkeit f\u00fcr all das Leben und die Str\u00f6mung der Gnade, die seit diesem Moment in der Geschichte Sch\u00f6nstatts frei geworden sind, l\u00e4dt die chilenische Familie zu einer gro\u00dfen internationalen Feier am 31. Mai, 1. und 2. Juni 2024 ein. Pilger aus Chile und aller Welt sind eingeladen, an dieser Jubil\u00e4umsfeier teilzunehmen.[\/vc_column_text][\/vc_column][\/vc_row][vc_row][vc_column width=&#8220;1\/1&#8243;][vc_column_text]<\/p>\n<h2>Wichtiges Material zur Information:<\/h2>\n<p>[\/vc_column_text][\/vc_column][\/vc_row][vc_row][vc_column width=&#8220;1\/2&#8243;][vc_column_text]<\/p>\n<ul>\n<li><a href=\"https:\/\/jubileo31demayo.schoenstatt.cl\/\" target=\"_blank\" rel=\"noopener\"><strong>Offizielle Website<\/strong><\/a><\/li>\n<li><strong>Anmeldung (geschlossen)<\/strong><\/li>\n<li><a href=\"https:\/\/schoenstatt.com\/wp-content\/uploads\/2024\/01\/Logo-31-de-mayo.png\" target=\"_blank\" rel=\"noopener\"><strong>Jubil\u00e4umslogo zum Herunterladen<\/strong><\/a><\/li>\n<li><a href=\"https:\/\/ch8ds.r.sp1-brevo.net\/mk\/mr\/sh\/1f8JAEjGcfF860xntMLpTMF66Z\/oUx6pkIdgEe0\" target=\"_blank\" rel=\"noopener\"><strong>Offizielles Gebet<\/strong><\/a><\/li>\n<li><a href=\"https:\/\/schoenstatt.com\/wp-content\/uploads\/2024\/01\/DE-Convocatoria-Jubileo-75-anos-31-de-mayo.pdf\" target=\"_blank\" rel=\"noopener\"><strong>Brief des Bewegungsleiters von Chile<\/strong><\/a><\/li>\n<li><a href=\"http:\/\/www.schoenstatt.cl\/prontus_schoenstatt\/site\/artic\/20231124\/asocfile\/20231124202459\/20231016_respuesta_a_chile____celebracio__n_31_de_mayo_2024__1_.pdf\" target=\"_blank\" rel=\"noopener\"><strong>Brief des Generalpr\u00e4sidiums (ES)<\/strong><\/a><\/li>\n<li><a href=\"https:\/\/maps.app.goo.gl\/MG9Dp7GDotGGMrqt7\" target=\"_blank\" rel=\"noopener\"><strong>Standort des Bellavista-Heiligtums<\/strong><\/a><\/li>\n<\/ul>\n<p>[\/vc_column_text][\/vc_column][vc_column width=&#8220;1\/2&#8243;][vc_single_image media=&#8220;34045&#8243; media_width_percent=&#8220;65&#8243;][\/vc_column][\/vc_row][vc_row][vc_column width=&#8220;1\/1&#8243;][vc_column_text]<\/p>\n<h2>Nachrichten:<\/h2>\n<p>[\/vc_column_text][vc_column_text]<\/p>\n<ul>\n<li><a href=\"https:\/\/schoenstatt.com\/de\/veranstaltungen\/eine-einladung-an-die-ganze-schoenstattfamilie-75-jahre-31mai\/\"><strong>Einladung zum Jubil\u00e4um<\/strong><\/a><\/li>\n<li><a href=\"https:\/\/ch8ds.r.sp1-brevo.net\/mk\/mr\/sh\/1f8JAEjGcfF860xntMLpTMF66Z\/oUx6pkIdgEe0\" target=\"_blank\" rel=\"noopener\"><strong>Mitteilung Anlage 1<\/strong><\/a><\/li>\n<\/ul>\n<p>[\/vc_column_text][\/vc_column][\/vc_row][vc_row][vc_column width=&#8220;1\/1&#8243;][\/vc_column][\/vc_row][vc_row][vc_column width=&#8220;1\/1&#8243;][vc_column_text]<\/p>\n<p style=\"text-align: center;\"><a class=\"fasc-button fasc-size-medium fasc-type-flat fasc-rounded-medium fasc-style-bold\" style=\"background-color: #10217d; color: #ffffff;\" href=\"https:\/\/schoenstatt.com\/de\/tag\/bellavista-de\/\">Weitere Nachrichten<\/a><\/p>\n<p>[\/vc_column_text][vc_empty_space empty_h=&#8220;2&#8243;][\/vc_column][\/vc_row]<\/p>\n","protected":false},"excerpt":{"rendered":"<p>[vc_row][vc_column width=&#8220;1\/1&#8243;][vc_single_image media=&#8220;33755&#8243; media_width_percent=&#8220;100&#8243;][\/vc_column][\/vc_row][vc_row][vc_column width=&#8220;1\/1&#8243;][vc_column_text]Auf dieser Seite finden Sie Informationen zur Feier des 75. Jahrestages des dritten historischen Meilensteins des Sch\u00f6nstattwerkes, dem &#8222;31. Mai 1949&#8220;. Im Jahr 2024 sind es 75 Jahre seit dem dritten Meilenstein in der Geschichte unserer Bewegung sein. Am 31. Mai 1949 vertraute Pater Kentenich in der Bitte um die Pfingstgnaden [&hellip;]<\/p>\n","protected":false},"author":3,"featured_media":33752,"parent":0,"menu_order":0,"comment_status":"closed","ping_status":"closed","template":"","meta":{"footnotes":""},"class_list":["post-34389","page","type-page","status-publish","has-post-thumbnail","hentry"],"yoast_head":"<!-- This site is optimized with the Yoast SEO Premium plugin v27.4 (Yoast SEO v27.4) - https:\/\/yoast.com\/product\/yoast-seo-premium-wordpress\/ -->\n<title>75-Jahr-Jubil\u00e4um des 31. Mai 1949 - Schoenstatt<\/title>\n<meta name=\"description\" content=\"Auf dieser Seite finden Sie Informationen \u00fcber die Feier des 75. Jahrestages des dritten Meilensteins Sch\u00f6nstatts.\" \/>\n<meta name=\"robots\" content=\"index, follow, max-snippet:-1, max-image-preview:large, max-video-preview:-1\" \/>\n<link rel=\"canonical\" href=\"https:\/\/schoenstatt.com\/de\/75-jahr-jubilaum-des-31-mai-1949\/\" \/>\n<meta property=\"og:locale\" content=\"de_DE\" \/>\n<meta property=\"og:type\" content=\"article\" \/>\n<meta property=\"og:title\" content=\"75-Jahr-Jubil\u00e4um des 31. Mai 1949\" \/>\n<meta property=\"og:description\" content=\"Auf dieser Seite finden Sie Informationen \u00fcber die Feier des 75. Jahrestages des dritten Meilensteins Sch\u00f6nstatts.\" \/>\n<meta property=\"og:url\" content=\"https:\/\/schoenstatt.com\/de\/75-jahr-jubilaum-des-31-mai-1949\/\" \/>\n<meta property=\"og:site_name\" content=\"Schoenstatt\" \/>\n<meta property=\"article:modified_time\" content=\"2025-04-20T18:28:25+00:00\" \/>\n<meta property=\"og:image\" content=\"https:\/\/schoenstatt.com\/wp-content\/uploads\/2023\/11\/jubileu-31-de-mayo-2024-logo-1.jpg\" \/>\n\t<meta property=\"og:image:width\" content=\"2048\" \/>\n\t<meta property=\"og:image:height\" content=\"1065\" \/>\n\t<meta property=\"og:image:type\" content=\"image\/jpeg\" \/>\n<meta name=\"twitter:card\" content=\"summary_large_image\" \/>\n<meta name=\"twitter:label1\" content=\"Gesch\u00e4tzte Lesezeit\" \/>\n\t<meta name=\"twitter:data1\" content=\"1\u00a0Minute\" \/>\n<script type=\"application\/ld+json\" class=\"yoast-schema-graph\">{\"@context\":\"https:\\\/\\\/schema.org\",\"@graph\":[{\"@type\":\"WebPage\",\"@id\":\"https:\\\/\\\/schoenstatt.com\\\/de\\\/75-jahr-jubilaum-des-31-mai-1949\\\/\",\"url\":\"https:\\\/\\\/schoenstatt.com\\\/de\\\/75-jahr-jubilaum-des-31-mai-1949\\\/\",\"name\":\"75-Jahr-Jubil\u00e4um des 31. Mai 1949 - Schoenstatt\",\"isPartOf\":{\"@id\":\"https:\\\/\\\/schoenstatt.com\\\/de\\\/#website\"},\"primaryImageOfPage\":{\"@id\":\"https:\\\/\\\/schoenstatt.com\\\/de\\\/75-jahr-jubilaum-des-31-mai-1949\\\/#primaryimage\"},\"image\":{\"@id\":\"https:\\\/\\\/schoenstatt.com\\\/de\\\/75-jahr-jubilaum-des-31-mai-1949\\\/#primaryimage\"},\"thumbnailUrl\":\"https:\\\/\\\/schoenstatt.com\\\/wp-content\\\/uploads\\\/2023\\\/11\\\/jubileu-31-de-mayo-2024-logo-1.jpg\",\"datePublished\":\"2023-12-13T13:10:12+00:00\",\"dateModified\":\"2025-04-20T18:28:25+00:00\",\"description\":\"Auf dieser Seite finden Sie Informationen \u00fcber die Feier des 75. Jahrestages des dritten Meilensteins Sch\u00f6nstatts.\",\"breadcrumb\":{\"@id\":\"https:\\\/\\\/schoenstatt.com\\\/de\\\/75-jahr-jubilaum-des-31-mai-1949\\\/#breadcrumb\"},\"inLanguage\":\"de\",\"potentialAction\":[{\"@type\":\"ReadAction\",\"target\":[\"https:\\\/\\\/schoenstatt.com\\\/de\\\/75-jahr-jubilaum-des-31-mai-1949\\\/\"]}]},{\"@type\":\"ImageObject\",\"inLanguage\":\"de\",\"@id\":\"https:\\\/\\\/schoenstatt.com\\\/de\\\/75-jahr-jubilaum-des-31-mai-1949\\\/#primaryimage\",\"url\":\"https:\\\/\\\/schoenstatt.com\\\/wp-content\\\/uploads\\\/2023\\\/11\\\/jubileu-31-de-mayo-2024-logo-1.jpg\",\"contentUrl\":\"https:\\\/\\\/schoenstatt.com\\\/wp-content\\\/uploads\\\/2023\\\/11\\\/jubileu-31-de-mayo-2024-logo-1.jpg\",\"width\":2048,\"height\":1065},{\"@type\":\"BreadcrumbList\",\"@id\":\"https:\\\/\\\/schoenstatt.com\\\/de\\\/75-jahr-jubilaum-des-31-mai-1949\\\/#breadcrumb\",\"itemListElement\":[{\"@type\":\"ListItem\",\"position\":1,\"name\":\"Portada\",\"item\":\"https:\\\/\\\/schoenstatt.com\\\/de\\\/home\\\/\"},{\"@type\":\"ListItem\",\"position\":2,\"name\":\"75-Jahr-Jubil\u00e4um des 31. Mai 1949\"}]},{\"@type\":\"WebSite\",\"@id\":\"https:\\\/\\\/schoenstatt.com\\\/de\\\/#website\",\"url\":\"https:\\\/\\\/schoenstatt.com\\\/de\\\/\",\"name\":\"Schoenstatt\",\"description\":\"Apostolic Movement\",\"publisher\":{\"@id\":\"https:\\\/\\\/schoenstatt.com\\\/de\\\/#organization\"},\"potentialAction\":[{\"@type\":\"SearchAction\",\"target\":{\"@type\":\"EntryPoint\",\"urlTemplate\":\"https:\\\/\\\/schoenstatt.com\\\/de\\\/?s={search_term_string}\"},\"query-input\":{\"@type\":\"PropertyValueSpecification\",\"valueRequired\":true,\"valueName\":\"search_term_string\"}}],\"inLanguage\":\"de\"},{\"@type\":\"Organization\",\"@id\":\"https:\\\/\\\/schoenstatt.com\\\/de\\\/#organization\",\"name\":\"Schoenstatt\",\"url\":\"https:\\\/\\\/schoenstatt.com\\\/de\\\/\",\"logo\":{\"@type\":\"ImageObject\",\"inLanguage\":\"de\",\"@id\":\"https:\\\/\\\/schoenstatt.com\\\/de\\\/#\\\/schema\\\/logo\\\/image\\\/\",\"url\":\"https:\\\/\\\/schoenstatt.com\\\/wp-content\\\/uploads\\\/2025\\\/04\\\/logo-schoenstatt-white-696x696-1.png\",\"contentUrl\":\"https:\\\/\\\/schoenstatt.com\\\/wp-content\\\/uploads\\\/2025\\\/04\\\/logo-schoenstatt-white-696x696-1.png\",\"width\":696,\"height\":694,\"caption\":\"Schoenstatt\"},\"image\":{\"@id\":\"https:\\\/\\\/schoenstatt.com\\\/de\\\/#\\\/schema\\\/logo\\\/image\\\/\"}}]}<\/script>\n<!-- \/ Yoast SEO Premium plugin. -->","yoast_head_json":{"title":"75-Jahr-Jubil\u00e4um des 31. Mai 1949 - Schoenstatt","description":"Auf dieser Seite finden Sie Informationen \u00fcber die Feier des 75. Jahrestages des dritten Meilensteins Sch\u00f6nstatts.","robots":{"index":"index","follow":"follow","max-snippet":"max-snippet:-1","max-image-preview":"max-image-preview:large","max-video-preview":"max-video-preview:-1"},"canonical":"https:\/\/schoenstatt.com\/de\/75-jahr-jubilaum-des-31-mai-1949\/","og_locale":"de_DE","og_type":"article","og_title":"75-Jahr-Jubil\u00e4um des 31. Mai 1949","og_description":"Auf dieser Seite finden Sie Informationen \u00fcber die Feier des 75. Jahrestages des dritten Meilensteins Sch\u00f6nstatts.","og_url":"https:\/\/schoenstatt.com\/de\/75-jahr-jubilaum-des-31-mai-1949\/","og_site_name":"Schoenstatt","article_modified_time":"2025-04-20T18:28:25+00:00","og_image":[{"width":2048,"height":1065,"url":"https:\/\/schoenstatt.com\/wp-content\/uploads\/2023\/11\/jubileu-31-de-mayo-2024-logo-1.jpg","type":"image\/jpeg"}],"twitter_card":"summary_large_image","twitter_misc":{"Gesch\u00e4tzte Lesezeit":"1\u00a0Minute"},"schema":{"@context":"https:\/\/schema.org","@graph":[{"@type":"WebPage","@id":"https:\/\/schoenstatt.com\/de\/75-jahr-jubilaum-des-31-mai-1949\/","url":"https:\/\/schoenstatt.com\/de\/75-jahr-jubilaum-des-31-mai-1949\/","name":"75-Jahr-Jubil\u00e4um des 31. Mai 1949 - Schoenstatt","isPartOf":{"@id":"https:\/\/schoenstatt.com\/de\/#website"},"primaryImageOfPage":{"@id":"https:\/\/schoenstatt.com\/de\/75-jahr-jubilaum-des-31-mai-1949\/#primaryimage"},"image":{"@id":"https:\/\/schoenstatt.com\/de\/75-jahr-jubilaum-des-31-mai-1949\/#primaryimage"},"thumbnailUrl":"https:\/\/schoenstatt.com\/wp-content\/uploads\/2023\/11\/jubileu-31-de-mayo-2024-logo-1.jpg","datePublished":"2023-12-13T13:10:12+00:00","dateModified":"2025-04-20T18:28:25+00:00","description":"Auf dieser Seite finden Sie Informationen \u00fcber die Feier des 75. Jahrestages des dritten Meilensteins Sch\u00f6nstatts.","breadcrumb":{"@id":"https:\/\/schoenstatt.com\/de\/75-jahr-jubilaum-des-31-mai-1949\/#breadcrumb"},"inLanguage":"de","potentialAction":[{"@type":"ReadAction","target":["https:\/\/schoenstatt.com\/de\/75-jahr-jubilaum-des-31-mai-1949\/"]}]},{"@type":"ImageObject","inLanguage":"de","@id":"https:\/\/schoenstatt.com\/de\/75-jahr-jubilaum-des-31-mai-1949\/#primaryimage","url":"https:\/\/schoenstatt.com\/wp-content\/uploads\/2023\/11\/jubileu-31-de-mayo-2024-logo-1.jpg","contentUrl":"https:\/\/schoenstatt.com\/wp-content\/uploads\/2023\/11\/jubileu-31-de-mayo-2024-logo-1.jpg","width":2048,"height":1065},{"@type":"BreadcrumbList","@id":"https:\/\/schoenstatt.com\/de\/75-jahr-jubilaum-des-31-mai-1949\/#breadcrumb","itemListElement":[{"@type":"ListItem","position":1,"name":"Portada","item":"https:\/\/schoenstatt.com\/de\/home\/"},{"@type":"ListItem","position":2,"name":"75-Jahr-Jubil\u00e4um des 31. Mai 1949"}]},{"@type":"WebSite","@id":"https:\/\/schoenstatt.com\/de\/#website","url":"https:\/\/schoenstatt.com\/de\/","name":"Schoenstatt","description":"Apostolic Movement","publisher":{"@id":"https:\/\/schoenstatt.com\/de\/#organization"},"potentialAction":[{"@type":"SearchAction","target":{"@type":"EntryPoint","urlTemplate":"https:\/\/schoenstatt.com\/de\/?s={search_term_string}"},"query-input":{"@type":"PropertyValueSpecification","valueRequired":true,"valueName":"search_term_string"}}],"inLanguage":"de"},{"@type":"Organization","@id":"https:\/\/schoenstatt.com\/de\/#organization","name":"Schoenstatt","url":"https:\/\/schoenstatt.com\/de\/","logo":{"@type":"ImageObject","inLanguage":"de","@id":"https:\/\/schoenstatt.com\/de\/#\/schema\/logo\/image\/","url":"https:\/\/schoenstatt.com\/wp-content\/uploads\/2025\/04\/logo-schoenstatt-white-696x696-1.png","contentUrl":"https:\/\/schoenstatt.com\/wp-content\/uploads\/2025\/04\/logo-schoenstatt-white-696x696-1.png","width":696,"height":694,"caption":"Schoenstatt"},"image":{"@id":"https:\/\/schoenstatt.com\/de\/#\/schema\/logo\/image\/"}}]}},"_links":{"self":[{"href":"https:\/\/schoenstatt.com\/de\/wp-json\/wp\/v2\/pages\/34389","targetHints":{"allow":["GET"]}}],"collection":[{"href":"https:\/\/schoenstatt.com\/de\/wp-json\/wp\/v2\/pages"}],"about":[{"href":"https:\/\/schoenstatt.com\/de\/wp-json\/wp\/v2\/types\/page"}],"author":[{"embeddable":true,"href":"https:\/\/schoenstatt.com\/de\/wp-json\/wp\/v2\/users\/3"}],"replies":[{"embeddable":true,"href":"https:\/\/schoenstatt.com\/de\/wp-json\/wp\/v2\/comments?post=34389"}],"version-history":[{"count":1,"href":"https:\/\/schoenstatt.com\/de\/wp-json\/wp\/v2\/pages\/34389\/revisions"}],"predecessor-version":[{"id":48129,"href":"https:\/\/schoenstatt.com\/de\/wp-json\/wp\/v2\/pages\/34389\/revisions\/48129"}],"wp:featuredmedia":[{"embeddable":true,"href":"https:\/\/schoenstatt.com\/de\/wp-json\/wp\/v2\/media\/33752"}],"wp:attachment":[{"href":"https:\/\/schoenstatt.com\/de\/wp-json\/wp\/v2\/media?parent=34389"}],"curies":[{"name":"wp","href":"https:\/\/api.w.org\/{rel}","templated":true}]}}